{"id":170118,"date":"2023-08-02T15:04:56","date_gmt":"2023-08-02T13:04:56","guid":{"rendered":"https:\/\/www.andreas-edler.de\/blog\/?page_id=170118"},"modified":"2026-02-12T09:15:51","modified_gmt":"2026-02-12T08:15:51","slug":"kroatien-2023","status":"publish","type":"page","link":"https:\/\/www.andreas-edler.de\/blog\/urlaub\/kroatien-2023\/","title":{"rendered":"Kroatien 2023"},"content":{"rendered":"<div class=\"info\"><a name=\"Links\"><\/a><\/p>\n<h5>Kosten:<\/h5>\n<ul>\n<li>Gesamtkosten: 3.441,78 \u20ac<\/li>\n<li>davon:<br \/>Treibstoff: 646,12 \u20ac<br \/>(CO<sub>2<\/sub>: 697,20 Kg)<br \/>\nMaut: 94,40 \u20ac<br \/>\nCampingplatz: 1.126,05 \u20ac<br \/>\nEssen gehen: 518,09 \u20ac<\/li>\n<\/ul>\n<h5>Strecke:<\/h5>\n<ul>\n<li>Hinfahrt: 1.213 Km<br \/>\n    Fahrtzeit: 17:00H (ohne \u00dcbernachtung, inkl. Pausen)<br \/>\n\tSchnitt: 71,4 km\/h<\/li>\n<li>R\u00fcckfahrt: 1.188 Km<br \/>\n    Fahrtzeit: 16:44H (inkl. Pausen)<br \/>\n    Schnitt: 70,9 km\/h<\/li>\n<\/ul>\n<\/div>\n<h4>Wir sind wieder auf Solaris und haben die ganze Zeit nichts gemacht :-)<\/h4>\n<h3>Vorbereitungen<\/h3>\n<p>Den Wohnwagen haben wir ca. 2 Wochen vor der Abfahrt auf den Hof geholt. Wir mussten noch T\u00dcV machen und sind daher zu meiner Mutter (wo der Wagen Im Schuppen steht) gefahren, um ihn an einem Samstagmorgen beim V\u00dcK in Rehme vorzuf\u00fchren. Aus der \u00dcberdachung gemovert, hinter den Yeti geh\u00e4ngt, Lichtcheck &#8211; verdammt, der Blinker rechts funktioniert nicht. Das \u00fcbliche versucht, Stecker raus, Stecker rein. Bringt nichts. Den Yeti an einen anderen Anh\u00e4nger: das gleiche Ergebnis. Der Blinker rechts will nicht. Also wieder vor den Wohnwagen gerollt und die Steckdose abgebaut. Da war aber nichts zu erkennen. Verdammt. Kurzentschlossen den Yeti meiner Schwester genommen und nach Rehme gefahren. Dort standen wir als F\u00fcnfte in der Schlange. Tim und ich haben uns unterhalten und gewartet, gewartet, gewartet. Sonst war da Samstags deutlich weniger los! Als wir endlich an der Reihe waren, schiebe ich den Fahrzeugschein \u00fcber die Theke, der Pr\u00fcfer guckt und rein und sagt &#8222;Sie sind erst n\u00e4chstes Jahr dran!&#8220;. Ich wusste nicht, ob ich weinen oder lachen sollte.<\/p>\n<figure id=\"attachment_170119\" aria-describedby=\"caption-attachment-170119\" style=\"width: 470px\" class=\"wp-caption aligncenter\"><a href=\"https:\/\/www.andreas-edler.de\/blog\/wp-content\/uploads\/2023\/07\/2023-07-15-15.36.40.jpg\"><img loading=\"lazy\" decoding=\"async\" src=\"https:\/\/www.andreas-edler.de\/blog\/wp-content\/uploads\/2023\/07\/2023-07-15-15.36.40-470x191.jpg\" alt=\"\" width=\"470\" height=\"191\" class=\"size-large wp-image-170119\" srcset=\"https:\/\/www.andreas-edler.de\/blog\/wp-content\/uploads\/2023\/07\/2023-07-15-15.36.40-470x191.jpg 470w, https:\/\/www.andreas-edler.de\/blog\/wp-content\/uploads\/2023\/07\/2023-07-15-15.36.40-250x101.jpg 250w, https:\/\/www.andreas-edler.de\/blog\/wp-content\/uploads\/2023\/07\/2023-07-15-15.36.40-768x311.jpg 768w, https:\/\/www.andreas-edler.de\/blog\/wp-content\/uploads\/2023\/07\/2023-07-15-15.36.40-1536x623.jpg 1536w, https:\/\/www.andreas-edler.de\/blog\/wp-content\/uploads\/2023\/07\/2023-07-15-15.36.40-2048x830.jpg 2048w, https:\/\/www.andreas-edler.de\/blog\/wp-content\/uploads\/2023\/07\/2023-07-15-15.36.40-100x41.jpg 100w, https:\/\/www.andreas-edler.de\/blog\/wp-content\/uploads\/2023\/07\/2023-07-15-15.36.40-150x61.jpg 150w, https:\/\/www.andreas-edler.de\/blog\/wp-content\/uploads\/2023\/07\/2023-07-15-15.36.40-200x81.jpg 200w, https:\/\/www.andreas-edler.de\/blog\/wp-content\/uploads\/2023\/07\/2023-07-15-15.36.40-300x122.jpg 300w, https:\/\/www.andreas-edler.de\/blog\/wp-content\/uploads\/2023\/07\/2023-07-15-15.36.40-450x182.jpg 450w, https:\/\/www.andreas-edler.de\/blog\/wp-content\/uploads\/2023\/07\/2023-07-15-15.36.40-600x243.jpg 600w, https:\/\/www.andreas-edler.de\/blog\/wp-content\/uploads\/2023\/07\/2023-07-15-15.36.40-900x365.jpg 900w\" sizes=\"auto, (max-width: 470px) 100vw, 470px\" \/><\/a><figcaption id=\"caption-attachment-170119\" class=\"wp-caption-text\">Skoda Yeti mit angeh\u00e4ngtem Eriba Nova 545 am Nachmittag vor der Abfahrt<\/figcaption><\/figure>\n<p>Egal, der Caravan steht bei uns auf dem Hof und kann gepackt werden. Darum hat sich Alex gek\u00fcmmert und nach und nach alles in die Stauk\u00e4sten verpackt. Ich habe einen Termin bei unserer Werkstatt gemacht und darum gebeten die Steckdose zu tauschen. Das sollte klappen, aber erst drei Tage vor Abfahrt. Nunja, Hauptsache es l\u00e4uft alles. Am Donnerstag vor der Tour besuchten uns unsere Urlaubsfreunde aus Kroatien, die dieses Jahr ausnahmsweise mal nicht auf Solaris campen wollten, sondern die es nach Schweden verschlagen hat. Auf der R\u00fcckfahrt lag Bad Oeynhausen genau am Weg und daher standen eine Nacht sogar zwei Wohnwagen im D\u00f6rgen!<\/p>\n<figure id=\"attachment_170120\" aria-describedby=\"caption-attachment-170120\" style=\"width: 470px\" class=\"wp-caption aligncenter\"><a href=\"https:\/\/www.andreas-edler.de\/blog\/wp-content\/uploads\/2023\/07\/2023-07-15-14.48.41.jpg\"><img loading=\"lazy\" decoding=\"async\" src=\"https:\/\/www.andreas-edler.de\/blog\/wp-content\/uploads\/2023\/07\/2023-07-15-14.48.41-470x191.jpg\" alt=\"\" width=\"470\" height=\"191\" class=\"size-large wp-image-170120\" srcset=\"https:\/\/www.andreas-edler.de\/blog\/wp-content\/uploads\/2023\/07\/2023-07-15-14.48.41-470x191.jpg 470w, https:\/\/www.andreas-edler.de\/blog\/wp-content\/uploads\/2023\/07\/2023-07-15-14.48.41-250x101.jpg 250w, https:\/\/www.andreas-edler.de\/blog\/wp-content\/uploads\/2023\/07\/2023-07-15-14.48.41-768x311.jpg 768w, https:\/\/www.andreas-edler.de\/blog\/wp-content\/uploads\/2023\/07\/2023-07-15-14.48.41-1536x623.jpg 1536w, https:\/\/www.andreas-edler.de\/blog\/wp-content\/uploads\/2023\/07\/2023-07-15-14.48.41-2048x830.jpg 2048w, https:\/\/www.andreas-edler.de\/blog\/wp-content\/uploads\/2023\/07\/2023-07-15-14.48.41-100x41.jpg 100w, https:\/\/www.andreas-edler.de\/blog\/wp-content\/uploads\/2023\/07\/2023-07-15-14.48.41-150x61.jpg 150w, https:\/\/www.andreas-edler.de\/blog\/wp-content\/uploads\/2023\/07\/2023-07-15-14.48.41-200x81.jpg 200w, https:\/\/www.andreas-edler.de\/blog\/wp-content\/uploads\/2023\/07\/2023-07-15-14.48.41-300x122.jpg 300w, https:\/\/www.andreas-edler.de\/blog\/wp-content\/uploads\/2023\/07\/2023-07-15-14.48.41-450x182.jpg 450w, https:\/\/www.andreas-edler.de\/blog\/wp-content\/uploads\/2023\/07\/2023-07-15-14.48.41-600x243.jpg 600w, https:\/\/www.andreas-edler.de\/blog\/wp-content\/uploads\/2023\/07\/2023-07-15-14.48.41-900x365.jpg 900w\" sizes=\"auto, (max-width: 470px) 100vw, 470px\" \/><\/a><figcaption id=\"caption-attachment-170120\" class=\"wp-caption-text\">Gewicht passt genau!<\/figcaption><\/figure>\n<p>Am Freitag und Samstag wurde noch weiter gepackt und auch ich habe die Technik zusammen gekramt. Am recht fr\u00fchen Nachmittag waren wir schon fertig und haben den Wagen \u00fcber die kleine mobile Waage gerollt. Perfekt! Gut, dass wir <a href=\"https:\/\/www.andreas-edler.de\/blog\/2019\/11\/mehr-gepaeck-fuer-den-urlaub\/\" rel=\"noopener\" target=\"_blank\">damals auflasten lassen haben<\/a>. Auch die St\u00fctzlast war auf Anhieb genau passend. Dann kann es ja entspannt angegangen werden. Ausruhen. Hat nat\u00fcrlich nicht geklappt. Ich konnte wie immer kein Auge zu machen. Die anderen waren da ruhiger. Tim ist sogar am Morgen noch mit dem Wagen meiner Schwester und dem Anh\u00e4nger nach Paderborn und zur\u00fcck gefahren, um ein Sofa hin und her zu transportieren. Also ein neues hin und das alte zur\u00fcck. Nun, war es also wieder eine kurze Nacht!<\/p>\n<h3>16.07.2023 &#8211; Abfahrt<\/h3>\n<p>Um 20 nach Drei weckte uns der Echo Spot mit Musik von 1live. Wir sind auch z\u00fcgig aufgestanden, angezogen, die allerletzten Reste in den Wagen und den Yeti gepackt, dann den schlaftrunkenen J\u00fcngsten geweckt und alle vier ins Auto gesetzt. Der Student kommt dieses Jahr auch wieder mit! Wollte er unbedingt. Wahrscheinlich fahren wir dann zwei Tage fr\u00fcher, damit er in jedem Fall p\u00fcnktlich zur letzten Semesterpr\u00fcfung wieder zu Hause ist. Um 4 Uhr und 5 Minuten rollten wir vom Hof! Selbstverst\u00e4ndlich hatte ich etwas vergessen: n\u00e4mlich zu tanken. So sind wir dann einen kleinen Schlenker zur Aral Tankstelle an der Mindener Stra\u00dfe gefahren und haben die Energiereserven aufgef\u00fcllt und den Kilometerz\u00e4hler auf Null gestellt.<\/p>\n<figure id=\"attachment_170121\" aria-describedby=\"caption-attachment-170121\" style=\"width: 470px\" class=\"wp-caption aligncenter\"><a href=\"https:\/\/www.andreas-edler.de\/blog\/wp-content\/uploads\/2023\/07\/2023-07-16-10.00.58-1.jpg\"><img loading=\"lazy\" decoding=\"async\" src=\"https:\/\/www.andreas-edler.de\/blog\/wp-content\/uploads\/2023\/07\/2023-07-16-10.00.58-1-470x259.jpg\" alt=\"\" width=\"470\" height=\"259\" class=\"size-large wp-image-170121\" srcset=\"https:\/\/www.andreas-edler.de\/blog\/wp-content\/uploads\/2023\/07\/2023-07-16-10.00.58-1-470x259.jpg 470w, https:\/\/www.andreas-edler.de\/blog\/wp-content\/uploads\/2023\/07\/2023-07-16-10.00.58-1-250x138.jpg 250w, https:\/\/www.andreas-edler.de\/blog\/wp-content\/uploads\/2023\/07\/2023-07-16-10.00.58-1-768x423.jpg 768w, https:\/\/www.andreas-edler.de\/blog\/wp-content\/uploads\/2023\/07\/2023-07-16-10.00.58-1-1536x847.jpg 1536w, https:\/\/www.andreas-edler.de\/blog\/wp-content\/uploads\/2023\/07\/2023-07-16-10.00.58-1-2048x1129.jpg 2048w, https:\/\/www.andreas-edler.de\/blog\/wp-content\/uploads\/2023\/07\/2023-07-16-10.00.58-1-100x55.jpg 100w, https:\/\/www.andreas-edler.de\/blog\/wp-content\/uploads\/2023\/07\/2023-07-16-10.00.58-1-150x83.jpg 150w, https:\/\/www.andreas-edler.de\/blog\/wp-content\/uploads\/2023\/07\/2023-07-16-10.00.58-1-200x110.jpg 200w, https:\/\/www.andreas-edler.de\/blog\/wp-content\/uploads\/2023\/07\/2023-07-16-10.00.58-1-300x165.jpg 300w, https:\/\/www.andreas-edler.de\/blog\/wp-content\/uploads\/2023\/07\/2023-07-16-10.00.58-1-450x248.jpg 450w, https:\/\/www.andreas-edler.de\/blog\/wp-content\/uploads\/2023\/07\/2023-07-16-10.00.58-1-600x331.jpg 600w, https:\/\/www.andreas-edler.de\/blog\/wp-content\/uploads\/2023\/07\/2023-07-16-10.00.58-1-900x496.jpg 900w\" sizes=\"auto, (max-width: 470px) 100vw, 470px\" \/><\/a><figcaption id=\"caption-attachment-170121\" class=\"wp-caption-text\">BMW M1 in freier Wildbahn<\/figcaption><\/figure>\n<p>Das mit der Unruhe beim Fahren hat sich inzwischen gelegt. Mit dem Gespann fahre ich ganz ruhig vor mich hin. Und der Yeti lag auch dieses Mal mit dem Eriba wieder ein Zug auf der Autobahn. Die schweren Sachen im Kofferraum, die Schr\u00e4nke im Wohnwagen nicht gef\u00fcllt und das Gewicht auch dort eher um die Achse verteilt scheint eine gute L\u00f6sung zu sein. Das Dachzelt auf dem Auto habe ich \u00fcberhaupt nicht bemerkt. Wir sind super z\u00fcgig durchgekommen. Nach 200 Kilometern die erste Pinkelpause und ansonsten nur zum Tanken kurz gestoppt. Da ich nicht gerast bin, war auch der Verbrauch moderat.<\/p>\n<p>Um 10 Uhr sahen wir die Hinweisschilder nach M\u00fcnchen, um 12 Uhr passierten wir die gro\u00dfe Arena. Und um 14 Uhr hielten wir traditionell in Bernau am Chiemsee, um einen Burger zu essen.<\/p>\n<figure id=\"attachment_170124\" aria-describedby=\"caption-attachment-170124\" style=\"width: 470px\" class=\"wp-caption aligncenter\"><a href=\"https:\/\/www.andreas-edler.de\/blog\/wp-content\/uploads\/2023\/07\/2023-07-16-14.02.07.jpg\"><img loading=\"lazy\" decoding=\"async\" src=\"https:\/\/www.andreas-edler.de\/blog\/wp-content\/uploads\/2023\/07\/2023-07-16-14.02.07-470x195.jpg\" alt=\"\" width=\"470\" height=\"195\" class=\"size-large wp-image-170124\" srcset=\"https:\/\/www.andreas-edler.de\/blog\/wp-content\/uploads\/2023\/07\/2023-07-16-14.02.07-470x195.jpg 470w, https:\/\/www.andreas-edler.de\/blog\/wp-content\/uploads\/2023\/07\/2023-07-16-14.02.07-250x104.jpg 250w, https:\/\/www.andreas-edler.de\/blog\/wp-content\/uploads\/2023\/07\/2023-07-16-14.02.07-768x319.jpg 768w, https:\/\/www.andreas-edler.de\/blog\/wp-content\/uploads\/2023\/07\/2023-07-16-14.02.07-1536x637.jpg 1536w, https:\/\/www.andreas-edler.de\/blog\/wp-content\/uploads\/2023\/07\/2023-07-16-14.02.07-2048x850.jpg 2048w, https:\/\/www.andreas-edler.de\/blog\/wp-content\/uploads\/2023\/07\/2023-07-16-14.02.07-100x41.jpg 100w, https:\/\/www.andreas-edler.de\/blog\/wp-content\/uploads\/2023\/07\/2023-07-16-14.02.07-150x62.jpg 150w, https:\/\/www.andreas-edler.de\/blog\/wp-content\/uploads\/2023\/07\/2023-07-16-14.02.07-200x83.jpg 200w, https:\/\/www.andreas-edler.de\/blog\/wp-content\/uploads\/2023\/07\/2023-07-16-14.02.07-300x124.jpg 300w, https:\/\/www.andreas-edler.de\/blog\/wp-content\/uploads\/2023\/07\/2023-07-16-14.02.07-450x187.jpg 450w, https:\/\/www.andreas-edler.de\/blog\/wp-content\/uploads\/2023\/07\/2023-07-16-14.02.07-600x249.jpg 600w, https:\/\/www.andreas-edler.de\/blog\/wp-content\/uploads\/2023\/07\/2023-07-16-14.02.07-900x373.jpg 900w\" sizes=\"auto, (max-width: 470px) 100vw, 470px\" \/><\/a><figcaption id=\"caption-attachment-170124\" class=\"wp-caption-text\">Das Gespann am Mittagshalt in Bernau.<\/figcaption><\/figure>\n<p>Vorangegangen war eine &#8222;wilde&#8220; Fahrt \u00fcber die D\u00f6rfer, weil sowohl das Radio als auch die Apps von Alex und Tim katastrophalen Stau auf der 99 um M\u00fcnchen rum meldeten. Teilweise \u00fcber 40 Minuten Verz\u00f6gerung wegen allem M\u00f6glichen. Und drum rum fahren ist angenehmer, als im Stau zu stehen. Die Strecke war ganz angenehm, ziemlich kurvenreich und manchmal eng, aber &#8211; wie gesagt &#8211; besser als im Stau stehen. Alex und Tim navigierten via Google-Maps die Alternativroute, waren sich bei der exakten Streckenf\u00fchrung aber nicht immer einig. Weil Tim mit den langen Beinen vorne sa\u00df, hatte er das letzte Wort. Wie lange wir zwischendurch gerastet haben, wei\u00df ich gar nicht mehr. Aber mehr als das Essen verdr\u00fccken haben wir nicht gemacht.<\/p>\n<figure id=\"attachment_170125\" aria-describedby=\"caption-attachment-170125\" style=\"width: 470px\" class=\"wp-caption aligncenter\"><a href=\"https:\/\/www.andreas-edler.de\/blog\/wp-content\/uploads\/2023\/07\/2023-07-16-16.25.26.jpg\"><img loading=\"lazy\" decoding=\"async\" src=\"https:\/\/www.andreas-edler.de\/blog\/wp-content\/uploads\/2023\/07\/2023-07-16-16.25.26-470x292.jpg\" alt=\"\" width=\"470\" height=\"292\" class=\"size-large wp-image-170125\" srcset=\"https:\/\/www.andreas-edler.de\/blog\/wp-content\/uploads\/2023\/07\/2023-07-16-16.25.26-470x292.jpg 470w, https:\/\/www.andreas-edler.de\/blog\/wp-content\/uploads\/2023\/07\/2023-07-16-16.25.26-250x155.jpg 250w, https:\/\/www.andreas-edler.de\/blog\/wp-content\/uploads\/2023\/07\/2023-07-16-16.25.26-768x477.jpg 768w, https:\/\/www.andreas-edler.de\/blog\/wp-content\/uploads\/2023\/07\/2023-07-16-16.25.26-1536x953.jpg 1536w, https:\/\/www.andreas-edler.de\/blog\/wp-content\/uploads\/2023\/07\/2023-07-16-16.25.26-2048x1271.jpg 2048w, https:\/\/www.andreas-edler.de\/blog\/wp-content\/uploads\/2023\/07\/2023-07-16-16.25.26-100x62.jpg 100w, https:\/\/www.andreas-edler.de\/blog\/wp-content\/uploads\/2023\/07\/2023-07-16-16.25.26-150x93.jpg 150w, https:\/\/www.andreas-edler.de\/blog\/wp-content\/uploads\/2023\/07\/2023-07-16-16.25.26-200x124.jpg 200w, https:\/\/www.andreas-edler.de\/blog\/wp-content\/uploads\/2023\/07\/2023-07-16-16.25.26-300x186.jpg 300w, https:\/\/www.andreas-edler.de\/blog\/wp-content\/uploads\/2023\/07\/2023-07-16-16.25.26-450x279.jpg 450w, https:\/\/www.andreas-edler.de\/blog\/wp-content\/uploads\/2023\/07\/2023-07-16-16.25.26-600x372.jpg 600w, https:\/\/www.andreas-edler.de\/blog\/wp-content\/uploads\/2023\/07\/2023-07-16-16.25.26-900x559.jpg 900w\" sizes=\"auto, (max-width: 470px) 100vw, 470px\" \/><\/a><figcaption id=\"caption-attachment-170125\" class=\"wp-caption-text\">Einfahrt zum Tauerntunnel.<\/figcaption><\/figure>\n<p>Um halb F\u00fcnf fuhren wir dann tats\u00e4chlich schon in den Tauerntunnel. Das ging ja echt fix bis hierhin. Inzwischen war auch auch gar nicht mehr m\u00fcde. So drei bis vier Stunden nach der Abfahrt habe ich meist einen Durchh\u00e4nger. Um die Zeit, zu der ich sonst aufstehe. Die Nase begann sich etwas zuzuziehen und ich bekam leichte Kopfschmerzen. Vermutlich die Klimaanlage, weil es wirklich richtig hei\u00df war!<\/p>\n<figure id=\"attachment_170127\" aria-describedby=\"caption-attachment-170127\" style=\"width: 470px\" class=\"wp-caption aligncenter\"><a href=\"https:\/\/www.andreas-edler.de\/blog\/wp-content\/uploads\/2023\/07\/2023-07-16-19.16.44.jpg\"><img loading=\"lazy\" decoding=\"async\" src=\"https:\/\/www.andreas-edler.de\/blog\/wp-content\/uploads\/2023\/07\/2023-07-16-19.16.44-470x266.jpg\" alt=\"\" width=\"470\" height=\"266\" class=\"size-large wp-image-170127\" srcset=\"https:\/\/www.andreas-edler.de\/blog\/wp-content\/uploads\/2023\/07\/2023-07-16-19.16.44-470x266.jpg 470w, https:\/\/www.andreas-edler.de\/blog\/wp-content\/uploads\/2023\/07\/2023-07-16-19.16.44-250x142.jpg 250w, https:\/\/www.andreas-edler.de\/blog\/wp-content\/uploads\/2023\/07\/2023-07-16-19.16.44-768x435.jpg 768w, https:\/\/www.andreas-edler.de\/blog\/wp-content\/uploads\/2023\/07\/2023-07-16-19.16.44-1536x871.jpg 1536w, https:\/\/www.andreas-edler.de\/blog\/wp-content\/uploads\/2023\/07\/2023-07-16-19.16.44-2048x1161.jpg 2048w, https:\/\/www.andreas-edler.de\/blog\/wp-content\/uploads\/2023\/07\/2023-07-16-19.16.44-100x57.jpg 100w, https:\/\/www.andreas-edler.de\/blog\/wp-content\/uploads\/2023\/07\/2023-07-16-19.16.44-150x85.jpg 150w, https:\/\/www.andreas-edler.de\/blog\/wp-content\/uploads\/2023\/07\/2023-07-16-19.16.44-200x113.jpg 200w, https:\/\/www.andreas-edler.de\/blog\/wp-content\/uploads\/2023\/07\/2023-07-16-19.16.44-300x170.jpg 300w, https:\/\/www.andreas-edler.de\/blog\/wp-content\/uploads\/2023\/07\/2023-07-16-19.16.44-450x255.jpg 450w, https:\/\/www.andreas-edler.de\/blog\/wp-content\/uploads\/2023\/07\/2023-07-16-19.16.44-600x340.jpg 600w, https:\/\/www.andreas-edler.de\/blog\/wp-content\/uploads\/2023\/07\/2023-07-16-19.16.44-900x510.jpg 900w\" sizes=\"auto, (max-width: 470px) 100vw, 470px\" \/><\/a><figcaption id=\"caption-attachment-170127\" class=\"wp-caption-text\">Marktgemeinde Rosegg<\/figcaption><\/figure>\n<p>Gegen 18 Uhr rollten wir auf die Wiese des Roseggerhof in der Marktgemeinde Rosegg. Wie in den Jahren zuvor auch. Ist dann jetzt die f\u00fcnfte \u00dcbernachtung dort gewesen, nachdem wir sonst immer den Autogrill Feistritz genutzt haben. Auf der gr\u00fcnen Wiese ist es aber deutlich sch\u00f6ner!<\/p>\n<figure id=\"attachment_170128\" aria-describedby=\"caption-attachment-170128\" style=\"width: 470px\" class=\"wp-caption aligncenter\"><a href=\"https:\/\/www.andreas-edler.de\/blog\/wp-content\/uploads\/2023\/07\/2023-07-16-19.40.23.jpg\"><img loading=\"lazy\" decoding=\"async\" src=\"https:\/\/www.andreas-edler.de\/blog\/wp-content\/uploads\/2023\/07\/2023-07-16-19.40.23-470x228.jpg\" alt=\"\" width=\"470\" height=\"228\" class=\"size-large wp-image-170128\" srcset=\"https:\/\/www.andreas-edler.de\/blog\/wp-content\/uploads\/2023\/07\/2023-07-16-19.40.23-470x228.jpg 470w, https:\/\/www.andreas-edler.de\/blog\/wp-content\/uploads\/2023\/07\/2023-07-16-19.40.23-250x121.jpg 250w, https:\/\/www.andreas-edler.de\/blog\/wp-content\/uploads\/2023\/07\/2023-07-16-19.40.23-768x373.jpg 768w, https:\/\/www.andreas-edler.de\/blog\/wp-content\/uploads\/2023\/07\/2023-07-16-19.40.23-1536x745.jpg 1536w, https:\/\/www.andreas-edler.de\/blog\/wp-content\/uploads\/2023\/07\/2023-07-16-19.40.23-2048x994.jpg 2048w, https:\/\/www.andreas-edler.de\/blog\/wp-content\/uploads\/2023\/07\/2023-07-16-19.40.23-100x49.jpg 100w, https:\/\/www.andreas-edler.de\/blog\/wp-content\/uploads\/2023\/07\/2023-07-16-19.40.23-150x73.jpg 150w, https:\/\/www.andreas-edler.de\/blog\/wp-content\/uploads\/2023\/07\/2023-07-16-19.40.23-200x97.jpg 200w, https:\/\/www.andreas-edler.de\/blog\/wp-content\/uploads\/2023\/07\/2023-07-16-19.40.23-300x146.jpg 300w, https:\/\/www.andreas-edler.de\/blog\/wp-content\/uploads\/2023\/07\/2023-07-16-19.40.23-450x218.jpg 450w, https:\/\/www.andreas-edler.de\/blog\/wp-content\/uploads\/2023\/07\/2023-07-16-19.40.23-600x291.jpg 600w, https:\/\/www.andreas-edler.de\/blog\/wp-content\/uploads\/2023\/07\/2023-07-16-19.40.23-900x437.jpg 900w\" sizes=\"auto, (max-width: 470px) 100vw, 470px\" \/><\/a><figcaption id=\"caption-attachment-170128\" class=\"wp-caption-text\">Ausnahmsweise mal ein Bier!<\/figcaption><\/figure>\n<p>Vierzehn Stunden Autofahrt bis hierhin. Nur eine gr\u00f6\u00dfere Pause am Chiemsee, ansonsten reine Pinkel- und Tankpausen &#8211; halt, irgendwo haben wir auch gef\u00fcrhst\u00fcckt und die mitgebrachten Br\u00f6tchen gegessen. In Rosegg gab es noch ein paar Reste zu essen und dann sind Alex, Ben und ich eine kleine Runde gegangen, weil Ben die F\u00fc\u00dfe in den Brunnen vorm &#8222;Rathaus&#8220; halten wollte. Kerl war das hei\u00df. Fast 19 Uhr und immer noch 34\u00b0C &#8230; das hatten wir da noch nie. Und ein paar Ingress-Portale gab es dort auch, die Ben auf dem &#8222;Handy, das nicht ihm geh\u00f6rt, er aber nutzen darf&#8220; unbedingt capturen wollte. Danach wollte Tim noch Pommes haben und ein Bier. Gibt es beides im Gasthaus und da habe ich doch auch einen halben Liter genommen. Wir fahren ja erst in 12 Stunden weiter. War bei den Temperaturen lecker.<\/p>\n<h3>17.07.2023 &#8211; Ankunft<\/h3>\n<figure id=\"attachment_170129\" aria-describedby=\"caption-attachment-170129\" style=\"width: 470px\" class=\"wp-caption aligncenter\"><a href=\"https:\/\/www.andreas-edler.de\/blog\/wp-content\/uploads\/2023\/07\/2023-07-16-20.06.42.jpg\"><img loading=\"lazy\" decoding=\"async\" src=\"https:\/\/www.andreas-edler.de\/blog\/wp-content\/uploads\/2023\/07\/2023-07-16-20.06.42-470x78.jpg\" alt=\"\" width=\"470\" height=\"78\" class=\"size-large wp-image-170129\" srcset=\"https:\/\/www.andreas-edler.de\/blog\/wp-content\/uploads\/2023\/07\/2023-07-16-20.06.42-470x78.jpg 470w, https:\/\/www.andreas-edler.de\/blog\/wp-content\/uploads\/2023\/07\/2023-07-16-20.06.42-250x41.jpg 250w, https:\/\/www.andreas-edler.de\/blog\/wp-content\/uploads\/2023\/07\/2023-07-16-20.06.42-768x127.jpg 768w, https:\/\/www.andreas-edler.de\/blog\/wp-content\/uploads\/2023\/07\/2023-07-16-20.06.42-1536x254.jpg 1536w, https:\/\/www.andreas-edler.de\/blog\/wp-content\/uploads\/2023\/07\/2023-07-16-20.06.42-2048x339.jpg 2048w, https:\/\/www.andreas-edler.de\/blog\/wp-content\/uploads\/2023\/07\/2023-07-16-20.06.42-100x17.jpg 100w, https:\/\/www.andreas-edler.de\/blog\/wp-content\/uploads\/2023\/07\/2023-07-16-20.06.42-150x25.jpg 150w, https:\/\/www.andreas-edler.de\/blog\/wp-content\/uploads\/2023\/07\/2023-07-16-20.06.42-200x33.jpg 200w, https:\/\/www.andreas-edler.de\/blog\/wp-content\/uploads\/2023\/07\/2023-07-16-20.06.42-300x50.jpg 300w, https:\/\/www.andreas-edler.de\/blog\/wp-content\/uploads\/2023\/07\/2023-07-16-20.06.42-450x75.jpg 450w, https:\/\/www.andreas-edler.de\/blog\/wp-content\/uploads\/2023\/07\/2023-07-16-20.06.42-600x99.jpg 600w, https:\/\/www.andreas-edler.de\/blog\/wp-content\/uploads\/2023\/07\/2023-07-16-20.06.42-900x149.jpg 900w\" sizes=\"auto, (max-width: 470px) 100vw, 470px\" \/><\/a><figcaption id=\"caption-attachment-170129\" class=\"wp-caption-text\">Im Hintergrund die Berge &#8230;<\/figcaption><\/figure>\n<p>Um 6 Uhr macht die Schranke auf, um 6:30 Uhr kann man sich die bestellten Br\u00f6tchen abholen, um 7 Uhr sind wir wach geworden, weil niemand den Wecker geh\u00f6rt hat. Egal! Alex hat Br\u00f6tchen geholt und Kaffe gemacht, parallel dazu haben wir die St\u00fctzen hoch gekurbelt, den Strom abgest\u00f6pselt, den Yeti wieder eingesteckt und alles an Ort und Stelle ger\u00e4umt. Eine halbe Stunde sp\u00e4ter habe ich das Gespann r\u00fcckw\u00e4rts auf die Wiese rangiert, weil wir von dem gestern netterweise zugewiesenen Schattenplatz nicht im 90\u00b0-Winkel durch die Schranke passten und dann im gro\u00dfen Bogen wieder auf die Piste gerollt. Solaris wir kommen.<\/p>\n<p>Am Karawankentunnel kein Stau und die Vignette f\u00fcr Slowenien hatte ich das erste Mal zu Hause bereits online gekauft. F\u00fcr Slowenien kann man das einfach so machen, f\u00fcr \u00d6sterreich muss man 18 Tage im Voraus kaufen, weil man ja online 14 Tage R\u00fcckgaberecht hat. Das geht mir alles so sehr auf die Nerven. Man kann doch nachhalten, ob ich die Schei\u00dfvignette genutzt habe. Die Kennzeichen werden doch wohl gescannt, wenn ich das Ding online kaufe, oder?<\/p>\n<figure id=\"attachment_170130\" aria-describedby=\"caption-attachment-170130\" style=\"width: 470px\" class=\"wp-caption aligncenter\"><a href=\"https:\/\/www.andreas-edler.de\/blog\/wp-content\/uploads\/2023\/07\/2023-07-17-09.06.15.jpg\"><img loading=\"lazy\" decoding=\"async\" src=\"https:\/\/www.andreas-edler.de\/blog\/wp-content\/uploads\/2023\/07\/2023-07-17-09.06.15-470x225.jpg\" alt=\"\" width=\"470\" height=\"225\" class=\"size-large wp-image-170130\" srcset=\"https:\/\/www.andreas-edler.de\/blog\/wp-content\/uploads\/2023\/07\/2023-07-17-09.06.15-470x225.jpg 470w, https:\/\/www.andreas-edler.de\/blog\/wp-content\/uploads\/2023\/07\/2023-07-17-09.06.15-250x120.jpg 250w, https:\/\/www.andreas-edler.de\/blog\/wp-content\/uploads\/2023\/07\/2023-07-17-09.06.15-768x368.jpg 768w, https:\/\/www.andreas-edler.de\/blog\/wp-content\/uploads\/2023\/07\/2023-07-17-09.06.15-1536x735.jpg 1536w, https:\/\/www.andreas-edler.de\/blog\/wp-content\/uploads\/2023\/07\/2023-07-17-09.06.15-2048x980.jpg 2048w, https:\/\/www.andreas-edler.de\/blog\/wp-content\/uploads\/2023\/07\/2023-07-17-09.06.15-100x48.jpg 100w, https:\/\/www.andreas-edler.de\/blog\/wp-content\/uploads\/2023\/07\/2023-07-17-09.06.15-150x72.jpg 150w, https:\/\/www.andreas-edler.de\/blog\/wp-content\/uploads\/2023\/07\/2023-07-17-09.06.15-200x96.jpg 200w, https:\/\/www.andreas-edler.de\/blog\/wp-content\/uploads\/2023\/07\/2023-07-17-09.06.15-300x144.jpg 300w, https:\/\/www.andreas-edler.de\/blog\/wp-content\/uploads\/2023\/07\/2023-07-17-09.06.15-450x215.jpg 450w, https:\/\/www.andreas-edler.de\/blog\/wp-content\/uploads\/2023\/07\/2023-07-17-09.06.15-600x287.jpg 600w, https:\/\/www.andreas-edler.de\/blog\/wp-content\/uploads\/2023\/07\/2023-07-17-09.06.15-900x431.jpg 900w\" sizes=\"auto, (max-width: 470px) 100vw, 470px\" \/><\/a><figcaption id=\"caption-attachment-170130\" class=\"wp-caption-text\">Ein wenig Stau um Ljubljana.<\/figcaption><\/figure>\n<p>Bis Ljubljana war alles ruhig, dann wurde es etwas knubbelig und hinter der Hauptstadt war wieder fl\u00fcssiger bis wenig Verkehr. Zack, waren wir in Koper, sind wieder die K\u00fcstenstra\u00dfe gefahren und passierten g\u00e4nzlich ohne Kontrollen die Grenzen. Als wir den Mirnadamm hinter uns hatten musste ich in den Serpentinen hoch nach Tar allerdings noch schnell notfallm\u00e4\u00dfig in eine Seitenbucht fahren. Die Blase dr\u00fcckte unertr\u00e4glich ;-) Bis Solaris h\u00e4tte das nicht geklappt. Entspannt rollten wir dann um 20 nach 11 oben in den Kreisel am Plodine.<\/p>\n<figure id=\"attachment_170131\" aria-describedby=\"caption-attachment-170131\" style=\"width: 470px\" class=\"wp-caption aligncenter\"><a href=\"https:\/\/www.andreas-edler.de\/blog\/wp-content\/uploads\/2023\/07\/2023-07-17-11.22.03.jpg\"><img loading=\"lazy\" decoding=\"async\" src=\"https:\/\/www.andreas-edler.de\/blog\/wp-content\/uploads\/2023\/07\/2023-07-17-11.22.03-470x210.jpg\" alt=\"\" width=\"470\" height=\"210\" class=\"size-large wp-image-170131\" srcset=\"https:\/\/www.andreas-edler.de\/blog\/wp-content\/uploads\/2023\/07\/2023-07-17-11.22.03-470x210.jpg 470w, https:\/\/www.andreas-edler.de\/blog\/wp-content\/uploads\/2023\/07\/2023-07-17-11.22.03-250x112.jpg 250w, https:\/\/www.andreas-edler.de\/blog\/wp-content\/uploads\/2023\/07\/2023-07-17-11.22.03-768x344.jpg 768w, https:\/\/www.andreas-edler.de\/blog\/wp-content\/uploads\/2023\/07\/2023-07-17-11.22.03-1536x687.jpg 1536w, https:\/\/www.andreas-edler.de\/blog\/wp-content\/uploads\/2023\/07\/2023-07-17-11.22.03-2048x916.jpg 2048w, https:\/\/www.andreas-edler.de\/blog\/wp-content\/uploads\/2023\/07\/2023-07-17-11.22.03-100x45.jpg 100w, https:\/\/www.andreas-edler.de\/blog\/wp-content\/uploads\/2023\/07\/2023-07-17-11.22.03-150x67.jpg 150w, https:\/\/www.andreas-edler.de\/blog\/wp-content\/uploads\/2023\/07\/2023-07-17-11.22.03-200x89.jpg 200w, https:\/\/www.andreas-edler.de\/blog\/wp-content\/uploads\/2023\/07\/2023-07-17-11.22.03-300x134.jpg 300w, https:\/\/www.andreas-edler.de\/blog\/wp-content\/uploads\/2023\/07\/2023-07-17-11.22.03-450x201.jpg 450w, https:\/\/www.andreas-edler.de\/blog\/wp-content\/uploads\/2023\/07\/2023-07-17-11.22.03-600x268.jpg 600w, https:\/\/www.andreas-edler.de\/blog\/wp-content\/uploads\/2023\/07\/2023-07-17-11.22.03-900x403.jpg 900w\" sizes=\"auto, (max-width: 470px) 100vw, 470px\" \/><\/a><figcaption id=\"caption-attachment-170131\" class=\"wp-caption-text\">Wie zu Hause :-)<\/figcaption><\/figure>\n<p>Die lange Zufahrtstra\u00dfe runter auf die Halbinsel wird mit den Jahren nicht besser und der Eriba hat ganz sch\u00f6n geholpert. Nach 1.210 Kilometern in knapp 17 Stunden reiner Fahrtzeit (naja, Tanken mit drin) standen wir dann bei leckeren 33\u00b0C in der Anmeldeschlange von Solaris.<\/p>\n<figure id=\"attachment_170132\" aria-describedby=\"caption-attachment-170132\" style=\"width: 470px\" class=\"wp-caption aligncenter\"><a href=\"https:\/\/www.andreas-edler.de\/blog\/wp-content\/uploads\/2023\/07\/2023-07-17-11.27.08.jpg\"><img loading=\"lazy\" decoding=\"async\" src=\"https:\/\/www.andreas-edler.de\/blog\/wp-content\/uploads\/2023\/07\/2023-07-17-11.27.08-470x118.jpg\" alt=\"\" width=\"470\" height=\"118\" class=\"size-large wp-image-170132\" srcset=\"https:\/\/www.andreas-edler.de\/blog\/wp-content\/uploads\/2023\/07\/2023-07-17-11.27.08-470x118.jpg 470w, https:\/\/www.andreas-edler.de\/blog\/wp-content\/uploads\/2023\/07\/2023-07-17-11.27.08-250x63.jpg 250w, https:\/\/www.andreas-edler.de\/blog\/wp-content\/uploads\/2023\/07\/2023-07-17-11.27.08-768x193.jpg 768w, https:\/\/www.andreas-edler.de\/blog\/wp-content\/uploads\/2023\/07\/2023-07-17-11.27.08-1536x385.jpg 1536w, https:\/\/www.andreas-edler.de\/blog\/wp-content\/uploads\/2023\/07\/2023-07-17-11.27.08-2048x514.jpg 2048w, https:\/\/www.andreas-edler.de\/blog\/wp-content\/uploads\/2023\/07\/2023-07-17-11.27.08-100x25.jpg 100w, https:\/\/www.andreas-edler.de\/blog\/wp-content\/uploads\/2023\/07\/2023-07-17-11.27.08-150x38.jpg 150w, https:\/\/www.andreas-edler.de\/blog\/wp-content\/uploads\/2023\/07\/2023-07-17-11.27.08-200x50.jpg 200w, https:\/\/www.andreas-edler.de\/blog\/wp-content\/uploads\/2023\/07\/2023-07-17-11.27.08-300x75.jpg 300w, https:\/\/www.andreas-edler.de\/blog\/wp-content\/uploads\/2023\/07\/2023-07-17-11.27.08-450x113.jpg 450w, https:\/\/www.andreas-edler.de\/blog\/wp-content\/uploads\/2023\/07\/2023-07-17-11.27.08-600x150.jpg 600w, https:\/\/www.andreas-edler.de\/blog\/wp-content\/uploads\/2023\/07\/2023-07-17-11.27.08-900x226.jpg 900w\" sizes=\"auto, (max-width: 470px) 100vw, 470px\" \/><\/a><figcaption id=\"caption-attachment-170132\" class=\"wp-caption-text\">1.210 Kilometer<\/figcaption><\/figure>\n<p>Allerdings war auch nur ein Fahrzeug vor uns! Schnell raus und in die Rezeption! Ui, sehr runter gek\u00fchlt. Wir mussten 5 Minuten warten bis wir einchecken konnten. Bei der Reservierung hatten wir 18 Parzellen angegeben, \u00fcber die wir uns freuen w\u00fcrden und haben auch eine davon bekommen! Die B\u00e4ume sind nicht ganz optimal weit auseinander, um eine H\u00e4ngematte zu spannen, es ging aber mit zus\u00e4tzlichen Spanngurten. Laune der Frau gerettet und das extra gekaufte Gestell, falls nur ein Baum zur Verf\u00fcgung steht, muss nicht genutzt werden.<\/p>\n<figure id=\"attachment_170133\" aria-describedby=\"caption-attachment-170133\" style=\"width: 470px\" class=\"wp-caption aligncenter\"><a href=\"https:\/\/www.andreas-edler.de\/blog\/wp-content\/uploads\/2023\/07\/2023-07-17-13.34.21.jpg\"><img loading=\"lazy\" decoding=\"async\" src=\"https:\/\/www.andreas-edler.de\/blog\/wp-content\/uploads\/2023\/07\/2023-07-17-13.34.21-470x188.jpg\" alt=\"\" width=\"470\" height=\"188\" class=\"size-large wp-image-170133\" srcset=\"https:\/\/www.andreas-edler.de\/blog\/wp-content\/uploads\/2023\/07\/2023-07-17-13.34.21-470x188.jpg 470w, https:\/\/www.andreas-edler.de\/blog\/wp-content\/uploads\/2023\/07\/2023-07-17-13.34.21-250x100.jpg 250w, https:\/\/www.andreas-edler.de\/blog\/wp-content\/uploads\/2023\/07\/2023-07-17-13.34.21-768x307.jpg 768w, https:\/\/www.andreas-edler.de\/blog\/wp-content\/uploads\/2023\/07\/2023-07-17-13.34.21-1536x614.jpg 1536w, https:\/\/www.andreas-edler.de\/blog\/wp-content\/uploads\/2023\/07\/2023-07-17-13.34.21-2048x818.jpg 2048w, https:\/\/www.andreas-edler.de\/blog\/wp-content\/uploads\/2023\/07\/2023-07-17-13.34.21-100x40.jpg 100w, https:\/\/www.andreas-edler.de\/blog\/wp-content\/uploads\/2023\/07\/2023-07-17-13.34.21-150x60.jpg 150w, https:\/\/www.andreas-edler.de\/blog\/wp-content\/uploads\/2023\/07\/2023-07-17-13.34.21-200x80.jpg 200w, https:\/\/www.andreas-edler.de\/blog\/wp-content\/uploads\/2023\/07\/2023-07-17-13.34.21-300x120.jpg 300w, https:\/\/www.andreas-edler.de\/blog\/wp-content\/uploads\/2023\/07\/2023-07-17-13.34.21-450x180.jpg 450w, https:\/\/www.andreas-edler.de\/blog\/wp-content\/uploads\/2023\/07\/2023-07-17-13.34.21-600x240.jpg 600w, https:\/\/www.andreas-edler.de\/blog\/wp-content\/uploads\/2023\/07\/2023-07-17-13.34.21-900x360.jpg 900w\" sizes=\"auto, (max-width: 470px) 100vw, 470px\" \/><\/a><figcaption id=\"caption-attachment-170133\" class=\"wp-caption-text\">Werkzeug hat nicht gehalten.<\/figcaption><\/figure>\n<p>Der Wagen war recht schnell auf der Parzelle. Die Zufahrt zwar ziemlich eng, aber wir haben abgekuppelt und sind die letzten Meter gemovert. Sonst w\u00e4ren wir oben an einem Baum h\u00e4ngen geblieben. Schon was feines, so ein selbstfahrender Caravan. Die Markise war eine der besseren Investitionen der letzten Jahre. Nach zwei Minuten steht das Ding. Beim Abspannen hat sich allerdings unser Werkzeug verabschiedet und einer der schweren Bodenanker war nicht ganz versenkt. H\u00e4lt aber wohl erstmal. Ben hat das gar nicht mitbekommen, weil er sich sofort seine Kleidung vom Leib gerissen hat und in den Pool gest\u00fcrmt ist.<\/p>\n<figure id=\"attachment_170134\" aria-describedby=\"caption-attachment-170134\" style=\"width: 470px\" class=\"wp-caption aligncenter\"><a href=\"https:\/\/www.andreas-edler.de\/blog\/wp-content\/uploads\/2023\/07\/2023-07-17-14.04.25.jpg\"><img loading=\"lazy\" decoding=\"async\" src=\"https:\/\/www.andreas-edler.de\/blog\/wp-content\/uploads\/2023\/07\/2023-07-17-14.04.25-470x225.jpg\" alt=\"\" width=\"470\" height=\"225\" class=\"size-large wp-image-170134\" srcset=\"https:\/\/www.andreas-edler.de\/blog\/wp-content\/uploads\/2023\/07\/2023-07-17-14.04.25-470x225.jpg 470w, https:\/\/www.andreas-edler.de\/blog\/wp-content\/uploads\/2023\/07\/2023-07-17-14.04.25-250x120.jpg 250w, https:\/\/www.andreas-edler.de\/blog\/wp-content\/uploads\/2023\/07\/2023-07-17-14.04.25-768x368.jpg 768w, https:\/\/www.andreas-edler.de\/blog\/wp-content\/uploads\/2023\/07\/2023-07-17-14.04.25-1536x735.jpg 1536w, https:\/\/www.andreas-edler.de\/blog\/wp-content\/uploads\/2023\/07\/2023-07-17-14.04.25-2048x980.jpg 2048w, https:\/\/www.andreas-edler.de\/blog\/wp-content\/uploads\/2023\/07\/2023-07-17-14.04.25-100x48.jpg 100w, https:\/\/www.andreas-edler.de\/blog\/wp-content\/uploads\/2023\/07\/2023-07-17-14.04.25-150x72.jpg 150w, https:\/\/www.andreas-edler.de\/blog\/wp-content\/uploads\/2023\/07\/2023-07-17-14.04.25-200x96.jpg 200w, https:\/\/www.andreas-edler.de\/blog\/wp-content\/uploads\/2023\/07\/2023-07-17-14.04.25-300x144.jpg 300w, https:\/\/www.andreas-edler.de\/blog\/wp-content\/uploads\/2023\/07\/2023-07-17-14.04.25-450x215.jpg 450w, https:\/\/www.andreas-edler.de\/blog\/wp-content\/uploads\/2023\/07\/2023-07-17-14.04.25-600x287.jpg 600w, https:\/\/www.andreas-edler.de\/blog\/wp-content\/uploads\/2023\/07\/2023-07-17-14.04.25-900x431.jpg 900w\" sizes=\"auto, (max-width: 470px) 100vw, 470px\" \/><\/a><figcaption id=\"caption-attachment-170134\" class=\"wp-caption-text\">Die Ponderosa steht<\/figcaption><\/figure>\n<p>Vierunddrei\u00dfig Stunden nachdem wir im D\u00f6rgen vom Hof gerollt sind, stand die Unterkunft f\u00fcr die n\u00e4chsten 2 1\/2 Wochen! Und mein Kopf dr\u00f6hnte und die Nase war zu. Daf\u00fcr zeigte das Thermometer 34\u00b0C. Hei\u00df, fast windstill und schw\u00fcl. Die Luft lag wie ein Mantel auf meinem Kopf. Boah, das ist kurz vor unangenehm. Nach ein wenig ausruhen und kurz ins Meer springen sind wir hoch zum Plodine gefahren, um die Nahrungsvorr\u00e4te anzulegen. Erstmalig haben wir von zu Hause so gut wie nichts mitgenommen. Als wir den vollen Einkaufswagen einmal \u00fcber das Kassenband ausgelagert und wieder in Taschen verstaut hatten, zeigte das Dislay 128 Euro an. Nun, das kostet uns ein kleiner Gro\u00dfeinkauf inkl. Getr\u00e4nke zu Hause auch. Ich wei\u00df gar nicht, warum die Menschen in den Facebookgruppen so rum jammern, es sei so teuer in Kroatien. Muss man im Urlaub alles billiger haben?<\/p>\n<figure id=\"attachment_170136\" aria-describedby=\"caption-attachment-170136\" style=\"width: 470px\" class=\"wp-caption aligncenter\"><a href=\"https:\/\/www.andreas-edler.de\/blog\/wp-content\/uploads\/2023\/07\/2023-07-17-14.36.20.jpg\"><img loading=\"lazy\" decoding=\"async\" src=\"https:\/\/www.andreas-edler.de\/blog\/wp-content\/uploads\/2023\/07\/2023-07-17-14.36.20-470x201.jpg\" alt=\"\" width=\"470\" height=\"201\" class=\"size-large wp-image-170136\" srcset=\"https:\/\/www.andreas-edler.de\/blog\/wp-content\/uploads\/2023\/07\/2023-07-17-14.36.20-470x201.jpg 470w, https:\/\/www.andreas-edler.de\/blog\/wp-content\/uploads\/2023\/07\/2023-07-17-14.36.20-250x107.jpg 250w, https:\/\/www.andreas-edler.de\/blog\/wp-content\/uploads\/2023\/07\/2023-07-17-14.36.20-768x329.jpg 768w, https:\/\/www.andreas-edler.de\/blog\/wp-content\/uploads\/2023\/07\/2023-07-17-14.36.20-1536x658.jpg 1536w, https:\/\/www.andreas-edler.de\/blog\/wp-content\/uploads\/2023\/07\/2023-07-17-14.36.20-2048x877.jpg 2048w, https:\/\/www.andreas-edler.de\/blog\/wp-content\/uploads\/2023\/07\/2023-07-17-14.36.20-100x43.jpg 100w, https:\/\/www.andreas-edler.de\/blog\/wp-content\/uploads\/2023\/07\/2023-07-17-14.36.20-150x64.jpg 150w, https:\/\/www.andreas-edler.de\/blog\/wp-content\/uploads\/2023\/07\/2023-07-17-14.36.20-200x86.jpg 200w, https:\/\/www.andreas-edler.de\/blog\/wp-content\/uploads\/2023\/07\/2023-07-17-14.36.20-300x128.jpg 300w, https:\/\/www.andreas-edler.de\/blog\/wp-content\/uploads\/2023\/07\/2023-07-17-14.36.20-450x193.jpg 450w, https:\/\/www.andreas-edler.de\/blog\/wp-content\/uploads\/2023\/07\/2023-07-17-14.36.20-600x257.jpg 600w, https:\/\/www.andreas-edler.de\/blog\/wp-content\/uploads\/2023\/07\/2023-07-17-14.36.20-900x385.jpg 900w\" sizes=\"auto, (max-width: 470px) 100vw, 470px\" \/><\/a><figcaption id=\"caption-attachment-170136\" class=\"wp-caption-text\">Das Meer ist zu sehen.<\/figcaption><\/figure>\n<p>Nach dem Einkaufen haben wir kurz einger\u00e4umt und Alex hat sich in die H\u00e4ngematte verabschiedet. Wir stehen in dritter Reihe zum Meer und auf dem Bild wirkt das was wir sehen k\u00f6nnen viel kleiner, als es in Wirklichkeit ist. Tim und ich diskutierten das Gef\u00e4lle des Dachzelt und ob man da was \u00e4ndern k\u00f6nne. Dabei gab es dann Meinungsverschiedenheiten, die dazu f\u00fchrten, dass Alex, Ben und Tim den ersten Abend alleine im Galeb verbrachten und beim Essen aufs Meer geschaut haben. Es war dort wohl &#8211; wie in einigen Gruppen auf Facebook schon zu lesen war &#8211; deutlich teurer und von der Qualit\u00e4t her deutlich schlechter. Ich hatte Kopfweh und war mega-schlecht gelaunt. Habe daher den Wohnwagen nicht mehr verlassen.<\/p>\n<h3>18.07.2023 &#8211; erster ganzer Tag<\/h3>\n<p><figure id=\"attachment_170138\" aria-describedby=\"caption-attachment-170138\" style=\"width: 188px\" class=\"wp-caption alignright\"><a href=\"https:\/\/www.andreas-edler.de\/blog\/wp-content\/uploads\/2023\/07\/2023-07-18-09.27.42.jpg\"><img loading=\"lazy\" decoding=\"async\" src=\"https:\/\/www.andreas-edler.de\/blog\/wp-content\/uploads\/2023\/07\/2023-07-18-09.27.42-188x250.jpg\" alt=\"\" width=\"188\" height=\"250\" class=\"size-medium wp-image-170138\" srcset=\"https:\/\/www.andreas-edler.de\/blog\/wp-content\/uploads\/2023\/07\/2023-07-18-09.27.42-188x250.jpg 188w, https:\/\/www.andreas-edler.de\/blog\/wp-content\/uploads\/2023\/07\/2023-07-18-09.27.42-353x470.jpg 353w, https:\/\/www.andreas-edler.de\/blog\/wp-content\/uploads\/2023\/07\/2023-07-18-09.27.42-768x1024.jpg 768w, https:\/\/www.andreas-edler.de\/blog\/wp-content\/uploads\/2023\/07\/2023-07-18-09.27.42-1152x1536.jpg 1152w, https:\/\/www.andreas-edler.de\/blog\/wp-content\/uploads\/2023\/07\/2023-07-18-09.27.42-1536x2048.jpg 1536w, https:\/\/www.andreas-edler.de\/blog\/wp-content\/uploads\/2023\/07\/2023-07-18-09.27.42-100x133.jpg 100w, https:\/\/www.andreas-edler.de\/blog\/wp-content\/uploads\/2023\/07\/2023-07-18-09.27.42-150x200.jpg 150w, https:\/\/www.andreas-edler.de\/blog\/wp-content\/uploads\/2023\/07\/2023-07-18-09.27.42-200x267.jpg 200w, https:\/\/www.andreas-edler.de\/blog\/wp-content\/uploads\/2023\/07\/2023-07-18-09.27.42-300x400.jpg 300w, https:\/\/www.andreas-edler.de\/blog\/wp-content\/uploads\/2023\/07\/2023-07-18-09.27.42-450x600.jpg 450w, https:\/\/www.andreas-edler.de\/blog\/wp-content\/uploads\/2023\/07\/2023-07-18-09.27.42-600x800.jpg 600w, https:\/\/www.andreas-edler.de\/blog\/wp-content\/uploads\/2023\/07\/2023-07-18-09.27.42-900x1200.jpg 900w, https:\/\/www.andreas-edler.de\/blog\/wp-content\/uploads\/2023\/07\/2023-07-18-09.27.42.jpg 1920w\" sizes=\"auto, (max-width: 188px) 100vw, 188px\" \/><\/a><figcaption id=\"caption-attachment-170138\" class=\"wp-caption-text\">Paddelbrett aufgepumpt<\/figcaption><\/figure> Eigentlich kann ich f\u00fcr mich hier schon aufh\u00f6ren zu schreiben. Wenn ich schlecht gelaunt bin, dann bin ich das. Habe den Wohnwagen nicht verlassen. H\u00f6chstens um Mal auf Toilette zu gehen. Tim war am fr\u00fchen Morgen schon eine Runde joggen, w\u00e4hrend Alex Br\u00f6tchen und Brot vom B\u00e4cker geholt hat. Der Tag wurde im Wechsel auf der Liege, in der H\u00e4ngematte, im Meer oder im Pool verbracht. Ich hatte immer noch Kopfweh. In der Nacht kaum geschlafen, um drei Uhr eine Sumatriptan genommen und schlechte Laune. Nein, das war keine gute Nacht und schon lange kein guter Tag.<\/p>\n<p>Gegen Mittag bin ich raus gegangen und habe Alex Fahrrad repariert. Beim Festzurren auf dem Deichseltr\u00e4ger habe ich gesehen, dass die Decke vom Hinterrad nur noch aus Kr\u00fcmeln besteht. Daraufhin ist Alex Samstag noch los und hat eine neue Decke inkl. Schlauch gekauft. Genau die habe ich dann schnell montiert, damit das Rad wieder nutzbar ist.<\/p>\n<p>Am sp\u00e4ten Nachmittag haben wir uns um das Essen gek\u00fcmmert, welches traditionell auf der Parzelle zubereitet werden sollte. Ein Tag Restaurant, ein Tag &#8222;zu Hause&#8220;. Probieren wir erstmal aus, wie uns das mit den gestiegenen Europreisen im Portemonnaie passt.<\/p>\n<figure id=\"attachment_170139\" aria-describedby=\"caption-attachment-170139\" style=\"width: 470px\" class=\"wp-caption aligncenter\"><a href=\"https:\/\/www.andreas-edler.de\/blog\/wp-content\/uploads\/2023\/07\/2023-07-18-18.36.59.jpg\"><img loading=\"lazy\" decoding=\"async\" src=\"https:\/\/www.andreas-edler.de\/blog\/wp-content\/uploads\/2023\/07\/2023-07-18-18.36.59-470x301.jpg\" alt=\"\" width=\"470\" height=\"301\" class=\"size-large wp-image-170139\" srcset=\"https:\/\/www.andreas-edler.de\/blog\/wp-content\/uploads\/2023\/07\/2023-07-18-18.36.59-470x301.jpg 470w, https:\/\/www.andreas-edler.de\/blog\/wp-content\/uploads\/2023\/07\/2023-07-18-18.36.59-250x160.jpg 250w, https:\/\/www.andreas-edler.de\/blog\/wp-content\/uploads\/2023\/07\/2023-07-18-18.36.59-768x493.jpg 768w, https:\/\/www.andreas-edler.de\/blog\/wp-content\/uploads\/2023\/07\/2023-07-18-18.36.59-1536x985.jpg 1536w, https:\/\/www.andreas-edler.de\/blog\/wp-content\/uploads\/2023\/07\/2023-07-18-18.36.59-2048x1314.jpg 2048w, https:\/\/www.andreas-edler.de\/blog\/wp-content\/uploads\/2023\/07\/2023-07-18-18.36.59-100x64.jpg 100w, https:\/\/www.andreas-edler.de\/blog\/wp-content\/uploads\/2023\/07\/2023-07-18-18.36.59-150x96.jpg 150w, https:\/\/www.andreas-edler.de\/blog\/wp-content\/uploads\/2023\/07\/2023-07-18-18.36.59-200x128.jpg 200w, https:\/\/www.andreas-edler.de\/blog\/wp-content\/uploads\/2023\/07\/2023-07-18-18.36.59-300x192.jpg 300w, https:\/\/www.andreas-edler.de\/blog\/wp-content\/uploads\/2023\/07\/2023-07-18-18.36.59-450x289.jpg 450w, https:\/\/www.andreas-edler.de\/blog\/wp-content\/uploads\/2023\/07\/2023-07-18-18.36.59-600x385.jpg 600w, https:\/\/www.andreas-edler.de\/blog\/wp-content\/uploads\/2023\/07\/2023-07-18-18.36.59-900x577.jpg 900w\" sizes=\"auto, (max-width: 470px) 100vw, 470px\" \/><\/a><figcaption id=\"caption-attachment-170139\" class=\"wp-caption-text\">H\u00e4hnchenteile und gebratene Nudeln<\/figcaption><\/figure>\n<p>Ich bin dazu auch aus dem Wohnwagen gekommen. Tim hat H\u00e4hnchenteile in der Pfanne gebraten und sp\u00e4ter noch von zu Hause mitgebrachte gekochte Nudeln dazu gegeben.<\/p>\n<figure id=\"attachment_170140\" aria-describedby=\"caption-attachment-170140\" style=\"width: 470px\" class=\"wp-caption aligncenter\"><a href=\"https:\/\/www.andreas-edler.de\/blog\/wp-content\/uploads\/2023\/07\/2023-07-18-18.37.07.jpg\"><img loading=\"lazy\" decoding=\"async\" src=\"https:\/\/www.andreas-edler.de\/blog\/wp-content\/uploads\/2023\/07\/2023-07-18-18.37.07-470x229.jpg\" alt=\"\" width=\"470\" height=\"229\" class=\"size-large wp-image-170140\" srcset=\"https:\/\/www.andreas-edler.de\/blog\/wp-content\/uploads\/2023\/07\/2023-07-18-18.37.07-470x229.jpg 470w, https:\/\/www.andreas-edler.de\/blog\/wp-content\/uploads\/2023\/07\/2023-07-18-18.37.07-250x122.jpg 250w, https:\/\/www.andreas-edler.de\/blog\/wp-content\/uploads\/2023\/07\/2023-07-18-18.37.07-768x374.jpg 768w, https:\/\/www.andreas-edler.de\/blog\/wp-content\/uploads\/2023\/07\/2023-07-18-18.37.07-1536x749.jpg 1536w, https:\/\/www.andreas-edler.de\/blog\/wp-content\/uploads\/2023\/07\/2023-07-18-18.37.07-2048x998.jpg 2048w, https:\/\/www.andreas-edler.de\/blog\/wp-content\/uploads\/2023\/07\/2023-07-18-18.37.07-100x49.jpg 100w, https:\/\/www.andreas-edler.de\/blog\/wp-content\/uploads\/2023\/07\/2023-07-18-18.37.07-150x73.jpg 150w, https:\/\/www.andreas-edler.de\/blog\/wp-content\/uploads\/2023\/07\/2023-07-18-18.37.07-200x98.jpg 200w, https:\/\/www.andreas-edler.de\/blog\/wp-content\/uploads\/2023\/07\/2023-07-18-18.37.07-300x146.jpg 300w, https:\/\/www.andreas-edler.de\/blog\/wp-content\/uploads\/2023\/07\/2023-07-18-18.37.07-450x219.jpg 450w, https:\/\/www.andreas-edler.de\/blog\/wp-content\/uploads\/2023\/07\/2023-07-18-18.37.07-600x293.jpg 600w, https:\/\/www.andreas-edler.de\/blog\/wp-content\/uploads\/2023\/07\/2023-07-18-18.37.07-900x439.jpg 900w\" sizes=\"auto, (max-width: 470px) 100vw, 470px\" \/><\/a><figcaption id=\"caption-attachment-170140\" class=\"wp-caption-text\">Papa grillt.<\/figcaption><\/figure>\n<p>Ich habe mich an den kleinen Campingaz-Partygrill gesetzt und Cevapcicci gegrillt. Alex hat dazu noch einen kleinen Salat mit Gurken, Tomaten und Schfask\u00e4se gemacht, w\u00e4hrend Ben das Brot und die Br\u00f6tchen von heute morgen aufgeschnitten hat.<\/p>\n<figure id=\"attachment_170141\" aria-describedby=\"caption-attachment-170141\" style=\"width: 470px\" class=\"wp-caption aligncenter\"><a href=\"https:\/\/www.andreas-edler.de\/blog\/wp-content\/uploads\/2023\/07\/2023-07-18-18.42.23.jpg\"><img loading=\"lazy\" decoding=\"async\" src=\"https:\/\/www.andreas-edler.de\/blog\/wp-content\/uploads\/2023\/07\/2023-07-18-18.42.23-470x293.jpg\" alt=\"\" width=\"470\" height=\"293\" class=\"size-large wp-image-170141\" srcset=\"https:\/\/www.andreas-edler.de\/blog\/wp-content\/uploads\/2023\/07\/2023-07-18-18.42.23-470x293.jpg 470w, https:\/\/www.andreas-edler.de\/blog\/wp-content\/uploads\/2023\/07\/2023-07-18-18.42.23-250x156.jpg 250w, https:\/\/www.andreas-edler.de\/blog\/wp-content\/uploads\/2023\/07\/2023-07-18-18.42.23-768x478.jpg 768w, https:\/\/www.andreas-edler.de\/blog\/wp-content\/uploads\/2023\/07\/2023-07-18-18.42.23-1536x956.jpg 1536w, https:\/\/www.andreas-edler.de\/blog\/wp-content\/uploads\/2023\/07\/2023-07-18-18.42.23-2048x1275.jpg 2048w, https:\/\/www.andreas-edler.de\/blog\/wp-content\/uploads\/2023\/07\/2023-07-18-18.42.23-100x62.jpg 100w, https:\/\/www.andreas-edler.de\/blog\/wp-content\/uploads\/2023\/07\/2023-07-18-18.42.23-150x93.jpg 150w, https:\/\/www.andreas-edler.de\/blog\/wp-content\/uploads\/2023\/07\/2023-07-18-18.42.23-200x125.jpg 200w, https:\/\/www.andreas-edler.de\/blog\/wp-content\/uploads\/2023\/07\/2023-07-18-18.42.23-300x187.jpg 300w, https:\/\/www.andreas-edler.de\/blog\/wp-content\/uploads\/2023\/07\/2023-07-18-18.42.23-450x280.jpg 450w, https:\/\/www.andreas-edler.de\/blog\/wp-content\/uploads\/2023\/07\/2023-07-18-18.42.23-600x374.jpg 600w, https:\/\/www.andreas-edler.de\/blog\/wp-content\/uploads\/2023\/07\/2023-07-18-18.42.23-900x560.jpg 900w\" sizes=\"auto, (max-width: 470px) 100vw, 470px\" \/><\/a><figcaption id=\"caption-attachment-170141\" class=\"wp-caption-text\">Abendessen<\/figcaption><\/figure>\n<p>Das Ergebnis sah ganz appetitlich aus und schmeckte tats\u00e4chlich auch gut. Abends sa\u00dfen Alex, Ben und Tim noch daru\u00dfen. Ich lag im Wohnwagen, bin aber irgendwann auch auf die Liege gewechselt, weil es unertr\u00e4glich warm war. Tim hat am Meer H\u00f6rb\u00fccher geh\u00f6rt und Alex war mit Ben ein wenig spazieren. Geschlafen habe ich in der Nacht wieder kaum. Der Kopf tat weh und gegen 1 Uhr oder so habe ich eine Sumatriptan genommen. Zudem hat einer der Platznachbarn so eine kleine Klimaanlage am Fenster h\u00e4ngen, die einen infernalischen L\u00e4rm macht und alle 10 Minuten f\u00fcr 10 Minuten anspringt. Sowas ist nur f\u00fcr denjenigen gut, der das selbst einsetzt. Die Menschen rund herum sind genervt davon. Unsere direkten Platznachbarn haben das auch so durchblicken lassen, als wir kurz dar\u00fcber geredet haben. Jedenfalls sei das der Grund, warum sie sowas noch nich haben. Weil sie niemandem auf den Sack gehen wollen. Ist exakt der Grund, warum bei uns sowas nicht am Fenster h\u00e4ngt. Vor allen Dingen kann es ab zwei Uhr auch echt aus sein, da kam es dann n\u00e4mlich von drau\u00dfen schon recht k\u00fchl in den Wohnwagen rein.<\/p>\n<h3>19.07.2023<\/h3>\n<p>V\u00f6llig ger\u00e4dert bin ich um kurz nach 6 Uhr aufgewacht und war schon am Schwitzen. Kerl ist das warm und schw\u00fcl. Alex hatte Fr\u00fchst\u00fccksbr\u00f6tchen geholt und dazu gab es Kaffee.<\/p>\n<figure id=\"attachment_170156\" aria-describedby=\"caption-attachment-170156\" style=\"width: 470px\" class=\"wp-caption aligncenter\"><a href=\"https:\/\/www.andreas-edler.de\/blog\/wp-content\/uploads\/2023\/07\/2023-07-19-16.20.13.jpg\"><img loading=\"lazy\" decoding=\"async\" src=\"https:\/\/www.andreas-edler.de\/blog\/wp-content\/uploads\/2023\/07\/2023-07-19-16.20.13-470x228.jpg\" alt=\"\" width=\"470\" height=\"228\" class=\"size-large wp-image-170156\" srcset=\"https:\/\/www.andreas-edler.de\/blog\/wp-content\/uploads\/2023\/07\/2023-07-19-16.20.13-470x228.jpg 470w, https:\/\/www.andreas-edler.de\/blog\/wp-content\/uploads\/2023\/07\/2023-07-19-16.20.13-250x121.jpg 250w, https:\/\/www.andreas-edler.de\/blog\/wp-content\/uploads\/2023\/07\/2023-07-19-16.20.13-768x372.jpg 768w, https:\/\/www.andreas-edler.de\/blog\/wp-content\/uploads\/2023\/07\/2023-07-19-16.20.13-1536x744.jpg 1536w, https:\/\/www.andreas-edler.de\/blog\/wp-content\/uploads\/2023\/07\/2023-07-19-16.20.13-2048x992.jpg 2048w, https:\/\/www.andreas-edler.de\/blog\/wp-content\/uploads\/2023\/07\/2023-07-19-16.20.13-100x48.jpg 100w, https:\/\/www.andreas-edler.de\/blog\/wp-content\/uploads\/2023\/07\/2023-07-19-16.20.13-150x73.jpg 150w, https:\/\/www.andreas-edler.de\/blog\/wp-content\/uploads\/2023\/07\/2023-07-19-16.20.13-200x97.jpg 200w, https:\/\/www.andreas-edler.de\/blog\/wp-content\/uploads\/2023\/07\/2023-07-19-16.20.13-300x145.jpg 300w, https:\/\/www.andreas-edler.de\/blog\/wp-content\/uploads\/2023\/07\/2023-07-19-16.20.13-450x218.jpg 450w, https:\/\/www.andreas-edler.de\/blog\/wp-content\/uploads\/2023\/07\/2023-07-19-16.20.13-600x291.jpg 600w, https:\/\/www.andreas-edler.de\/blog\/wp-content\/uploads\/2023\/07\/2023-07-19-16.20.13-900x436.jpg 900w\" sizes=\"auto, (max-width: 470px) 100vw, 470px\" \/><\/a><figcaption id=\"caption-attachment-170156\" class=\"wp-caption-text\">Geschenk von Valamar<\/figcaption><\/figure>\n<p>Kurz darauf rollte ein junger Mann mit einem Elektroroller vor unsere Parzelle und \u00fcberreichte uns ein &#8222;Geschenk&#8220;. Seit 1980 fahre ich hier runter. In <a href=\"https:\/\/www.andreas-edler.de\/blog\/urlaub\/kroatien-1980-tar-lanterna\/\" rel=\"noopener\" target=\"_blank\">1980 zum ersten Mal auf Lanterna<\/a>, dann <a href=\"https:\/\/www.andreas-edler.de\/blog\/urlaub\/solaris-tar-kroatien-1981\/\" rel=\"noopener\" target=\"_blank\">1981<\/a> bis 1986 auf Solaris mit den Eltern. Unsere <a href=\"https:\/\/www.andreas-edler.de\/blog\/urlaub\/kroatien_porec\/\" rel=\"noopener\" target=\"_blank\">Flitterwochen haben Alex und ich in 2001 in einem kleinen Zelt ebenfalls auf Solaris<\/a> verbracht. Das erste Mal mit Tim waren wir in <a href=\"https:\/\/www.andreas-edler.de\/blog\/urlaub\/kroatien-2010\/\" rel=\"noopener\" target=\"_blank\">2010<\/a> hier. Dann in <a href=\"https:\/\/www.andreas-edler.de\/blog\/urlaub\/kroatien-2012\/\" rel=\"noopener\" target=\"_blank\">2012<\/a> und <a href=\"https:\/\/www.andreas-edler.de\/blog\/urlaub\/kroatien-2013\/\" rel=\"noopener\" target=\"_blank\">2013<\/a> erneut. Von <a href=\"https:\/\/www.andreas-edler.de\/blog\/urlaub\/kroatien-2017\/\" rel=\"noopener\" target=\"_blank\">2017<\/a> <a href=\"https:\/\/www.andreas-edler.de\/blog\/urlaub\/kroatien-2018\/\" rel=\"noopener\" target=\"_blank\">an<\/a> <a href=\"https:\/\/www.andreas-edler.de\/blog\/urlaub\/kroatien-2019\/\" rel=\"noopener\" target=\"_blank\">dann<\/a> <a href=\"https:\/\/www.andreas-edler.de\/blog\/urlaub\/kroatien-2020\/\" rel=\"noopener\" target=\"_blank\">wieder<\/a> <a href=\"https:\/\/www.andreas-edler.de\/blog\/urlaub\/kroatien-2021\/\" rel=\"noopener\" target=\"_blank\">jedes<\/a> <a href=\"https:\/\/www.andreas-edler.de\/blog\/urlaub\/kroatien-2022\/\" rel=\"noopener\" target=\"_blank\">Jahr<\/a>. In 2019 war ich sogar <a href=\"https:\/\/www.andreas-edler.de\/blog\/urlaub\/kroatien-2019-single-urlaub-und-allgaeu\/\" rel=\"noopener\" target=\"_blank\">ein zweites Mal alleine<\/a> hier. Dmait habe ich die Campingpl\u00e4tze in etwas \u00fcber 40 Jahren 18 Mal besucht. Im Valamar+ Programm sind wir als &#8222;Insider&#8220; gelistet und als solche bekommt man bei Anreise ein Geschenk. Nun: diese Treue ist eine werbebedruckte Jutetasche wert! Wir freuen uns sehr. Vielen herzlichen Dank, Valamar. Die k\u00f6nnen wir super gebrauchen. Vielleicht rahmen wir uns das gute St\u00fcck sogar. Aber immerhin, in den Vorjahren waren wir ebenfalls Insider und haben nichts bekommen.<\/p>\n<figure id=\"attachment_170158\" aria-describedby=\"caption-attachment-170158\" style=\"width: 470px\" class=\"wp-caption aligncenter\"><a href=\"https:\/\/www.andreas-edler.de\/blog\/wp-content\/uploads\/2023\/07\/2023-07-20-13.48.50.jpg\"><img loading=\"lazy\" decoding=\"async\" src=\"https:\/\/www.andreas-edler.de\/blog\/wp-content\/uploads\/2023\/07\/2023-07-20-13.48.50-470x194.jpg\" alt=\"\" width=\"470\" height=\"194\" class=\"size-large wp-image-170158\" srcset=\"https:\/\/www.andreas-edler.de\/blog\/wp-content\/uploads\/2023\/07\/2023-07-20-13.48.50-470x194.jpg 470w, https:\/\/www.andreas-edler.de\/blog\/wp-content\/uploads\/2023\/07\/2023-07-20-13.48.50-250x103.jpg 250w, https:\/\/www.andreas-edler.de\/blog\/wp-content\/uploads\/2023\/07\/2023-07-20-13.48.50-768x316.jpg 768w, https:\/\/www.andreas-edler.de\/blog\/wp-content\/uploads\/2023\/07\/2023-07-20-13.48.50-1536x632.jpg 1536w, https:\/\/www.andreas-edler.de\/blog\/wp-content\/uploads\/2023\/07\/2023-07-20-13.48.50-2048x843.jpg 2048w, https:\/\/www.andreas-edler.de\/blog\/wp-content\/uploads\/2023\/07\/2023-07-20-13.48.50-100x41.jpg 100w, https:\/\/www.andreas-edler.de\/blog\/wp-content\/uploads\/2023\/07\/2023-07-20-13.48.50-150x62.jpg 150w, https:\/\/www.andreas-edler.de\/blog\/wp-content\/uploads\/2023\/07\/2023-07-20-13.48.50-200x82.jpg 200w, https:\/\/www.andreas-edler.de\/blog\/wp-content\/uploads\/2023\/07\/2023-07-20-13.48.50-300x124.jpg 300w, https:\/\/www.andreas-edler.de\/blog\/wp-content\/uploads\/2023\/07\/2023-07-20-13.48.50-450x185.jpg 450w, https:\/\/www.andreas-edler.de\/blog\/wp-content\/uploads\/2023\/07\/2023-07-20-13.48.50-600x247.jpg 600w, https:\/\/www.andreas-edler.de\/blog\/wp-content\/uploads\/2023\/07\/2023-07-20-13.48.50-900x371.jpg 900w\" sizes=\"auto, (max-width: 470px) 100vw, 470px\" \/><\/a><figcaption id=\"caption-attachment-170158\" class=\"wp-caption-text\">Carrera Desert Buggy<\/figcaption><\/figure>\n<p>Kurz vor Mittag haben Tim und ich uns ins Auto gesetzt und sind los gefahren, um einen Ersatzhammer zu kaufen. F\u00fcr den Abend ist ein Gewitter gemeldet und ich wollte den dicken Erdanker etwas tiefer in den Boden kloppen. Bei <a href=\"http:\/\/www.elektrometal-porec.hr\/\" rel=\"noopener\" target=\"_blank\">Elektrometal<\/a> in Porec sind wir f\u00fcndig geworden. Mit dem neuen F\u00e4ustel werde ich der Betonerde wohl einen Hering aufzwingen k\u00f6nnen. Danach haben wir noch bei Kaufland nach einem neuen ferngesteuerten Auto f\u00fcr Ben gesucht. Der 13 Jahre alte, von seinem gro\u00dfen Bruder geerbte &#8222;<a href=\"https:\/\/www.andreas-edler.de\/blog\/2010\/12\/silverlit-xtr-3-in-1\/\" rel=\"noopener\" target=\"_blank\">Silverlit<\/a>&#8220; bewegte sich vor dem Urlaub nicht mehr. Sehr zum Leidwesen des J\u00fcngsten. Bei Kaufland gab&#8217;s aber nichts. Schr\u00e4g gegen\u00fcber sah Tim aber einen &#8222;M\u00fcller&#8220; und meinte &#8222;Da gibt es alles!&#8220;. Ich kannte den Laden gar nicht, aber nach den 200 Metern Fu\u00dfmarsch durch die Gluthitze Kroatiens konnten wir in dem fast zu k\u00fchl klimatisierten Laden ordentlich umsehen. Und mussten uns beherrschen, nicht mehr als das gew\u00fcnschte RC-Car zu kaufen. Es ist ein &#8222;Carrera Desert Buggy&#8220; geworden, der nur etwas \u00fcber der UVP verkauft wurde und damit &#8222;etwas&#8220; \u00fcber dem von z.B. Amazon aufgerufenen Preis lag. Aber hey, Urlaub.<\/p>\n<p>Danach immer wieder ins Wasser springen und rumgammeln. Ich habe keine Lust zum Fahrradfahren. Die Nase ist zu, die Stirnh\u00f6hlen irgendwie auch ein bisschen, habe Kopfschmerzen und f\u00fchle mich nicht gut. Rumliegen geht grad so. Und an diesem Text schreiben. Da geht echt immer gewaltig Zeit bei drauf. Aber es hilft, sich sp\u00e4ter zu erinnern ;-) Allerdings erinnere ich mich auch an wenig, dass ich nicht hier aufgeschrieben habe. Insofern vielleicht ein tr\u00fcgerische Erinnerungsst\u00fctze.<\/p>\n<figure id=\"attachment_170159\" aria-describedby=\"caption-attachment-170159\" style=\"width: 470px\" class=\"wp-caption aligncenter\"><a href=\"https:\/\/www.andreas-edler.de\/blog\/wp-content\/uploads\/2023\/07\/2023-07-19-19.19.44.jpg\"><img loading=\"lazy\" decoding=\"async\" src=\"https:\/\/www.andreas-edler.de\/blog\/wp-content\/uploads\/2023\/07\/2023-07-19-19.19.44-470x228.jpg\" alt=\"\" width=\"470\" height=\"228\" class=\"size-large wp-image-170159\" srcset=\"https:\/\/www.andreas-edler.de\/blog\/wp-content\/uploads\/2023\/07\/2023-07-19-19.19.44-470x228.jpg 470w, https:\/\/www.andreas-edler.de\/blog\/wp-content\/uploads\/2023\/07\/2023-07-19-19.19.44-250x121.jpg 250w, https:\/\/www.andreas-edler.de\/blog\/wp-content\/uploads\/2023\/07\/2023-07-19-19.19.44-768x372.jpg 768w, https:\/\/www.andreas-edler.de\/blog\/wp-content\/uploads\/2023\/07\/2023-07-19-19.19.44-1536x744.jpg 1536w, https:\/\/www.andreas-edler.de\/blog\/wp-content\/uploads\/2023\/07\/2023-07-19-19.19.44-2048x992.jpg 2048w, https:\/\/www.andreas-edler.de\/blog\/wp-content\/uploads\/2023\/07\/2023-07-19-19.19.44-100x48.jpg 100w, https:\/\/www.andreas-edler.de\/blog\/wp-content\/uploads\/2023\/07\/2023-07-19-19.19.44-150x73.jpg 150w, https:\/\/www.andreas-edler.de\/blog\/wp-content\/uploads\/2023\/07\/2023-07-19-19.19.44-200x97.jpg 200w, https:\/\/www.andreas-edler.de\/blog\/wp-content\/uploads\/2023\/07\/2023-07-19-19.19.44-300x145.jpg 300w, https:\/\/www.andreas-edler.de\/blog\/wp-content\/uploads\/2023\/07\/2023-07-19-19.19.44-450x218.jpg 450w, https:\/\/www.andreas-edler.de\/blog\/wp-content\/uploads\/2023\/07\/2023-07-19-19.19.44-600x291.jpg 600w, https:\/\/www.andreas-edler.de\/blog\/wp-content\/uploads\/2023\/07\/2023-07-19-19.19.44-900x436.jpg 900w\" sizes=\"auto, (max-width: 470px) 100vw, 470px\" \/><\/a><figcaption id=\"caption-attachment-170159\" class=\"wp-caption-text\">Abendessen im Torre<\/figcaption><\/figure>\n<p>Da das Galeb sich vorgestern nicht von seiner besten Seite pr\u00e4sentiert hat, war heute ausw\u00e4rts essen angesagt. So richtig mit weg fahren. Ich schlug vor, einfach oben in Tar zu parken und dann rumzulaufen. Tim hat aber vorher auf Google schon geschaut und so fanden wir uns im &#8222;Torre&#8220; wieder. Einfach vor der Schule parken und dann der Stra\u00dfe durch den Ort zu Fu\u00df folgen. Nach 100 Metern liegt es links etwas tiefer als die Stra\u00dfe.<\/p>\n<p><cite>Wir waren heute zu viert im Torre essen. Wir bekamen einen Tisch auf der schon gut besetzten Au\u00dfenterrasse. Das freundliche Personal war schnell zur Stelle und brachte die Speisekarten mit reichhaltiger Auswahl. Die Preise waren v\u00f6llig OK. Warte mussten wir nicht lange, bis Getr\u00e4nke und Essen am Tisch waren. Die Gerichte waren einwandfrei zubereitet (Grillteller f\u00fcr zwei, gef\u00fclltes Hacksteak und Spaghetti Bolognese) und \u00e4u\u00dferst reichlich. Hat wunderbar geschmeckt. Ein angenehmer Besuch, den wir wiederholen werden!<\/cite><\/p>\n<p>Habe auf Google eine Bewertung hinterlassen, die keine Schleimerei ist. War wirklich sehr gut! Im Restaurant wurden wir vom Nachbartisch aus angesprochen, ob wir nicht die mit dem roten Auto und dem Bett auf dem Dach w\u00e4ren. Der Junge w\u00e4re zwar deutlich gr\u00f6\u00dfer geworden, aber wir w\u00e4ren ihr so bekannt worgekommen :-) Allerdings nur so vom Spazierengehen auf dem Platz. Das fand ich ganz nett!<\/p>\n<figure id=\"attachment_170160\" aria-describedby=\"caption-attachment-170160\" style=\"width: 470px\" class=\"wp-caption aligncenter\"><a href=\"https:\/\/www.andreas-edler.de\/blog\/wp-content\/uploads\/2023\/07\/2023-07-19-21.05.13.jpg\"><img loading=\"lazy\" decoding=\"async\" src=\"https:\/\/www.andreas-edler.de\/blog\/wp-content\/uploads\/2023\/07\/2023-07-19-21.05.13-470x179.jpg\" alt=\"\" width=\"470\" height=\"179\" class=\"size-large wp-image-170160\" srcset=\"https:\/\/www.andreas-edler.de\/blog\/wp-content\/uploads\/2023\/07\/2023-07-19-21.05.13-470x179.jpg 470w, https:\/\/www.andreas-edler.de\/blog\/wp-content\/uploads\/2023\/07\/2023-07-19-21.05.13-250x95.jpg 250w, https:\/\/www.andreas-edler.de\/blog\/wp-content\/uploads\/2023\/07\/2023-07-19-21.05.13-768x293.jpg 768w, https:\/\/www.andreas-edler.de\/blog\/wp-content\/uploads\/2023\/07\/2023-07-19-21.05.13-1536x585.jpg 1536w, https:\/\/www.andreas-edler.de\/blog\/wp-content\/uploads\/2023\/07\/2023-07-19-21.05.13-2048x780.jpg 2048w, https:\/\/www.andreas-edler.de\/blog\/wp-content\/uploads\/2023\/07\/2023-07-19-21.05.13-100x38.jpg 100w, https:\/\/www.andreas-edler.de\/blog\/wp-content\/uploads\/2023\/07\/2023-07-19-21.05.13-150x57.jpg 150w, https:\/\/www.andreas-edler.de\/blog\/wp-content\/uploads\/2023\/07\/2023-07-19-21.05.13-200x76.jpg 200w, https:\/\/www.andreas-edler.de\/blog\/wp-content\/uploads\/2023\/07\/2023-07-19-21.05.13-300x114.jpg 300w, https:\/\/www.andreas-edler.de\/blog\/wp-content\/uploads\/2023\/07\/2023-07-19-21.05.13-450x171.jpg 450w, https:\/\/www.andreas-edler.de\/blog\/wp-content\/uploads\/2023\/07\/2023-07-19-21.05.13-600x229.jpg 600w, https:\/\/www.andreas-edler.de\/blog\/wp-content\/uploads\/2023\/07\/2023-07-19-21.05.13-900x343.jpg 900w\" sizes=\"auto, (max-width: 470px) 100vw, 470px\" \/><\/a><figcaption id=\"caption-attachment-170160\" class=\"wp-caption-text\">Open-Air-Kino<\/figcaption><\/figure>\n<p>Auf dem Platz haben wir immer skeptisch zum Himmel geschaut und das Gewitter gesucht. Aber wenn sogar das Open-Air-Kino (sehr zur Freude von Ben) aufgebaut wurde, kann&#8217;s nicht so schlimm werden. Also haben wir die Markise drau\u00dfen gelassen, Alex und Ben sind zur Kinovorstellung gegangen und haben sich in die Gartenst\u00fchle gefl\u00e4zt. Ich hatte keine Lust und wollte mit einer Dose Bier auf das dunkle Meer gucken. Machte aber mit den Kopfschmerzen auch keinen Spa\u00df, so dass ich zum Wohnwagen gegangen bin und etwas rumdr\u00f6mmelte. Tim ist noch unten geblieben ud hat ein bisschen Musik geh\u00f6rt.<\/p>\n<p>Ich wurde allerdings immer unruhiger, was die Markise anging. Etliche andere Camper hatten auch schon alles zusammenger\u00e4umt. Aber wir stehen in dritter Reihe zum Meer mit B\u00e4umen und anderen Caravans vor uns. Au\u00dferdem war starker Regen aber kaum Wind gemeldet. Also nichts gemacht. Irgendwann kamen Alex und Ben vom Kino zur\u00fcck.<\/p>\n<div style=\"width: 605px;\" class=\"wp-video\"><video class=\"wp-video-shortcode\" id=\"video-170118-1\" width=\"605\" height=\"340\" preload=\"metadata\" controls=\"controls\"><source type=\"video\/mp4\" src=\"https:\/\/www.andreas-edler.de\/blog\/wp-content\/uploads\/2023\/07\/2023-07-19-21.34.50-2.mp4?_=1\" \/><a href=\"https:\/\/www.andreas-edler.de\/blog\/wp-content\/uploads\/2023\/07\/2023-07-19-21.34.50-2.mp4\">https:\/\/www.andreas-edler.de\/blog\/wp-content\/uploads\/2023\/07\/2023-07-19-21.34.50-2.mp4<\/a><\/video><\/div>\n<p>Der Film wurde bis zum Ende gezeigt, obwohl es im Westen schon deutlich blitzte &#8211; aber eben noch nicht donnerte. Alles weit weg. Den Abspann haben sie aber schon nicht mehr gezeigt, sondern sind extrem schnell angefangen, die aufblasbare Leinwand abzubauen :-) Und irgendwie war mir dann auch zu mulmig und wir haben unsere Markise ebenfalls eingerollt, als die ersten leichten Windst\u00f6\u00dfe kamen und es leicht zu nieseln anfing. Aber es blieb dabei! Nur der Regen wurde ziemlich heftig, da kam ganz sch\u00f6n was runter. Auch die Blitze wurde heller, kamen n\u00e4her und der Donner lie\u00df nur kurz auf sich warten. <a name=\"gewitter\"><\/a>Gewitter war es in jedem Fall, aber eben kein Sturm.<\/p>\n<figure id=\"attachment_170162\" aria-describedby=\"caption-attachment-170162\" style=\"width: 470px\" class=\"wp-caption aligncenter\"><a href=\"https:\/\/www.andreas-edler.de\/blog\/wp-content\/uploads\/2023\/07\/2023-07-19-23.18.11.jpg\"><img loading=\"lazy\" decoding=\"async\" src=\"https:\/\/www.andreas-edler.de\/blog\/wp-content\/uploads\/2023\/07\/2023-07-19-23.18.11-470x250.jpg\" alt=\"\" width=\"470\" height=\"250\" class=\"size-large wp-image-170162\" srcset=\"https:\/\/www.andreas-edler.de\/blog\/wp-content\/uploads\/2023\/07\/2023-07-19-23.18.11-470x250.jpg 470w, https:\/\/www.andreas-edler.de\/blog\/wp-content\/uploads\/2023\/07\/2023-07-19-23.18.11-250x133.jpg 250w, https:\/\/www.andreas-edler.de\/blog\/wp-content\/uploads\/2023\/07\/2023-07-19-23.18.11-768x408.jpg 768w, https:\/\/www.andreas-edler.de\/blog\/wp-content\/uploads\/2023\/07\/2023-07-19-23.18.11-1536x817.jpg 1536w, https:\/\/www.andreas-edler.de\/blog\/wp-content\/uploads\/2023\/07\/2023-07-19-23.18.11-2048x1089.jpg 2048w, https:\/\/www.andreas-edler.de\/blog\/wp-content\/uploads\/2023\/07\/2023-07-19-23.18.11-100x53.jpg 100w, https:\/\/www.andreas-edler.de\/blog\/wp-content\/uploads\/2023\/07\/2023-07-19-23.18.11-150x80.jpg 150w, https:\/\/www.andreas-edler.de\/blog\/wp-content\/uploads\/2023\/07\/2023-07-19-23.18.11-200x106.jpg 200w, https:\/\/www.andreas-edler.de\/blog\/wp-content\/uploads\/2023\/07\/2023-07-19-23.18.11-300x159.jpg 300w, https:\/\/www.andreas-edler.de\/blog\/wp-content\/uploads\/2023\/07\/2023-07-19-23.18.11-450x239.jpg 450w, https:\/\/www.andreas-edler.de\/blog\/wp-content\/uploads\/2023\/07\/2023-07-19-23.18.11-600x319.jpg 600w, https:\/\/www.andreas-edler.de\/blog\/wp-content\/uploads\/2023\/07\/2023-07-19-23.18.11-900x478.jpg 900w\" sizes=\"auto, (max-width: 470px) 100vw, 470px\" \/><\/a><figcaption id=\"caption-attachment-170162\" class=\"wp-caption-text\">Autohome Airtop im Regen<\/figcaption><\/figure>\n<p>Wir sind in den Wohnwagen gegangen, weil im Regen vor dem Caravan sitzen nun auch nicht so entspannend ist. Tim wollte unbedingt im Dachzelt schlafen und ist mit einsetzendem Regen dorthinein verschwunden. Sein kleiner Bruder fand das ganz schrecklich, dem ist Gewitter nicht so geheuer. Aber es war wirklich nur Wasser von oben. Ansonsten ist nichts passiert. Geschlafen habe ich aber wieder \u00e4u\u00dferst schlecht, weil Nasenspray zwar die Nase frei gemacht hat, aber der Kopf immer noch dr\u00f6hnte.<\/p>\n<h3>20.07.2023<\/h3>\n<p>Sp\u00e4t aufgestanden und immer noch Kopfschmerzen :-\/  Geht mir voll auf den Sack. Das muss ich wirklich nicht haben. Alex hatte bereits Br\u00f6tchen gekauft. Als ich aus dem Wohnwagen schaute, war drau\u00dfen alles noch feucht und dreckig. Die Markise h\u00e4tten wir nat\u00fcrlich nicht abbauen m\u00fcssen. Dann s\u00e4he es auch nicht so mitgenommen aus auf der Ponderosa. Nunja.<\/p>\n<figure id=\"attachment_170164\" aria-describedby=\"caption-attachment-170164\" style=\"width: 470px\" class=\"wp-caption aligncenter\"><a href=\"https:\/\/www.andreas-edler.de\/blog\/wp-content\/uploads\/2023\/07\/2023-07-20-12.47.07.jpg\"><img loading=\"lazy\" decoding=\"async\" src=\"https:\/\/www.andreas-edler.de\/blog\/wp-content\/uploads\/2023\/07\/2023-07-20-12.47.07-470x261.jpg\" alt=\"\" width=\"470\" height=\"261\" class=\"size-large wp-image-170164\" srcset=\"https:\/\/www.andreas-edler.de\/blog\/wp-content\/uploads\/2023\/07\/2023-07-20-12.47.07-470x261.jpg 470w, https:\/\/www.andreas-edler.de\/blog\/wp-content\/uploads\/2023\/07\/2023-07-20-12.47.07-250x139.jpg 250w, https:\/\/www.andreas-edler.de\/blog\/wp-content\/uploads\/2023\/07\/2023-07-20-12.47.07-768x427.jpg 768w, https:\/\/www.andreas-edler.de\/blog\/wp-content\/uploads\/2023\/07\/2023-07-20-12.47.07-1536x853.jpg 1536w, https:\/\/www.andreas-edler.de\/blog\/wp-content\/uploads\/2023\/07\/2023-07-20-12.47.07-2048x1138.jpg 2048w, https:\/\/www.andreas-edler.de\/blog\/wp-content\/uploads\/2023\/07\/2023-07-20-12.47.07-100x56.jpg 100w, https:\/\/www.andreas-edler.de\/blog\/wp-content\/uploads\/2023\/07\/2023-07-20-12.47.07-150x83.jpg 150w, https:\/\/www.andreas-edler.de\/blog\/wp-content\/uploads\/2023\/07\/2023-07-20-12.47.07-200x111.jpg 200w, https:\/\/www.andreas-edler.de\/blog\/wp-content\/uploads\/2023\/07\/2023-07-20-12.47.07-300x167.jpg 300w, https:\/\/www.andreas-edler.de\/blog\/wp-content\/uploads\/2023\/07\/2023-07-20-12.47.07-450x250.jpg 450w, https:\/\/www.andreas-edler.de\/blog\/wp-content\/uploads\/2023\/07\/2023-07-20-12.47.07-600x333.jpg 600w, https:\/\/www.andreas-edler.de\/blog\/wp-content\/uploads\/2023\/07\/2023-07-20-12.47.07-900x500.jpg 900w\" sizes=\"auto, (max-width: 470px) 100vw, 470px\" \/><\/a><figcaption id=\"caption-attachment-170164\" class=\"wp-caption-text\">Arbeitsplatz im Urlaub<\/figcaption><\/figure>\n<p>Ansonsten haben wir heute nicht viel gemacht. Rumgesessen, im Internet gelesen, ab und zu ins Wasser gegangen. Urlaub halt. Ben will gar nichts besuchen, Tim dr\u00f6mmelt rum. Ich habe an diesem Text geschrieben. Eigentlich ist das ein bisschen doof, weil es einen gar nicht so kleinen Teil des Urlaubs frisst (und wo ich das schreibe f\u00e4llt mir auf, dass ich das oben ja schon mal so geschrieben habe). Aber mir macht auch das Spa\u00df.<\/p>\n<figure id=\"attachment_170165\" aria-describedby=\"caption-attachment-170165\" style=\"width: 470px\" class=\"wp-caption aligncenter\"><a href=\"https:\/\/www.andreas-edler.de\/blog\/wp-content\/uploads\/2023\/07\/2023-07-20-15.53.43.jpg\"><img loading=\"lazy\" decoding=\"async\" src=\"https:\/\/www.andreas-edler.de\/blog\/wp-content\/uploads\/2023\/07\/2023-07-20-15.53.43-470x225.jpg\" alt=\"\" width=\"470\" height=\"225\" class=\"size-large wp-image-170165\" srcset=\"https:\/\/www.andreas-edler.de\/blog\/wp-content\/uploads\/2023\/07\/2023-07-20-15.53.43-470x225.jpg 470w, https:\/\/www.andreas-edler.de\/blog\/wp-content\/uploads\/2023\/07\/2023-07-20-15.53.43-250x120.jpg 250w, https:\/\/www.andreas-edler.de\/blog\/wp-content\/uploads\/2023\/07\/2023-07-20-15.53.43-768x368.jpg 768w, https:\/\/www.andreas-edler.de\/blog\/wp-content\/uploads\/2023\/07\/2023-07-20-15.53.43-1536x736.jpg 1536w, https:\/\/www.andreas-edler.de\/blog\/wp-content\/uploads\/2023\/07\/2023-07-20-15.53.43-2048x982.jpg 2048w, https:\/\/www.andreas-edler.de\/blog\/wp-content\/uploads\/2023\/07\/2023-07-20-15.53.43-100x48.jpg 100w, https:\/\/www.andreas-edler.de\/blog\/wp-content\/uploads\/2023\/07\/2023-07-20-15.53.43-150x72.jpg 150w, https:\/\/www.andreas-edler.de\/blog\/wp-content\/uploads\/2023\/07\/2023-07-20-15.53.43-200x96.jpg 200w, https:\/\/www.andreas-edler.de\/blog\/wp-content\/uploads\/2023\/07\/2023-07-20-15.53.43-300x144.jpg 300w, https:\/\/www.andreas-edler.de\/blog\/wp-content\/uploads\/2023\/07\/2023-07-20-15.53.43-450x216.jpg 450w, https:\/\/www.andreas-edler.de\/blog\/wp-content\/uploads\/2023\/07\/2023-07-20-15.53.43-600x288.jpg 600w, https:\/\/www.andreas-edler.de\/blog\/wp-content\/uploads\/2023\/07\/2023-07-20-15.53.43-900x431.jpg 900w\" sizes=\"auto, (max-width: 470px) 100vw, 470px\" \/><\/a><figcaption id=\"caption-attachment-170165\" class=\"wp-caption-text\">Nachmittagsdrink<\/figcaption><\/figure>\n<p>Am Nachmittag fand Alex, es sei an der Zeit f\u00fcr einen Aperol und kurz darauf standen auch schon drei Gl\u00e4ser auf dem Tisch. Schmeckt besser als ein Bier finde ich. Alex war noch kurz mit dem Paddelbrett auf dem Meer, aber mehr so zum chillen und ausruhen. Wir Jungs sind mit Schnorchel, Taucherbrille und Flossen im Meer. Wir haben beim letzten Einkaufen f\u00fcr mich eine neue Brille kaufen m\u00fcssen, weil beim Auspacken hier leider festgestellt wurde, dass meine das Ende ihrer Lebensdauer erreicht hatte. Die Halterung der Kopfbandes an der Brille war abgebrochen. Das darf nach weit \u00fcber 10 Jahren auch passieren. Die Neue haben wir im Tommy gekauft, weil im Plodine gegen\u00fcber nur Kindergr\u00f6\u00dfen zu haben waren. Oh Wunder, sitzt die Brille nun auch mit nicht rasiertem Bart auf der Oberlippe dicht, weil das Gummi noch richtig sch\u00f6n weich ist :-) War auf Anhieb angenehmer als die Alte. Allerdings ist Schnorcheln mit Kopfschmerzen und zuer Nase eher doof.<\/p>\n<figure id=\"attachment_170166\" aria-describedby=\"caption-attachment-170166\" style=\"width: 470px\" class=\"wp-caption aligncenter\"><a href=\"https:\/\/www.andreas-edler.de\/blog\/wp-content\/uploads\/2023\/07\/2023-07-20-19.11.04.jpg\"><img loading=\"lazy\" decoding=\"async\" src=\"https:\/\/www.andreas-edler.de\/blog\/wp-content\/uploads\/2023\/07\/2023-07-20-19.11.04-470x276.jpg\" alt=\"\" width=\"470\" height=\"276\" class=\"size-large wp-image-170166\" srcset=\"https:\/\/www.andreas-edler.de\/blog\/wp-content\/uploads\/2023\/07\/2023-07-20-19.11.04-470x276.jpg 470w, https:\/\/www.andreas-edler.de\/blog\/wp-content\/uploads\/2023\/07\/2023-07-20-19.11.04-250x147.jpg 250w, https:\/\/www.andreas-edler.de\/blog\/wp-content\/uploads\/2023\/07\/2023-07-20-19.11.04-768x451.jpg 768w, https:\/\/www.andreas-edler.de\/blog\/wp-content\/uploads\/2023\/07\/2023-07-20-19.11.04-1536x901.jpg 1536w, https:\/\/www.andreas-edler.de\/blog\/wp-content\/uploads\/2023\/07\/2023-07-20-19.11.04-2048x1202.jpg 2048w, https:\/\/www.andreas-edler.de\/blog\/wp-content\/uploads\/2023\/07\/2023-07-20-19.11.04-100x59.jpg 100w, https:\/\/www.andreas-edler.de\/blog\/wp-content\/uploads\/2023\/07\/2023-07-20-19.11.04-150x88.jpg 150w, https:\/\/www.andreas-edler.de\/blog\/wp-content\/uploads\/2023\/07\/2023-07-20-19.11.04-200x117.jpg 200w, https:\/\/www.andreas-edler.de\/blog\/wp-content\/uploads\/2023\/07\/2023-07-20-19.11.04-300x176.jpg 300w, https:\/\/www.andreas-edler.de\/blog\/wp-content\/uploads\/2023\/07\/2023-07-20-19.11.04-450x264.jpg 450w, https:\/\/www.andreas-edler.de\/blog\/wp-content\/uploads\/2023\/07\/2023-07-20-19.11.04-600x352.jpg 600w, https:\/\/www.andreas-edler.de\/blog\/wp-content\/uploads\/2023\/07\/2023-07-20-19.11.04-900x528.jpg 900w\" sizes=\"auto, (max-width: 470px) 100vw, 470px\" \/><\/a><figcaption id=\"caption-attachment-170166\" class=\"wp-caption-text\">Nachwuchs 1.0 macht den Grillmeister<\/figcaption><\/figure>\n<p>Danach habe ich mich im Wohnwagen aufs Bett gelegt, w\u00e4hrend die anderen am Essen bastelten. Der Gro\u00dfe sollte\/wollte das Grillen \u00fcbernehmen. Nachdem ich aus dem Bett gemurmelt habe, wie man den Campingaz-Grill anschaltet, bin ich nach einem Dutzend erfolgloser &#8222;Klicks&#8220; nach drau\u00dfen gerufen worden und habe gezeigt, wie man das Gas aufdreht ;-) Boah, wie fies. :-) Die Cevapcici sind allerdings sehr gut gelungen!<\/p>\n<p>Bis zum Insbettgehen haben wir nur gechillt. Wir sind um Urlaub!<\/p>\n<h3>21.07.2023<\/h3>\n<p>Ich bin heute Morgen aufgewacht und der erste Gedanke war &#8222;keine Kopfschmerzen&#8220;! Sehr sch\u00f6n. Die Nase war zwar immer noch nicht ganz frei, aber immerhin. Um 9 Uhr haben wir uns aber auch erst aus den Kojen gerollt. Ben schl\u00e4ft noch l\u00e4nger, weil er abends auch nicht ins Bett kommt. Erstmal fr\u00fchst\u00fccken. Alex hat wie immer Br\u00f6tchen geholt und alle zusammen haben wir daf\u00fcr gesorgt, dass sie vertilgt werden. Ich freue mich \u00fcber die Lino Lada und auch Ben isst die ab und an &#8211; wahrscheinlich, damit die Nutella l\u00e4nger h\u00e4lt.<\/p>\n<figure id=\"attachment_170168\" aria-describedby=\"caption-attachment-170168\" style=\"width: 470px\" class=\"wp-caption aligncenter\"><a href=\"https:\/\/www.andreas-edler.de\/blog\/wp-content\/uploads\/2023\/07\/2023-07-21-12.03.01.jpg\"><img loading=\"lazy\" decoding=\"async\" src=\"https:\/\/www.andreas-edler.de\/blog\/wp-content\/uploads\/2023\/07\/2023-07-21-12.03.01-470x185.jpg\" alt=\"\" width=\"470\" height=\"185\" class=\"size-large wp-image-170168\" srcset=\"https:\/\/www.andreas-edler.de\/blog\/wp-content\/uploads\/2023\/07\/2023-07-21-12.03.01-470x185.jpg 470w, https:\/\/www.andreas-edler.de\/blog\/wp-content\/uploads\/2023\/07\/2023-07-21-12.03.01-250x99.jpg 250w, https:\/\/www.andreas-edler.de\/blog\/wp-content\/uploads\/2023\/07\/2023-07-21-12.03.01-768x303.jpg 768w, https:\/\/www.andreas-edler.de\/blog\/wp-content\/uploads\/2023\/07\/2023-07-21-12.03.01-1536x606.jpg 1536w, https:\/\/www.andreas-edler.de\/blog\/wp-content\/uploads\/2023\/07\/2023-07-21-12.03.01-2048x808.jpg 2048w, https:\/\/www.andreas-edler.de\/blog\/wp-content\/uploads\/2023\/07\/2023-07-21-12.03.01-100x39.jpg 100w, https:\/\/www.andreas-edler.de\/blog\/wp-content\/uploads\/2023\/07\/2023-07-21-12.03.01-150x59.jpg 150w, https:\/\/www.andreas-edler.de\/blog\/wp-content\/uploads\/2023\/07\/2023-07-21-12.03.01-200x79.jpg 200w, https:\/\/www.andreas-edler.de\/blog\/wp-content\/uploads\/2023\/07\/2023-07-21-12.03.01-300x118.jpg 300w, https:\/\/www.andreas-edler.de\/blog\/wp-content\/uploads\/2023\/07\/2023-07-21-12.03.01-450x178.jpg 450w, https:\/\/www.andreas-edler.de\/blog\/wp-content\/uploads\/2023\/07\/2023-07-21-12.03.01-600x237.jpg 600w, https:\/\/www.andreas-edler.de\/blog\/wp-content\/uploads\/2023\/07\/2023-07-21-12.03.01-900x355.jpg 900w\" sizes=\"auto, (max-width: 470px) 100vw, 470px\" \/><\/a><figcaption id=\"caption-attachment-170168\" class=\"wp-caption-text\">Neuer anbau bei Santa Marina<\/figcaption><\/figure>\n<p>Danach ist Alex mit dem Paddelbrett raus aufs Meer und &#8222;aus Versehen&#8220; bis zum Riff gepaddelt. Gut, dass ich das nicht gesehen habe! Als Alex wieder zur\u00fcck war, habe ich mich das erste Mal in diesem Jahr auf Solaris aufs Rad gesetzt. Bin hinten aus Solaris raus und an Santa Marina vorbei. Da habe ich <a href=\"https:\/\/www.andreas-edler.de\/blog\/urlaub\/kroatien-2022\/\" rel=\"noopener\" target=\"_blank\">im letzten Jahr<\/a> noch ger\u00e4tselt, was wohl gro\u00dfes dort gebaut wird. Nun, ein Parkplatz und einen kleinen Anbau f\u00fcr zus\u00e4tzliche Sitzm\u00f6glichkeiten.<\/p>\n<p>Weiter gings hoch nach Vabriga. Hinter dem neuen Campingplatz auf halber H\u00f6he ist das Ferienappartmentviertel extrem gewuchert. Die &#8222;Stadt&#8220; geht jetzt runter bis zum Campingplatz und der Unterschied im Baustil auf 100 Metern ist schon gewaltig. In Tar schnell eine neue Telekom-SIM f\u00fcr die letzte Ferienh\u00e4lfte gekauft. Aktuell nutzen wir im Router eine Karte, die ich im letzten Jahr gekauft habe. Bin gespannt, wie lange die h\u00e4lt. Letztes Jahr kostete unbegrenztes Volumen f\u00fcr 7 Tage 10 Euro. Nun habe ich 10 Euro bezahlt f\u00fcr unbegrenztes Volumen innerhalb von 10 Tagen. Das ist also sogar g\u00fcnstiger geworden!<\/p>\n<figure id=\"attachment_170169\" aria-describedby=\"caption-attachment-170169\" style=\"width: 470px\" class=\"wp-caption aligncenter\"><a href=\"https:\/\/www.andreas-edler.de\/blog\/wp-content\/uploads\/2023\/07\/2023-07-21-12.22.38.jpg\"><img loading=\"lazy\" decoding=\"async\" src=\"https:\/\/www.andreas-edler.de\/blog\/wp-content\/uploads\/2023\/07\/2023-07-21-12.22.38-470x237.jpg\" alt=\"\" width=\"470\" height=\"237\" class=\"size-large wp-image-170169\" srcset=\"https:\/\/www.andreas-edler.de\/blog\/wp-content\/uploads\/2023\/07\/2023-07-21-12.22.38-470x237.jpg 470w, https:\/\/www.andreas-edler.de\/blog\/wp-content\/uploads\/2023\/07\/2023-07-21-12.22.38-250x126.jpg 250w, https:\/\/www.andreas-edler.de\/blog\/wp-content\/uploads\/2023\/07\/2023-07-21-12.22.38-768x387.jpg 768w, https:\/\/www.andreas-edler.de\/blog\/wp-content\/uploads\/2023\/07\/2023-07-21-12.22.38-1536x773.jpg 1536w, https:\/\/www.andreas-edler.de\/blog\/wp-content\/uploads\/2023\/07\/2023-07-21-12.22.38-2048x1031.jpg 2048w, https:\/\/www.andreas-edler.de\/blog\/wp-content\/uploads\/2023\/07\/2023-07-21-12.22.38-100x50.jpg 100w, https:\/\/www.andreas-edler.de\/blog\/wp-content\/uploads\/2023\/07\/2023-07-21-12.22.38-150x76.jpg 150w, https:\/\/www.andreas-edler.de\/blog\/wp-content\/uploads\/2023\/07\/2023-07-21-12.22.38-200x101.jpg 200w, https:\/\/www.andreas-edler.de\/blog\/wp-content\/uploads\/2023\/07\/2023-07-21-12.22.38-300x151.jpg 300w, https:\/\/www.andreas-edler.de\/blog\/wp-content\/uploads\/2023\/07\/2023-07-21-12.22.38-450x227.jpg 450w, https:\/\/www.andreas-edler.de\/blog\/wp-content\/uploads\/2023\/07\/2023-07-21-12.22.38-600x302.jpg 600w, https:\/\/www.andreas-edler.de\/blog\/wp-content\/uploads\/2023\/07\/2023-07-21-12.22.38-900x453.jpg 900w\" sizes=\"auto, (max-width: 470px) 100vw, 470px\" \/><\/a><figcaption id=\"caption-attachment-170169\" class=\"wp-caption-text\">Bank vor Kirche<\/figcaption><\/figure>\n<p>Danach habe ich wie immer an meiner Lieblingsbank vor der Kirche in Tar gehalten und mich kurz gesetzt. Und ein bisschen am Umwerfer vom Scott Aspect 50 rumgeschraubt. Den Antrieb habe ich vor dem Urlaub noch neu gemacht und ich f\u00fcrchte, ich ben\u00f6tige auch noch ein neues Tretlager. Die Kettenbl\u00e4tter vorne k\u00f6nnten ruhig 3mm mehr nach innen. So klackert die Kette am Umwerfer, wenn sie hinten auf dem kleinsten Ritzel ist. Aber schalten ist wieder einwandfrei, aufs gr\u00f6\u00dfte Kettenblatt zickt etwas. Das wird mit neuem Tretlager sicher auch besser.<\/p>\n<figure id=\"attachment_170170\" aria-describedby=\"caption-attachment-170170\" style=\"width: 470px\" class=\"wp-caption aligncenter\"><a href=\"https:\/\/www.andreas-edler.de\/blog\/wp-content\/uploads\/2023\/07\/2023-07-21-12.46.00.jpg\"><img loading=\"lazy\" decoding=\"async\" src=\"https:\/\/www.andreas-edler.de\/blog\/wp-content\/uploads\/2023\/07\/2023-07-21-12.46.00-470x138.jpg\" alt=\"\" width=\"470\" height=\"138\" class=\"size-large wp-image-170170\" srcset=\"https:\/\/www.andreas-edler.de\/blog\/wp-content\/uploads\/2023\/07\/2023-07-21-12.46.00-470x138.jpg 470w, https:\/\/www.andreas-edler.de\/blog\/wp-content\/uploads\/2023\/07\/2023-07-21-12.46.00-250x74.jpg 250w, https:\/\/www.andreas-edler.de\/blog\/wp-content\/uploads\/2023\/07\/2023-07-21-12.46.00-768x226.jpg 768w, https:\/\/www.andreas-edler.de\/blog\/wp-content\/uploads\/2023\/07\/2023-07-21-12.46.00-1536x452.jpg 1536w, https:\/\/www.andreas-edler.de\/blog\/wp-content\/uploads\/2023\/07\/2023-07-21-12.46.00-2048x602.jpg 2048w, https:\/\/www.andreas-edler.de\/blog\/wp-content\/uploads\/2023\/07\/2023-07-21-12.46.00-100x29.jpg 100w, https:\/\/www.andreas-edler.de\/blog\/wp-content\/uploads\/2023\/07\/2023-07-21-12.46.00-150x44.jpg 150w, https:\/\/www.andreas-edler.de\/blog\/wp-content\/uploads\/2023\/07\/2023-07-21-12.46.00-200x59.jpg 200w, https:\/\/www.andreas-edler.de\/blog\/wp-content\/uploads\/2023\/07\/2023-07-21-12.46.00-300x88.jpg 300w, https:\/\/www.andreas-edler.de\/blog\/wp-content\/uploads\/2023\/07\/2023-07-21-12.46.00-450x132.jpg 450w, https:\/\/www.andreas-edler.de\/blog\/wp-content\/uploads\/2023\/07\/2023-07-21-12.46.00-600x176.jpg 600w, https:\/\/www.andreas-edler.de\/blog\/wp-content\/uploads\/2023\/07\/2023-07-21-12.46.00-900x265.jpg 900w\" sizes=\"auto, (max-width: 470px) 100vw, 470px\" \/><\/a><figcaption id=\"caption-attachment-170170\" class=\"wp-caption-text\">Panorama von Lanterna<\/figcaption><\/figure>\n<p>Nach der kurzen Pause ging es auf bekannten Wegen runter nach Tarska Vala und von da von hinten auf Lanterna. Da wo die Luxus-Glamping-Zelte und die teureren Mobile-Homes stehen. Die Ecke ist sch\u00f6n, aber auf die H\u00e4user h\u00e4tte ich keine Lust, glaube ich. Auf jeden Fall kein Geld. Auf dem Platz bin ich dann hoch bis zum zentralen Veranstaltungsplatz vor der Rezeption und habe mich dann immer halbwegs oben am Rand gehalten. Die Tochter von Freunden von uns ist dort mit einer Jugendgruppe und ich wollte zumindest wissen, wo der Zeltbereich liegt. Habe ich auch fix gefunden, aber nat\u00fcrlich nicht angehalten. Fast sechzehnj\u00e4hirge finden so einen &#8222;Kontrollbesuch&#8220; &#8211; noch dazu vor Freundinnen &#8211; sicher nicht witzig. Aber wir hatten vor dem Urlaub bereits Handynummern getauscht. F\u00fcr den Fall der F\u00e4lle.<\/p>\n<figure id=\"attachment_170173\" aria-describedby=\"caption-attachment-170173\" style=\"width: 470px\" class=\"wp-caption aligncenter\"><a href=\"https:\/\/www.andreas-edler.de\/blog\/wp-content\/uploads\/2023\/07\/2023-07-21-14.46.27.jpg\"><img loading=\"lazy\" decoding=\"async\" src=\"https:\/\/www.andreas-edler.de\/blog\/wp-content\/uploads\/2023\/07\/2023-07-21-14.46.27-470x223.jpg\" alt=\"\" width=\"470\" height=\"223\" class=\"size-large wp-image-170173\" srcset=\"https:\/\/www.andreas-edler.de\/blog\/wp-content\/uploads\/2023\/07\/2023-07-21-14.46.27-470x223.jpg 470w, https:\/\/www.andreas-edler.de\/blog\/wp-content\/uploads\/2023\/07\/2023-07-21-14.46.27-250x118.jpg 250w, https:\/\/www.andreas-edler.de\/blog\/wp-content\/uploads\/2023\/07\/2023-07-21-14.46.27-768x364.jpg 768w, https:\/\/www.andreas-edler.de\/blog\/wp-content\/uploads\/2023\/07\/2023-07-21-14.46.27-100x47.jpg 100w, https:\/\/www.andreas-edler.de\/blog\/wp-content\/uploads\/2023\/07\/2023-07-21-14.46.27-150x71.jpg 150w, https:\/\/www.andreas-edler.de\/blog\/wp-content\/uploads\/2023\/07\/2023-07-21-14.46.27-200x95.jpg 200w, https:\/\/www.andreas-edler.de\/blog\/wp-content\/uploads\/2023\/07\/2023-07-21-14.46.27-300x142.jpg 300w, https:\/\/www.andreas-edler.de\/blog\/wp-content\/uploads\/2023\/07\/2023-07-21-14.46.27-450x213.jpg 450w, https:\/\/www.andreas-edler.de\/blog\/wp-content\/uploads\/2023\/07\/2023-07-21-14.46.27-600x284.jpg 600w, https:\/\/www.andreas-edler.de\/blog\/wp-content\/uploads\/2023\/07\/2023-07-21-14.46.27-900x426.jpg 900w, https:\/\/www.andreas-edler.de\/blog\/wp-content\/uploads\/2023\/07\/2023-07-21-14.46.27.jpg 1280w\" sizes=\"auto, (max-width: 470px) 100vw, 470px\" \/><\/a><figcaption id=\"caption-attachment-170173\" class=\"wp-caption-text\">Alles unter dem Vordach<\/figcaption><\/figure>\n<p>Nachdem ich recht verschwitzt wieder am Platz ankam, ist Tim zum Joggen aufgebrochen. War aber recht fix nach 28 Minuten v\u00f6llig au\u00dfer Puste wieder zur\u00fcck. Knapp \u00fcber 5 Kilometer gelaufen, die Temperaturen \u00fcber 30\u00b0C waren dabei wohl ebenfalls schwei\u00dftreibend. Sind danach jedenfalls sofort ins Meer zum Abk\u00fchlen! Nur um danach recht fix alle Pl\u00fcnnen auf unserem Stellplatz zu sortieren und unter die Markise zu schaffen. Es sollte ein bisschen regnen und der Himmel wurde auch dunkel. Die Wetterapps sagten aber nur ganz leichten Wind voraus &#8230; der dann aber pl\u00f6tzlich von einer zur anderen Sekunde mit Wucht \u00fcber den Platz fegte! Holla!<\/p>\n<figure id=\"attachment_170174\" aria-describedby=\"caption-attachment-170174\" style=\"width: 470px\" class=\"wp-caption aligncenter\"><a href=\"https:\/\/www.andreas-edler.de\/blog\/wp-content\/uploads\/2023\/07\/2023-07-21-15.24.43.jpg\"><img loading=\"lazy\" decoding=\"async\" src=\"https:\/\/www.andreas-edler.de\/blog\/wp-content\/uploads\/2023\/07\/2023-07-21-15.24.43-470x249.jpg\" alt=\"\" width=\"470\" height=\"249\" class=\"size-large wp-image-170174\" srcset=\"https:\/\/www.andreas-edler.de\/blog\/wp-content\/uploads\/2023\/07\/2023-07-21-15.24.43-470x249.jpg 470w, https:\/\/www.andreas-edler.de\/blog\/wp-content\/uploads\/2023\/07\/2023-07-21-15.24.43-250x133.jpg 250w, https:\/\/www.andreas-edler.de\/blog\/wp-content\/uploads\/2023\/07\/2023-07-21-15.24.43-768x407.jpg 768w, https:\/\/www.andreas-edler.de\/blog\/wp-content\/uploads\/2023\/07\/2023-07-21-15.24.43-1536x814.jpg 1536w, https:\/\/www.andreas-edler.de\/blog\/wp-content\/uploads\/2023\/07\/2023-07-21-15.24.43-2048x1086.jpg 2048w, https:\/\/www.andreas-edler.de\/blog\/wp-content\/uploads\/2023\/07\/2023-07-21-15.24.43-100x53.jpg 100w, https:\/\/www.andreas-edler.de\/blog\/wp-content\/uploads\/2023\/07\/2023-07-21-15.24.43-150x80.jpg 150w, https:\/\/www.andreas-edler.de\/blog\/wp-content\/uploads\/2023\/07\/2023-07-21-15.24.43-200x106.jpg 200w, https:\/\/www.andreas-edler.de\/blog\/wp-content\/uploads\/2023\/07\/2023-07-21-15.24.43-300x159.jpg 300w, https:\/\/www.andreas-edler.de\/blog\/wp-content\/uploads\/2023\/07\/2023-07-21-15.24.43-450x239.jpg 450w, https:\/\/www.andreas-edler.de\/blog\/wp-content\/uploads\/2023\/07\/2023-07-21-15.24.43-600x318.jpg 600w, https:\/\/www.andreas-edler.de\/blog\/wp-content\/uploads\/2023\/07\/2023-07-21-15.24.43-900x477.jpg 900w\" sizes=\"auto, (max-width: 470px) 100vw, 470px\" \/><\/a><figcaption id=\"caption-attachment-170174\" class=\"wp-caption-text\">Papa skeptisch, aber leicht grinsend, unter der Markise im Regen.<\/figcaption><\/figure>\n<p>Blitz und Donner, hell und laut. Das hatte wohl niemand so kommen sehen. Wir hatten die Markise nicht eingerollt, weil es vor 1 1\/2 Tagen in der Nacht nur ein laues L\u00fcftchen war. Aber nun blies der Wind ganz ordentlich. Bei den Slowenen uns gegen\u00fcber hat es den Pavillon auf den Boden gedr\u00fcckt und ein die Seitenwand einer Omnistore-Markise schr\u00e4g gegen\u00fcber ist auch aus der Halterung gerissen. Der ganze Spuk dauerte vielleicht 15 oder 20 Minuten. Tim und ich sind danach einmal um den Block gegangen, weitere Sch\u00e4den schien es aber nicht gegeben zu haben. Au\u00dfer ausgesp\u00fclten Wegen.<\/p>\n<figure id=\"attachment_170175\" aria-describedby=\"caption-attachment-170175\" style=\"width: 470px\" class=\"wp-caption aligncenter\"><a href=\"https:\/\/www.andreas-edler.de\/blog\/wp-content\/uploads\/2023\/07\/2023-07-21-15.39.14.jpg\"><img loading=\"lazy\" decoding=\"async\" src=\"https:\/\/www.andreas-edler.de\/blog\/wp-content\/uploads\/2023\/07\/2023-07-21-15.39.14-470x223.jpg\" alt=\"\" width=\"470\" height=\"223\" class=\"size-large wp-image-170175\" srcset=\"https:\/\/www.andreas-edler.de\/blog\/wp-content\/uploads\/2023\/07\/2023-07-21-15.39.14-470x223.jpg 470w, https:\/\/www.andreas-edler.de\/blog\/wp-content\/uploads\/2023\/07\/2023-07-21-15.39.14-250x118.jpg 250w, https:\/\/www.andreas-edler.de\/blog\/wp-content\/uploads\/2023\/07\/2023-07-21-15.39.14-768x364.jpg 768w, https:\/\/www.andreas-edler.de\/blog\/wp-content\/uploads\/2023\/07\/2023-07-21-15.39.14-1536x727.jpg 1536w, https:\/\/www.andreas-edler.de\/blog\/wp-content\/uploads\/2023\/07\/2023-07-21-15.39.14-2048x970.jpg 2048w, https:\/\/www.andreas-edler.de\/blog\/wp-content\/uploads\/2023\/07\/2023-07-21-15.39.14-100x47.jpg 100w, https:\/\/www.andreas-edler.de\/blog\/wp-content\/uploads\/2023\/07\/2023-07-21-15.39.14-150x71.jpg 150w, https:\/\/www.andreas-edler.de\/blog\/wp-content\/uploads\/2023\/07\/2023-07-21-15.39.14-200x95.jpg 200w, https:\/\/www.andreas-edler.de\/blog\/wp-content\/uploads\/2023\/07\/2023-07-21-15.39.14-300x142.jpg 300w, https:\/\/www.andreas-edler.de\/blog\/wp-content\/uploads\/2023\/07\/2023-07-21-15.39.14-450x213.jpg 450w, https:\/\/www.andreas-edler.de\/blog\/wp-content\/uploads\/2023\/07\/2023-07-21-15.39.14-600x284.jpg 600w, https:\/\/www.andreas-edler.de\/blog\/wp-content\/uploads\/2023\/07\/2023-07-21-15.39.14-900x426.jpg 900w\" sizes=\"auto, (max-width: 470px) 100vw, 470px\" \/><\/a><figcaption id=\"caption-attachment-170175\" class=\"wp-caption-text\">Das Meer ist braun vom Schlamm<\/figcaption><\/figure>\n<p>Die teilweise nur gesplitteten Zufahrten haben sich zu kleinen B\u00e4chen verwandelt und reichlich Erde mitgerissen. Das floss dann die Treppen zur K\u00fcste runter und weiter ins Meer. Dort wurde es als brauner Streifen die K\u00fcste runter getrieben. Sah schon interessant aus. Auf der anderen Seite der Bucht, in Novigrad, hat der Sturm fieser zugeschlagen und den alten Stadtpark zerst\u00f6rt. Zahlreiche B\u00e4ume entwurzelt und auf dem Campingplatz auf der Seite wurden wohl auch Wohnwagen von B\u00e4umen platt gedr\u00fcckt. Hoffentlich gab es keine Personensch\u00e4den.<\/p>\n<p>So schnell wie es gekommen war, klarte es aber auch wieder auf. Eine halbe Stunde sp\u00e4ter standen wir schon auf dem gemauerten Weg ins Meer und schauten zusammen mit anderen auf die hohen Wellen. Ich bin dann einfach rein gegangen und andere folgten. Hat ziemlich Spa\u00df gemacht! Nah 10 Minuten haben Tim und ich Ben und Alex auch noch geholt und ein bisschen Korken auf dem Wasser gespielt. Sehen konnten man in der Br\u00fche nichts mehr, aber es war pullerwarm!<\/p>\n<figure id=\"attachment_170176\" aria-describedby=\"caption-attachment-170176\" style=\"width: 470px\" class=\"wp-caption aligncenter\"><a href=\"https:\/\/www.andreas-edler.de\/blog\/wp-content\/uploads\/2023\/07\/2023-07-21-20.22.23.jpg\"><img loading=\"lazy\" decoding=\"async\" src=\"https:\/\/www.andreas-edler.de\/blog\/wp-content\/uploads\/2023\/07\/2023-07-21-20.22.23-470x282.jpg\" alt=\"\" width=\"470\" height=\"282\" class=\"size-large wp-image-170176\" srcset=\"https:\/\/www.andreas-edler.de\/blog\/wp-content\/uploads\/2023\/07\/2023-07-21-20.22.23-470x282.jpg 470w, https:\/\/www.andreas-edler.de\/blog\/wp-content\/uploads\/2023\/07\/2023-07-21-20.22.23-250x150.jpg 250w, https:\/\/www.andreas-edler.de\/blog\/wp-content\/uploads\/2023\/07\/2023-07-21-20.22.23-768x460.jpg 768w, https:\/\/www.andreas-edler.de\/blog\/wp-content\/uploads\/2023\/07\/2023-07-21-20.22.23-100x60.jpg 100w, https:\/\/www.andreas-edler.de\/blog\/wp-content\/uploads\/2023\/07\/2023-07-21-20.22.23-150x90.jpg 150w, https:\/\/www.andreas-edler.de\/blog\/wp-content\/uploads\/2023\/07\/2023-07-21-20.22.23-200x120.jpg 200w, https:\/\/www.andreas-edler.de\/blog\/wp-content\/uploads\/2023\/07\/2023-07-21-20.22.23-300x180.jpg 300w, https:\/\/www.andreas-edler.de\/blog\/wp-content\/uploads\/2023\/07\/2023-07-21-20.22.23-450x270.jpg 450w, https:\/\/www.andreas-edler.de\/blog\/wp-content\/uploads\/2023\/07\/2023-07-21-20.22.23-600x360.jpg 600w, https:\/\/www.andreas-edler.de\/blog\/wp-content\/uploads\/2023\/07\/2023-07-21-20.22.23-900x539.jpg 900w, https:\/\/www.andreas-edler.de\/blog\/wp-content\/uploads\/2023\/07\/2023-07-21-20.22.23.jpg 1280w\" sizes=\"auto, (max-width: 470px) 100vw, 470px\" \/><\/a><figcaption id=\"caption-attachment-170176\" class=\"wp-caption-text\">Konoba Teran<\/figcaption><\/figure>\n<p>Nach dem Schwimmen schnell duschen und dann sind wir nach ausw\u00e4rts gefahren, um was in den Magen zu bekommen. Sind wir sonst fast ausschlie\u00dflich in die Restaurants auf dem Platz gegangen, so hat die Preisgestaltung und die Qualit\u00e4t am ersten Abend den drei anderen so sehr gereicht, dass das nicht mehr in die T\u00fcte kommt. Entschieden haben wir uns an diesem Tag f\u00fcr die &#8222;Konoba Teran&#8220;.<\/p>\n<p><figure id=\"attachment_170177\" aria-describedby=\"caption-attachment-170177\" style=\"width: 250px\" class=\"wp-caption alignright\"><a href=\"https:\/\/www.andreas-edler.de\/blog\/wp-content\/uploads\/2023\/07\/2023-07-21-19.47.12.jpg\"><img loading=\"lazy\" decoding=\"async\" src=\"https:\/\/www.andreas-edler.de\/blog\/wp-content\/uploads\/2023\/07\/2023-07-21-19.47.12-250x141.jpg\" alt=\"\" width=\"250\" height=\"141\" class=\"size-medium wp-image-170177\" srcset=\"https:\/\/www.andreas-edler.de\/blog\/wp-content\/uploads\/2023\/07\/2023-07-21-19.47.12-250x141.jpg 250w, https:\/\/www.andreas-edler.de\/blog\/wp-content\/uploads\/2023\/07\/2023-07-21-19.47.12-470x265.jpg 470w, https:\/\/www.andreas-edler.de\/blog\/wp-content\/uploads\/2023\/07\/2023-07-21-19.47.12-768x433.jpg 768w, https:\/\/www.andreas-edler.de\/blog\/wp-content\/uploads\/2023\/07\/2023-07-21-19.47.12-1536x866.jpg 1536w, https:\/\/www.andreas-edler.de\/blog\/wp-content\/uploads\/2023\/07\/2023-07-21-19.47.12-2048x1154.jpg 2048w, https:\/\/www.andreas-edler.de\/blog\/wp-content\/uploads\/2023\/07\/2023-07-21-19.47.12-100x56.jpg 100w, https:\/\/www.andreas-edler.de\/blog\/wp-content\/uploads\/2023\/07\/2023-07-21-19.47.12-150x85.jpg 150w, https:\/\/www.andreas-edler.de\/blog\/wp-content\/uploads\/2023\/07\/2023-07-21-19.47.12-200x113.jpg 200w, https:\/\/www.andreas-edler.de\/blog\/wp-content\/uploads\/2023\/07\/2023-07-21-19.47.12-300x169.jpg 300w, https:\/\/www.andreas-edler.de\/blog\/wp-content\/uploads\/2023\/07\/2023-07-21-19.47.12-450x254.jpg 450w, https:\/\/www.andreas-edler.de\/blog\/wp-content\/uploads\/2023\/07\/2023-07-21-19.47.12-600x338.jpg 600w, https:\/\/www.andreas-edler.de\/blog\/wp-content\/uploads\/2023\/07\/2023-07-21-19.47.12-900x507.jpg 900w\" sizes=\"auto, (max-width: 250px) 100vw, 250px\" \/><\/a><figcaption id=\"caption-attachment-170177\" class=\"wp-caption-text\">Calamari vom Rost mit Kartoffeln und Mangold<\/figcaption><\/figure> <cite>Ein bisschen versteckt in der Innenstadt von Tar liegt diese unterhalb der gro\u00dfen Kirche. Beim ersten Mal sind wir vorbei gefahren, haben dann aber auf dem Parkplatz vor der Grundschule geparkt und zu Fu\u00df die Stra\u00dfe runter gegangen. Kommt dann gleich hinter dem Restaurant Torre. Der kleine Gastraum sah eng und urig &#8211; und leer aus. Das lag aber daran, dass sich alles hinten &#8222;im Garten&#8220; abspielte. Dort sind wir dann auch hin gegangen und wurden freundlich empfangen. Ohne Reservierung gab es zwar &#8222;nur&#8220; einen Platz drinnen, aber da es keine T\u00fcr nach au\u00dfen gab und die Fenster aus Holzlamellen mit reichlich Abstand bestanden, war das genauso gut wie im Freien.<br \/>\n<br \/>\nBeim Blick in die Karte fand ich die Preise OK. Zehn Euro f\u00fcr Tintenfisch vom Grill, 3 Euro f\u00fcr Pommes, 3 Euro f\u00fcr Grillgem\u00fcse. Passt schon. Bei der Bestellung dann die \u00dcberraschung, dass die 10 Euro inkl. Beilagen in Form von Kartoffelstampf und Mangold waren! Ich muss doof geschaut haben, denn die Dame fragte mich, ob das zuviel sei :-) Auch bei den anderen Gerichten waren die Beilagen im Gesamtpreis von jeweils 10 Euro f\u00fcr Spiesschen und Hacksteak bereits enthalten. Das Essen kam schnell und schmeckte ausgezeichnet. Dazu noch ein sehr angenehmer Service und zum Abschluss ein &#8222;Schluck&#8220; und ein Sch\u00e4lchen mit Quarkb\u00e4llchen auf Kosten des Hauses. Sehr, sehr gut! Definitiv eine Empfehlung.<\/cite><\/p>\n<figure id=\"attachment_170180\" aria-describedby=\"caption-attachment-170180\" style=\"width: 470px\" class=\"wp-caption aligncenter\"><a href=\"https:\/\/www.andreas-edler.de\/blog\/wp-content\/uploads\/2023\/07\/2023-07-21-21.41.01.jpg\"><img loading=\"lazy\" decoding=\"async\" src=\"https:\/\/www.andreas-edler.de\/blog\/wp-content\/uploads\/2023\/07\/2023-07-21-21.41.01-470x181.jpg\" alt=\"\" width=\"470\" height=\"181\" class=\"size-large wp-image-170180\" srcset=\"https:\/\/www.andreas-edler.de\/blog\/wp-content\/uploads\/2023\/07\/2023-07-21-21.41.01-470x181.jpg 470w, https:\/\/www.andreas-edler.de\/blog\/wp-content\/uploads\/2023\/07\/2023-07-21-21.41.01-250x96.jpg 250w, https:\/\/www.andreas-edler.de\/blog\/wp-content\/uploads\/2023\/07\/2023-07-21-21.41.01-768x296.jpg 768w, https:\/\/www.andreas-edler.de\/blog\/wp-content\/uploads\/2023\/07\/2023-07-21-21.41.01-1536x591.jpg 1536w, https:\/\/www.andreas-edler.de\/blog\/wp-content\/uploads\/2023\/07\/2023-07-21-21.41.01-2048x788.jpg 2048w, https:\/\/www.andreas-edler.de\/blog\/wp-content\/uploads\/2023\/07\/2023-07-21-21.41.01-100x38.jpg 100w, https:\/\/www.andreas-edler.de\/blog\/wp-content\/uploads\/2023\/07\/2023-07-21-21.41.01-150x58.jpg 150w, https:\/\/www.andreas-edler.de\/blog\/wp-content\/uploads\/2023\/07\/2023-07-21-21.41.01-200x77.jpg 200w, https:\/\/www.andreas-edler.de\/blog\/wp-content\/uploads\/2023\/07\/2023-07-21-21.41.01-300x115.jpg 300w, https:\/\/www.andreas-edler.de\/blog\/wp-content\/uploads\/2023\/07\/2023-07-21-21.41.01-450x173.jpg 450w, https:\/\/www.andreas-edler.de\/blog\/wp-content\/uploads\/2023\/07\/2023-07-21-21.41.01-600x231.jpg 600w, https:\/\/www.andreas-edler.de\/blog\/wp-content\/uploads\/2023\/07\/2023-07-21-21.41.01-900x346.jpg 900w\" sizes=\"auto, (max-width: 470px) 100vw, 470px\" \/><\/a><figcaption id=\"caption-attachment-170180\" class=\"wp-caption-text\">Kruskovac<\/figcaption><\/figure>\n<p>Nach dem Essen sind wir noch schnell in den Plodine und haben die Cevapcici f\u00fcr den Grill am n\u00e4chsten Tag gekauft. Und eine Flasche Kruskovac &#8211; der schmeckte zum Abschluss so lecker. Lange haben wir aber nicht mehr vor dem Wohnwagen gesessen, weil es wieder anfing zu regnen. Erst leicht und dann immer st\u00e4rker, bis es uns zu doll auf den Bauch spr\u00fchte. Tim ist in sein Dachzelt gekrochen und wir haben es uns im Wohnwagen gem\u00fctlich gemacht. Der Wind ist diesmal ausgeblieben und so sind wir entspannt eingeschlafen.<\/p>\n<h3>22.07.2023<\/h3>\n<p>Im Bett r\u00e4keln und von den Aufr\u00f6delger\u00e4uschen des Campingplatzes langsam wach werden. Hat heute wieder bis halb 9 Uhr gedauert. Das Fr\u00fchst\u00fcck war da schon halb vorbereitet. Es gab die Sonnenbr\u00f6tchen vom B\u00e4cker. So im Kreis gebackene Wei\u00dfbrotbr\u00f6tchen ohne harte Kruste. Schmecken OK, ich habe aber gestern im Plodine ein bisschen darauf insistierte, dass wir Toastbrot mitnehmen. Ist g\u00fcnstiger als die Br\u00f6tchen und schmeckt mir mit Lino-Lada ganz genauso gut.<\/p>\n<p>Nach dem Fr\u00fchst\u00fcck ist Alex sehr motiviert zum Joggen aufgebrochen, kam aber recht schnell wieder. Ist wohl nicht in Tritt gekommen. Ich habe auch nur gegammelt und Tim hat sich angezogen, um zur Rezeption zu gehen und dort tats\u00e4chlich ein bisschen was f\u00fcrs Studium zu tun. Vorbildlich! Ben ist zufrieden mit Smartphone und Tablet und macht recht ausdauernd Stop-Motion-Videos mit kleinen Magnetstiften und Kugeln. Irgendwann habe ich mich an den Rechner gesetzt und was zum <a href=\"https:\/\/www.andreas-edler.de\/blog\/2023\/07\/haengemattenliege-kingcamp-xl\/\" rel=\"noopener\" target=\"_blank\">Ausruhverhalten der Frau und den dazugeh\u00f6rigen M\u00f6beln<\/a> zu schreiben ;-)<\/p>\n<p><figure id=\"attachment_163844\" aria-describedby=\"caption-attachment-163844\" style=\"width: 250px\" class=\"wp-caption alignright\"><a href=\"https:\/\/www.andreas-edler.de\/blog\/wp-content\/uploads\/2018\/07\/2018-07-18-17.17.45.jpg\"><img loading=\"lazy\" decoding=\"async\" src=\"https:\/\/www.andreas-edler.de\/blog\/wp-content\/uploads\/2018\/07\/2018-07-18-17.17.45-250x98.jpg\" alt=\"\" width=\"250\" height=\"98\" class=\"size-medium wp-image-163844\" srcset=\"https:\/\/www.andreas-edler.de\/blog\/wp-content\/uploads\/2018\/07\/2018-07-18-17.17.45-250x98.jpg 250w, https:\/\/www.andreas-edler.de\/blog\/wp-content\/uploads\/2018\/07\/2018-07-18-17.17.45-768x300.jpg 768w, https:\/\/www.andreas-edler.de\/blog\/wp-content\/uploads\/2018\/07\/2018-07-18-17.17.45-470x184.jpg 470w, https:\/\/www.andreas-edler.de\/blog\/wp-content\/uploads\/2018\/07\/2018-07-18-17.17.45-100x39.jpg 100w, https:\/\/www.andreas-edler.de\/blog\/wp-content\/uploads\/2018\/07\/2018-07-18-17.17.45-150x59.jpg 150w, https:\/\/www.andreas-edler.de\/blog\/wp-content\/uploads\/2018\/07\/2018-07-18-17.17.45-200x78.jpg 200w, https:\/\/www.andreas-edler.de\/blog\/wp-content\/uploads\/2018\/07\/2018-07-18-17.17.45-300x117.jpg 300w, https:\/\/www.andreas-edler.de\/blog\/wp-content\/uploads\/2018\/07\/2018-07-18-17.17.45-450x176.jpg 450w, https:\/\/www.andreas-edler.de\/blog\/wp-content\/uploads\/2018\/07\/2018-07-18-17.17.45-600x234.jpg 600w, https:\/\/www.andreas-edler.de\/blog\/wp-content\/uploads\/2018\/07\/2018-07-18-17.17.45-900x352.jpg 900w, https:\/\/www.andreas-edler.de\/blog\/wp-content\/uploads\/2018\/07\/2018-07-18-17.17.45.jpg 1280w\" sizes=\"auto, (max-width: 250px) 100vw, 250px\" \/><\/a><figcaption id=\"caption-attachment-163844\" class=\"wp-caption-text\">Man kann links im Bild die H\u00e4ngematte mit dem improvisierten St\u00e4nder erahnen.<\/figcaption><\/figure> <cite>Alex m\u00f6chte im Urlaub in der H\u00e4ngematte liegen. Zwingend. Das bedeutet, dass wir einen Stellplatz ben\u00f6tigen, der auch zwei B\u00e4ume hat. Die d\u00fcrfen ruhig weit auseinander stehen. Mit Spanngurten bekommen wir auch sieben oder acht Meter Abstand \u00fcberbr\u00fcckt. In 2018 hatten wir im Bereich A von Solaris solch einen Platz und da war gro\u00dfe Not. Auf einer leeren Parzelle neben unserer war ein Betonstandfu\u00df f\u00fcr einen Sonnenschirm, den ich mit Spanngurten und dem nicht ben\u00f6tigten Alurohr f\u00fcr die Satellitensch\u00fcssel zu einem \u201czweiten Baum\u201d umfunktioniert hatte. Das war OK. Allerdings schleppe ich nicht immer einen Betonstandfu\u00df mit rum.<br \/>\n<br \/>\nIn diesem Jahr habe ich dann vorsorglich zwei Dinge bestellt: einmal eine zus\u00e4tzliche St\u00fctze f\u00fcr H\u00e4ngematten, falls mal nur ein Baum zur Hand ist. Und eine H\u00e4ngemattenliege (Achtung: der Link geht zu Amazon!) die man unabh\u00e4ngig von B\u00e4umen aufstellen kann und die ein kleineres Packma\u00df hat, also unsere herk\u00f6mmliche Klappliege.<br \/>\nH\u00e4ngemattenliege von KingCamp<\/cite><\/p>\n<figure id=\"attachment_170184\" aria-describedby=\"caption-attachment-170184\" style=\"width: 470px\" class=\"wp-caption aligncenter\"><a href=\"https:\/\/www.andreas-edler.de\/blog\/wp-content\/uploads\/2023\/07\/2023-07-22-11.11.40.jpg\"><img loading=\"lazy\" decoding=\"async\" src=\"https:\/\/www.andreas-edler.de\/blog\/wp-content\/uploads\/2023\/07\/2023-07-22-11.11.40-470x274.jpg\" alt=\"\" width=\"470\" height=\"274\" class=\"size-large wp-image-170184\" srcset=\"https:\/\/www.andreas-edler.de\/blog\/wp-content\/uploads\/2023\/07\/2023-07-22-11.11.40-470x274.jpg 470w, https:\/\/www.andreas-edler.de\/blog\/wp-content\/uploads\/2023\/07\/2023-07-22-11.11.40-250x146.jpg 250w, https:\/\/www.andreas-edler.de\/blog\/wp-content\/uploads\/2023\/07\/2023-07-22-11.11.40-768x447.jpg 768w, https:\/\/www.andreas-edler.de\/blog\/wp-content\/uploads\/2023\/07\/2023-07-22-11.11.40-1536x894.jpg 1536w, https:\/\/www.andreas-edler.de\/blog\/wp-content\/uploads\/2023\/07\/2023-07-22-11.11.40-2048x1192.jpg 2048w, https:\/\/www.andreas-edler.de\/blog\/wp-content\/uploads\/2023\/07\/2023-07-22-11.11.40-100x58.jpg 100w, https:\/\/www.andreas-edler.de\/blog\/wp-content\/uploads\/2023\/07\/2023-07-22-11.11.40-150x87.jpg 150w, https:\/\/www.andreas-edler.de\/blog\/wp-content\/uploads\/2023\/07\/2023-07-22-11.11.40-200x116.jpg 200w, https:\/\/www.andreas-edler.de\/blog\/wp-content\/uploads\/2023\/07\/2023-07-22-11.11.40-300x175.jpg 300w, https:\/\/www.andreas-edler.de\/blog\/wp-content\/uploads\/2023\/07\/2023-07-22-11.11.40-450x262.jpg 450w, https:\/\/www.andreas-edler.de\/blog\/wp-content\/uploads\/2023\/07\/2023-07-22-11.11.40-600x349.jpg 600w, https:\/\/www.andreas-edler.de\/blog\/wp-content\/uploads\/2023\/07\/2023-07-22-11.11.40-900x524.jpg 900w\" sizes=\"auto, (max-width: 470px) 100vw, 470px\" \/><\/a><figcaption id=\"caption-attachment-170184\" class=\"wp-caption-text\">H\u00e4ngemattenliege von KingCamp<\/figcaption><\/figure>\n<p><cite>Wir haben die Liege sogar noch neben unserem Vorzeltschrank in das zusammengeklappte Dachzelt Maggioline Airtop bekommen! Der Aufbau ist recht simpel. Das Gest\u00e4nge ist zusammengefaltet und mit Gummib\u00e4ndern zusammengehalten. Man kann \u00fcberhaupt nichts falsch ineinander stecken. In das aufgebaute Gest\u00e4nge spannt man die Liegefl\u00e4che ein. Das war beim ersten Mal ein regelrechtes Gemurkse, weil alles so straff ist. Zwei Wochen hatten wir die Liege im Wohnzimmer im Gebrauch, bevor sie wieder verpackt wurde. In den zwei Wochen hat die ganze Familie \u2013 nacheinander \u2013 darin gelegen und alle waren sich einig, dass das eine der besseren Anschaffungen der letzten Zeit gewesen ist. Sehr bequem!<br \/>\n<br \/>\nBeim zweiten Aufbau musste die Liegefl\u00e4che nur noch mit leichtem Zug auf die Stangen geh\u00e4ngt werden. Womit auch schon der negative Aspekt angedeutet ist: der Stoff l\u00e4ngt sich offensichtlich extrem! Angegeben ist die Liege bis 120 Kg, da bin ich dann doch noch \u2018ne Ecke drunter! Trotzdem liege ich im Schulterbereich, wenn ich etwas wackle, bereits auf den langen, schr\u00e4gen Streben. Nachwuchs 1.0, der zwar fast 10 Zentimeter gr\u00f6\u00dfer, aber mindestens ebensoviel Kilogramm leichter ist, berichtet das Gleiche. Der Rest der Familie kann einwandfrei drin liegen. Auch ich finde die Liege immer noch bequem, wei\u00df aber nicht, ob sich der gespannte Stoff noch weiter l\u00e4ngt. Dann hat sich das mit der Bequemlichkeit erledigt. Bei \u00fcber 200 Euro Kaufpreis war das dann ein sehr teurer, kurzer Spa\u00df.<\/cite><\/p>\n<figure id=\"attachment_170190\" aria-describedby=\"caption-attachment-170190\" style=\"width: 470px\" class=\"wp-caption aligncenter\"><a href=\"https:\/\/www.andreas-edler.de\/blog\/wp-content\/uploads\/2023\/07\/2023-07-22-15.44.08.png\"><img loading=\"lazy\" decoding=\"async\" src=\"https:\/\/www.andreas-edler.de\/blog\/wp-content\/uploads\/2023\/07\/2023-07-22-15.44.08-470x288.png\" alt=\"\" width=\"470\" height=\"288\" class=\"size-large wp-image-170190\" srcset=\"https:\/\/www.andreas-edler.de\/blog\/wp-content\/uploads\/2023\/07\/2023-07-22-15.44.08-470x288.png 470w, https:\/\/www.andreas-edler.de\/blog\/wp-content\/uploads\/2023\/07\/2023-07-22-15.44.08-250x153.png 250w, https:\/\/www.andreas-edler.de\/blog\/wp-content\/uploads\/2023\/07\/2023-07-22-15.44.08-768x471.png 768w, https:\/\/www.andreas-edler.de\/blog\/wp-content\/uploads\/2023\/07\/2023-07-22-15.44.08-100x61.png 100w, https:\/\/www.andreas-edler.de\/blog\/wp-content\/uploads\/2023\/07\/2023-07-22-15.44.08-150x92.png 150w, https:\/\/www.andreas-edler.de\/blog\/wp-content\/uploads\/2023\/07\/2023-07-22-15.44.08-200x123.png 200w, https:\/\/www.andreas-edler.de\/blog\/wp-content\/uploads\/2023\/07\/2023-07-22-15.44.08-300x184.png 300w, https:\/\/www.andreas-edler.de\/blog\/wp-content\/uploads\/2023\/07\/2023-07-22-15.44.08-450x276.png 450w, https:\/\/www.andreas-edler.de\/blog\/wp-content\/uploads\/2023\/07\/2023-07-22-15.44.08-600x368.png 600w, https:\/\/www.andreas-edler.de\/blog\/wp-content\/uploads\/2023\/07\/2023-07-22-15.44.08.png 834w\" sizes=\"auto, (max-width: 470px) 100vw, 470px\" \/><\/a><figcaption id=\"caption-attachment-170190\" class=\"wp-caption-text\">Eiegntlich sollte es schon wieder rumsen.<\/figcaption><\/figure>\n<p>F\u00fcr den Nachmittag war wieder ein Gewitter angesagt und ich haderte erneut mit mir, ob ich die Markise einfahre oder nicht. Immerhin ist vor zwei Tagen in der Gegend hier wohl ordentlich was in die Dutten gegangen. Haben dann aber doch &#8222;nur&#8220; noch zus\u00e4tzlich ein Sturmband gespannt. Allerdings war au\u00dfer einem dunklem Himmel und eifrigen Hammerspechten ringsum keine Auswirkung dieser Vorhersage zu sp\u00fcren. Das ist wohl gl\u00fccklicherweise weitr\u00e4umig an uns vorbei gezogen.<\/p>\n<figure id=\"attachment_170188\" aria-describedby=\"caption-attachment-170188\" style=\"width: 470px\" class=\"wp-caption aligncenter\"><a href=\"https:\/\/www.andreas-edler.de\/blog\/wp-content\/uploads\/2023\/07\/2023-07-22-16.23.56.jpg\"><img loading=\"lazy\" decoding=\"async\" src=\"https:\/\/www.andreas-edler.de\/blog\/wp-content\/uploads\/2023\/07\/2023-07-22-16.23.56-470x249.jpg\" alt=\"\" width=\"470\" height=\"249\" class=\"size-large wp-image-170188\" srcset=\"https:\/\/www.andreas-edler.de\/blog\/wp-content\/uploads\/2023\/07\/2023-07-22-16.23.56-470x249.jpg 470w, https:\/\/www.andreas-edler.de\/blog\/wp-content\/uploads\/2023\/07\/2023-07-22-16.23.56-250x132.jpg 250w, https:\/\/www.andreas-edler.de\/blog\/wp-content\/uploads\/2023\/07\/2023-07-22-16.23.56-768x407.jpg 768w, https:\/\/www.andreas-edler.de\/blog\/wp-content\/uploads\/2023\/07\/2023-07-22-16.23.56-100x53.jpg 100w, https:\/\/www.andreas-edler.de\/blog\/wp-content\/uploads\/2023\/07\/2023-07-22-16.23.56-150x79.jpg 150w, https:\/\/www.andreas-edler.de\/blog\/wp-content\/uploads\/2023\/07\/2023-07-22-16.23.56-200x106.jpg 200w, https:\/\/www.andreas-edler.de\/blog\/wp-content\/uploads\/2023\/07\/2023-07-22-16.23.56-300x159.jpg 300w, https:\/\/www.andreas-edler.de\/blog\/wp-content\/uploads\/2023\/07\/2023-07-22-16.23.56-450x238.jpg 450w, https:\/\/www.andreas-edler.de\/blog\/wp-content\/uploads\/2023\/07\/2023-07-22-16.23.56-600x318.jpg 600w, https:\/\/www.andreas-edler.de\/blog\/wp-content\/uploads\/2023\/07\/2023-07-22-16.23.56-900x477.jpg 900w, https:\/\/www.andreas-edler.de\/blog\/wp-content\/uploads\/2023\/07\/2023-07-22-16.23.56.jpg 1280w\" sizes=\"auto, (max-width: 470px) 100vw, 470px\" \/><\/a><figcaption id=\"caption-attachment-170188\" class=\"wp-caption-text\">Feuerwehr mit Leiterwagen und Kettens\u00e4ge<\/figcaption><\/figure>\n<p>Da es immer noch ziemlich warm war, sind wir zwischendurch auch ins Wasser geh\u00fcpft, um danach zu schauen, wie die Feuerwehr zwei Querstra\u00dfen weiter eine gro\u00dfe Eiche f\u00e4llte. Zwischen den Wohnwagen gar nicht so einfach. Allerdings waren vier Pl\u00e4tze frei ger\u00e4umt worden und es standen reichlich Schaulustige um den abgesperrten Bereich herum. Einige hatten sich sogar extra Logenpl\u00e4tze mit Liegest\u00fchlen gebastelt. Den ganzen Tag wurde ges\u00e4gt.<\/p>\n<figure id=\"attachment_170189\" aria-describedby=\"caption-attachment-170189\" style=\"width: 470px\" class=\"wp-caption aligncenter\"><a href=\"https:\/\/www.andreas-edler.de\/blog\/wp-content\/uploads\/2023\/07\/2023-07-22-16.37.59-Kopie.jpg\"><img loading=\"lazy\" decoding=\"async\" src=\"https:\/\/www.andreas-edler.de\/blog\/wp-content\/uploads\/2023\/07\/2023-07-22-16.37.59-Kopie-470x200.jpg\" alt=\"\" width=\"470\" height=\"200\" class=\"size-large wp-image-170189\" srcset=\"https:\/\/www.andreas-edler.de\/blog\/wp-content\/uploads\/2023\/07\/2023-07-22-16.37.59-Kopie-470x200.jpg 470w, https:\/\/www.andreas-edler.de\/blog\/wp-content\/uploads\/2023\/07\/2023-07-22-16.37.59-Kopie-250x106.jpg 250w, https:\/\/www.andreas-edler.de\/blog\/wp-content\/uploads\/2023\/07\/2023-07-22-16.37.59-Kopie-768x327.jpg 768w, https:\/\/www.andreas-edler.de\/blog\/wp-content\/uploads\/2023\/07\/2023-07-22-16.37.59-Kopie-100x43.jpg 100w, https:\/\/www.andreas-edler.de\/blog\/wp-content\/uploads\/2023\/07\/2023-07-22-16.37.59-Kopie-150x64.jpg 150w, https:\/\/www.andreas-edler.de\/blog\/wp-content\/uploads\/2023\/07\/2023-07-22-16.37.59-Kopie-200x85.jpg 200w, https:\/\/www.andreas-edler.de\/blog\/wp-content\/uploads\/2023\/07\/2023-07-22-16.37.59-Kopie-300x128.jpg 300w, https:\/\/www.andreas-edler.de\/blog\/wp-content\/uploads\/2023\/07\/2023-07-22-16.37.59-Kopie-450x192.jpg 450w, https:\/\/www.andreas-edler.de\/blog\/wp-content\/uploads\/2023\/07\/2023-07-22-16.37.59-Kopie-600x255.jpg 600w, https:\/\/www.andreas-edler.de\/blog\/wp-content\/uploads\/2023\/07\/2023-07-22-16.37.59-Kopie-900x383.jpg 900w, https:\/\/www.andreas-edler.de\/blog\/wp-content\/uploads\/2023\/07\/2023-07-22-16.37.59-Kopie.jpg 1280w\" sizes=\"auto, (max-width: 470px) 100vw, 470px\" \/><\/a><figcaption id=\"caption-attachment-170189\" class=\"wp-caption-text\">Die Solaris-Mitarbeiter durften noch nicht ran.<\/figcaption><\/figure>\n<p>Die Mitarbeiter von Solaris hatten ihre Elektrokarren sch\u00f6n im Halbkreis aufgestellt und schauten ebenfalls dem Spektakel zu. Irgendwann ist einer der St\u00e4mme &#8211; sicher unbeabsichtigt &#8211; abgeknickt und lehnte an einem anderen Baum. Das war dann etwas schiweriger zu l\u00f6sen und ich erinnerte mich mit Tim an unsere Aktionen im heimischen Wald, die gar nicht una\u00e4hnlich waren. Irgendwann fiel der Stamm aber und dann war es nur noch zerlegen.<\/p>\n<figure id=\"attachment_170191\" aria-describedby=\"caption-attachment-170191\" style=\"width: 470px\" class=\"wp-caption aligncenter\"><a href=\"https:\/\/www.andreas-edler.de\/blog\/wp-content\/uploads\/2023\/07\/2023-07-22-18.09.02.jpg\"><img loading=\"lazy\" decoding=\"async\" src=\"https:\/\/www.andreas-edler.de\/blog\/wp-content\/uploads\/2023\/07\/2023-07-22-18.09.02-470x302.jpg\" alt=\"\" width=\"470\" height=\"302\" class=\"size-large wp-image-170191\" srcset=\"https:\/\/www.andreas-edler.de\/blog\/wp-content\/uploads\/2023\/07\/2023-07-22-18.09.02-470x302.jpg 470w, https:\/\/www.andreas-edler.de\/blog\/wp-content\/uploads\/2023\/07\/2023-07-22-18.09.02-250x161.jpg 250w, https:\/\/www.andreas-edler.de\/blog\/wp-content\/uploads\/2023\/07\/2023-07-22-18.09.02-768x493.jpg 768w, https:\/\/www.andreas-edler.de\/blog\/wp-content\/uploads\/2023\/07\/2023-07-22-18.09.02-100x64.jpg 100w, https:\/\/www.andreas-edler.de\/blog\/wp-content\/uploads\/2023\/07\/2023-07-22-18.09.02-150x96.jpg 150w, https:\/\/www.andreas-edler.de\/blog\/wp-content\/uploads\/2023\/07\/2023-07-22-18.09.02-200x128.jpg 200w, https:\/\/www.andreas-edler.de\/blog\/wp-content\/uploads\/2023\/07\/2023-07-22-18.09.02-300x193.jpg 300w, https:\/\/www.andreas-edler.de\/blog\/wp-content\/uploads\/2023\/07\/2023-07-22-18.09.02-450x289.jpg 450w, https:\/\/www.andreas-edler.de\/blog\/wp-content\/uploads\/2023\/07\/2023-07-22-18.09.02-600x385.jpg 600w, https:\/\/www.andreas-edler.de\/blog\/wp-content\/uploads\/2023\/07\/2023-07-22-18.09.02-900x578.jpg 900w, https:\/\/www.andreas-edler.de\/blog\/wp-content\/uploads\/2023\/07\/2023-07-22-18.09.02.jpg 1280w\" sizes=\"auto, (max-width: 470px) 100vw, 470px\" \/><\/a><figcaption id=\"caption-attachment-170191\" class=\"wp-caption-text\">Cevapcici und Cevapcici<\/figcaption><\/figure>\n<p>Den Grill habe heute ich bedient und Alex hat wieder einen leckeren Salat gezaubert. Dazu gab es Wei\u00df- und Toastbrot vom Fr\u00fchst\u00fcck. Das schmeckt ehrlich gesagt ganz gut, finde ich :-) Alex und ich haben schon festgestellt, dass wir gar nicht so viele Bilder machen. Haben halt alles schon gesehen hier und darum habe ich auch keine davon, wie wir sp\u00e4ter zum Sonnenuntergang ans Wasser gegangen sind und diesen aus dem Wasser heraus beobachtet haben. Also wir Jungs, Alex war es da doch etwas k\u00fchl.<\/p>\n<p>Nach dem Duschen haben wir uns vor unseren Wohnwagen gesetzt und einen kleinen Aperol getrunken und gelesen. Leider musste ich dabei der Musik der Nachbarn lauschen. Es gibt Menschen die nehmen R\u00fccksicht und solche, die es nicht tun. Scheinen zwei Familien ein paar Pl\u00e4tze auseinander zu sein, deren Kinder sich nicht durch Zur\u00fcckhaltung in der Lautst\u00e4rke auszeichnen. Und w\u00e4hrend ich es bei den Teenies noch halbwegs verstehe, wenn sie den ganzen Tag angezogen auf dem FKK-Platz rumrennen, so finde ich das bei den Eltern einfach Schei\u00dfe. Dann sollen sie halt woanders hin fahren und mehr Geld zahlen.<\/p>\n<p>Morgend Abend gehen wir \u00fcbrigens wieder im Galeb essen. Falls Du bis hierhin gelesen hast, erf\u00e4hrst Du im Abschnitt des n\u00e4chsten Tages, warum ich das jetzt schon wei\u00df ;-)<\/p>\n<h3>23.07.2023<\/h3>\n<p>Ich glaube wir haben um 9 Uhr schon gefr\u00fchst\u00fcckt. Ich schreibe hier ja zumeist 24 Stunden zeitversetzt bzw. dann, wenn mir etwas langwelig wird und ich keine lust zum Rumgammeln mehr habe. Oder wenn ich ein schlechtes Gewissen bekomme, dass ich mich schon nicht mehr an das wenige erinnern kann, was wir so gemacht haben. Ben ging es jedenfalls \u00fcberhaupt nicht gut und er hat sich an diesem Morgen sogar \u00fcbergeben m\u00fcssen. Vielleicht zu warm, vielleicht was falsche gegessen &#8230; oder beides.<\/p>\n<p><figure id=\"attachment_170194\" aria-describedby=\"caption-attachment-170194\" style=\"width: 250px\" class=\"wp-caption alignright\"><a href=\"https:\/\/www.andreas-edler.de\/blog\/wp-content\/uploads\/2023\/07\/2023-07-22-19.24.42.jpg\"><img loading=\"lazy\" decoding=\"async\" src=\"https:\/\/www.andreas-edler.de\/blog\/wp-content\/uploads\/2023\/07\/2023-07-22-19.24.42-250x145.jpg\" alt=\"\" width=\"250\" height=\"145\" class=\"size-medium wp-image-170194\" srcset=\"https:\/\/www.andreas-edler.de\/blog\/wp-content\/uploads\/2023\/07\/2023-07-22-19.24.42-250x145.jpg 250w, https:\/\/www.andreas-edler.de\/blog\/wp-content\/uploads\/2023\/07\/2023-07-22-19.24.42-470x272.jpg 470w, https:\/\/www.andreas-edler.de\/blog\/wp-content\/uploads\/2023\/07\/2023-07-22-19.24.42-768x445.jpg 768w, https:\/\/www.andreas-edler.de\/blog\/wp-content\/uploads\/2023\/07\/2023-07-22-19.24.42-100x58.jpg 100w, https:\/\/www.andreas-edler.de\/blog\/wp-content\/uploads\/2023\/07\/2023-07-22-19.24.42-150x87.jpg 150w, https:\/\/www.andreas-edler.de\/blog\/wp-content\/uploads\/2023\/07\/2023-07-22-19.24.42-200x116.jpg 200w, https:\/\/www.andreas-edler.de\/blog\/wp-content\/uploads\/2023\/07\/2023-07-22-19.24.42-300x174.jpg 300w, https:\/\/www.andreas-edler.de\/blog\/wp-content\/uploads\/2023\/07\/2023-07-22-19.24.42-450x261.jpg 450w, https:\/\/www.andreas-edler.de\/blog\/wp-content\/uploads\/2023\/07\/2023-07-22-19.24.42-600x348.jpg 600w, https:\/\/www.andreas-edler.de\/blog\/wp-content\/uploads\/2023\/07\/2023-07-22-19.24.42-900x522.jpg 900w, https:\/\/www.andreas-edler.de\/blog\/wp-content\/uploads\/2023\/07\/2023-07-22-19.24.42.jpg 1280w\" sizes=\"auto, (max-width: 250px) 100vw, 250px\" \/><\/a><figcaption id=\"caption-attachment-170194\" class=\"wp-caption-text\">Adapter von &#8222;normale Gasflasche auf Campingaz&#8220;<\/figcaption><\/figure> So ist gestern abend die CV400 Kartusche f\u00fcr den Campingaz-Partygrill leer gegrillt worden. Wir haben Ersatzkartuschen dabei &#8211; nat\u00fcrlich. Aber zu Hause hatte ich mir auch einen Adapter vom &#8222;Easy Clic\u2122 Plus&#8220;-System auf einen normalen Gasanschluss bzw. Kartuschen mit Schraubanschluss gekauft. Den habe ich zu Hause nur in den Wohnwagen geworfen und nie ausprobiert. Das Ding passt erstaunlicherweise exakt und sitzt fest. Sehr sch\u00f6ne Arbeit. Ich habe es trotzdem nicht an der gro\u00dfen Flasche ausprobiert, weil der mitgelieferte Schlauch nur direkt auf die Flasche passt und nicht auf den Anschluss am Druckminderer. Das wollte ich dann doch nicht. Aber 0815-Schraubkartuschen k\u00f6nnten wir schon mal nutzen!<\/p>\n<figure id=\"attachment_170195\" aria-describedby=\"caption-attachment-170195\" style=\"width: 470px\" class=\"wp-caption aligncenter\"><a href=\"https:\/\/www.andreas-edler.de\/blog\/wp-content\/uploads\/2023\/07\/2023-07-23-11.18.07.jpg\"><img loading=\"lazy\" decoding=\"async\" src=\"https:\/\/www.andreas-edler.de\/blog\/wp-content\/uploads\/2023\/07\/2023-07-23-11.18.07-470x242.jpg\" alt=\"\" width=\"470\" height=\"242\" class=\"size-large wp-image-170195\" srcset=\"https:\/\/www.andreas-edler.de\/blog\/wp-content\/uploads\/2023\/07\/2023-07-23-11.18.07-470x242.jpg 470w, https:\/\/www.andreas-edler.de\/blog\/wp-content\/uploads\/2023\/07\/2023-07-23-11.18.07-250x129.jpg 250w, https:\/\/www.andreas-edler.de\/blog\/wp-content\/uploads\/2023\/07\/2023-07-23-11.18.07-768x396.jpg 768w, https:\/\/www.andreas-edler.de\/blog\/wp-content\/uploads\/2023\/07\/2023-07-23-11.18.07-100x52.jpg 100w, https:\/\/www.andreas-edler.de\/blog\/wp-content\/uploads\/2023\/07\/2023-07-23-11.18.07-150x77.jpg 150w, https:\/\/www.andreas-edler.de\/blog\/wp-content\/uploads\/2023\/07\/2023-07-23-11.18.07-200x103.jpg 200w, https:\/\/www.andreas-edler.de\/blog\/wp-content\/uploads\/2023\/07\/2023-07-23-11.18.07-300x155.jpg 300w, https:\/\/www.andreas-edler.de\/blog\/wp-content\/uploads\/2023\/07\/2023-07-23-11.18.07-450x232.jpg 450w, https:\/\/www.andreas-edler.de\/blog\/wp-content\/uploads\/2023\/07\/2023-07-23-11.18.07-600x309.jpg 600w, https:\/\/www.andreas-edler.de\/blog\/wp-content\/uploads\/2023\/07\/2023-07-23-11.18.07-900x464.jpg 900w, https:\/\/www.andreas-edler.de\/blog\/wp-content\/uploads\/2023\/07\/2023-07-23-11.18.07.jpg 1280w\" sizes=\"auto, (max-width: 470px) 100vw, 470px\" \/><\/a><figcaption id=\"caption-attachment-170195\" class=\"wp-caption-text\">umgest\u00fcrzter Baum an Ende von Lanterna<\/figcaption><\/figure>\n<p>Nach dem Fr\u00fchst\u00fcck habe ich &#8217;ne halbe Stunde auf dem Bett gelegen und mich dann aufgerafft zum Fahrradfahren. Sicher wohin ich wollte war ich mir noch nicht. Erstmal Richtung Leuchtturm und \u00fcber den Campinplatz Lanterna. Da ist es mir &#8211; wie schon in den Vorjahren geschrieben &#8211; zu wuselig, zu voll, zu laut. Und niemand nimmt R\u00fccksicht oder macht mal Platz. Da k\u00f6nnen noch so viele &#8222;Radweg&#8220;-Schilder und Piktogramme auf dem Boden sein. Nunja, ist ja auch ein Campingplatz. Am Ende von Lanterna sah ich dann den ersten umgest\u00fcrzten Baum direkt hinter dem Tor. War allerdings bereits als &#8222;Bank&#8220; in Beschlag genommen. Eigentlich wollte ich dann den steilen Anstieg raus nach Tar, habe mich aber umentschieden.<\/p>\n<figure id=\"attachment_170196\" aria-describedby=\"caption-attachment-170196\" style=\"width: 470px\" class=\"wp-caption aligncenter\"><a href=\"https:\/\/www.andreas-edler.de\/blog\/wp-content\/uploads\/2023\/07\/2023-07-23-11.47.05.jpg\"><img loading=\"lazy\" decoding=\"async\" src=\"https:\/\/www.andreas-edler.de\/blog\/wp-content\/uploads\/2023\/07\/2023-07-23-11.47.05-470x242.jpg\" alt=\"\" width=\"470\" height=\"242\" class=\"size-large wp-image-170196\" srcset=\"https:\/\/www.andreas-edler.de\/blog\/wp-content\/uploads\/2023\/07\/2023-07-23-11.47.05-470x242.jpg 470w, https:\/\/www.andreas-edler.de\/blog\/wp-content\/uploads\/2023\/07\/2023-07-23-11.47.05-250x129.jpg 250w, https:\/\/www.andreas-edler.de\/blog\/wp-content\/uploads\/2023\/07\/2023-07-23-11.47.05-768x396.jpg 768w, https:\/\/www.andreas-edler.de\/blog\/wp-content\/uploads\/2023\/07\/2023-07-23-11.47.05-100x52.jpg 100w, https:\/\/www.andreas-edler.de\/blog\/wp-content\/uploads\/2023\/07\/2023-07-23-11.47.05-150x77.jpg 150w, https:\/\/www.andreas-edler.de\/blog\/wp-content\/uploads\/2023\/07\/2023-07-23-11.47.05-200x103.jpg 200w, https:\/\/www.andreas-edler.de\/blog\/wp-content\/uploads\/2023\/07\/2023-07-23-11.47.05-300x155.jpg 300w, https:\/\/www.andreas-edler.de\/blog\/wp-content\/uploads\/2023\/07\/2023-07-23-11.47.05-450x232.jpg 450w, https:\/\/www.andreas-edler.de\/blog\/wp-content\/uploads\/2023\/07\/2023-07-23-11.47.05-600x309.jpg 600w, https:\/\/www.andreas-edler.de\/blog\/wp-content\/uploads\/2023\/07\/2023-07-23-11.47.05-900x464.jpg 900w, https:\/\/www.andreas-edler.de\/blog\/wp-content\/uploads\/2023\/07\/2023-07-23-11.47.05.jpg 1280w\" sizes=\"auto, (max-width: 470px) 100vw, 470px\" \/><\/a><figcaption id=\"caption-attachment-170196\" class=\"wp-caption-text\">Stadtpark von Novigrad<\/figcaption><\/figure>\n<p>Ich war zu neugierig, wie es in Novigrad aussah nach dem Unwetter. Also r\u00fcber \u00fcber die Mirna. Die Autofahrenden waren mal wieder maximal gef\u00e4hrdend und haben mit wenigen Zentimetern Abstand auf dem Mirnadamm und dem Aufstieg bei Antenal \u00fcberholt. So \u00e4tzend, so gef\u00e4hrlich. Sobald man oben auf dem H\u00fcgel ist, wird es etwas angenehmer, seitdem dort vor einigen Jahren der Radweg fertig gestellt wurde. Am alten Hafen von Novigrad sind etliche B\u00e4ume in dem dortigen Park umgest\u00fcrzt, waren aber auch alle schon entfernt und es sah aufger\u00e4umt aus. Direkt im Park beim Freibad lagen aber noch zwei gro\u00dfe Kiefern flach und halb zerlegt herum. Dazu viel mit Flatterband abgesperrt.<\/p>\n<p><figure id=\"attachment_170197\" aria-describedby=\"caption-attachment-170197\" style=\"width: 188px\" class=\"wp-caption alignright\"><a href=\"https:\/\/www.andreas-edler.de\/blog\/wp-content\/uploads\/2023\/07\/2023-07-23-11.48.58.jpg\"><img loading=\"lazy\" decoding=\"async\" src=\"https:\/\/www.andreas-edler.de\/blog\/wp-content\/uploads\/2023\/07\/2023-07-23-11.48.58-188x250.jpg\" alt=\"\" width=\"188\" height=\"250\" class=\"size-medium wp-image-170197\" srcset=\"https:\/\/www.andreas-edler.de\/blog\/wp-content\/uploads\/2023\/07\/2023-07-23-11.48.58-188x250.jpg 188w, https:\/\/www.andreas-edler.de\/blog\/wp-content\/uploads\/2023\/07\/2023-07-23-11.48.58-354x470.jpg 354w, https:\/\/www.andreas-edler.de\/blog\/wp-content\/uploads\/2023\/07\/2023-07-23-11.48.58-768x1020.jpg 768w, https:\/\/www.andreas-edler.de\/blog\/wp-content\/uploads\/2023\/07\/2023-07-23-11.48.58-100x133.jpg 100w, https:\/\/www.andreas-edler.de\/blog\/wp-content\/uploads\/2023\/07\/2023-07-23-11.48.58-150x199.jpg 150w, https:\/\/www.andreas-edler.de\/blog\/wp-content\/uploads\/2023\/07\/2023-07-23-11.48.58-200x266.jpg 200w, https:\/\/www.andreas-edler.de\/blog\/wp-content\/uploads\/2023\/07\/2023-07-23-11.48.58-300x398.jpg 300w, https:\/\/www.andreas-edler.de\/blog\/wp-content\/uploads\/2023\/07\/2023-07-23-11.48.58-450x598.jpg 450w, https:\/\/www.andreas-edler.de\/blog\/wp-content\/uploads\/2023\/07\/2023-07-23-11.48.58-600x797.jpg 600w, https:\/\/www.andreas-edler.de\/blog\/wp-content\/uploads\/2023\/07\/2023-07-23-11.48.58-900x1195.jpg 900w, https:\/\/www.andreas-edler.de\/blog\/wp-content\/uploads\/2023\/07\/2023-07-23-11.48.58.jpg 964w\" sizes=\"auto, (max-width: 188px) 100vw, 188px\" \/><\/a><figcaption id=\"caption-attachment-170197\" class=\"wp-caption-text\">Stra\u00dfe in Novigrad<\/figcaption><\/figure> Es war die ganze Fahrt \u00fcber bullenhei\u00df. Die Strecke bietet auch so gut wie keinen Schatten. Als ich mich wieder auf den R\u00fcckweg gemacht habe, war mir schon ein bisschen schummerig im Kopf. Im Sattel ging&#8217;s, aber als ich im Park geschoben habe, hatte ich ziemlich weiche Beine. Wieder hoch nach Antenal klappte aber ganz gut. Der neue Antrieb ist noch k\u00fcrzer \u00fcbersetzt als vorher und ich konnte sehr entspannt treten. Oben dann zum ersten Mal durch die Minisiedlung hinter der Konoba Anni gefahren. Nur wenige Meter, aber trotzdem mal was Neues.<\/p>\n<p>Den Berg runter war ich (wie ich sehr zu meinem Erstaunen im Wohnwagen gesehen habe) wohl recht fix. Dachte ich h\u00e4tte viel gebremst. \u00dcber die Mirna zur\u00fcck war wenig Autoverkehr und nur zwei Deppen, die mich augenscheinlich vom Rad holen wollten. Slowenen und Kroaten sind schrecklich r\u00fccksichtslose Autofahrer\/innen.<\/p>\n<p><figure id=\"attachment_170199\" aria-describedby=\"caption-attachment-170199\" style=\"width: 250px\" class=\"wp-caption alignright\"><a href=\"https:\/\/www.andreas-edler.de\/blog\/wp-content\/uploads\/2023\/07\/GarminConnect_20230723-132156.jpg\"><img loading=\"lazy\" decoding=\"async\" src=\"https:\/\/www.andreas-edler.de\/blog\/wp-content\/uploads\/2023\/07\/GarminConnect_20230723-132156-250x250.jpg\" alt=\"\" width=\"250\" height=\"250\" class=\"size-medium wp-image-170199\" srcset=\"https:\/\/www.andreas-edler.de\/blog\/wp-content\/uploads\/2023\/07\/GarminConnect_20230723-132156-250x250.jpg 250w, https:\/\/www.andreas-edler.de\/blog\/wp-content\/uploads\/2023\/07\/GarminConnect_20230723-132156-470x470.jpg 470w, https:\/\/www.andreas-edler.de\/blog\/wp-content\/uploads\/2023\/07\/GarminConnect_20230723-132156-150x150.jpg 150w, https:\/\/www.andreas-edler.de\/blog\/wp-content\/uploads\/2023\/07\/GarminConnect_20230723-132156-768x768.jpg 768w, https:\/\/www.andreas-edler.de\/blog\/wp-content\/uploads\/2023\/07\/GarminConnect_20230723-132156-100x100.jpg 100w, https:\/\/www.andreas-edler.de\/blog\/wp-content\/uploads\/2023\/07\/GarminConnect_20230723-132156-200x200.jpg 200w, https:\/\/www.andreas-edler.de\/blog\/wp-content\/uploads\/2023\/07\/GarminConnect_20230723-132156-300x300.jpg 300w, https:\/\/www.andreas-edler.de\/blog\/wp-content\/uploads\/2023\/07\/GarminConnect_20230723-132156-450x450.jpg 450w, https:\/\/www.andreas-edler.de\/blog\/wp-content\/uploads\/2023\/07\/GarminConnect_20230723-132156-600x600.jpg 600w, https:\/\/www.andreas-edler.de\/blog\/wp-content\/uploads\/2023\/07\/GarminConnect_20230723-132156-900x900.jpg 900w, https:\/\/www.andreas-edler.de\/blog\/wp-content\/uploads\/2023\/07\/GarminConnect_20230723-132156.jpg 1024w\" sizes=\"auto, (max-width: 250px) 100vw, 250px\" \/><\/a><figcaption id=\"caption-attachment-170199\" class=\"wp-caption-text\">Andreas auf dem Fahrrad<\/figcaption><\/figure> Zuerst wollte ich unten am Ende der Bucht von Lanterna \u00fcber den Campingplatz zur\u00fcck. Halbwegs eben und entspannt. Habe mich aber umentschieden und bin den &#8222;Steep part of the climb towards Tar&#8220; (wie sich das Segment auf Strava nennt) hoch gefahren. Hoch gehechelt ist wohl richtiger. Ungef\u00e4hr auf der H\u00e4lfte habe ich im Schatten angehalten und etwas getrunken. Dann weiter. F\u00fcnf Minuten und 13 Sekunden habe ich gestern ben\u00f6tigt, meine schnellste Zeit f\u00fcr den Anstieg war vor drei Jahren 2:38 Minuten :-O Wenigstens bin ich noch oben angekommen und konnte vor der Kirche in Tar Pause machen. Puh! Zur\u00fcck dann \u00fcber Santa-Marina zum Wohnwagen rollen. Und selbst das wenige Treten auf den letzten Kilometern war schon sehr anstrengend.<\/p>\n<p>Kurz durchschnaufen und dann ins Meer. Der Rest der Familie war wohl zwischendurch auch baden. Ansonsten lesen, rumgammeln, ab und zu was Spielen. Zuerst haben Alex und Tim Schiffe versenkt, danach Tim mit seinem Bruder. Ich habe derweil nur auf dem Bett gelegen und ged\u00f6st. Aber Kerl, selbst dabei kam ich schon ins Schwitzen!<\/p>\n<p>Um das Essen mussten wir uns an diesem Tag nicht k\u00fcmmern. <a href=\"https:\/\/www.andreas-edler.de\/blog\/urlaub\/kroatien-2021\/#ssd\" rel=\"noopener\" target=\"_blank\">Vor zwei Jahren war Tim zuletzt mit und hat an unserem letzten Urlaubsabend wom\u00f6glich einer Frau &#8211; wenn nicht sogar das Leben &#8211; so doch vor einem gewaltigem Blutverlust gerettet.<\/a> Da wir damals am n\u00e4chsten Morgen sofort abgereist sind, haben wir davon nie wieder etwas geh\u00f6rt. Tim hat die Frau und ihren Mann allerdings vor zwei Tagen zuf\u00e4llig am Strand getroffen und nach ein paar gewechselten Worten haben sie uns f\u00fcr heute abend als Dank zum Essen eingeladen.<\/p>\n<figure id=\"attachment_170200\" aria-describedby=\"caption-attachment-170200\" style=\"width: 470px\" class=\"wp-caption aligncenter\"><a href=\"https:\/\/www.andreas-edler.de\/blog\/wp-content\/uploads\/2023\/07\/2023-07-21-20.25.49.jpg\"><img loading=\"lazy\" decoding=\"async\" src=\"https:\/\/www.andreas-edler.de\/blog\/wp-content\/uploads\/2023\/07\/2023-07-21-20.25.49-470x257.jpg\" alt=\"\" width=\"470\" height=\"257\" class=\"size-large wp-image-170200\" srcset=\"https:\/\/www.andreas-edler.de\/blog\/wp-content\/uploads\/2023\/07\/2023-07-21-20.25.49-470x257.jpg 470w, https:\/\/www.andreas-edler.de\/blog\/wp-content\/uploads\/2023\/07\/2023-07-21-20.25.49-250x137.jpg 250w, https:\/\/www.andreas-edler.de\/blog\/wp-content\/uploads\/2023\/07\/2023-07-21-20.25.49-768x419.jpg 768w, https:\/\/www.andreas-edler.de\/blog\/wp-content\/uploads\/2023\/07\/2023-07-21-20.25.49-100x55.jpg 100w, https:\/\/www.andreas-edler.de\/blog\/wp-content\/uploads\/2023\/07\/2023-07-21-20.25.49-150x82.jpg 150w, https:\/\/www.andreas-edler.de\/blog\/wp-content\/uploads\/2023\/07\/2023-07-21-20.25.49-200x109.jpg 200w, https:\/\/www.andreas-edler.de\/blog\/wp-content\/uploads\/2023\/07\/2023-07-21-20.25.49-300x164.jpg 300w, https:\/\/www.andreas-edler.de\/blog\/wp-content\/uploads\/2023\/07\/2023-07-21-20.25.49-450x246.jpg 450w, https:\/\/www.andreas-edler.de\/blog\/wp-content\/uploads\/2023\/07\/2023-07-21-20.25.49-600x328.jpg 600w, https:\/\/www.andreas-edler.de\/blog\/wp-content\/uploads\/2023\/07\/2023-07-21-20.25.49-900x491.jpg 900w, https:\/\/www.andreas-edler.de\/blog\/wp-content\/uploads\/2023\/07\/2023-07-21-20.25.49.jpg 1280w\" sizes=\"auto, (max-width: 470px) 100vw, 470px\" \/><\/a><figcaption id=\"caption-attachment-170200\" class=\"wp-caption-text\">Alex in Tar<\/figcaption><\/figure>\n<p>Also sind wir &#8211; f\u00fcr unserer Verh\u00e4ltnisse sehr sp\u00e4t &#8211; auf 19:30 Uhr ins Galeb gegangen und haben uns dort getroffen. Wir haben uns in einer Mischung aus Italienisch, Englisch, Deutsch und ein paar Zeilen im Google-\u00dcbersetzer unterhalten. Das klappte ganz OK und so wissen wir nun ein bisschen mehr \u00fcber die Familie aus Udine. Bin schon stolz auf den Jungen! Und die beiden haben das auch noch mehrfach zum Ausdruck gebracht: bravo ragazzo!<\/p>\n<p>Das Essen im Galeb war an diesem Abend \u00fcbrigens einwandfrei in Ordnung! Ich hatte eine sehr gute Pizza Frutti die Mare, die mit 13\u20ac auch nicht zu teuer war und auch das Cordon Bleu von Alex war sowohl qualitativ als auch preislich in Ordnung. Der Italiener hatte Calamari Fritti und war damit ebenfalls zufrieden. Nur Bens Spaghetti Bolognese wurde von den beiden ein wenig kritisiert, da sei zu wenig Fleisch und daf\u00fcr zuviel Tomaten drin ;-) Allerdings hat Ben gar nichts gegessen, weil ihm immer noch flau im Magen war und er Kopfschmerzen hatte.<\/p>\n<p>Nach der herzlichen Verabschiedung wanderten wir wieder zur Parzelle und haben vor dem Wohnwagen noch einen Aperol und einen Kru\u0161kovac genossen.<\/p>\n<h3>24.03.02023<\/h3>\n<p>Nach einer ruhigen Nacht sind wir wie gewohnt sp\u00e4t aufgestanden und haben die von Alex geholten Br\u00f6tchen gefr\u00fchst\u00fcckt. Ansonsten ist den ganzen Tag \u00fcber nichts passiert. Wir haben gegammelt, Alex, Tim und Ben haben ab und an was gespielt. Ben ist ansonsten sehr zufrieden, dass der Internetzugang \u00fcber die kroatische Telekom-SIM so gut funktioniert und er Serien gucken bzw. auch mal ein Spiel runter laden kann. Ich glaube (schreibe das am 16.07. Morgens), dass Tim auch wieder an der Rezeption war (dort ist das WLAN stabil) und etwas f\u00fcr die Uni gemacht hat.<\/p>\n<figure id=\"attachment_170212\" aria-describedby=\"caption-attachment-170212\" style=\"width: 470px\" class=\"wp-caption aligncenter\"><a href=\"https:\/\/www.andreas-edler.de\/blog\/wp-content\/uploads\/2023\/07\/DJI_0926.jpg\"><img loading=\"lazy\" decoding=\"async\" src=\"https:\/\/www.andreas-edler.de\/blog\/wp-content\/uploads\/2023\/07\/DJI_0926-470x222.jpg\" alt=\"\" width=\"470\" height=\"222\" class=\"size-large wp-image-170212\" srcset=\"https:\/\/www.andreas-edler.de\/blog\/wp-content\/uploads\/2023\/07\/DJI_0926-470x222.jpg 470w, https:\/\/www.andreas-edler.de\/blog\/wp-content\/uploads\/2023\/07\/DJI_0926-250x118.jpg 250w, https:\/\/www.andreas-edler.de\/blog\/wp-content\/uploads\/2023\/07\/DJI_0926-768x362.jpg 768w, https:\/\/www.andreas-edler.de\/blog\/wp-content\/uploads\/2023\/07\/DJI_0926-100x47.jpg 100w, https:\/\/www.andreas-edler.de\/blog\/wp-content\/uploads\/2023\/07\/DJI_0926-150x71.jpg 150w, https:\/\/www.andreas-edler.de\/blog\/wp-content\/uploads\/2023\/07\/DJI_0926-200x94.jpg 200w, https:\/\/www.andreas-edler.de\/blog\/wp-content\/uploads\/2023\/07\/DJI_0926-300x142.jpg 300w, https:\/\/www.andreas-edler.de\/blog\/wp-content\/uploads\/2023\/07\/DJI_0926-450x212.jpg 450w, https:\/\/www.andreas-edler.de\/blog\/wp-content\/uploads\/2023\/07\/DJI_0926-600x283.jpg 600w, https:\/\/www.andreas-edler.de\/blog\/wp-content\/uploads\/2023\/07\/DJI_0926-900x425.jpg 900w, https:\/\/www.andreas-edler.de\/blog\/wp-content\/uploads\/2023\/07\/DJI_0926.jpg 1280w\" sizes=\"auto, (max-width: 470px) 100vw, 470px\" \/><\/a><figcaption id=\"caption-attachment-170212\" class=\"wp-caption-text\">Unterwasser in der Adria<\/figcaption><\/figure>\n<p>Zwischendurch waren wir immer mal wieder im Wasser und haben geschnorchelt und etwas rumgeplantscht. Alex war gegen Mittag mit Ben und dem Paddelbrett ein bisschen auf dem Meer. Als sich der Himmel pl\u00f6tzlich zu zog und einige Tropfen Regen fielen, bin ich zum Strand, um sie aus dem Wasser zu holen. Aber die beiden waren schon alleine raus gekommen :-)<\/p>\n<figure id=\"attachment_170213\" aria-describedby=\"caption-attachment-170213\" style=\"width: 470px\" class=\"wp-caption aligncenter\"><a href=\"https:\/\/www.andreas-edler.de\/blog\/wp-content\/uploads\/2023\/07\/DJI_0902.jpg\"><img loading=\"lazy\" decoding=\"async\" src=\"https:\/\/www.andreas-edler.de\/blog\/wp-content\/uploads\/2023\/07\/DJI_0902-470x222.jpg\" alt=\"\" width=\"470\" height=\"222\" class=\"size-large wp-image-170213\" srcset=\"https:\/\/www.andreas-edler.de\/blog\/wp-content\/uploads\/2023\/07\/DJI_0902-470x222.jpg 470w, https:\/\/www.andreas-edler.de\/blog\/wp-content\/uploads\/2023\/07\/DJI_0902-250x118.jpg 250w, https:\/\/www.andreas-edler.de\/blog\/wp-content\/uploads\/2023\/07\/DJI_0902-768x362.jpg 768w, https:\/\/www.andreas-edler.de\/blog\/wp-content\/uploads\/2023\/07\/DJI_0902-100x47.jpg 100w, https:\/\/www.andreas-edler.de\/blog\/wp-content\/uploads\/2023\/07\/DJI_0902-150x71.jpg 150w, https:\/\/www.andreas-edler.de\/blog\/wp-content\/uploads\/2023\/07\/DJI_0902-200x94.jpg 200w, https:\/\/www.andreas-edler.de\/blog\/wp-content\/uploads\/2023\/07\/DJI_0902-300x142.jpg 300w, https:\/\/www.andreas-edler.de\/blog\/wp-content\/uploads\/2023\/07\/DJI_0902-450x212.jpg 450w, https:\/\/www.andreas-edler.de\/blog\/wp-content\/uploads\/2023\/07\/DJI_0902-600x283.jpg 600w, https:\/\/www.andreas-edler.de\/blog\/wp-content\/uploads\/2023\/07\/DJI_0902-900x425.jpg 900w, https:\/\/www.andreas-edler.de\/blog\/wp-content\/uploads\/2023\/07\/DJI_0902.jpg 1280w\" sizes=\"auto, (max-width: 470px) 100vw, 470px\" \/><\/a><figcaption id=\"caption-attachment-170213\" class=\"wp-caption-text\">Sind doch ein paar Fische unterwegs.<\/figcaption><\/figure>\n<p>Wir haben die Markise rein geholt, weil f\u00fcr den Abend und die Nacht wieder Gewitter gemeldet war. Danach war&#8217;s aber schon wieder trocken &#8211; es blieb bei den wenigen tropfen. Kommt mir so vor, als seien in diesem Jahr ganz wenige Fische mehr zu sehen. Nicht so viele wie vor 40 Jahren, aber doch schon so, dass man eigentlich jedesmal was sieht. Sogar ein paar versprengte Miesmuscheln waren auch dem Grund. Seeigel gibt es allerdings keine mehr. Ich kann nicht sagen, dass ich die vermisse.<\/p>\n<figure id=\"attachment_170214\" aria-describedby=\"caption-attachment-170214\" style=\"width: 470px\" class=\"wp-caption aligncenter\"><a href=\"https:\/\/www.andreas-edler.de\/blog\/wp-content\/uploads\/2023\/07\/2023-07-24-15.13.39.jpg\"><img loading=\"lazy\" decoding=\"async\" src=\"https:\/\/www.andreas-edler.de\/blog\/wp-content\/uploads\/2023\/07\/2023-07-24-15.13.39-470x250.jpg\" alt=\"\" width=\"470\" height=\"250\" class=\"size-large wp-image-170214\" srcset=\"https:\/\/www.andreas-edler.de\/blog\/wp-content\/uploads\/2023\/07\/2023-07-24-15.13.39-470x250.jpg 470w, https:\/\/www.andreas-edler.de\/blog\/wp-content\/uploads\/2023\/07\/2023-07-24-15.13.39-250x133.jpg 250w, https:\/\/www.andreas-edler.de\/blog\/wp-content\/uploads\/2023\/07\/2023-07-24-15.13.39-768x409.jpg 768w, https:\/\/www.andreas-edler.de\/blog\/wp-content\/uploads\/2023\/07\/2023-07-24-15.13.39-100x53.jpg 100w, https:\/\/www.andreas-edler.de\/blog\/wp-content\/uploads\/2023\/07\/2023-07-24-15.13.39-150x80.jpg 150w, https:\/\/www.andreas-edler.de\/blog\/wp-content\/uploads\/2023\/07\/2023-07-24-15.13.39-200x106.jpg 200w, https:\/\/www.andreas-edler.de\/blog\/wp-content\/uploads\/2023\/07\/2023-07-24-15.13.39-300x160.jpg 300w, https:\/\/www.andreas-edler.de\/blog\/wp-content\/uploads\/2023\/07\/2023-07-24-15.13.39-450x239.jpg 450w, https:\/\/www.andreas-edler.de\/blog\/wp-content\/uploads\/2023\/07\/2023-07-24-15.13.39-600x319.jpg 600w, https:\/\/www.andreas-edler.de\/blog\/wp-content\/uploads\/2023\/07\/2023-07-24-15.13.39-900x479.jpg 900w, https:\/\/www.andreas-edler.de\/blog\/wp-content\/uploads\/2023\/07\/2023-07-24-15.13.39.jpg 1280w\" sizes=\"auto, (max-width: 470px) 100vw, 470px\" \/><\/a><figcaption id=\"caption-attachment-170214\" class=\"wp-caption-text\">Ingressspielen an den Tennispl\u00e4tzen.<\/figcaption><\/figure>\n<p>Den sp\u00e4teren Nachmittag haben wir mit der ganzen Familie genutzt, um einen kleinen Spaziergang zu machen. Einmal \u00fcber den Platz in die Runde. Puh, war das warm. Auch wenn man keine Kleidung tr\u00e4gt. Tim hatte Laufschuhe, Hose und T-Shirt an, weil er w\u00e4hrend des Spaziergang dann los eine Runde joggen wollte und fand es ziemlich hei\u00df. Ben jammerte auch \u00fcber die Hose, die er aus unerfindlichen Gr\u00fcnden angezogen hatte, musste aber trotzdem jedes Portal in Ingress auf dem Platz mitnehmen. Tim und Alex k\u00f6nnten das auch spielen, haben aber gar keine Lust dazu &#8211; w\u00e4hrend Ben da durchaus ab und mal nach fragt. So langsam hat er es auch raus, Keys f\u00fcr die Portale zu sammeln, um Felder zu erstellen.<\/p>\n<figure id=\"attachment_170216\" aria-describedby=\"caption-attachment-170216\" style=\"width: 470px\" class=\"wp-caption aligncenter\"><a href=\"https:\/\/www.andreas-edler.de\/blog\/wp-content\/uploads\/2023\/07\/2023-07-24-19.05.51.jpg\"><img loading=\"lazy\" decoding=\"async\" src=\"https:\/\/www.andreas-edler.de\/blog\/wp-content\/uploads\/2023\/07\/2023-07-24-19.05.51-470x279.jpg\" alt=\"\" width=\"470\" height=\"279\" class=\"size-large wp-image-170216\" srcset=\"https:\/\/www.andreas-edler.de\/blog\/wp-content\/uploads\/2023\/07\/2023-07-24-19.05.51-470x279.jpg 470w, https:\/\/www.andreas-edler.de\/blog\/wp-content\/uploads\/2023\/07\/2023-07-24-19.05.51-250x149.jpg 250w, https:\/\/www.andreas-edler.de\/blog\/wp-content\/uploads\/2023\/07\/2023-07-24-19.05.51-768x457.jpg 768w, https:\/\/www.andreas-edler.de\/blog\/wp-content\/uploads\/2023\/07\/2023-07-24-19.05.51-100x59.jpg 100w, https:\/\/www.andreas-edler.de\/blog\/wp-content\/uploads\/2023\/07\/2023-07-24-19.05.51-150x89.jpg 150w, https:\/\/www.andreas-edler.de\/blog\/wp-content\/uploads\/2023\/07\/2023-07-24-19.05.51-200x119.jpg 200w, https:\/\/www.andreas-edler.de\/blog\/wp-content\/uploads\/2023\/07\/2023-07-24-19.05.51-300x178.jpg 300w, https:\/\/www.andreas-edler.de\/blog\/wp-content\/uploads\/2023\/07\/2023-07-24-19.05.51-450x268.jpg 450w, https:\/\/www.andreas-edler.de\/blog\/wp-content\/uploads\/2023\/07\/2023-07-24-19.05.51-600x357.jpg 600w, https:\/\/www.andreas-edler.de\/blog\/wp-content\/uploads\/2023\/07\/2023-07-24-19.05.51-900x535.jpg 900w, https:\/\/www.andreas-edler.de\/blog\/wp-content\/uploads\/2023\/07\/2023-07-24-19.05.51.jpg 1280w\" sizes=\"auto, (max-width: 470px) 100vw, 470px\" \/><\/a><figcaption id=\"caption-attachment-170216\" class=\"wp-caption-text\">Abendessen vor dem Wohnwagen<\/figcaption><\/figure>\n<p>Zum Abendessen gab es wieder Cevapcici, Brot und Salat, w\u00e4hrend Ben die gestern nicht verspeisten Spaghetti vertilgt hat. Und dann wieder chillen und rumsitzen. Alex wurde da bereits ein wenig flau um Magen. Vielleicht etwas doofes gegessen. Jedenfalls musste sie irgendwann dann \u00f6fter zum Waschhaus, um sich zu \u00fcbergeben. Gleichzeitig wurde der Himmel immer dunkler. Ben und ich haben drau\u00dfen eine Folge &#8222;Agents of S.H.I.E.L.D.&#8220; geschaut, derweil Alex auf Bens Bett neben der T\u00fcr im Wohnwagen gelegen hat, damit sie frische Luft und einen kurzen weg hatte.<\/p>\n<p>Irgendwann wechselten Ben und ich auch in den Wohnwagen f\u00fcr eine zweite Folge. Alex kotzte immer mal wieder in eine Sch\u00fcssel, Tim lag bereits im Dachzelt. Nach zwei Folgen war Schlu\u00df mit &#8222;Fernsehen&#8220;, Ben blieb zum Schlafen bei uns im Doppelbett und ich habe noch mal drau\u00dfen geschaut.<\/p>\n<figure id=\"attachment_170217\" aria-describedby=\"caption-attachment-170217\" style=\"width: 470px\" class=\"wp-caption aligncenter\"><a href=\"https:\/\/www.andreas-edler.de\/blog\/wp-content\/uploads\/2023\/07\/2023-07-24-23.20.57-1.jpg\"><img loading=\"lazy\" decoding=\"async\" src=\"https:\/\/www.andreas-edler.de\/blog\/wp-content\/uploads\/2023\/07\/2023-07-24-23.20.57-1-470x218.jpg\" alt=\"\" width=\"470\" height=\"218\" class=\"size-large wp-image-170217\" srcset=\"https:\/\/www.andreas-edler.de\/blog\/wp-content\/uploads\/2023\/07\/2023-07-24-23.20.57-1-470x218.jpg 470w, https:\/\/www.andreas-edler.de\/blog\/wp-content\/uploads\/2023\/07\/2023-07-24-23.20.57-1-250x116.jpg 250w, https:\/\/www.andreas-edler.de\/blog\/wp-content\/uploads\/2023\/07\/2023-07-24-23.20.57-1-768x356.jpg 768w, https:\/\/www.andreas-edler.de\/blog\/wp-content\/uploads\/2023\/07\/2023-07-24-23.20.57-1-100x46.jpg 100w, https:\/\/www.andreas-edler.de\/blog\/wp-content\/uploads\/2023\/07\/2023-07-24-23.20.57-1-150x70.jpg 150w, https:\/\/www.andreas-edler.de\/blog\/wp-content\/uploads\/2023\/07\/2023-07-24-23.20.57-1-200x93.jpg 200w, https:\/\/www.andreas-edler.de\/blog\/wp-content\/uploads\/2023\/07\/2023-07-24-23.20.57-1-300x139.jpg 300w, https:\/\/www.andreas-edler.de\/blog\/wp-content\/uploads\/2023\/07\/2023-07-24-23.20.57-1-450x209.jpg 450w, https:\/\/www.andreas-edler.de\/blog\/wp-content\/uploads\/2023\/07\/2023-07-24-23.20.57-1-600x278.jpg 600w, https:\/\/www.andreas-edler.de\/blog\/wp-content\/uploads\/2023\/07\/2023-07-24-23.20.57-1-900x418.jpg 900w, https:\/\/www.andreas-edler.de\/blog\/wp-content\/uploads\/2023\/07\/2023-07-24-23.20.57-1.jpg 1280w\" sizes=\"auto, (max-width: 470px) 100vw, 470px\" \/><\/a><figcaption id=\"caption-attachment-170217\" class=\"wp-caption-text\">Leichte Wellen am Meer<\/figcaption><\/figure>\n<p>Es war immer noch sehr warm, vereinzelt lagen um halb zw\u00f6lf noch Urlauber auf den Liegen am Strand und schauten den Blitzen in den Wolken \u00fcber dem Meer zu. Ein bedrohliches Spektakel, das langsam n\u00e4her kam. Der Wind begann aufzufrischen.<\/p>\n<h3>25.07.2023<\/h3>\n<p>Auffrischen ist ganz human beschrieben. Ich habe jedenfalls gegen 1 Uhr Nachts soviel Unruhe in den Beinen gehabt, dass ich drau\u00dfen angefangen bin, alles aufzur\u00e4umen. Die K\u00fchlbox in den Kofferraum vom Yeti, die neue Liege hinter den Wohnwagen, St\u00fchle zusammen gefaltet und flach auf den Boden gelegt, den neuen Campingtisch zusammengefaltet und vorne in den Yeti. Handt\u00fccher und Klamotten zusammengefaltet. Auch auf anderen Parzellen war teilweise Action zu bemerken. Ich war jedenfalls nicht der Einzige der wach war.<\/p>\n<p>Als ich gerade alles verstaut hatte und Alex immer noch regelm\u00e4\u00dfig w\u00fcrgte und jammerte, begann es urpl\u00f6tzlich zu st\u00fcrmen, ein paar Sekunden kam Regen wie Gischt \u00fcber den Platz geweht und dann brach es los! Himmel war das laut im Wohnwagen. Ich hatte gro\u00dfe Sorge, dass die B\u00f6ller, die da vom Himmel fielen, irgendwas am Wohnwagen kaputt schlagen w\u00fcrden. Tim meldete sich aus dem Dachzelt, dass alles in Ordnung sei &#8211; bis auf den L\u00e4rm. Das Wasser floss in einem Fluss \u00fcber das Fenster im &#8222;Schlafzimmer&#8220; vom Wohnwagen und man konnte sich nicht unterhalten. Ben hatte richtig Angst. Um seinen Bruder, um den Wohnwagen, um die Mama, die sich immer noch \u00fcbergeben musste. Ich glaube man kann sagen, dass es keine erholsame und ruhige Nacht war.<\/p>\n<figure id=\"attachment_170219\" aria-describedby=\"caption-attachment-170219\" style=\"width: 470px\" class=\"wp-caption aligncenter\"><a href=\"https:\/\/www.andreas-edler.de\/blog\/wp-content\/uploads\/2023\/07\/2023-07-25-02.05.34.jpg\"><img loading=\"lazy\" decoding=\"async\" src=\"https:\/\/www.andreas-edler.de\/blog\/wp-content\/uploads\/2023\/07\/2023-07-25-02.05.34-470x232.jpg\" alt=\"\" width=\"470\" height=\"232\" class=\"size-large wp-image-170219\" srcset=\"https:\/\/www.andreas-edler.de\/blog\/wp-content\/uploads\/2023\/07\/2023-07-25-02.05.34-470x232.jpg 470w, https:\/\/www.andreas-edler.de\/blog\/wp-content\/uploads\/2023\/07\/2023-07-25-02.05.34-250x123.jpg 250w, https:\/\/www.andreas-edler.de\/blog\/wp-content\/uploads\/2023\/07\/2023-07-25-02.05.34-768x379.jpg 768w, https:\/\/www.andreas-edler.de\/blog\/wp-content\/uploads\/2023\/07\/2023-07-25-02.05.34-100x49.jpg 100w, https:\/\/www.andreas-edler.de\/blog\/wp-content\/uploads\/2023\/07\/2023-07-25-02.05.34-150x74.jpg 150w, https:\/\/www.andreas-edler.de\/blog\/wp-content\/uploads\/2023\/07\/2023-07-25-02.05.34-200x99.jpg 200w, https:\/\/www.andreas-edler.de\/blog\/wp-content\/uploads\/2023\/07\/2023-07-25-02.05.34-300x148.jpg 300w, https:\/\/www.andreas-edler.de\/blog\/wp-content\/uploads\/2023\/07\/2023-07-25-02.05.34-450x222.jpg 450w, https:\/\/www.andreas-edler.de\/blog\/wp-content\/uploads\/2023\/07\/2023-07-25-02.05.34-600x296.jpg 600w, https:\/\/www.andreas-edler.de\/blog\/wp-content\/uploads\/2023\/07\/2023-07-25-02.05.34-900x444.jpg 900w, https:\/\/www.andreas-edler.de\/blog\/wp-content\/uploads\/2023\/07\/2023-07-25-02.05.34.jpg 1280w\" sizes=\"auto, (max-width: 470px) 100vw, 470px\" \/><\/a><figcaption id=\"caption-attachment-170219\" class=\"wp-caption-text\">Weggesp\u00fclte Wege auf den Stra\u00dfen.<\/figcaption><\/figure>\n<p>Nach einer halben Stunde war das Gewitter \u00fcber uns weg gezogen und man sah nur noch Blitze und Wetterleuchten im S\u00fcdosten von uns. Nur noch leichter Wind, ganz bisschen Niesel, der auch einfach nur Gischt vom Meer sein konnte. Ein erster Blick im Licht der Smartphone-Taschenlampe hat nichts besonderes ergeben. Hagelk\u00f6rner konnte ich keine mehr sehen. Tim berichtet aber von golfballgro\u00dfen K\u00f6rnern, die er w\u00e4hrend es Gewittes aus seinem Zelt sehen konnte. Das deckt sich mit den Bildern von Campern in den Facebook-Gruppen. Die gesplitteten Wege waren erneut ausgewaschen worden und der Split lag unten auf der Strandpromenade. Gegen halb drei lag ich dann auch im Bett.<\/p>\n<figure id=\"attachment_170220\" aria-describedby=\"caption-attachment-170220\" style=\"width: 470px\" class=\"wp-caption aligncenter\"><a href=\"https:\/\/www.andreas-edler.de\/blog\/wp-content\/uploads\/2023\/07\/2023-07-25-08.31.35.jpg\"><img loading=\"lazy\" decoding=\"async\" src=\"https:\/\/www.andreas-edler.de\/blog\/wp-content\/uploads\/2023\/07\/2023-07-25-08.31.35-470x232.jpg\" alt=\"\" width=\"470\" height=\"232\" class=\"size-large wp-image-170220\" srcset=\"https:\/\/www.andreas-edler.de\/blog\/wp-content\/uploads\/2023\/07\/2023-07-25-08.31.35-470x232.jpg 470w, https:\/\/www.andreas-edler.de\/blog\/wp-content\/uploads\/2023\/07\/2023-07-25-08.31.35-250x123.jpg 250w, https:\/\/www.andreas-edler.de\/blog\/wp-content\/uploads\/2023\/07\/2023-07-25-08.31.35-768x379.jpg 768w, https:\/\/www.andreas-edler.de\/blog\/wp-content\/uploads\/2023\/07\/2023-07-25-08.31.35-100x49.jpg 100w, https:\/\/www.andreas-edler.de\/blog\/wp-content\/uploads\/2023\/07\/2023-07-25-08.31.35-150x74.jpg 150w, https:\/\/www.andreas-edler.de\/blog\/wp-content\/uploads\/2023\/07\/2023-07-25-08.31.35-200x99.jpg 200w, https:\/\/www.andreas-edler.de\/blog\/wp-content\/uploads\/2023\/07\/2023-07-25-08.31.35-300x148.jpg 300w, https:\/\/www.andreas-edler.de\/blog\/wp-content\/uploads\/2023\/07\/2023-07-25-08.31.35-450x222.jpg 450w, https:\/\/www.andreas-edler.de\/blog\/wp-content\/uploads\/2023\/07\/2023-07-25-08.31.35-600x296.jpg 600w, https:\/\/www.andreas-edler.de\/blog\/wp-content\/uploads\/2023\/07\/2023-07-25-08.31.35-900x444.jpg 900w, https:\/\/www.andreas-edler.de\/blog\/wp-content\/uploads\/2023\/07\/2023-07-25-08.31.35.jpg 1280w\" sizes=\"auto, (max-width: 470px) 100vw, 470px\" \/><\/a><figcaption id=\"caption-attachment-170220\" class=\"wp-caption-text\">Gl\u00fccklicherweise wenig Sch\u00e4den.<\/figcaption><\/figure>\n<p>Eingeschlafen bin ich mit leichtem Gejammer von Alex in den Ohren, der es augenscheinlich immer noch nicht besonders gut ging. Ich hatte nur Seitenstechen im Bauch. Keine Ahnung, ob da im Essen was faul war. Knapp f\u00fcnf Stunden sp\u00e4ter lachte die Sonne schon wieder durch die Fenster in den Wohnwagen. Zumindest ein bisschen. Es war nicht komplett klarer Himmel. Man h\u00f6rte drau\u00dfen Aufr\u00e4umger\u00e4usche und die Camper steckten die Nasen aus den Wohnwagen und Wohnmobilen. Eine kleine Runde am Meer lang zeigte, dass doch bei einigen die Abspannungen nicht gehalten hatten. Ein umgeschlagener Pavillon, ein zerrissenes Luftvorzelt und ein normales Vorzelt, bei dem die N\u00e4hte nicht gehalten hatten. Alles in der ersten Reihe zum Meer allerdings.<\/p>\n<figure id=\"attachment_170221\" aria-describedby=\"caption-attachment-170221\" style=\"width: 470px\" class=\"wp-caption aligncenter\"><a href=\"https:\/\/www.andreas-edler.de\/blog\/wp-content\/uploads\/2023\/07\/2023-07-25-10.08.10.jpg\"><img loading=\"lazy\" decoding=\"async\" src=\"https:\/\/www.andreas-edler.de\/blog\/wp-content\/uploads\/2023\/07\/2023-07-25-10.08.10-470x311.jpg\" alt=\"\" width=\"470\" height=\"311\" class=\"size-large wp-image-170221\" srcset=\"https:\/\/www.andreas-edler.de\/blog\/wp-content\/uploads\/2023\/07\/2023-07-25-10.08.10-470x311.jpg 470w, https:\/\/www.andreas-edler.de\/blog\/wp-content\/uploads\/2023\/07\/2023-07-25-10.08.10-250x165.jpg 250w, https:\/\/www.andreas-edler.de\/blog\/wp-content\/uploads\/2023\/07\/2023-07-25-10.08.10-768x508.jpg 768w, https:\/\/www.andreas-edler.de\/blog\/wp-content\/uploads\/2023\/07\/2023-07-25-10.08.10-100x66.jpg 100w, https:\/\/www.andreas-edler.de\/blog\/wp-content\/uploads\/2023\/07\/2023-07-25-10.08.10-150x99.jpg 150w, https:\/\/www.andreas-edler.de\/blog\/wp-content\/uploads\/2023\/07\/2023-07-25-10.08.10-200x132.jpg 200w, https:\/\/www.andreas-edler.de\/blog\/wp-content\/uploads\/2023\/07\/2023-07-25-10.08.10-300x199.jpg 300w, https:\/\/www.andreas-edler.de\/blog\/wp-content\/uploads\/2023\/07\/2023-07-25-10.08.10-450x298.jpg 450w, https:\/\/www.andreas-edler.de\/blog\/wp-content\/uploads\/2023\/07\/2023-07-25-10.08.10-600x397.jpg 600w, https:\/\/www.andreas-edler.de\/blog\/wp-content\/uploads\/2023\/07\/2023-07-25-10.08.10-900x596.jpg 900w, https:\/\/www.andreas-edler.de\/blog\/wp-content\/uploads\/2023\/07\/2023-07-25-10.08.10.jpg 1280w\" sizes=\"auto, (max-width: 470px) 100vw, 470px\" \/><\/a><figcaption id=\"caption-attachment-170221\" class=\"wp-caption-text\">Alle Pl\u00fcnnen im Wohnwagen<\/figcaption><\/figure>\n<p>An solchen Tagen bin ich sehr froh, dass der Aufbau unseres Eriba fast sechs Meter lang ist und 2,50 Meter breit! Da k\u00f6nnen wir uns auch zu viert noch drin bewegen. Das Fr\u00fchst\u00fcck habe heute morgen ich geholt, weil Alex immer noch v\u00f6llig fertig war und die Sch\u00fcssel nicht vom Kopfende des Bettes weg haben wollte. An diesem Morgen bin ich dann mal mit dem Fahrrad zum B\u00e4cker gefahren und habe ein paar Br\u00f6tchen, H\u00f6rnchen, einen Berliner und zwei St\u00fccke Kuchen f\u00fcr den Nachmittag gekauft. Den Fr\u00fchst\u00fcckstisch haben wir aber nicht daru\u00dfen gedeckt, das war noch zu nass und zu ungem\u00fctlich. Die Schlafecke von Ben wurde zur Rundecke transformiert und wir haben uns dort zu viert an den Tisch gesetzt. Ehrlich gesagt ist meine Idealvorstellung ja, dass wir die Sitzecke immer aufgebaut lassen und der Nachwuchs drau\u00dfen schl\u00e4ft. Aber Ben m\u00f6chte das noch nicht. Tim hatte <a href=\"https:\/\/www.andreas-edler.de\/blog\/urlaub\/ostseecamping-in-waabs-juli-2016\/\" rel=\"noopener\" target=\"_blank\">mit 13 Jahren das erste Mal ein eigenes Zelt mit<\/a> und es damals auch bei Regen genutzt. Ein Jahr sp\u00e4ter in Kroatien hat er aber <a href=\"https:\/\/www.andreas-edler.de\/blog\/urlaub\/kroatien-2017\/\" rel=\"noopener\" target=\"_blank\">nur ein paar N\u00e4chte im extra neu gekauften, etwas gr\u00f6\u00dferen Zelt geschlafen<\/a>. Im folgenden Jahr hatten wir das Zelt dann schon gar nicht mehr mit. Und <a href=\"https:\/\/www.andreas-edler.de\/blog\/urlaub\/kroatien-2019\/\" rel=\"noopener\" target=\"_blank\">in 2019<\/a> hatten wir dann bereits das <a href=\"https:\/\/www.andreas-edler.de\/blog\/2018\/11\/autohome-airtop-range-360\/\" rel=\"noopener\" target=\"_blank\">Autohome Airtop<\/a> oben auf dem Yeti! Da m\u00f6chte Ben aber noch auf keinen Fall alleine drin schlafen!<\/p>\n<figure id=\"attachment_170222\" aria-describedby=\"caption-attachment-170222\" style=\"width: 470px\" class=\"wp-caption aligncenter\"><a href=\"https:\/\/www.andreas-edler.de\/blog\/wp-content\/uploads\/2023\/07\/DJI_0956-scaled.jpg\"><img loading=\"lazy\" decoding=\"async\" src=\"https:\/\/www.andreas-edler.de\/blog\/wp-content\/uploads\/2023\/07\/DJI_0956-470x188.jpg\" alt=\"\" width=\"470\" height=\"188\" class=\"size-large wp-image-170222\" srcset=\"https:\/\/www.andreas-edler.de\/blog\/wp-content\/uploads\/2023\/07\/DJI_0956-470x188.jpg 470w, https:\/\/www.andreas-edler.de\/blog\/wp-content\/uploads\/2023\/07\/DJI_0956-250x100.jpg 250w, https:\/\/www.andreas-edler.de\/blog\/wp-content\/uploads\/2023\/07\/DJI_0956-768x307.jpg 768w, https:\/\/www.andreas-edler.de\/blog\/wp-content\/uploads\/2023\/07\/DJI_0956-1536x613.jpg 1536w, https:\/\/www.andreas-edler.de\/blog\/wp-content\/uploads\/2023\/07\/DJI_0956-2048x818.jpg 2048w, https:\/\/www.andreas-edler.de\/blog\/wp-content\/uploads\/2023\/07\/DJI_0956-100x40.jpg 100w, https:\/\/www.andreas-edler.de\/blog\/wp-content\/uploads\/2023\/07\/DJI_0956-150x60.jpg 150w, https:\/\/www.andreas-edler.de\/blog\/wp-content\/uploads\/2023\/07\/DJI_0956-200x80.jpg 200w, https:\/\/www.andreas-edler.de\/blog\/wp-content\/uploads\/2023\/07\/DJI_0956-300x120.jpg 300w, https:\/\/www.andreas-edler.de\/blog\/wp-content\/uploads\/2023\/07\/DJI_0956-450x180.jpg 450w, https:\/\/www.andreas-edler.de\/blog\/wp-content\/uploads\/2023\/07\/DJI_0956-600x240.jpg 600w, https:\/\/www.andreas-edler.de\/blog\/wp-content\/uploads\/2023\/07\/DJI_0956-900x359.jpg 900w\" sizes=\"auto, (max-width: 470px) 100vw, 470px\" \/><\/a><figcaption id=\"caption-attachment-170222\" class=\"wp-caption-text\">Wellen nach dem Gewitter<\/figcaption><\/figure>\n<p><figure id=\"attachment_170223\" aria-describedby=\"caption-attachment-170223\" style=\"width: 250px\" class=\"wp-caption alignright\"><a href=\"https:\/\/www.andreas-edler.de\/blog\/wp-content\/uploads\/2023\/07\/DJI_0976-scaled.jpg\"><img loading=\"lazy\" decoding=\"async\" src=\"https:\/\/www.andreas-edler.de\/blog\/wp-content\/uploads\/2023\/07\/DJI_0976-250x173.jpg\" alt=\"\" width=\"250\" height=\"173\" class=\"size-medium wp-image-170223\" srcset=\"https:\/\/www.andreas-edler.de\/blog\/wp-content\/uploads\/2023\/07\/DJI_0976-250x173.jpg 250w, https:\/\/www.andreas-edler.de\/blog\/wp-content\/uploads\/2023\/07\/DJI_0976-470x324.jpg 470w, https:\/\/www.andreas-edler.de\/blog\/wp-content\/uploads\/2023\/07\/DJI_0976-768x530.jpg 768w, https:\/\/www.andreas-edler.de\/blog\/wp-content\/uploads\/2023\/07\/DJI_0976-1536x1060.jpg 1536w, https:\/\/www.andreas-edler.de\/blog\/wp-content\/uploads\/2023\/07\/DJI_0976-2048x1414.jpg 2048w, https:\/\/www.andreas-edler.de\/blog\/wp-content\/uploads\/2023\/07\/DJI_0976-100x69.jpg 100w, https:\/\/www.andreas-edler.de\/blog\/wp-content\/uploads\/2023\/07\/DJI_0976-150x104.jpg 150w, https:\/\/www.andreas-edler.de\/blog\/wp-content\/uploads\/2023\/07\/DJI_0976-200x138.jpg 200w, https:\/\/www.andreas-edler.de\/blog\/wp-content\/uploads\/2023\/07\/DJI_0976-300x207.jpg 300w, https:\/\/www.andreas-edler.de\/blog\/wp-content\/uploads\/2023\/07\/DJI_0976-450x311.jpg 450w, https:\/\/www.andreas-edler.de\/blog\/wp-content\/uploads\/2023\/07\/DJI_0976-600x414.jpg 600w, https:\/\/www.andreas-edler.de\/blog\/wp-content\/uploads\/2023\/07\/DJI_0976-900x621.jpg 900w\" sizes=\"auto, (max-width: 250px) 100vw, 250px\" \/><\/a><figcaption id=\"caption-attachment-170223\" class=\"wp-caption-text\">Mitten ins Gesicht<\/figcaption><\/figure> Nach dem Fr\u00fchst\u00fcck haben Tim und ich am Strand ein wenig den Wellen zu gesehen und uns in die Gischt gestellt. Die spritzte je nachdem wo man stand, bis oben \u00fcber den Kopf! Machte Spa\u00df. Eigentlich wollten wir an der flachen Stelle direkt neben dem Hafen am Sidro am Gel\u00e4nder lang ins Wasser gehen, aber die Wellen haben mich beim Fotografieren schon \u00fcber die Steine geschoben, wenn ich mich nicht richtig festgehalten habe! Ein Herr mit Brille und Schnorchel in der Hand hat auch davon abgesehen, an der Stelle ins Wasser zu gehen. Ich glaube, das h\u00e4tte blutige Beine gegeben!<\/p>\n<figure id=\"attachment_170224\" aria-describedby=\"caption-attachment-170224\" style=\"width: 470px\" class=\"wp-caption aligncenter\"><a href=\"https:\/\/www.andreas-edler.de\/blog\/wp-content\/uploads\/2023\/07\/DSCF7951.jpg\"><img loading=\"lazy\" decoding=\"async\" src=\"https:\/\/www.andreas-edler.de\/blog\/wp-content\/uploads\/2023\/07\/DSCF7951-470x99.jpg\" alt=\"\" width=\"470\" height=\"99\" class=\"size-large wp-image-170224\" srcset=\"https:\/\/www.andreas-edler.de\/blog\/wp-content\/uploads\/2023\/07\/DSCF7951-470x99.jpg 470w, https:\/\/www.andreas-edler.de\/blog\/wp-content\/uploads\/2023\/07\/DSCF7951-250x53.jpg 250w, https:\/\/www.andreas-edler.de\/blog\/wp-content\/uploads\/2023\/07\/DSCF7951-768x161.jpg 768w, https:\/\/www.andreas-edler.de\/blog\/wp-content\/uploads\/2023\/07\/DSCF7951-100x21.jpg 100w, https:\/\/www.andreas-edler.de\/blog\/wp-content\/uploads\/2023\/07\/DSCF7951-150x32.jpg 150w, https:\/\/www.andreas-edler.de\/blog\/wp-content\/uploads\/2023\/07\/DSCF7951-200x42.jpg 200w, https:\/\/www.andreas-edler.de\/blog\/wp-content\/uploads\/2023\/07\/DSCF7951-300x63.jpg 300w, https:\/\/www.andreas-edler.de\/blog\/wp-content\/uploads\/2023\/07\/DSCF7951-450x95.jpg 450w, https:\/\/www.andreas-edler.de\/blog\/wp-content\/uploads\/2023\/07\/DSCF7951-600x126.jpg 600w, https:\/\/www.andreas-edler.de\/blog\/wp-content\/uploads\/2023\/07\/DSCF7951-900x189.jpg 900w, https:\/\/www.andreas-edler.de\/blog\/wp-content\/uploads\/2023\/07\/DSCF7951.jpg 1280w\" sizes=\"auto, (max-width: 470px) 100vw, 470px\" \/><\/a><figcaption id=\"caption-attachment-170224\" class=\"wp-caption-text\">Wellen am Riff<\/figcaption><\/figure>\n<p>Aber es sah gut aus und hat auch am Ufer schon Spa\u00df gemacht. Danach wieder das \u00fcbliche: Rumgammeln, chillen. Alex ging es inzwischen etwas besser, mein Bauch grummelte immer noch und ich bin das ein oder andere Mal zum Waschhaus gepilgert. <\/p>\n<figure id=\"attachment_170225\" aria-describedby=\"caption-attachment-170225\" style=\"width: 470px\" class=\"wp-caption aligncenter\"><a href=\"https:\/\/www.andreas-edler.de\/blog\/wp-content\/uploads\/2023\/07\/DJI_0857.jpg\"><img loading=\"lazy\" decoding=\"async\" src=\"https:\/\/www.andreas-edler.de\/blog\/wp-content\/uploads\/2023\/07\/DJI_0857-470x214.jpg\" alt=\"\" width=\"470\" height=\"214\" class=\"size-large wp-image-170225\" srcset=\"https:\/\/www.andreas-edler.de\/blog\/wp-content\/uploads\/2023\/07\/DJI_0857-470x214.jpg 470w, https:\/\/www.andreas-edler.de\/blog\/wp-content\/uploads\/2023\/07\/DJI_0857-250x114.jpg 250w, https:\/\/www.andreas-edler.de\/blog\/wp-content\/uploads\/2023\/07\/DJI_0857-768x350.jpg 768w, https:\/\/www.andreas-edler.de\/blog\/wp-content\/uploads\/2023\/07\/DJI_0857-100x46.jpg 100w, https:\/\/www.andreas-edler.de\/blog\/wp-content\/uploads\/2023\/07\/DJI_0857-150x68.jpg 150w, https:\/\/www.andreas-edler.de\/blog\/wp-content\/uploads\/2023\/07\/DJI_0857-200x91.jpg 200w, https:\/\/www.andreas-edler.de\/blog\/wp-content\/uploads\/2023\/07\/DJI_0857-300x137.jpg 300w, https:\/\/www.andreas-edler.de\/blog\/wp-content\/uploads\/2023\/07\/DJI_0857-450x205.jpg 450w, https:\/\/www.andreas-edler.de\/blog\/wp-content\/uploads\/2023\/07\/DJI_0857-600x274.jpg 600w, https:\/\/www.andreas-edler.de\/blog\/wp-content\/uploads\/2023\/07\/DJI_0857-900x411.jpg 900w, https:\/\/www.andreas-edler.de\/blog\/wp-content\/uploads\/2023\/07\/DJI_0857.jpg 1280w\" sizes=\"auto, (max-width: 470px) 100vw, 470px\" \/><\/a><figcaption id=\"caption-attachment-170225\" class=\"wp-caption-text\">Unterwasser sieht es auch sch\u00f6n aus.<\/figcaption><\/figure>\n<p>Sp\u00e4ter, als die Wellen ein bisschen niedriger waren, sind wir Jungs dann doch noch mal ins Wasser gegangen und haben Brillen, Schnorchel und die Kamera mit genommen. Es war zwar nicht super klar &#8211; Kunstst\u00fcck nach der Nacht &#8211; aber ein bisschen konnte man trotzdem sehen.<\/p>\n<figure id=\"attachment_170226\" aria-describedby=\"caption-attachment-170226\" style=\"width: 470px\" class=\"wp-caption aligncenter\"><a href=\"https:\/\/www.andreas-edler.de\/blog\/wp-content\/uploads\/2023\/07\/DJI_0876.jpg\"><img loading=\"lazy\" decoding=\"async\" src=\"https:\/\/www.andreas-edler.de\/blog\/wp-content\/uploads\/2023\/07\/DJI_0876-470x256.jpg\" alt=\"\" width=\"470\" height=\"256\" class=\"size-large wp-image-170226\" srcset=\"https:\/\/www.andreas-edler.de\/blog\/wp-content\/uploads\/2023\/07\/DJI_0876-470x256.jpg 470w, https:\/\/www.andreas-edler.de\/blog\/wp-content\/uploads\/2023\/07\/DJI_0876-250x136.jpg 250w, https:\/\/www.andreas-edler.de\/blog\/wp-content\/uploads\/2023\/07\/DJI_0876-768x418.jpg 768w, https:\/\/www.andreas-edler.de\/blog\/wp-content\/uploads\/2023\/07\/DJI_0876-100x54.jpg 100w, https:\/\/www.andreas-edler.de\/blog\/wp-content\/uploads\/2023\/07\/DJI_0876-150x82.jpg 150w, https:\/\/www.andreas-edler.de\/blog\/wp-content\/uploads\/2023\/07\/DJI_0876-200x109.jpg 200w, https:\/\/www.andreas-edler.de\/blog\/wp-content\/uploads\/2023\/07\/DJI_0876-300x163.jpg 300w, https:\/\/www.andreas-edler.de\/blog\/wp-content\/uploads\/2023\/07\/DJI_0876-450x245.jpg 450w, https:\/\/www.andreas-edler.de\/blog\/wp-content\/uploads\/2023\/07\/DJI_0876-600x326.jpg 600w, https:\/\/www.andreas-edler.de\/blog\/wp-content\/uploads\/2023\/07\/DJI_0876-900x489.jpg 900w, https:\/\/www.andreas-edler.de\/blog\/wp-content\/uploads\/2023\/07\/DJI_0876.jpg 1280w\" sizes=\"auto, (max-width: 470px) 100vw, 470px\" \/><\/a><figcaption id=\"caption-attachment-170226\" class=\"wp-caption-text\">Ben kommt auch ohne Flossen zum Grund.<\/figcaption><\/figure>\n<p>Ben ist ganz sch\u00f6n fix im Wasser. Seit ein paar Jahren ist er im Schwimmverein, eigentlich zun\u00e4chst nur um \u00fcberhaupt Schwimmen zu lernen, inzwischen aber auch ein wenig mit Training. Vor zwei Tagen hat er mich schon in einem Wettschwimmen &#8222;abgezogen&#8220;. Waren ca. 80 bis 100 Meter, bei denen ich bis zur H\u00e4lfte noch die Nase vorne hatte, dann den Fehler machte an der Wendemarke zu warten und er mich auf dem R\u00fcckweg gnadenlos abgeh\u00e4ngt hat, weil ich einfach keine Puste mehr hatte! Kunstst\u00fcck, hat in vor ein paar Wochen gerade erst das Schwimmabzeichen in Gold bekommen.<\/p>\n<p>Die Markise haben wir an diesem Tag noch nicht wieder aufgebaut. Zum einen war es noch nicht wieder knallehei\u00df, zum anderen war noch einmal Regen und Gewitter gemeldet. Auch wenn das niemand mehr Lust drauf hatte. Auch die anderen Camper \u00e4u\u00dferten sich in den unvermeidlichen Gespr\u00e4chen &#8222;\u00fcber&#8217;n Zaun&#8220; erstaunt \u00fcber das diesj\u00e4hrige Wetter. An solche Kapriolen in der H\u00e4ufung konnte sich niemand erinnern. Fr\u00fcher war es auch mal zwei Tage regnerisch, aber nicht so.<\/p>\n<figure id=\"attachment_170227\" aria-describedby=\"caption-attachment-170227\" style=\"width: 470px\" class=\"wp-caption aligncenter\"><a href=\"https:\/\/www.andreas-edler.de\/blog\/wp-content\/uploads\/2023\/07\/2023-07-25-19.36.46.jpg\"><img loading=\"lazy\" decoding=\"async\" src=\"https:\/\/www.andreas-edler.de\/blog\/wp-content\/uploads\/2023\/07\/2023-07-25-19.36.46-470x211.jpg\" alt=\"\" width=\"470\" height=\"211\" class=\"size-large wp-image-170227\" srcset=\"https:\/\/www.andreas-edler.de\/blog\/wp-content\/uploads\/2023\/07\/2023-07-25-19.36.46-470x211.jpg 470w, https:\/\/www.andreas-edler.de\/blog\/wp-content\/uploads\/2023\/07\/2023-07-25-19.36.46-250x112.jpg 250w, https:\/\/www.andreas-edler.de\/blog\/wp-content\/uploads\/2023\/07\/2023-07-25-19.36.46-768x345.jpg 768w, https:\/\/www.andreas-edler.de\/blog\/wp-content\/uploads\/2023\/07\/2023-07-25-19.36.46-100x45.jpg 100w, https:\/\/www.andreas-edler.de\/blog\/wp-content\/uploads\/2023\/07\/2023-07-25-19.36.46-150x67.jpg 150w, https:\/\/www.andreas-edler.de\/blog\/wp-content\/uploads\/2023\/07\/2023-07-25-19.36.46-200x90.jpg 200w, https:\/\/www.andreas-edler.de\/blog\/wp-content\/uploads\/2023\/07\/2023-07-25-19.36.46-300x135.jpg 300w, https:\/\/www.andreas-edler.de\/blog\/wp-content\/uploads\/2023\/07\/2023-07-25-19.36.46-450x202.jpg 450w, https:\/\/www.andreas-edler.de\/blog\/wp-content\/uploads\/2023\/07\/2023-07-25-19.36.46-600x270.jpg 600w, https:\/\/www.andreas-edler.de\/blog\/wp-content\/uploads\/2023\/07\/2023-07-25-19.36.46-900x404.jpg 900w, https:\/\/www.andreas-edler.de\/blog\/wp-content\/uploads\/2023\/07\/2023-07-25-19.36.46.jpg 1280w\" sizes=\"auto, (max-width: 470px) 100vw, 470px\" \/><\/a><figcaption id=\"caption-attachment-170227\" class=\"wp-caption-text\">Drachenfisch im Lanterna Green<\/figcaption><\/figure>\n<p>Das Abendessen hat an diesem Tag wieder ausw\u00e4rts stattgefunden. Immer einen Tag um den anderen &#8211; wie in allen anderen Jahren auch. Der in allen Foren beschriebene, dramatische Preisanstieg konnte von uns nicht festgestellt werden. Ja, es ist teurer geworden. Das war in den Vorjahren immer so und auch zu Hause steigen die Preise. Aber selbst die auf Facebook gescholtenen Preise im Galeb fand ich nicht viel zu hoch und auch die Qualit\u00e4t des Essens nicht schlechter. Trotzdem sind aus Solaris raus gefahren. Das &#8222;Lanterna Green&#8220; (oder anders rum, keine Ahnung) direkt vor den &#8222;Cowboys&#8220; auf der Zufahrststra\u00dfe nach Tar wurde viel gelobt. Dann probieren wir doch mal.<\/p>\n<p><cite>Zun\u00e4chst vielen die enorm vielen Autos auf. Wahrscheinlich ist jeder Gast mit einem eigenen Auto gekommen. Wir standen  dann auch auf der Wiese gegen\u00fcber. Die Au\u00dfenanlagen des &#8222;Green&#8220; sind OK, wenngleich die Pl\u00e4tze eng gedr\u00e4ngt sind. Es wird augenscheinlich mit vielen G\u00e4sten gerechnet. Da der Himmel bedeckt war und es grummelte, sind wir gleich in den mit abnehmbaren Seitenw\u00e4nden gestalteten Innenraum gegangen, wo es noch mal enger war. Das Personal war freundlich und schnell. Fast schon hektisch. Normal gegangen ist da niemand, alle sind gerannt. Das hat mich ehrlich gesagt gest\u00f6rt. Auch dass man in R\u00e4umen rauchen darf, hatte ich schon komplett verdr\u00e4ngt.<\/cite><\/p>\n<figure id=\"attachment_170228\" aria-describedby=\"caption-attachment-170228\" style=\"width: 470px\" class=\"wp-caption aligncenter\"><a href=\"https:\/\/www.andreas-edler.de\/blog\/wp-content\/uploads\/2023\/07\/2023-07-25-19.36.57.jpg\"><img loading=\"lazy\" decoding=\"async\" src=\"https:\/\/www.andreas-edler.de\/blog\/wp-content\/uploads\/2023\/07\/2023-07-25-19.36.57-470x282.jpg\" alt=\"\" width=\"470\" height=\"282\" class=\"size-large wp-image-170228\" srcset=\"https:\/\/www.andreas-edler.de\/blog\/wp-content\/uploads\/2023\/07\/2023-07-25-19.36.57-470x282.jpg 470w, https:\/\/www.andreas-edler.de\/blog\/wp-content\/uploads\/2023\/07\/2023-07-25-19.36.57-250x150.jpg 250w, https:\/\/www.andreas-edler.de\/blog\/wp-content\/uploads\/2023\/07\/2023-07-25-19.36.57-768x461.jpg 768w, https:\/\/www.andreas-edler.de\/blog\/wp-content\/uploads\/2023\/07\/2023-07-25-19.36.57-100x60.jpg 100w, https:\/\/www.andreas-edler.de\/blog\/wp-content\/uploads\/2023\/07\/2023-07-25-19.36.57-150x90.jpg 150w, https:\/\/www.andreas-edler.de\/blog\/wp-content\/uploads\/2023\/07\/2023-07-25-19.36.57-200x120.jpg 200w, https:\/\/www.andreas-edler.de\/blog\/wp-content\/uploads\/2023\/07\/2023-07-25-19.36.57-300x180.jpg 300w, https:\/\/www.andreas-edler.de\/blog\/wp-content\/uploads\/2023\/07\/2023-07-25-19.36.57-450x270.jpg 450w, https:\/\/www.andreas-edler.de\/blog\/wp-content\/uploads\/2023\/07\/2023-07-25-19.36.57-600x360.jpg 600w, https:\/\/www.andreas-edler.de\/blog\/wp-content\/uploads\/2023\/07\/2023-07-25-19.36.57-900x540.jpg 900w, https:\/\/www.andreas-edler.de\/blog\/wp-content\/uploads\/2023\/07\/2023-07-25-19.36.57.jpg 1280w\" sizes=\"auto, (max-width: 470px) 100vw, 470px\" \/><\/a><figcaption id=\"caption-attachment-170228\" class=\"wp-caption-text\">Grilltelle im Lanterna Green<\/figcaption><\/figure>\n<p><cite>Wir hatten einen Grillteller, den Drachenfisch, Schweinfleisch mit Kruste und eine Pizza Salami. Das Essen kam schnell und schmeckte einwandfrei. Der Grillteller war definitiv besser als der im Galeb im letzten Jahr. Da war das Fleisch komplett trocken gegrillt und hier war es zart und saftig. Die Beilagen waren gut. Auch die anderen Gerichte schmeckten sehr gut. Einen Abschluss-Schluck gab es nicht und es wurde auch nicht zwischendurch gefragt, wie es schmeckt. Insgesamt war das schon ziemliche Massenabfertigung. Gem\u00fctlich fand ich es \u00fcberhaupt nicht. Im Gegenteil, die B\u00e4nke waren f\u00fcr mich unbequem.<br \/>\n<br \/>\nDie Bedienung war sehr freundlich und schnell, der Preis dem Gebotenen angemessen. Aufgrund der Enge, der Hektik und dem Gef\u00fchl in einer gro\u00dfen Kantine zu sitzen, werden wir nicht noch einmal dort einkehren. Qualitativ waren die Gerichte jedoch einwandfrei und auch alle Mitarbeitenden gaben keinerlei Anlass f\u00fcr Kritik.<\/cite><\/p>\n<p>Wieder zur\u00fcck auf dem Campingplatz war nur noch Z\u00e4hneputzen und ab ins Bett. Also genau genommen ist Tim noch mit seinem Kindle an den Strand gegangen und Ben und ich haben im Bett zwei Folgen &#8222;Agents of S.H.I.E.L.D&#8220; geschaut. Die einzige, die wirklich im Bett war und geschlafen hat, war Alex :-)<\/p>\n<h3>26.07.2023<\/h3>\n<p>Heute morgen ist niemand zum B\u00e4cker gefahren, weil wir noch reichlich Restebr\u00f6tchen hatten. Dementsprechend lange haben wir auch wieder im Bett gelegen.<\/p>\n<figure id=\"attachment_170231\" aria-describedby=\"caption-attachment-170231\" style=\"width: 470px\" class=\"wp-caption aligncenter\"><a href=\"https:\/\/www.andreas-edler.de\/blog\/wp-content\/uploads\/2023\/07\/2023-07-26-14.08.23.jpg\"><img loading=\"lazy\" decoding=\"async\" src=\"https:\/\/www.andreas-edler.de\/blog\/wp-content\/uploads\/2023\/07\/2023-07-26-14.08.23-470x248.jpg\" alt=\"\" width=\"470\" height=\"248\" class=\"size-large wp-image-170231\" srcset=\"https:\/\/www.andreas-edler.de\/blog\/wp-content\/uploads\/2023\/07\/2023-07-26-14.08.23-470x248.jpg 470w, https:\/\/www.andreas-edler.de\/blog\/wp-content\/uploads\/2023\/07\/2023-07-26-14.08.23-250x132.jpg 250w, https:\/\/www.andreas-edler.de\/blog\/wp-content\/uploads\/2023\/07\/2023-07-26-14.08.23-768x405.jpg 768w, https:\/\/www.andreas-edler.de\/blog\/wp-content\/uploads\/2023\/07\/2023-07-26-14.08.23-100x53.jpg 100w, https:\/\/www.andreas-edler.de\/blog\/wp-content\/uploads\/2023\/07\/2023-07-26-14.08.23-150x79.jpg 150w, https:\/\/www.andreas-edler.de\/blog\/wp-content\/uploads\/2023\/07\/2023-07-26-14.08.23-200x105.jpg 200w, https:\/\/www.andreas-edler.de\/blog\/wp-content\/uploads\/2023\/07\/2023-07-26-14.08.23-300x158.jpg 300w, https:\/\/www.andreas-edler.de\/blog\/wp-content\/uploads\/2023\/07\/2023-07-26-14.08.23-450x237.jpg 450w, https:\/\/www.andreas-edler.de\/blog\/wp-content\/uploads\/2023\/07\/2023-07-26-14.08.23-600x316.jpg 600w, https:\/\/www.andreas-edler.de\/blog\/wp-content\/uploads\/2023\/07\/2023-07-26-14.08.23-900x475.jpg 900w, https:\/\/www.andreas-edler.de\/blog\/wp-content\/uploads\/2023\/07\/2023-07-26-14.08.23.jpg 1280w\" sizes=\"auto, (max-width: 470px) 100vw, 470px\" \/><\/a><figcaption id=\"caption-attachment-170231\" class=\"wp-caption-text\">Arbeitsplatz<\/figcaption><\/figure>\n<p>Danach haben wir rumgesessen und gechillt. Ich habe mich an den Laptop gehockt und die Texte der letzten zwei Tage geschrieben. Ich habe nicht drauf geachtet, aber inkl. der Bildersichtung und -bearbeitung gehen f\u00fcr zwei Tage sicher auch drei Stunden drauf. Kurz nach Mittag hat sich Alex mit dem Paddelbrett in die Wellen gewagt und ist ein bisschen vor der K\u00fcste auf und ab geschippert. Tim liest sehr viel, Ben spielt viel Minecraft, ich schreibe und lese und Alex liest. Wir machen also irgendwie nichts. Ich habe sehr, sehr halbherzig vorgeschlagen, irgendwo hin zu fahren, aber darauf kam au\u00dfer &#8222;Hmmm&#8220; auch keine Antwort.<\/p>\n<figure id=\"attachment_170232\" aria-describedby=\"caption-attachment-170232\" style=\"width: 470px\" class=\"wp-caption aligncenter\"><a href=\"https:\/\/www.andreas-edler.de\/blog\/wp-content\/uploads\/2023\/07\/2023-07-26-16.01.15-1.jpg\"><img loading=\"lazy\" decoding=\"async\" src=\"https:\/\/www.andreas-edler.de\/blog\/wp-content\/uploads\/2023\/07\/2023-07-26-16.01.15-1-470x304.jpg\" alt=\"\" width=\"470\" height=\"304\" class=\"size-large wp-image-170232\" srcset=\"https:\/\/www.andreas-edler.de\/blog\/wp-content\/uploads\/2023\/07\/2023-07-26-16.01.15-1-470x304.jpg 470w, https:\/\/www.andreas-edler.de\/blog\/wp-content\/uploads\/2023\/07\/2023-07-26-16.01.15-1-250x162.jpg 250w, https:\/\/www.andreas-edler.de\/blog\/wp-content\/uploads\/2023\/07\/2023-07-26-16.01.15-1-768x497.jpg 768w, https:\/\/www.andreas-edler.de\/blog\/wp-content\/uploads\/2023\/07\/2023-07-26-16.01.15-1-100x65.jpg 100w, https:\/\/www.andreas-edler.de\/blog\/wp-content\/uploads\/2023\/07\/2023-07-26-16.01.15-1-150x97.jpg 150w, https:\/\/www.andreas-edler.de\/blog\/wp-content\/uploads\/2023\/07\/2023-07-26-16.01.15-1-200x130.jpg 200w, https:\/\/www.andreas-edler.de\/blog\/wp-content\/uploads\/2023\/07\/2023-07-26-16.01.15-1-300x194.jpg 300w, https:\/\/www.andreas-edler.de\/blog\/wp-content\/uploads\/2023\/07\/2023-07-26-16.01.15-1-450x291.jpg 450w, https:\/\/www.andreas-edler.de\/blog\/wp-content\/uploads\/2023\/07\/2023-07-26-16.01.15-1-600x389.jpg 600w, https:\/\/www.andreas-edler.de\/blog\/wp-content\/uploads\/2023\/07\/2023-07-26-16.01.15-1-900x583.jpg 900w, https:\/\/www.andreas-edler.de\/blog\/wp-content\/uploads\/2023\/07\/2023-07-26-16.01.15-1.jpg 1280w\" sizes=\"auto, (max-width: 470px) 100vw, 470px\" \/><\/a><figcaption id=\"caption-attachment-170232\" class=\"wp-caption-text\">Schlafzimmer vom gro\u00dfen Nachwuchs<\/figcaption><\/figure>\n<p>Ich bin immer unruhig, weil ich denke, etwas tun zu m\u00fcssen. Ist aber gar nicht so. Daf\u00fcr ist der Urlaub doch da. Also haben wir nur \u00fcberlegt, wann wir das Abendbrot zu uns nehmen und wer daf\u00fcr grillt. Alex hat Nudeln gekocht und ich mich an den Campingaz-Grill gesetzt.<\/p>\n<figure id=\"attachment_170233\" aria-describedby=\"caption-attachment-170233\" style=\"width: 470px\" class=\"wp-caption aligncenter\"><a href=\"https:\/\/www.andreas-edler.de\/blog\/wp-content\/uploads\/2023\/07\/2023-07-26-18.44.22.jpg\"><img loading=\"lazy\" decoding=\"async\" src=\"https:\/\/www.andreas-edler.de\/blog\/wp-content\/uploads\/2023\/07\/2023-07-26-18.44.22-470x252.jpg\" alt=\"\" width=\"470\" height=\"252\" class=\"size-large wp-image-170233\" srcset=\"https:\/\/www.andreas-edler.de\/blog\/wp-content\/uploads\/2023\/07\/2023-07-26-18.44.22-470x252.jpg 470w, https:\/\/www.andreas-edler.de\/blog\/wp-content\/uploads\/2023\/07\/2023-07-26-18.44.22-250x134.jpg 250w, https:\/\/www.andreas-edler.de\/blog\/wp-content\/uploads\/2023\/07\/2023-07-26-18.44.22-768x411.jpg 768w, https:\/\/www.andreas-edler.de\/blog\/wp-content\/uploads\/2023\/07\/2023-07-26-18.44.22-100x54.jpg 100w, https:\/\/www.andreas-edler.de\/blog\/wp-content\/uploads\/2023\/07\/2023-07-26-18.44.22-150x80.jpg 150w, https:\/\/www.andreas-edler.de\/blog\/wp-content\/uploads\/2023\/07\/2023-07-26-18.44.22-200x107.jpg 200w, https:\/\/www.andreas-edler.de\/blog\/wp-content\/uploads\/2023\/07\/2023-07-26-18.44.22-300x161.jpg 300w, https:\/\/www.andreas-edler.de\/blog\/wp-content\/uploads\/2023\/07\/2023-07-26-18.44.22-450x241.jpg 450w, https:\/\/www.andreas-edler.de\/blog\/wp-content\/uploads\/2023\/07\/2023-07-26-18.44.22-600x321.jpg 600w, https:\/\/www.andreas-edler.de\/blog\/wp-content\/uploads\/2023\/07\/2023-07-26-18.44.22-900x482.jpg 900w, https:\/\/www.andreas-edler.de\/blog\/wp-content\/uploads\/2023\/07\/2023-07-26-18.44.22.jpg 1280w\" sizes=\"auto, (max-width: 470px) 100vw, 470px\" \/><\/a><figcaption id=\"caption-attachment-170233\" class=\"wp-caption-text\">K\u00fcche mit Blick aufs Meer<\/figcaption><\/figure>\n<p>Tags\u00fcber hatten wir die Markise wieder aufger\u00f6delt, damit wir um die Mittagszeit vor dem Wohnwagen etwas Schatten haben und da sa\u00df ich dann drunter und wendete die H\u00e4hnchenschnitzel. Nach dem Essen bin ich unter die Dusche gegangen und wurde dort von Alex besucht, die mir aufegregt mitteilte: &#8222;Die Delfine sind das!&#8220; &#8211; \u00e4h, toll, ich habe aber Schampoo in den Haaren.<\/p>\n<figure id=\"attachment_170234\" aria-describedby=\"caption-attachment-170234\" style=\"width: 470px\" class=\"wp-caption aligncenter\"><a href=\"https:\/\/www.andreas-edler.de\/blog\/wp-content\/uploads\/2023\/07\/DSCF7959.jpg\"><img loading=\"lazy\" decoding=\"async\" src=\"https:\/\/www.andreas-edler.de\/blog\/wp-content\/uploads\/2023\/07\/DSCF7959-470x282.jpg\" alt=\"\" width=\"470\" height=\"282\" class=\"size-large wp-image-170234\" srcset=\"https:\/\/www.andreas-edler.de\/blog\/wp-content\/uploads\/2023\/07\/DSCF7959-470x282.jpg 470w, https:\/\/www.andreas-edler.de\/blog\/wp-content\/uploads\/2023\/07\/DSCF7959-250x150.jpg 250w, https:\/\/www.andreas-edler.de\/blog\/wp-content\/uploads\/2023\/07\/DSCF7959-768x460.jpg 768w, https:\/\/www.andreas-edler.de\/blog\/wp-content\/uploads\/2023\/07\/DSCF7959-1536x921.jpg 1536w, https:\/\/www.andreas-edler.de\/blog\/wp-content\/uploads\/2023\/07\/DSCF7959-2048x1228.jpg 2048w, https:\/\/www.andreas-edler.de\/blog\/wp-content\/uploads\/2023\/07\/DSCF7959-100x60.jpg 100w, https:\/\/www.andreas-edler.de\/blog\/wp-content\/uploads\/2023\/07\/DSCF7959-150x90.jpg 150w, https:\/\/www.andreas-edler.de\/blog\/wp-content\/uploads\/2023\/07\/DSCF7959-200x120.jpg 200w, https:\/\/www.andreas-edler.de\/blog\/wp-content\/uploads\/2023\/07\/DSCF7959-300x180.jpg 300w, https:\/\/www.andreas-edler.de\/blog\/wp-content\/uploads\/2023\/07\/DSCF7959-450x270.jpg 450w, https:\/\/www.andreas-edler.de\/blog\/wp-content\/uploads\/2023\/07\/DSCF7959-600x360.jpg 600w, https:\/\/www.andreas-edler.de\/blog\/wp-content\/uploads\/2023\/07\/DSCF7959-900x540.jpg 900w\" sizes=\"auto, (max-width: 470px) 100vw, 470px\" \/><\/a><figcaption id=\"caption-attachment-170234\" class=\"wp-caption-text\">Delfin beim Luftholen<\/figcaption><\/figure>\n<figure id=\"attachment_170235\" aria-describedby=\"caption-attachment-170235\" style=\"width: 470px\" class=\"wp-caption aligncenter\"><a href=\"https:\/\/www.andreas-edler.de\/blog\/wp-content\/uploads\/2023\/07\/DSCF7955.jpg\"><img loading=\"lazy\" decoding=\"async\" src=\"https:\/\/www.andreas-edler.de\/blog\/wp-content\/uploads\/2023\/07\/DSCF7955-470x207.jpg\" alt=\"\" width=\"470\" height=\"207\" class=\"size-large wp-image-170235\" srcset=\"https:\/\/www.andreas-edler.de\/blog\/wp-content\/uploads\/2023\/07\/DSCF7955-470x207.jpg 470w, https:\/\/www.andreas-edler.de\/blog\/wp-content\/uploads\/2023\/07\/DSCF7955-250x110.jpg 250w, https:\/\/www.andreas-edler.de\/blog\/wp-content\/uploads\/2023\/07\/DSCF7955-768x338.jpg 768w, https:\/\/www.andreas-edler.de\/blog\/wp-content\/uploads\/2023\/07\/DSCF7955-1536x676.jpg 1536w, https:\/\/www.andreas-edler.de\/blog\/wp-content\/uploads\/2023\/07\/DSCF7955-100x44.jpg 100w, https:\/\/www.andreas-edler.de\/blog\/wp-content\/uploads\/2023\/07\/DSCF7955-150x66.jpg 150w, https:\/\/www.andreas-edler.de\/blog\/wp-content\/uploads\/2023\/07\/DSCF7955-200x88.jpg 200w, https:\/\/www.andreas-edler.de\/blog\/wp-content\/uploads\/2023\/07\/DSCF7955-300x132.jpg 300w, https:\/\/www.andreas-edler.de\/blog\/wp-content\/uploads\/2023\/07\/DSCF7955-450x198.jpg 450w, https:\/\/www.andreas-edler.de\/blog\/wp-content\/uploads\/2023\/07\/DSCF7955-600x264.jpg 600w, https:\/\/www.andreas-edler.de\/blog\/wp-content\/uploads\/2023\/07\/DSCF7955-900x396.jpg 900w, https:\/\/www.andreas-edler.de\/blog\/wp-content\/uploads\/2023\/07\/DSCF7955.jpg 1794w\" sizes=\"auto, (max-width: 470px) 100vw, 470px\" \/><\/a><figcaption id=\"caption-attachment-170235\" class=\"wp-caption-text\">R\u00fcckenflosse vom Delfin<\/figcaption><\/figure>\n<p>Den habe ich mir dann etwas schneller aus den Haaren gewaschen, bin zum Wohnwagen, habe die alte Fuji geschnappt und mir das Handtuch um die nassen Schultern gelegt &#8211; weil es gar nicht mal warm war. Am Strand waren dann die Delfine aber schon recht weit weg. Aber mit dem drei\u00dfigfach Zoom gibt es wenigstens noch halbwegs brauchbare Beweisfotos. Alex, Ben und Tim haben die Tiere in gr\u00f6\u00dfer gesehen.<\/p>\n<p>Apropos gesehen: es ist Mittwoch und Ben hatte am Strand mitbekommen, dass das Kino wieder aufgebaut wurde! Da ist der Abend ja gerettet.<\/p>\n<figure id=\"attachment_170236\" aria-describedby=\"caption-attachment-170236\" style=\"width: 470px\" class=\"wp-caption aligncenter\"><a href=\"https:\/\/www.andreas-edler.de\/blog\/wp-content\/uploads\/2023\/07\/2023-07-26-21.02.53.jpg\"><img loading=\"lazy\" decoding=\"async\" src=\"https:\/\/www.andreas-edler.de\/blog\/wp-content\/uploads\/2023\/07\/2023-07-26-21.02.53-470x249.jpg\" alt=\"\" width=\"470\" height=\"249\" class=\"size-large wp-image-170236\" srcset=\"https:\/\/www.andreas-edler.de\/blog\/wp-content\/uploads\/2023\/07\/2023-07-26-21.02.53-470x249.jpg 470w, https:\/\/www.andreas-edler.de\/blog\/wp-content\/uploads\/2023\/07\/2023-07-26-21.02.53-250x132.jpg 250w, https:\/\/www.andreas-edler.de\/blog\/wp-content\/uploads\/2023\/07\/2023-07-26-21.02.53-768x406.jpg 768w, https:\/\/www.andreas-edler.de\/blog\/wp-content\/uploads\/2023\/07\/2023-07-26-21.02.53-100x53.jpg 100w, https:\/\/www.andreas-edler.de\/blog\/wp-content\/uploads\/2023\/07\/2023-07-26-21.02.53-150x79.jpg 150w, https:\/\/www.andreas-edler.de\/blog\/wp-content\/uploads\/2023\/07\/2023-07-26-21.02.53-200x106.jpg 200w, https:\/\/www.andreas-edler.de\/blog\/wp-content\/uploads\/2023\/07\/2023-07-26-21.02.53-300x159.jpg 300w, https:\/\/www.andreas-edler.de\/blog\/wp-content\/uploads\/2023\/07\/2023-07-26-21.02.53-450x238.jpg 450w, https:\/\/www.andreas-edler.de\/blog\/wp-content\/uploads\/2023\/07\/2023-07-26-21.02.53-600x317.jpg 600w, https:\/\/www.andreas-edler.de\/blog\/wp-content\/uploads\/2023\/07\/2023-07-26-21.02.53-900x476.jpg 900w, https:\/\/www.andreas-edler.de\/blog\/wp-content\/uploads\/2023\/07\/2023-07-26-21.02.53.jpg 1280w\" sizes=\"auto, (max-width: 470px) 100vw, 470px\" \/><\/a><figcaption id=\"caption-attachment-170236\" class=\"wp-caption-text\">Openair-Kino: Pixars &#8222;Onward&#8220;<\/figcaption><\/figure>\n<p>Alex und Ben sa\u00dfen mit den Campingst\u00fchlen und Fu\u00dfst\u00fctzen direkt schr\u00e4g hinter dem Projektor und hatten quasi Logenpl\u00e4tze. Als ich nach dem Vorspann mal vorbei schaute, \u00e4u\u00dferte der Kleinste den Wunsch nach einem Lino-Lada-Toast. Habe ich ihm nat\u00fcrlich gemacht und bin dann am Strand weiter, wo der Himmel im Westen schon ordentlich dunkel wurde. Hatten am Platz schon mit den Nachbarn gesprochen, dass dieses ewige Auf- und Abbauen der Markise reichlich nervig ist. Wir haben uns nach einem Blick auf die Wetterapps f\u00fcr ein zus\u00e4tzliches Sturmband entschieden.<\/p>\n<figure id=\"attachment_170237\" aria-describedby=\"caption-attachment-170237\" style=\"width: 470px\" class=\"wp-caption aligncenter\"><a href=\"https:\/\/www.andreas-edler.de\/blog\/wp-content\/uploads\/2023\/07\/2023-07-26-21.14.20.jpg\"><img loading=\"lazy\" decoding=\"async\" src=\"https:\/\/www.andreas-edler.de\/blog\/wp-content\/uploads\/2023\/07\/2023-07-26-21.14.20-470x225.jpg\" alt=\"\" width=\"470\" height=\"225\" class=\"size-large wp-image-170237\" srcset=\"https:\/\/www.andreas-edler.de\/blog\/wp-content\/uploads\/2023\/07\/2023-07-26-21.14.20-470x225.jpg 470w, https:\/\/www.andreas-edler.de\/blog\/wp-content\/uploads\/2023\/07\/2023-07-26-21.14.20-250x120.jpg 250w, https:\/\/www.andreas-edler.de\/blog\/wp-content\/uploads\/2023\/07\/2023-07-26-21.14.20-768x368.jpg 768w, https:\/\/www.andreas-edler.de\/blog\/wp-content\/uploads\/2023\/07\/2023-07-26-21.14.20-100x48.jpg 100w, https:\/\/www.andreas-edler.de\/blog\/wp-content\/uploads\/2023\/07\/2023-07-26-21.14.20-150x72.jpg 150w, https:\/\/www.andreas-edler.de\/blog\/wp-content\/uploads\/2023\/07\/2023-07-26-21.14.20-200x96.jpg 200w, https:\/\/www.andreas-edler.de\/blog\/wp-content\/uploads\/2023\/07\/2023-07-26-21.14.20-300x144.jpg 300w, https:\/\/www.andreas-edler.de\/blog\/wp-content\/uploads\/2023\/07\/2023-07-26-21.14.20-450x216.jpg 450w, https:\/\/www.andreas-edler.de\/blog\/wp-content\/uploads\/2023\/07\/2023-07-26-21.14.20-600x287.jpg 600w, https:\/\/www.andreas-edler.de\/blog\/wp-content\/uploads\/2023\/07\/2023-07-26-21.14.20-900x431.jpg 900w, https:\/\/www.andreas-edler.de\/blog\/wp-content\/uploads\/2023\/07\/2023-07-26-21.14.20.jpg 1280w\" sizes=\"auto, (max-width: 470px) 100vw, 470px\" \/><\/a><figcaption id=\"caption-attachment-170237\" class=\"wp-caption-text\">Tim &#8211; kaum zu erkennen &#8211; liest am Strand<\/figcaption><\/figure>\n<p>Der gro\u00dfe Nachwuchs hatte sich mit einem Stuhl an die K\u00fcste gesetzt und las. Von seinem Platz aus hatte man einen guten Blick auf den Himmel und der sah ziemlich bedrohlich aus. Es wetterleuchtete gewaltig und vereinzelt kamen auch immer mehr Blitze. Also richtig fette Blitze. Der Wind frischte auch etwas auf.<\/p>\n<figure id=\"attachment_170238\" aria-describedby=\"caption-attachment-170238\" style=\"width: 470px\" class=\"wp-caption aligncenter\"><a href=\"https:\/\/www.andreas-edler.de\/blog\/wp-content\/uploads\/2023\/07\/2023-07-27-10.13.23.jpg\"><img loading=\"lazy\" decoding=\"async\" src=\"https:\/\/www.andreas-edler.de\/blog\/wp-content\/uploads\/2023\/07\/2023-07-27-10.13.23-470x241.jpg\" alt=\"\" width=\"470\" height=\"241\" class=\"size-large wp-image-170238\" srcset=\"https:\/\/www.andreas-edler.de\/blog\/wp-content\/uploads\/2023\/07\/2023-07-27-10.13.23-470x241.jpg 470w, https:\/\/www.andreas-edler.de\/blog\/wp-content\/uploads\/2023\/07\/2023-07-27-10.13.23-250x128.jpg 250w, https:\/\/www.andreas-edler.de\/blog\/wp-content\/uploads\/2023\/07\/2023-07-27-10.13.23-768x394.jpg 768w, https:\/\/www.andreas-edler.de\/blog\/wp-content\/uploads\/2023\/07\/2023-07-27-10.13.23-100x51.jpg 100w, https:\/\/www.andreas-edler.de\/blog\/wp-content\/uploads\/2023\/07\/2023-07-27-10.13.23-150x77.jpg 150w, https:\/\/www.andreas-edler.de\/blog\/wp-content\/uploads\/2023\/07\/2023-07-27-10.13.23-200x103.jpg 200w, https:\/\/www.andreas-edler.de\/blog\/wp-content\/uploads\/2023\/07\/2023-07-27-10.13.23-300x154.jpg 300w, https:\/\/www.andreas-edler.de\/blog\/wp-content\/uploads\/2023\/07\/2023-07-27-10.13.23-450x231.jpg 450w, https:\/\/www.andreas-edler.de\/blog\/wp-content\/uploads\/2023\/07\/2023-07-27-10.13.23-600x308.jpg 600w, https:\/\/www.andreas-edler.de\/blog\/wp-content\/uploads\/2023\/07\/2023-07-27-10.13.23-900x461.jpg 900w, https:\/\/www.andreas-edler.de\/blog\/wp-content\/uploads\/2023\/07\/2023-07-27-10.13.23.jpg 1280w\" sizes=\"auto, (max-width: 470px) 100vw, 470px\" \/><\/a><figcaption id=\"caption-attachment-170238\" class=\"wp-caption-text\">Es geht los &#8230;<\/figcaption><\/figure>\n<p>Mit dem Google Pixel 6 habe ich dann mehrfach kleine Filmschnippsel aufgenommen und auf ein oder zwei dieser Clips ist denn auch was zu erkennen gewesen. <\/p>\n<figure id=\"attachment_170239\" aria-describedby=\"caption-attachment-170239\" style=\"width: 470px\" class=\"wp-caption aligncenter\"><a href=\"https:\/\/www.andreas-edler.de\/blog\/wp-content\/uploads\/2023\/07\/2023-07-26-21.28.43.jpg\"><img loading=\"lazy\" decoding=\"async\" src=\"https:\/\/www.andreas-edler.de\/blog\/wp-content\/uploads\/2023\/07\/2023-07-26-21.28.43-470x194.jpg\" alt=\"\" width=\"470\" height=\"194\" class=\"size-large wp-image-170239\" srcset=\"https:\/\/www.andreas-edler.de\/blog\/wp-content\/uploads\/2023\/07\/2023-07-26-21.28.43-470x194.jpg 470w, https:\/\/www.andreas-edler.de\/blog\/wp-content\/uploads\/2023\/07\/2023-07-26-21.28.43-250x103.jpg 250w, https:\/\/www.andreas-edler.de\/blog\/wp-content\/uploads\/2023\/07\/2023-07-26-21.28.43-768x317.jpg 768w, https:\/\/www.andreas-edler.de\/blog\/wp-content\/uploads\/2023\/07\/2023-07-26-21.28.43-100x41.jpg 100w, https:\/\/www.andreas-edler.de\/blog\/wp-content\/uploads\/2023\/07\/2023-07-26-21.28.43-150x62.jpg 150w, https:\/\/www.andreas-edler.de\/blog\/wp-content\/uploads\/2023\/07\/2023-07-26-21.28.43-200x83.jpg 200w, https:\/\/www.andreas-edler.de\/blog\/wp-content\/uploads\/2023\/07\/2023-07-26-21.28.43-300x124.jpg 300w, https:\/\/www.andreas-edler.de\/blog\/wp-content\/uploads\/2023\/07\/2023-07-26-21.28.43-450x186.jpg 450w, https:\/\/www.andreas-edler.de\/blog\/wp-content\/uploads\/2023\/07\/2023-07-26-21.28.43-600x248.jpg 600w, https:\/\/www.andreas-edler.de\/blog\/wp-content\/uploads\/2023\/07\/2023-07-26-21.28.43-900x371.jpg 900w, https:\/\/www.andreas-edler.de\/blog\/wp-content\/uploads\/2023\/07\/2023-07-26-21.28.43.jpg 1280w\" sizes=\"auto, (max-width: 470px) 100vw, 470px\" \/><\/a><figcaption id=\"caption-attachment-170239\" class=\"wp-caption-text\">&#8230; sieht schon gewaltig aus!<\/figcaption><\/figure>\n<p>Wenn man dann einen Frame aus dem Film exportiert hat man ein bisschen was zu gucken. Ich finde es halbwegs gelungen. Gleichzeitig begann es auch leicht zu tr\u00f6pfeln. Das &#8222;leicht&#8220; wurde aber schnell immer schwerer und auf der Strandpromenade liefen immer mehr Kinobesucher mit ihren St\u00fchlen zur\u00fcck zu den Stellpl\u00e4tzen. Ich bin dann auch von Tim weg zur aufblasbaren Leinwand, aber Alex und Ben waren ebenfalls bereits gegangen und als ich ankam, stellte einer der beiden jungen Kinom\u00e4nner gerade den Projektor aus, \u00fcber dem schon eine Plane hing. Die beiden haben hektisch abgebaut. Habe noch gefragt, ob ich tragen helfen soll, aber die beiden wollten alleine machen.<\/p>\n<figure id=\"attachment_170240\" aria-describedby=\"caption-attachment-170240\" style=\"width: 470px\" class=\"wp-caption aligncenter\"><a href=\"https:\/\/www.andreas-edler.de\/blog\/wp-content\/uploads\/2023\/07\/2023-07-26-21.42.22.jpg\"><img loading=\"lazy\" decoding=\"async\" src=\"https:\/\/www.andreas-edler.de\/blog\/wp-content\/uploads\/2023\/07\/2023-07-26-21.42.22-470x188.jpg\" alt=\"\" width=\"470\" height=\"188\" class=\"size-large wp-image-170240\" srcset=\"https:\/\/www.andreas-edler.de\/blog\/wp-content\/uploads\/2023\/07\/2023-07-26-21.42.22-470x188.jpg 470w, https:\/\/www.andreas-edler.de\/blog\/wp-content\/uploads\/2023\/07\/2023-07-26-21.42.22-250x100.jpg 250w, https:\/\/www.andreas-edler.de\/blog\/wp-content\/uploads\/2023\/07\/2023-07-26-21.42.22-768x307.jpg 768w, https:\/\/www.andreas-edler.de\/blog\/wp-content\/uploads\/2023\/07\/2023-07-26-21.42.22-100x40.jpg 100w, https:\/\/www.andreas-edler.de\/blog\/wp-content\/uploads\/2023\/07\/2023-07-26-21.42.22-150x60.jpg 150w, https:\/\/www.andreas-edler.de\/blog\/wp-content\/uploads\/2023\/07\/2023-07-26-21.42.22-200x80.jpg 200w, https:\/\/www.andreas-edler.de\/blog\/wp-content\/uploads\/2023\/07\/2023-07-26-21.42.22-300x120.jpg 300w, https:\/\/www.andreas-edler.de\/blog\/wp-content\/uploads\/2023\/07\/2023-07-26-21.42.22-450x180.jpg 450w, https:\/\/www.andreas-edler.de\/blog\/wp-content\/uploads\/2023\/07\/2023-07-26-21.42.22-600x240.jpg 600w, https:\/\/www.andreas-edler.de\/blog\/wp-content\/uploads\/2023\/07\/2023-07-26-21.42.22-900x360.jpg 900w, https:\/\/www.andreas-edler.de\/blog\/wp-content\/uploads\/2023\/07\/2023-07-26-21.42.22.jpg 1280w\" sizes=\"auto, (max-width: 470px) 100vw, 470px\" \/><\/a><figcaption id=\"caption-attachment-170240\" class=\"wp-caption-text\">Aperol-Spritz<\/figcaption><\/figure>\n<p>Als ich am Wohnwagen ankam, hatte der Rest der Sippe schon alles unter die Markise ger\u00e4umt, der Regen pl\u00e4tscherte und Alex hat einen Aperol-Spritz gemacht, den wir dann in Ruhe ausgetrunken haben. Danach sind alle ins Bett und haben dem  inzwischen recht ordentlich prasselnden Regen gelauscht. Tim in seinem Dachzelt und Ben zwischen Mama und Papa.<\/p>\n<h3>27.07.2023<\/h3>\n<p>Um halb Neun ist Alex aufgestanden und zum B\u00e4cker gefahren. Ich habe mich noch einmal umgedreht. Knapp eine Stunde sp\u00e4ter wurde ich vom J\u00fcngsten aber energisch aufgefordert, jetzt endlich auch zum Fr\u00fchst\u00fcck zu kommen. F\u00fcr unsere Verh\u00e4ltnisse ist das an freien Tagen eigentlich eine ziemlich fr\u00fche Zeit zum essen. Zu Hause gibt es Samstags, Sonntags oder Feiertags eigentlich immer erst gegen Mittag was.<\/p>\n<p>Tim hatte an diesem Morgen nicht ganz so gute Laune, weil er wohl f\u00fcr die Uni noch etwas machen musste, was so nicht geplant war. Daher ist er auch recht fr\u00fch zur Rezeption verschwunden, um die klimatisierten R\u00e4ume und das stabile WLAN dort zu nutzen. Alex ist gegen Mittag mit dem Paddelbrett raus auf die Adria und Ben hat auf dem Bett im Wohnwagen rumgelegen und gespielt. Nat\u00fcrlich mit dem Tablet. Ich habe aber keine Lust, ihm das weg zu nehmen. Der Stress w\u00e4re mir zu viel. Und au\u00dferdem machen das andere Kinder auf den Parzellen auch so. So lange er auch noch drau\u00dfen rum tobt ist alles gut.<\/p>\n<figure id=\"attachment_170242\" aria-describedby=\"caption-attachment-170242\" style=\"width: 470px\" class=\"wp-caption aligncenter\"><a href=\"https:\/\/www.andreas-edler.de\/blog\/wp-content\/uploads\/2023\/07\/2023-07-27-14.42.18.jpg\"><img loading=\"lazy\" decoding=\"async\" src=\"https:\/\/www.andreas-edler.de\/blog\/wp-content\/uploads\/2023\/07\/2023-07-27-14.42.18-470x122.jpg\" alt=\"\" width=\"470\" height=\"122\" class=\"size-large wp-image-170242\" srcset=\"https:\/\/www.andreas-edler.de\/blog\/wp-content\/uploads\/2023\/07\/2023-07-27-14.42.18-470x122.jpg 470w, https:\/\/www.andreas-edler.de\/blog\/wp-content\/uploads\/2023\/07\/2023-07-27-14.42.18-250x65.jpg 250w, https:\/\/www.andreas-edler.de\/blog\/wp-content\/uploads\/2023\/07\/2023-07-27-14.42.18-768x199.jpg 768w, https:\/\/www.andreas-edler.de\/blog\/wp-content\/uploads\/2023\/07\/2023-07-27-14.42.18-100x26.jpg 100w, https:\/\/www.andreas-edler.de\/blog\/wp-content\/uploads\/2023\/07\/2023-07-27-14.42.18-150x39.jpg 150w, https:\/\/www.andreas-edler.de\/blog\/wp-content\/uploads\/2023\/07\/2023-07-27-14.42.18-200x52.jpg 200w, https:\/\/www.andreas-edler.de\/blog\/wp-content\/uploads\/2023\/07\/2023-07-27-14.42.18-300x78.jpg 300w, https:\/\/www.andreas-edler.de\/blog\/wp-content\/uploads\/2023\/07\/2023-07-27-14.42.18-450x116.jpg 450w, https:\/\/www.andreas-edler.de\/blog\/wp-content\/uploads\/2023\/07\/2023-07-27-14.42.18-600x155.jpg 600w, https:\/\/www.andreas-edler.de\/blog\/wp-content\/uploads\/2023\/07\/2023-07-27-14.42.18-900x233.jpg 900w, https:\/\/www.andreas-edler.de\/blog\/wp-content\/uploads\/2023\/07\/2023-07-27-14.42.18.jpg 1280w\" sizes=\"auto, (max-width: 470px) 100vw, 470px\" \/><\/a><figcaption id=\"caption-attachment-170242\" class=\"wp-caption-text\">Die neue Hafenfl\u00e4che bei Santa Marina<\/figcaption><\/figure>\n<p>Als Alex wieder zur\u00fcck war, habe ich mich auf den Fahrradsattel gesetzt und bin raus. Hinten bei Solaris runter und zu Santa Marina, wo offensichtlich der Hafen vergr\u00f6\u00dfert und aufgeh\u00fcbscht wird. Auch ein neuer Badestrand (da waren vorher auch schon Menschen) wurde erschlossen, so dass man nun endlich mit dem Auto bis direkt ins Meer fahren kann. War auch \u00fcberf\u00e4llig, immer diese paar Schritte zu Fu\u00df! Von dort weiter nach Cervar-Porta und ein bisschen Ingress gespielt. Rauf zur Verbindungsstra\u00dfe nach Ulika, aber Richtung Nova Vas hoch gefahren. Bin dann bis nach Labinci hoch.<\/p>\n<figure id=\"attachment_170243\" aria-describedby=\"caption-attachment-170243\" style=\"width: 470px\" class=\"wp-caption aligncenter\"><a href=\"https:\/\/www.andreas-edler.de\/blog\/wp-content\/uploads\/2023\/07\/2023-07-27-15.48.47.jpg\"><img loading=\"lazy\" decoding=\"async\" src=\"https:\/\/www.andreas-edler.de\/blog\/wp-content\/uploads\/2023\/07\/2023-07-27-15.48.47-470x242.jpg\" alt=\"\" width=\"470\" height=\"242\" class=\"size-large wp-image-170243\" srcset=\"https:\/\/www.andreas-edler.de\/blog\/wp-content\/uploads\/2023\/07\/2023-07-27-15.48.47-470x242.jpg 470w, https:\/\/www.andreas-edler.de\/blog\/wp-content\/uploads\/2023\/07\/2023-07-27-15.48.47-250x129.jpg 250w, https:\/\/www.andreas-edler.de\/blog\/wp-content\/uploads\/2023\/07\/2023-07-27-15.48.47-768x395.jpg 768w, https:\/\/www.andreas-edler.de\/blog\/wp-content\/uploads\/2023\/07\/2023-07-27-15.48.47-100x51.jpg 100w, https:\/\/www.andreas-edler.de\/blog\/wp-content\/uploads\/2023\/07\/2023-07-27-15.48.47-150x77.jpg 150w, https:\/\/www.andreas-edler.de\/blog\/wp-content\/uploads\/2023\/07\/2023-07-27-15.48.47-200x103.jpg 200w, https:\/\/www.andreas-edler.de\/blog\/wp-content\/uploads\/2023\/07\/2023-07-27-15.48.47-300x154.jpg 300w, https:\/\/www.andreas-edler.de\/blog\/wp-content\/uploads\/2023\/07\/2023-07-27-15.48.47-450x232.jpg 450w, https:\/\/www.andreas-edler.de\/blog\/wp-content\/uploads\/2023\/07\/2023-07-27-15.48.47-600x309.jpg 600w, https:\/\/www.andreas-edler.de\/blog\/wp-content\/uploads\/2023\/07\/2023-07-27-15.48.47-900x463.jpg 900w, https:\/\/www.andreas-edler.de\/blog\/wp-content\/uploads\/2023\/07\/2023-07-27-15.48.47.jpg 1280w\" sizes=\"auto, (max-width: 470px) 100vw, 470px\" \/><\/a><figcaption id=\"caption-attachment-170243\" class=\"wp-caption-text\">Neuer Doppelkreisel<\/figcaption><\/figure>\n<p>Die Kroaten bauen echt alle Kreuzungen auf Kreisel um. Und wenn die Kreuzung vorher leicht versetzt war, dann kommt da nicht ein Kreis hin, sondern eine Acht. Von wegen Ampelanlagen und &#8222;Leichtigkeit des Verkehrs&#8220;, hier scheint es um Sicherheit und Entschleunigung zu gehen. Letzteres haben die Kroaten im Auto auch n\u00f6tig. Die Fahrt von Gedici nach Labinci ist echt nicht so sch\u00f6n!<\/p>\n<p><figure id=\"attachment_170244\" aria-describedby=\"caption-attachment-170244\" style=\"width: 250px\" class=\"wp-caption alignright\"><a href=\"https:\/\/www.andreas-edler.de\/blog\/wp-content\/uploads\/2023\/07\/GarminConnect_20230728-101632.jpg\"><img loading=\"lazy\" decoding=\"async\" src=\"https:\/\/www.andreas-edler.de\/blog\/wp-content\/uploads\/2023\/07\/GarminConnect_20230728-101632-250x250.jpg\" alt=\"\" width=\"250\" height=\"250\" class=\"size-medium wp-image-170244\" srcset=\"https:\/\/www.andreas-edler.de\/blog\/wp-content\/uploads\/2023\/07\/GarminConnect_20230728-101632-250x250.jpg 250w, https:\/\/www.andreas-edler.de\/blog\/wp-content\/uploads\/2023\/07\/GarminConnect_20230728-101632-470x470.jpg 470w, https:\/\/www.andreas-edler.de\/blog\/wp-content\/uploads\/2023\/07\/GarminConnect_20230728-101632-150x150.jpg 150w, https:\/\/www.andreas-edler.de\/blog\/wp-content\/uploads\/2023\/07\/GarminConnect_20230728-101632-768x768.jpg 768w, https:\/\/www.andreas-edler.de\/blog\/wp-content\/uploads\/2023\/07\/GarminConnect_20230728-101632-100x100.jpg 100w, https:\/\/www.andreas-edler.de\/blog\/wp-content\/uploads\/2023\/07\/GarminConnect_20230728-101632-200x200.jpg 200w, https:\/\/www.andreas-edler.de\/blog\/wp-content\/uploads\/2023\/07\/GarminConnect_20230728-101632-300x300.jpg 300w, https:\/\/www.andreas-edler.de\/blog\/wp-content\/uploads\/2023\/07\/GarminConnect_20230728-101632-450x450.jpg 450w, https:\/\/www.andreas-edler.de\/blog\/wp-content\/uploads\/2023\/07\/GarminConnect_20230728-101632-600x600.jpg 600w, https:\/\/www.andreas-edler.de\/blog\/wp-content\/uploads\/2023\/07\/GarminConnect_20230728-101632-900x900.jpg 900w, https:\/\/www.andreas-edler.de\/blog\/wp-content\/uploads\/2023\/07\/GarminConnect_20230728-101632.jpg 1024w\" sizes=\"auto, (max-width: 250px) 100vw, 250px\" \/><\/a><figcaption id=\"caption-attachment-170244\" class=\"wp-caption-text\">Oben auf dem Berg<\/figcaption><\/figure> Eigentlich wollte ich von hier zur\u00fcck nach Tar, bin aber rechts abgebogen Visnjan. Da geht es immer nur leicht bergan, was nach der Auffahrt bis Labinci ganz angenehm war. Auch der R\u00fcckenwind hat geholfen. Oben dann erstmal durchschnaufen. Trotzdem es nicht so hei\u00df war, bin ich doch etwas ins Schwitzen gekommen. Die Aussicht finde ich immer wieder super. Darum fahre ich ja auch hoch! :-) Heute habe ich auch zum ersten Mal einen ge\u00f6ffneten Weinhandel an der schmalen Stra\u00dfe hoch zur Kirche bemerkt. Eigentlich m\u00fcsste man an solchen Stellen anhalten, etwas probieren, eine Flasche mitnehmen. Es ist einfach sch\u00f6n. Aber ich mag keinen Wein und auf dem Rad habe ich auch keine M\u00f6glichkeit, so eine Flasche zu transportieren. Also nicht, wenn ich ohne Taschen unterwegs bin.<\/p>\n<figure id=\"attachment_170245\" aria-describedby=\"caption-attachment-170245\" style=\"width: 470px\" class=\"wp-caption aligncenter\"><a href=\"https:\/\/www.andreas-edler.de\/blog\/wp-content\/uploads\/2023\/07\/2023-07-27-16.21.39.jpg\"><img loading=\"lazy\" decoding=\"async\" src=\"https:\/\/www.andreas-edler.de\/blog\/wp-content\/uploads\/2023\/07\/2023-07-27-16.21.39-470x310.jpg\" alt=\"\" width=\"470\" height=\"310\" class=\"size-large wp-image-170245\" srcset=\"https:\/\/www.andreas-edler.de\/blog\/wp-content\/uploads\/2023\/07\/2023-07-27-16.21.39-470x310.jpg 470w, https:\/\/www.andreas-edler.de\/blog\/wp-content\/uploads\/2023\/07\/2023-07-27-16.21.39-250x165.jpg 250w, https:\/\/www.andreas-edler.de\/blog\/wp-content\/uploads\/2023\/07\/2023-07-27-16.21.39-768x507.jpg 768w, https:\/\/www.andreas-edler.de\/blog\/wp-content\/uploads\/2023\/07\/2023-07-27-16.21.39-100x66.jpg 100w, https:\/\/www.andreas-edler.de\/blog\/wp-content\/uploads\/2023\/07\/2023-07-27-16.21.39-150x99.jpg 150w, https:\/\/www.andreas-edler.de\/blog\/wp-content\/uploads\/2023\/07\/2023-07-27-16.21.39-200x132.jpg 200w, https:\/\/www.andreas-edler.de\/blog\/wp-content\/uploads\/2023\/07\/2023-07-27-16.21.39-300x198.jpg 300w, https:\/\/www.andreas-edler.de\/blog\/wp-content\/uploads\/2023\/07\/2023-07-27-16.21.39-450x297.jpg 450w, https:\/\/www.andreas-edler.de\/blog\/wp-content\/uploads\/2023\/07\/2023-07-27-16.21.39-600x396.jpg 600w, https:\/\/www.andreas-edler.de\/blog\/wp-content\/uploads\/2023\/07\/2023-07-27-16.21.39-900x594.jpg 900w, https:\/\/www.andreas-edler.de\/blog\/wp-content\/uploads\/2023\/07\/2023-07-27-16.21.39.jpg 1280w\" sizes=\"auto, (max-width: 470px) 100vw, 470px\" \/><\/a><figcaption id=\"caption-attachment-170245\" class=\"wp-caption-text\">Kirche in Visnjan<\/figcaption><\/figure>\n<p>Das sch\u00f6ne an dem Ort ist auch, dass er oben auf dem Berg liegt. Hin ist anstrengend, aber zur\u00fcck umso entspannter. W\u00e4re heute kein Gegenwind gewesen, h\u00e4tte ich einfach rollen lassen k\u00f6nnen. Trotz des Windes hatte ich bei Strava sogar einige PR auf ein paar Segmenten. Das kam mir unterwegs gar nicht so vor. Kurz vor Tar machte sich zudem das linke Klickpedal durch sehr lockeres Gef\u00fchl bemerkbar &#8211; dachte ich. Habe ausgeklickt und die Pedale untersucht, die Cleats angesehen, aber nichts gefunden. Bei der Auffahrt in Tar zum Zentrum ist mir dann aufgefallen, dass es nicht die Pedale, sondern die Kurbel war! Die hatte ich vor dem Urlaub getauscht (die alten Kettenbl\u00e4tter waren genietet) und nun hatte sich die linke Kurbel gel\u00f6st. Fuck! Den Weg von oben runter nach Solaris bin ich einbeinig gefahren, damit ich den Vierkant nicht ausnudele. War ein bisschen grimmig :-\/ Allerdings habe ich beim W\u00fchlen in der Werkzeugkiste des Caravan tats\u00e4chlich einen passenden Innensechskant zum Anziehen der Krubel gefunden. Doch noch alles gut.<\/p>\n<figure id=\"attachment_170246\" aria-describedby=\"caption-attachment-170246\" style=\"width: 470px\" class=\"wp-caption aligncenter\"><a href=\"https:\/\/www.andreas-edler.de\/blog\/wp-content\/uploads\/2023\/07\/2023-07-27-16.47.07.jpg\"><img loading=\"lazy\" decoding=\"async\" src=\"https:\/\/www.andreas-edler.de\/blog\/wp-content\/uploads\/2023\/07\/2023-07-27-16.47.07-470x271.jpg\" alt=\"\" width=\"470\" height=\"271\" class=\"size-large wp-image-170246\" srcset=\"https:\/\/www.andreas-edler.de\/blog\/wp-content\/uploads\/2023\/07\/2023-07-27-16.47.07-470x271.jpg 470w, https:\/\/www.andreas-edler.de\/blog\/wp-content\/uploads\/2023\/07\/2023-07-27-16.47.07-250x144.jpg 250w, https:\/\/www.andreas-edler.de\/blog\/wp-content\/uploads\/2023\/07\/2023-07-27-16.47.07-768x442.jpg 768w, https:\/\/www.andreas-edler.de\/blog\/wp-content\/uploads\/2023\/07\/2023-07-27-16.47.07-100x58.jpg 100w, https:\/\/www.andreas-edler.de\/blog\/wp-content\/uploads\/2023\/07\/2023-07-27-16.47.07-150x86.jpg 150w, https:\/\/www.andreas-edler.de\/blog\/wp-content\/uploads\/2023\/07\/2023-07-27-16.47.07-200x115.jpg 200w, https:\/\/www.andreas-edler.de\/blog\/wp-content\/uploads\/2023\/07\/2023-07-27-16.47.07-300x173.jpg 300w, https:\/\/www.andreas-edler.de\/blog\/wp-content\/uploads\/2023\/07\/2023-07-27-16.47.07-450x259.jpg 450w, https:\/\/www.andreas-edler.de\/blog\/wp-content\/uploads\/2023\/07\/2023-07-27-16.47.07-600x345.jpg 600w, https:\/\/www.andreas-edler.de\/blog\/wp-content\/uploads\/2023\/07\/2023-07-27-16.47.07-900x518.jpg 900w, https:\/\/www.andreas-edler.de\/blog\/wp-content\/uploads\/2023\/07\/2023-07-27-16.47.07.jpg 1280w\" sizes=\"auto, (max-width: 470px) 100vw, 470px\" \/><\/a><figcaption id=\"caption-attachment-170246\" class=\"wp-caption-text\">Blick aus dem Dachzelt<\/figcaption><\/figure>\n<p>Der Rest der Sippe wartete schon, den heute war wieder ausw\u00e4rts Essen angesagt. Tim hatte seine Uni-Sachen erledigt, Alex wartete im Dachzelt und Ben rannte drau\u00dfen rum. Aber ich musste erst einmal ins Meer zum Abk\u00fchlen. So gedr\u00e4ngelt wurde \u00fcbrigens, weil Alex unbedingt um vor 20 Uhr wieder am Meer sein und nach Delfinen Ausschau halten wollte. Tim hatte das Kiwi ausgesucht. Wird ja in den Facebook-Gruppen auch immer empfohlen und ist nur kurz die Stra\u00dfe rauf. <\/p>\n<figure id=\"attachment_170247\" aria-describedby=\"caption-attachment-170247\" style=\"width: 470px\" class=\"wp-caption aligncenter\"><a href=\"https:\/\/www.andreas-edler.de\/blog\/wp-content\/uploads\/2023\/07\/2023-07-27-18.49.08.jpg\"><img loading=\"lazy\" decoding=\"async\" src=\"https:\/\/www.andreas-edler.de\/blog\/wp-content\/uploads\/2023\/07\/2023-07-27-18.49.08-470x234.jpg\" alt=\"\" width=\"470\" height=\"234\" class=\"size-large wp-image-170247\" srcset=\"https:\/\/www.andreas-edler.de\/blog\/wp-content\/uploads\/2023\/07\/2023-07-27-18.49.08-470x234.jpg 470w, https:\/\/www.andreas-edler.de\/blog\/wp-content\/uploads\/2023\/07\/2023-07-27-18.49.08-250x124.jpg 250w, https:\/\/www.andreas-edler.de\/blog\/wp-content\/uploads\/2023\/07\/2023-07-27-18.49.08-768x382.jpg 768w, https:\/\/www.andreas-edler.de\/blog\/wp-content\/uploads\/2023\/07\/2023-07-27-18.49.08-100x50.jpg 100w, https:\/\/www.andreas-edler.de\/blog\/wp-content\/uploads\/2023\/07\/2023-07-27-18.49.08-150x75.jpg 150w, https:\/\/www.andreas-edler.de\/blog\/wp-content\/uploads\/2023\/07\/2023-07-27-18.49.08-200x99.jpg 200w, https:\/\/www.andreas-edler.de\/blog\/wp-content\/uploads\/2023\/07\/2023-07-27-18.49.08-300x149.jpg 300w, https:\/\/www.andreas-edler.de\/blog\/wp-content\/uploads\/2023\/07\/2023-07-27-18.49.08-450x224.jpg 450w, https:\/\/www.andreas-edler.de\/blog\/wp-content\/uploads\/2023\/07\/2023-07-27-18.49.08-600x298.jpg 600w, https:\/\/www.andreas-edler.de\/blog\/wp-content\/uploads\/2023\/07\/2023-07-27-18.49.08-900x447.jpg 900w, https:\/\/www.andreas-edler.de\/blog\/wp-content\/uploads\/2023\/07\/2023-07-27-18.49.08.jpg 1280w\" sizes=\"auto, (max-width: 470px) 100vw, 470px\" \/><\/a><figcaption id=\"caption-attachment-170247\" class=\"wp-caption-text\">Goldfischbecken im Kiwi<\/figcaption><\/figure>\n<p><cite>Das Kiwi hat einen sehr sch\u00f6n angelegten Au\u00dfenbereich, in dem man angenehm sitzen kann. Wir haben einen Platz hinten bei dem Goldfischbecken gew\u00e4hlt und bekamen schnell die Karte. Das Personal ist freundlich und hat sich auch zwischendurch nach dem Befinden erkundigt. Ich hatte eine Pizza Frutti die Mare, Ben Spaghetti Bolognes, Tim eine Pizza Salami und Alex eine Pizza mit K\u00e4se. Das war alles einwandfrei und schmeckte gut. Nicht die beste Pizza in diesem Urlaub, aber gut. Die Bolognese schmeckte dem J\u00fcngsten ausgezeichnet. Bis auf mich hat auch niemand aufgegessen, weil die Portionen augenscheinlich mehr als ausreichend gro\u00df waren. Der bezahlte Preis war insgesamt sehr erfreulich und von \u00fcberm\u00e4\u00dfiger Preiserh\u00f6hung im Rahmen der Euro-Einf\u00fchrung kann ich nicht berichten.<\/cite><\/p>\n<figure id=\"attachment_170248\" aria-describedby=\"caption-attachment-170248\" style=\"width: 470px\" class=\"wp-caption aligncenter\"><a href=\"https:\/\/www.andreas-edler.de\/blog\/wp-content\/uploads\/2023\/07\/2023-07-27-20.28.13.jpg\"><img loading=\"lazy\" decoding=\"async\" src=\"https:\/\/www.andreas-edler.de\/blog\/wp-content\/uploads\/2023\/07\/2023-07-27-20.28.13-470x191.jpg\" alt=\"\" width=\"470\" height=\"191\" class=\"size-large wp-image-170248\" srcset=\"https:\/\/www.andreas-edler.de\/blog\/wp-content\/uploads\/2023\/07\/2023-07-27-20.28.13-470x191.jpg 470w, https:\/\/www.andreas-edler.de\/blog\/wp-content\/uploads\/2023\/07\/2023-07-27-20.28.13-250x101.jpg 250w, https:\/\/www.andreas-edler.de\/blog\/wp-content\/uploads\/2023\/07\/2023-07-27-20.28.13-768x311.jpg 768w, https:\/\/www.andreas-edler.de\/blog\/wp-content\/uploads\/2023\/07\/2023-07-27-20.28.13-100x41.jpg 100w, https:\/\/www.andreas-edler.de\/blog\/wp-content\/uploads\/2023\/07\/2023-07-27-20.28.13-150x61.jpg 150w, https:\/\/www.andreas-edler.de\/blog\/wp-content\/uploads\/2023\/07\/2023-07-27-20.28.13-200x81.jpg 200w, https:\/\/www.andreas-edler.de\/blog\/wp-content\/uploads\/2023\/07\/2023-07-27-20.28.13-300x122.jpg 300w, https:\/\/www.andreas-edler.de\/blog\/wp-content\/uploads\/2023\/07\/2023-07-27-20.28.13-450x182.jpg 450w, https:\/\/www.andreas-edler.de\/blog\/wp-content\/uploads\/2023\/07\/2023-07-27-20.28.13-600x243.jpg 600w, https:\/\/www.andreas-edler.de\/blog\/wp-content\/uploads\/2023\/07\/2023-07-27-20.28.13-900x365.jpg 900w, https:\/\/www.andreas-edler.de\/blog\/wp-content\/uploads\/2023\/07\/2023-07-27-20.28.13.jpg 1280w\" sizes=\"auto, (max-width: 470px) 100vw, 470px\" \/><\/a><figcaption id=\"caption-attachment-170248\" class=\"wp-caption-text\">Sonnenuntergang an &#8222;unserem&#8220; Strand<\/figcaption><\/figure>\n<p>Nach dem Essen noch schnell ins Plodine und Essen und Getr\u00e4nke f\u00fcr den n\u00e4chsten Tag gekauft und dann schnell runter auf den Campingplatz. Tim ging&#8217;s schon im Kiwi schlecht und er hat sich sofort in sein Dachzelt verkr\u00fcmelt. Irgendwas mit der Verdauung. Icht hatte auch etwas Bauchgrimmen, nur Alex ging es ganz gut und sie ist sofort mit einem Campingstuhl runter zum Strand. Sobald Meeress\u00e4uger zu sehen seien, w\u00fcrden wir per Threema informiert. Kamen aber den ganzen Abend keine &#8211; leider.  Ich habe derweil unter der Markise den Text von gestern geschrieben.<\/p>\n<p>Danach sind alle ins Bett gekrochen und Ben und ich haben noch zwei Folgen &#8222;Agents of S.H.I.E.L.D.&#8220; geschaut. Ist schon einige Jahre her, dass ich das mit Tim durchgeschaut habe und Ben findet es sehr, sehr spannend. In jeder Folge gibt es ein &#8222;Ahh und oh, *die* ist das!&#8220; und weitere \u00dcberraschungen.<\/p>\n<h3>28.07.2023<\/h3>\n<p>Wie immer sehr lange geschlafen. Alex nicht so ausgiebig wie ich, dann sie ist morgens immer schon auf, um Br\u00f6tchen zu holen. Ich mache meistens R\u00fchrei dazu und das schmeckt unter freiem Himmel ganz ausgezeichnet. Ansonsten war heute reiner Gammeltag. Alex ist gegen Mittag einmal mit dem Paddelbrett raus und wir drei Jungs haben derweil mit dem Schnorchel im Meer getaucht.<\/p>\n<figure id=\"attachment_170255\" aria-describedby=\"caption-attachment-170255\" style=\"width: 470px\" class=\"wp-caption aligncenter\"><a href=\"https:\/\/www.andreas-edler.de\/blog\/wp-content\/uploads\/2023\/07\/DJI_0039.jpg\"><img loading=\"lazy\" decoding=\"async\" src=\"https:\/\/www.andreas-edler.de\/blog\/wp-content\/uploads\/2023\/07\/DJI_0039-470x212.jpg\" alt=\"\" width=\"470\" height=\"212\" class=\"size-large wp-image-170255\" srcset=\"https:\/\/www.andreas-edler.de\/blog\/wp-content\/uploads\/2023\/07\/DJI_0039-470x212.jpg 470w, https:\/\/www.andreas-edler.de\/blog\/wp-content\/uploads\/2023\/07\/DJI_0039-250x113.jpg 250w, https:\/\/www.andreas-edler.de\/blog\/wp-content\/uploads\/2023\/07\/DJI_0039-768x346.jpg 768w, https:\/\/www.andreas-edler.de\/blog\/wp-content\/uploads\/2023\/07\/DJI_0039-100x45.jpg 100w, https:\/\/www.andreas-edler.de\/blog\/wp-content\/uploads\/2023\/07\/DJI_0039-150x68.jpg 150w, https:\/\/www.andreas-edler.de\/blog\/wp-content\/uploads\/2023\/07\/DJI_0039-200x90.jpg 200w, https:\/\/www.andreas-edler.de\/blog\/wp-content\/uploads\/2023\/07\/DJI_0039-300x135.jpg 300w, https:\/\/www.andreas-edler.de\/blog\/wp-content\/uploads\/2023\/07\/DJI_0039-450x203.jpg 450w, https:\/\/www.andreas-edler.de\/blog\/wp-content\/uploads\/2023\/07\/DJI_0039-600x270.jpg 600w, https:\/\/www.andreas-edler.de\/blog\/wp-content\/uploads\/2023\/07\/DJI_0039-900x405.jpg 900w, https:\/\/www.andreas-edler.de\/blog\/wp-content\/uploads\/2023\/07\/DJI_0039.jpg 1280w\" sizes=\"auto, (max-width: 470px) 100vw, 470px\" \/><\/a><figcaption id=\"caption-attachment-170255\" class=\"wp-caption-text\">Viele kleine Fische<\/figcaption><\/figure>\n<p>Bei der klaren Sicht in der kroatischen Adria ist das echt ganz sch\u00f6n. Auch wenn es auf dem immer gleichen Campingplatz am Ufer nat\u00fcrlich auch immer gleich aussieht. Das Wasser ist nicht mehr so kn\u00fcllewarm wie in der letzten Woche, aber immer noch deutlich \u00fcber den Werten, die im heimischen Freibad erreicht werden.<\/p>\n<p>Tim hat sich irgendwann wieder zur Rezeption begeben, um f\u00fcr die Uni zu lernen. Am Nachmittag hatte Alex rennende F\u00fc\u00dfe und musste auch noch einmal los. Sie ist mit dem Fahrrad r\u00fcber nach Lanterna gefahren.<\/p>\n<figure id=\"attachment_170256\" aria-describedby=\"caption-attachment-170256\" style=\"width: 470px\" class=\"wp-caption aligncenter\"><a href=\"https:\/\/www.andreas-edler.de\/blog\/wp-content\/uploads\/2023\/07\/2023-07-28-16.59.04.jpg\"><img loading=\"lazy\" decoding=\"async\" src=\"https:\/\/www.andreas-edler.de\/blog\/wp-content\/uploads\/2023\/07\/2023-07-28-16.59.04-470x200.jpg\" alt=\"\" width=\"470\" height=\"200\" class=\"size-large wp-image-170256\" srcset=\"https:\/\/www.andreas-edler.de\/blog\/wp-content\/uploads\/2023\/07\/2023-07-28-16.59.04-470x200.jpg 470w, https:\/\/www.andreas-edler.de\/blog\/wp-content\/uploads\/2023\/07\/2023-07-28-16.59.04-250x106.jpg 250w, https:\/\/www.andreas-edler.de\/blog\/wp-content\/uploads\/2023\/07\/2023-07-28-16.59.04-768x327.jpg 768w, https:\/\/www.andreas-edler.de\/blog\/wp-content\/uploads\/2023\/07\/2023-07-28-16.59.04-100x43.jpg 100w, https:\/\/www.andreas-edler.de\/blog\/wp-content\/uploads\/2023\/07\/2023-07-28-16.59.04-150x64.jpg 150w, https:\/\/www.andreas-edler.de\/blog\/wp-content\/uploads\/2023\/07\/2023-07-28-16.59.04-200x85.jpg 200w, https:\/\/www.andreas-edler.de\/blog\/wp-content\/uploads\/2023\/07\/2023-07-28-16.59.04-300x128.jpg 300w, https:\/\/www.andreas-edler.de\/blog\/wp-content\/uploads\/2023\/07\/2023-07-28-16.59.04-450x192.jpg 450w, https:\/\/www.andreas-edler.de\/blog\/wp-content\/uploads\/2023\/07\/2023-07-28-16.59.04-600x255.jpg 600w, https:\/\/www.andreas-edler.de\/blog\/wp-content\/uploads\/2023\/07\/2023-07-28-16.59.04-900x383.jpg 900w, https:\/\/www.andreas-edler.de\/blog\/wp-content\/uploads\/2023\/07\/2023-07-28-16.59.04.jpg 1280w\" sizes=\"auto, (max-width: 470px) 100vw, 470px\" \/><\/a><figcaption id=\"caption-attachment-170256\" class=\"wp-caption-text\">Lanterna: Spielger\u00e4te im Meer<\/figcaption><\/figure>\n<p>Als sie zur\u00fcck kam, ging es mir wie mir: gut, dass wir nicht auf Lanterna sind. Die Landschaft, die B\u00e4ume, die Topologie ist alles gleich (naja, Lanterna liegt deutlich mehr an der Steilk\u00fcste), aber auf dem Textilplatz ist es viel, viel trubeliger als auf dem beschaulichen Solaris. Diese Lautst\u00e4rke, diese Menschenmassen &#8230; das w\u00e4re f\u00fcr mich kein Urlaub! Mir reicht es schon, wenn es hier mal etwas lauter ist. Und es gibt durchaus Camper, die nicht so ruhig wie wir Ostwestfalen sind. Wenn wir uns unterhalten, dann gehe ich davon aus, dass man uns auf der Nachbarparzelle nicht h\u00f6ren oder gar verstehen kann. Es gibt aber Menschen, da ist es selbstverst\u00e4ndlich, dass man dem Gespr\u00e4ch auch zwei Wohnwagen weiter noch einwandfrei folgen kann. Manchmal ist das auch inhaltlich gar nicht so sch\u00f6n &#8211; kann ja nicht einfach &#8222;Fresse!&#8220; r\u00fcber rufen. Kann ich schon, aber ich vermute dann wird der Urlaub nicht mehr so entspannt.<\/p>\n<p>Zum Abendessen hatten wir Reste von gestern. Jedenfalls Ben hatte noch seine Spaghetti Bolognese, den die Pizza wurde bereits zum Fr\u00fchst\u00fcck aufgew\u00e4rmt! Dazu abends wie immer Cevapcici auf dem Grill. Alex verlangte dieses Jahr noch gar nicht, dass ich Fisch r\u00f6ste.<\/p>\n<figure id=\"attachment_170257\" aria-describedby=\"caption-attachment-170257\" style=\"width: 470px\" class=\"wp-caption aligncenter\"><a href=\"https:\/\/www.andreas-edler.de\/blog\/wp-content\/uploads\/2023\/07\/2023-07-28-20.32.07.jpg\"><img loading=\"lazy\" decoding=\"async\" src=\"https:\/\/www.andreas-edler.de\/blog\/wp-content\/uploads\/2023\/07\/2023-07-28-20.32.07-470x196.jpg\" alt=\"\" width=\"470\" height=\"196\" class=\"size-large wp-image-170257\" srcset=\"https:\/\/www.andreas-edler.de\/blog\/wp-content\/uploads\/2023\/07\/2023-07-28-20.32.07-470x196.jpg 470w, https:\/\/www.andreas-edler.de\/blog\/wp-content\/uploads\/2023\/07\/2023-07-28-20.32.07-250x104.jpg 250w, https:\/\/www.andreas-edler.de\/blog\/wp-content\/uploads\/2023\/07\/2023-07-28-20.32.07-768x320.jpg 768w, https:\/\/www.andreas-edler.de\/blog\/wp-content\/uploads\/2023\/07\/2023-07-28-20.32.07-100x42.jpg 100w, https:\/\/www.andreas-edler.de\/blog\/wp-content\/uploads\/2023\/07\/2023-07-28-20.32.07-150x62.jpg 150w, https:\/\/www.andreas-edler.de\/blog\/wp-content\/uploads\/2023\/07\/2023-07-28-20.32.07-200x83.jpg 200w, https:\/\/www.andreas-edler.de\/blog\/wp-content\/uploads\/2023\/07\/2023-07-28-20.32.07-300x125.jpg 300w, https:\/\/www.andreas-edler.de\/blog\/wp-content\/uploads\/2023\/07\/2023-07-28-20.32.07-450x187.jpg 450w, https:\/\/www.andreas-edler.de\/blog\/wp-content\/uploads\/2023\/07\/2023-07-28-20.32.07-600x250.jpg 600w, https:\/\/www.andreas-edler.de\/blog\/wp-content\/uploads\/2023\/07\/2023-07-28-20.32.07-900x375.jpg 900w, https:\/\/www.andreas-edler.de\/blog\/wp-content\/uploads\/2023\/07\/2023-07-28-20.32.07.jpg 1280w\" sizes=\"auto, (max-width: 470px) 100vw, 470px\" \/><\/a><figcaption id=\"caption-attachment-170257\" class=\"wp-caption-text\">Abendlicher Blick aufs Meer<\/figcaption><\/figure>\n<p>Alex ist nach dem Essen wieder mit einem Campingstuhl ans Meer gegangen und hat auf Delfine gewartet, die aber leider wieder nicht erschienen sind. Tim hat gelesen und Ben und ich guckten unsere &#8222;Agents of S.H.I.E.L.D.&#8220; Serie weiter. W\u00e4hrenddessen sa\u00dfen Alex und Tim dann sp\u00e4ter noch vor dem Wohnwagen und haben der Flasche Kruskovac sehr zugesprochen und dabei gegickert.<\/p>\n<h3>29.07.2023<\/h3>\n<p>Um 10 vor 9 Uhr ist Alex los gefahren, um Br\u00f6tchen zu holen. Ich habe das nur mitbekommen, weil es vorne an der Wohnwagendeichsel &#8211; dort haben wir die Fahrr\u00e4der angeschlossen &#8211; geruckelt hat. Danach ist sie allerdings sofort mit dem Paddelbrett aufs Meer, weil das so super glatt war. Drei Kilometer die K\u00fcste rauf und runter machen hungrig! Ein wenig sp\u00e4ter kochte bereits das Wasser f\u00fcr den Kaffee und dann sa\u00dfen wir auch wieder unter freiem Himmel und haben gefr\u00fchst\u00fcckt. Die unvermeidlichen Sonnenbr\u00f6tchen, Lino-Lada und Aprikosen- bzw. Kirchschmarmelade.<\/p>\n<p>Ansonsten ist an diesem Tag nichts passiert. Wir haben keine Lust irgendwo hin zu fahren und wenn wir den Nachwuchs halbherzig versuchen zu \u00fcberreden, will der auch nicht. Also beide irgendwie nicht. Tim hat wohl wirklich doch etwas mit seinen Uni-Sachen zu tun und ringt um Formulierungen und sein kleiner Bruder spielt auf dem Tablet.<\/p>\n<figure id=\"attachment_170268\" aria-describedby=\"caption-attachment-170268\" style=\"width: 470px\" class=\"wp-caption aligncenter\"><a href=\"https:\/\/www.andreas-edler.de\/blog\/wp-content\/uploads\/2023\/07\/DJI_0055.jpg\"><img loading=\"lazy\" decoding=\"async\" src=\"https:\/\/www.andreas-edler.de\/blog\/wp-content\/uploads\/2023\/07\/DJI_0055-470x180.jpg\" alt=\"\" width=\"470\" height=\"180\" class=\"size-large wp-image-170268\" srcset=\"https:\/\/www.andreas-edler.de\/blog\/wp-content\/uploads\/2023\/07\/DJI_0055-470x180.jpg 470w, https:\/\/www.andreas-edler.de\/blog\/wp-content\/uploads\/2023\/07\/DJI_0055-250x96.jpg 250w, https:\/\/www.andreas-edler.de\/blog\/wp-content\/uploads\/2023\/07\/DJI_0055-768x295.jpg 768w, https:\/\/www.andreas-edler.de\/blog\/wp-content\/uploads\/2023\/07\/DJI_0055-100x38.jpg 100w, https:\/\/www.andreas-edler.de\/blog\/wp-content\/uploads\/2023\/07\/DJI_0055-150x58.jpg 150w, https:\/\/www.andreas-edler.de\/blog\/wp-content\/uploads\/2023\/07\/DJI_0055-200x77.jpg 200w, https:\/\/www.andreas-edler.de\/blog\/wp-content\/uploads\/2023\/07\/DJI_0055-300x115.jpg 300w, https:\/\/www.andreas-edler.de\/blog\/wp-content\/uploads\/2023\/07\/DJI_0055-450x173.jpg 450w, https:\/\/www.andreas-edler.de\/blog\/wp-content\/uploads\/2023\/07\/DJI_0055-600x230.jpg 600w, https:\/\/www.andreas-edler.de\/blog\/wp-content\/uploads\/2023\/07\/DJI_0055-900x345.jpg 900w, https:\/\/www.andreas-edler.de\/blog\/wp-content\/uploads\/2023\/07\/DJI_0055.jpg 1280w\" sizes=\"auto, (max-width: 470px) 100vw, 470px\" \/><\/a><figcaption id=\"caption-attachment-170268\" class=\"wp-caption-text\">Ben ist der Kapit\u00e4n<\/figcaption><\/figure>\n<p>Am Nachmittag haben wir uns dann \u00fcberlegt, Tretboot zu fahren. Die sind sonst immer am Strand, aber an diesem Tag aus irgendeinem Grund alle rund um die Uhr ausgeliehen. So ein Mist! Wir mussten \u00fcber 1 1\/2 Stunden warten, bis wir ein Zeitfenster hatten, um in See zu stechen. Die Zeit bis wir mit dem gro\u00dfen Boot los durften, haben wir mit dem SUP im Meer verk\u00fcrzt. Ben wollte das erste Mal &#8222;ans Ruder&#8220; und hat mit Begeisterung gepaddelt. Ich war mit den Flossen nebendran und habe mir angeschaut, was unter Wasser so los war.<\/p>\n<figure id=\"attachment_170259\" aria-describedby=\"caption-attachment-170259\" style=\"width: 470px\" class=\"wp-caption aligncenter\"><a href=\"https:\/\/www.andreas-edler.de\/blog\/wp-content\/uploads\/2023\/07\/DJI_0086.jpg\"><img loading=\"lazy\" decoding=\"async\" src=\"https:\/\/www.andreas-edler.de\/blog\/wp-content\/uploads\/2023\/07\/DJI_0086-470x279.jpg\" alt=\"\" width=\"470\" height=\"279\" class=\"size-large wp-image-170259\" srcset=\"https:\/\/www.andreas-edler.de\/blog\/wp-content\/uploads\/2023\/07\/DJI_0086-470x279.jpg 470w, https:\/\/www.andreas-edler.de\/blog\/wp-content\/uploads\/2023\/07\/DJI_0086-250x148.jpg 250w, https:\/\/www.andreas-edler.de\/blog\/wp-content\/uploads\/2023\/07\/DJI_0086-768x456.jpg 768w, https:\/\/www.andreas-edler.de\/blog\/wp-content\/uploads\/2023\/07\/DJI_0086-100x59.jpg 100w, https:\/\/www.andreas-edler.de\/blog\/wp-content\/uploads\/2023\/07\/DJI_0086-150x89.jpg 150w, https:\/\/www.andreas-edler.de\/blog\/wp-content\/uploads\/2023\/07\/DJI_0086-200x119.jpg 200w, https:\/\/www.andreas-edler.de\/blog\/wp-content\/uploads\/2023\/07\/DJI_0086-300x178.jpg 300w, https:\/\/www.andreas-edler.de\/blog\/wp-content\/uploads\/2023\/07\/DJI_0086-450x267.jpg 450w, https:\/\/www.andreas-edler.de\/blog\/wp-content\/uploads\/2023\/07\/DJI_0086-600x356.jpg 600w, https:\/\/www.andreas-edler.de\/blog\/wp-content\/uploads\/2023\/07\/DJI_0086-900x534.jpg 900w, https:\/\/www.andreas-edler.de\/blog\/wp-content\/uploads\/2023\/07\/DJI_0086.jpg 1280w\" sizes=\"auto, (max-width: 470px) 100vw, 470px\" \/><\/a><figcaption id=\"caption-attachment-170259\" class=\"wp-caption-text\">Tim ist Kapit\u00e4n<\/figcaption><\/figure>\n<p>L\u00e4nger als eine halbe Stunde hatte er aber auch keine Lust und dann war es schon so sp\u00e4t, dass wir langsam Richtung Sidro bzw. Hafen los konnten, um das Boot zu mieten. Mit dem Treten begonnen haben Ben und Tim! Anf\u00e4ngliche Schwierigkeiten mit der Navigation f\u00fchrten zu einer Ehrenrunde im Hafen, aber dann ging es geradeaus seew\u00e4rts.<\/p>\n<figure id=\"attachment_170260\" aria-describedby=\"caption-attachment-170260\" style=\"width: 470px\" class=\"wp-caption aligncenter\"><a href=\"https:\/\/www.andreas-edler.de\/blog\/wp-content\/uploads\/2023\/07\/DJI_0104.jpg\"><img loading=\"lazy\" decoding=\"async\" src=\"https:\/\/www.andreas-edler.de\/blog\/wp-content\/uploads\/2023\/07\/DJI_0104-470x145.jpg\" alt=\"\" width=\"470\" height=\"145\" class=\"size-large wp-image-170260\" srcset=\"https:\/\/www.andreas-edler.de\/blog\/wp-content\/uploads\/2023\/07\/DJI_0104-470x145.jpg 470w, https:\/\/www.andreas-edler.de\/blog\/wp-content\/uploads\/2023\/07\/DJI_0104-250x77.jpg 250w, https:\/\/www.andreas-edler.de\/blog\/wp-content\/uploads\/2023\/07\/DJI_0104-768x236.jpg 768w, https:\/\/www.andreas-edler.de\/blog\/wp-content\/uploads\/2023\/07\/DJI_0104-100x31.jpg 100w, https:\/\/www.andreas-edler.de\/blog\/wp-content\/uploads\/2023\/07\/DJI_0104-150x46.jpg 150w, https:\/\/www.andreas-edler.de\/blog\/wp-content\/uploads\/2023\/07\/DJI_0104-200x62.jpg 200w, https:\/\/www.andreas-edler.de\/blog\/wp-content\/uploads\/2023\/07\/DJI_0104-300x92.jpg 300w, https:\/\/www.andreas-edler.de\/blog\/wp-content\/uploads\/2023\/07\/DJI_0104-450x139.jpg 450w, https:\/\/www.andreas-edler.de\/blog\/wp-content\/uploads\/2023\/07\/DJI_0104-600x185.jpg 600w, https:\/\/www.andreas-edler.de\/blog\/wp-content\/uploads\/2023\/07\/DJI_0104-900x277.jpg 900w, https:\/\/www.andreas-edler.de\/blog\/wp-content\/uploads\/2023\/07\/DJI_0104.jpg 1280w\" sizes=\"auto, (max-width: 470px) 100vw, 470px\" \/><\/a><figcaption id=\"caption-attachment-170260\" class=\"wp-caption-text\">&#8222;Unser&#8220; Strand von Solaris<\/figcaption><\/figure>\n<p>Alex ist nach einiger Zeit in den gar nicht so kleinen Wellen ein bisschen gr\u00fcn im Magen geworden und ich fand es &#8222;geht so&#8220;. Mit den angezogenen Knien konnte ich kaum treten. Mit den Croqs passte ich nicht auf die Pedale und ohne Schuhe taten die Pedale weh. Aber Tim und vor allen Dingen Ben fanden es super! Leider ist schon direkt bei der Ausfahrt aus dem Hafen aufgefallen, dass Ben seine kleine Schwimmbrille verloren hat. Auf dem Weg zum Tretboot hatte er sie noch dabei. Naja, gibt es eben eine neue.<\/p>\n<figure id=\"attachment_170261\" aria-describedby=\"caption-attachment-170261\" style=\"width: 470px\" class=\"wp-caption aligncenter\"><a href=\"https:\/\/www.andreas-edler.de\/blog\/wp-content\/uploads\/2023\/07\/DJI_0109.jpg\"><img loading=\"lazy\" decoding=\"async\" src=\"https:\/\/www.andreas-edler.de\/blog\/wp-content\/uploads\/2023\/07\/DJI_0109-470x181.jpg\" alt=\"\" width=\"470\" height=\"181\" class=\"size-large wp-image-170261\" srcset=\"https:\/\/www.andreas-edler.de\/blog\/wp-content\/uploads\/2023\/07\/DJI_0109-470x181.jpg 470w, https:\/\/www.andreas-edler.de\/blog\/wp-content\/uploads\/2023\/07\/DJI_0109-250x96.jpg 250w, https:\/\/www.andreas-edler.de\/blog\/wp-content\/uploads\/2023\/07\/DJI_0109-768x295.jpg 768w, https:\/\/www.andreas-edler.de\/blog\/wp-content\/uploads\/2023\/07\/DJI_0109-100x38.jpg 100w, https:\/\/www.andreas-edler.de\/blog\/wp-content\/uploads\/2023\/07\/DJI_0109-150x58.jpg 150w, https:\/\/www.andreas-edler.de\/blog\/wp-content\/uploads\/2023\/07\/DJI_0109-200x77.jpg 200w, https:\/\/www.andreas-edler.de\/blog\/wp-content\/uploads\/2023\/07\/DJI_0109-300x115.jpg 300w, https:\/\/www.andreas-edler.de\/blog\/wp-content\/uploads\/2023\/07\/DJI_0109-450x173.jpg 450w, https:\/\/www.andreas-edler.de\/blog\/wp-content\/uploads\/2023\/07\/DJI_0109-600x231.jpg 600w, https:\/\/www.andreas-edler.de\/blog\/wp-content\/uploads\/2023\/07\/DJI_0109-900x346.jpg 900w, https:\/\/www.andreas-edler.de\/blog\/wp-content\/uploads\/2023\/07\/DJI_0109.jpg 1280w\" sizes=\"auto, (max-width: 470px) 100vw, 470px\" \/><\/a><figcaption id=\"caption-attachment-170261\" class=\"wp-caption-text\">Rutsche auf dem Tretboot<\/figcaption><\/figure>\n<p>Besonders die Rutsche auf dem Boot fand Gefallen. Tim hat immer etwas Wasser drauf geschaufelt, damit es auch &#8222;rutschig&#8220; war und dann ist Ben runter. Das ging auch ohne Brille einwandrei und er hat wegen dem Verlust auch nichts gesagt. Rutschen und hinten am Boot h\u00e4ngen waren denn auch die liebsten Besch\u00e4ftigungen. Wohlweislich hatten wir nur eine Stunde gebucht, denn danach waren wir auch etwas kaputt. Als Wir das Boot am Ufer abgegeben hatten, habe ich noch ein wenig im Wasser geschaut und zuf\u00e4llig die Schwimmbrille von Ben im Wasser entdeckt. Einmal kurz untertauchen und alle waren wieder gl\u00fccklich!<\/p>\n<p>Auf 19 Uhr hatten wir einen Tisch im Garten der Konoba Teran gebucht. Dort hatte es uns so gut gefallen, dass wir nach dem Tretbootfahren schnell geduscht haben und dann sofort rauf nach Tar fuhren.<\/p>\n<figure id=\"attachment_170262\" aria-describedby=\"caption-attachment-170262\" style=\"width: 470px\" class=\"wp-caption aligncenter\"><a href=\"https:\/\/www.andreas-edler.de\/blog\/wp-content\/uploads\/2023\/07\/2023-07-29-18.47.50.jpg\"><img loading=\"lazy\" decoding=\"async\" src=\"https:\/\/www.andreas-edler.de\/blog\/wp-content\/uploads\/2023\/07\/2023-07-29-18.47.50-470x262.jpg\" alt=\"\" width=\"470\" height=\"262\" class=\"size-large wp-image-170262\" srcset=\"https:\/\/www.andreas-edler.de\/blog\/wp-content\/uploads\/2023\/07\/2023-07-29-18.47.50-470x262.jpg 470w, https:\/\/www.andreas-edler.de\/blog\/wp-content\/uploads\/2023\/07\/2023-07-29-18.47.50-250x139.jpg 250w, https:\/\/www.andreas-edler.de\/blog\/wp-content\/uploads\/2023\/07\/2023-07-29-18.47.50-768x428.jpg 768w, https:\/\/www.andreas-edler.de\/blog\/wp-content\/uploads\/2023\/07\/2023-07-29-18.47.50-100x56.jpg 100w, https:\/\/www.andreas-edler.de\/blog\/wp-content\/uploads\/2023\/07\/2023-07-29-18.47.50-150x84.jpg 150w, https:\/\/www.andreas-edler.de\/blog\/wp-content\/uploads\/2023\/07\/2023-07-29-18.47.50-200x112.jpg 200w, https:\/\/www.andreas-edler.de\/blog\/wp-content\/uploads\/2023\/07\/2023-07-29-18.47.50-300x167.jpg 300w, https:\/\/www.andreas-edler.de\/blog\/wp-content\/uploads\/2023\/07\/2023-07-29-18.47.50-450x251.jpg 450w, https:\/\/www.andreas-edler.de\/blog\/wp-content\/uploads\/2023\/07\/2023-07-29-18.47.50-600x335.jpg 600w, https:\/\/www.andreas-edler.de\/blog\/wp-content\/uploads\/2023\/07\/2023-07-29-18.47.50-900x502.jpg 900w, https:\/\/www.andreas-edler.de\/blog\/wp-content\/uploads\/2023\/07\/2023-07-29-18.47.50.jpg 1280w\" sizes=\"auto, (max-width: 470px) 100vw, 470px\" \/><\/a><figcaption id=\"caption-attachment-170262\" class=\"wp-caption-text\">Schmaler Weg zwischen Schulhof und Restaurant<\/figcaption><\/figure>\n<p>Tim wollte mal eine andere Strecke ausprobieren und so sind wir einen kleinen asphaltierten Weg direkt entlang des Schulhofs gegangen. Man kommt dann direkt vor dem Torre raus und muss nur noch zwei Stra\u00dfen weiter gehen.<\/p>\n<figure id=\"attachment_170263\" aria-describedby=\"caption-attachment-170263\" style=\"width: 470px\" class=\"wp-caption aligncenter\"><a href=\"https:\/\/www.andreas-edler.de\/blog\/wp-content\/uploads\/2023\/07\/2023-07-29-19.21.21.jpg\"><img loading=\"lazy\" decoding=\"async\" src=\"https:\/\/www.andreas-edler.de\/blog\/wp-content\/uploads\/2023\/07\/2023-07-29-19.21.21-470x252.jpg\" alt=\"\" width=\"470\" height=\"252\" class=\"size-large wp-image-170263\" srcset=\"https:\/\/www.andreas-edler.de\/blog\/wp-content\/uploads\/2023\/07\/2023-07-29-19.21.21-470x252.jpg 470w, https:\/\/www.andreas-edler.de\/blog\/wp-content\/uploads\/2023\/07\/2023-07-29-19.21.21-250x134.jpg 250w, https:\/\/www.andreas-edler.de\/blog\/wp-content\/uploads\/2023\/07\/2023-07-29-19.21.21-768x412.jpg 768w, https:\/\/www.andreas-edler.de\/blog\/wp-content\/uploads\/2023\/07\/2023-07-29-19.21.21-100x54.jpg 100w, https:\/\/www.andreas-edler.de\/blog\/wp-content\/uploads\/2023\/07\/2023-07-29-19.21.21-150x80.jpg 150w, https:\/\/www.andreas-edler.de\/blog\/wp-content\/uploads\/2023\/07\/2023-07-29-19.21.21-200x107.jpg 200w, https:\/\/www.andreas-edler.de\/blog\/wp-content\/uploads\/2023\/07\/2023-07-29-19.21.21-300x161.jpg 300w, https:\/\/www.andreas-edler.de\/blog\/wp-content\/uploads\/2023\/07\/2023-07-29-19.21.21-450x241.jpg 450w, https:\/\/www.andreas-edler.de\/blog\/wp-content\/uploads\/2023\/07\/2023-07-29-19.21.21-600x322.jpg 600w, https:\/\/www.andreas-edler.de\/blog\/wp-content\/uploads\/2023\/07\/2023-07-29-19.21.21-900x482.jpg 900w, https:\/\/www.andreas-edler.de\/blog\/wp-content\/uploads\/2023\/07\/2023-07-29-19.21.21.jpg 1280w\" sizes=\"auto, (max-width: 470px) 100vw, 470px\" \/><\/a><figcaption id=\"caption-attachment-170263\" class=\"wp-caption-text\">Im Teran<\/figcaption><\/figure>\n<p>Im Teran konnten wir nach der Reservierung per Whatsapp am Nachmittag sofort nach hinten in den Garten durch gehen. Dort ist es wirklich sehr gem\u00fctlich und sch\u00f6n eingerichtet. Die wenigen schlechten Bewertungen auf Google bez\u00fcglich der Bewirtung kann ich absolut nicht nachvollziehen und das Essen war an diesem Tag wieder ausgezeichnet. Nur dass es Cola Zero nur in 0,2l Flaschen gibt, ist ein kleines Manko. Da k\u00f6nnte man doch beim Wunsch nach einer &#8222;gro\u00dfen Cola&#8220; auch einfach zwei Flaschen in ein gro\u00dfes Glas kippen. Aber nunja, jammern auf sehr hohem Niveau.<\/p>\n<figure id=\"attachment_170264\" aria-describedby=\"caption-attachment-170264\" style=\"width: 470px\" class=\"wp-caption aligncenter\"><a href=\"https:\/\/www.andreas-edler.de\/blog\/wp-content\/uploads\/2023\/07\/2023-07-29-20.10.55.jpg\"><img loading=\"lazy\" decoding=\"async\" src=\"https:\/\/www.andreas-edler.de\/blog\/wp-content\/uploads\/2023\/07\/2023-07-29-20.10.55-470x293.jpg\" alt=\"\" width=\"470\" height=\"293\" class=\"size-large wp-image-170264\" srcset=\"https:\/\/www.andreas-edler.de\/blog\/wp-content\/uploads\/2023\/07\/2023-07-29-20.10.55-470x293.jpg 470w, https:\/\/www.andreas-edler.de\/blog\/wp-content\/uploads\/2023\/07\/2023-07-29-20.10.55-250x156.jpg 250w, https:\/\/www.andreas-edler.de\/blog\/wp-content\/uploads\/2023\/07\/2023-07-29-20.10.55-768x478.jpg 768w, https:\/\/www.andreas-edler.de\/blog\/wp-content\/uploads\/2023\/07\/2023-07-29-20.10.55-100x62.jpg 100w, https:\/\/www.andreas-edler.de\/blog\/wp-content\/uploads\/2023\/07\/2023-07-29-20.10.55-150x93.jpg 150w, https:\/\/www.andreas-edler.de\/blog\/wp-content\/uploads\/2023\/07\/2023-07-29-20.10.55-200x125.jpg 200w, https:\/\/www.andreas-edler.de\/blog\/wp-content\/uploads\/2023\/07\/2023-07-29-20.10.55-300x187.jpg 300w, https:\/\/www.andreas-edler.de\/blog\/wp-content\/uploads\/2023\/07\/2023-07-29-20.10.55-450x280.jpg 450w, https:\/\/www.andreas-edler.de\/blog\/wp-content\/uploads\/2023\/07\/2023-07-29-20.10.55-600x374.jpg 600w, https:\/\/www.andreas-edler.de\/blog\/wp-content\/uploads\/2023\/07\/2023-07-29-20.10.55-900x560.jpg 900w, https:\/\/www.andreas-edler.de\/blog\/wp-content\/uploads\/2023\/07\/2023-07-29-20.10.55.jpg 1280w\" sizes=\"auto, (max-width: 470px) 100vw, 470px\" \/><\/a><figcaption id=\"caption-attachment-170264\" class=\"wp-caption-text\">Rathaus(?) von Tar<\/figcaption><\/figure>\n<p>Auf dem Weg zum Auto sind wir einen kleinen Umweg gegangen und haben uns die kleinen Stra\u00dfen von Tar angesehen. Hier gibt es tats\u00e4chlich sehr viele Ferienapartments. Ich bin aber trotzdem lieber im Wohnwagen auf unserer Parzelle. Bin ja mit dem Fahrrad schon \u00f6fter durch die Stadt gefahren, aber die Gassen von heute hatte ich noch nicht gesehen.<\/p>\n<figure id=\"attachment_170265\" aria-describedby=\"caption-attachment-170265\" style=\"width: 470px\" class=\"wp-caption aligncenter\"><a href=\"https:\/\/www.andreas-edler.de\/blog\/wp-content\/uploads\/2023\/07\/2023-07-29-20.26.13.jpg\"><img loading=\"lazy\" decoding=\"async\" src=\"https:\/\/www.andreas-edler.de\/blog\/wp-content\/uploads\/2023\/07\/2023-07-29-20.26.13-470x165.jpg\" alt=\"\" width=\"470\" height=\"165\" class=\"size-large wp-image-170265\" srcset=\"https:\/\/www.andreas-edler.de\/blog\/wp-content\/uploads\/2023\/07\/2023-07-29-20.26.13-470x165.jpg 470w, https:\/\/www.andreas-edler.de\/blog\/wp-content\/uploads\/2023\/07\/2023-07-29-20.26.13-250x88.jpg 250w, https:\/\/www.andreas-edler.de\/blog\/wp-content\/uploads\/2023\/07\/2023-07-29-20.26.13-768x269.jpg 768w, https:\/\/www.andreas-edler.de\/blog\/wp-content\/uploads\/2023\/07\/2023-07-29-20.26.13-100x35.jpg 100w, https:\/\/www.andreas-edler.de\/blog\/wp-content\/uploads\/2023\/07\/2023-07-29-20.26.13-150x53.jpg 150w, https:\/\/www.andreas-edler.de\/blog\/wp-content\/uploads\/2023\/07\/2023-07-29-20.26.13-200x70.jpg 200w, https:\/\/www.andreas-edler.de\/blog\/wp-content\/uploads\/2023\/07\/2023-07-29-20.26.13-300x105.jpg 300w, https:\/\/www.andreas-edler.de\/blog\/wp-content\/uploads\/2023\/07\/2023-07-29-20.26.13-450x158.jpg 450w, https:\/\/www.andreas-edler.de\/blog\/wp-content\/uploads\/2023\/07\/2023-07-29-20.26.13-600x210.jpg 600w, https:\/\/www.andreas-edler.de\/blog\/wp-content\/uploads\/2023\/07\/2023-07-29-20.26.13-900x315.jpg 900w, https:\/\/www.andreas-edler.de\/blog\/wp-content\/uploads\/2023\/07\/2023-07-29-20.26.13.jpg 1280w\" sizes=\"auto, (max-width: 470px) 100vw, 470px\" \/><\/a><figcaption id=\"caption-attachment-170265\" class=\"wp-caption-text\">Einkaufen im Tommy-Hypermarket<\/figcaption><\/figure>\n<p>Auf dem Weg &#8222;nach Hause&#8220; haben wir wieder das Essen f\u00fcr den n\u00e4chsten Tag gekauft. Da wir im Kofferraum das Leergut hatten, hielten wir am Tommy-Markt &#8211; am Plodine haben wir noch keine Abgabestelle f\u00fcr Leergut gefunden. Auf Nachfrage dort wurde nur in eine Richtung gezeigt, wo aber au\u00dfer einem Friseur nichts war. Dann eben Tommy, da ist die Spielwarenabteilung auch viel gr\u00f6\u00dfer!<\/p>\n<p>Zur\u00fcck am Wohnwagen ist Alex wieder recht schnell an den Strand, Tim noch mal zur Rezeption um was zu schreiben und ich habe an diesem Text weiter gemacht. Wieder hat Alex aber keine Delfine gesehen und Tim kam auch fix zur\u00fcck, weil an der Rezeption so viel Remmidemmi war. Dann erst noch einen Kruskovac getrunken, Tim hat in seinem Zelt weiter gemacht, Alex hat gelesen und Ben und ich &#8222;Agents of S.H.I.E.L.D.&#8220; weiter geschaut.<\/p>\n<p>Morgen ist der letzte &#8222;ganze&#8220; Tag ohne Rumger\u00e4ume :-\/<\/p>\n<h3>30.07.2023<\/h3>\n<p>Um 10 vor 9 ist Alex wie immer morgens los um Br\u00f6tchen zu kaufen. Dann haben wir in der durch die Eichen rings um uns rum sehr verschatteten Morgendsonne gefr\u00fchst\u00fcckt. Und danach wie immer nichts gemacht. Der gro\u00dfe Junge tut mir ein bisschen leid, weil man ihm ansieht, dass die Uni-Sachen an ihm nagen. Wird wohl klappen. Der junge Bruder hat gestern bereits einmal ge\u00e4u\u00dfert, dass er sich darauf freut, dass es bald nach Hause geht.<\/p>\n<p>So langsam wird es auch mehr mit dem &#8222;Mir ist langweilig!&#8220;. Zwar hilft das Tablet oder Laptop dabei ganz gut, aber p\u00e4dagogisch wertvoll ist das auch nicht. Aber ich habe auch keine Lust auf Theater. Das gibt es auf den umliegenden Pl\u00e4tzen genug. Besonders die dauercampenden Gro\u00dffamilien sind tags\u00fcber nicht unbedingt ostwestf\u00e4lisch unterwegs. Also die Kinder nicht. Das geht mir durchaus ein bisschen auf die Nerven. Gel\u00e4chter, Kinderspielen, das ist alles OK. Aber dickk\u00f6pfiges, bockiges und freches Geschrei (ja, das erkenne ich auch, wenn ich kein Wort der Sprache verstehe) ist nichts zum Erholen. Wenn die Familien dann auch noch den gr\u00f6\u00dften Teil des Tages bekleidet auf dem FKK-Platz rum rennen, ist das f\u00fcr mich echt st\u00f6rend. Aber das ist schon immer so gewesen. <\/p>\n<p>Zum Fahrradfahren hatte ich keine Lust mehr, mache ich morgen. Alex ist auch nicht mehr mit dem Paddelbrett gefahren, weil es trocknen sollte, damit es in die Tranporttasche kann.<\/p>\n<figure id=\"attachment_170271\" aria-describedby=\"caption-attachment-170271\" style=\"width: 470px\" class=\"wp-caption aligncenter\"><a href=\"https:\/\/www.andreas-edler.de\/blog\/wp-content\/uploads\/2023\/07\/DJI_0132.jpg\"><img loading=\"lazy\" decoding=\"async\" src=\"https:\/\/www.andreas-edler.de\/blog\/wp-content\/uploads\/2023\/07\/DJI_0132-470x201.jpg\" alt=\"\" width=\"470\" height=\"201\" class=\"size-large wp-image-170271\" srcset=\"https:\/\/www.andreas-edler.de\/blog\/wp-content\/uploads\/2023\/07\/DJI_0132-470x201.jpg 470w, https:\/\/www.andreas-edler.de\/blog\/wp-content\/uploads\/2023\/07\/DJI_0132-250x107.jpg 250w, https:\/\/www.andreas-edler.de\/blog\/wp-content\/uploads\/2023\/07\/DJI_0132-768x329.jpg 768w, https:\/\/www.andreas-edler.de\/blog\/wp-content\/uploads\/2023\/07\/DJI_0132-100x43.jpg 100w, https:\/\/www.andreas-edler.de\/blog\/wp-content\/uploads\/2023\/07\/DJI_0132-150x64.jpg 150w, https:\/\/www.andreas-edler.de\/blog\/wp-content\/uploads\/2023\/07\/DJI_0132-200x86.jpg 200w, https:\/\/www.andreas-edler.de\/blog\/wp-content\/uploads\/2023\/07\/DJI_0132-300x128.jpg 300w, https:\/\/www.andreas-edler.de\/blog\/wp-content\/uploads\/2023\/07\/DJI_0132-450x193.jpg 450w, https:\/\/www.andreas-edler.de\/blog\/wp-content\/uploads\/2023\/07\/DJI_0132-600x257.jpg 600w, https:\/\/www.andreas-edler.de\/blog\/wp-content\/uploads\/2023\/07\/DJI_0132-900x385.jpg 900w, https:\/\/www.andreas-edler.de\/blog\/wp-content\/uploads\/2023\/07\/DJI_0132.jpg 1280w\" sizes=\"auto, (max-width: 470px) 100vw, 470px\" \/><\/a><figcaption id=\"caption-attachment-170271\" class=\"wp-caption-text\">Kletter&#8220;eisberg&#8220; am Hafen<\/figcaption><\/figure>\n<p>Ins Wasser sind wir aber trotzdem gegangen. Ben wollte in diesem Urlaub auch noch einmal auf die Wasserspielger\u00e4te. Ich glaube, ich bin f\u00fcr die Dinger etwas schwer, aber Alex wollte dann auch auf eines der Trampoline. Der Spa\u00df kostet 10 Euro pro Person und halbe Stunde. Ich finde das ist <strong>wirklich<\/strong> teuer! Aber was solls, wir sind im Urlaub. Ben fand es super und hat in diesem Jahr auch Dinge hinbekommen, f\u00fcr die er im letzten Jahr einfach noch ein wenig zu klein war. So klappte das Erklimmen des Eisbergs recht gut und er hat sich auch getraut, runter zu springen!<\/p>\n<figure id=\"attachment_170272\" aria-describedby=\"caption-attachment-170272\" style=\"width: 470px\" class=\"wp-caption aligncenter\"><a href=\"https:\/\/www.andreas-edler.de\/blog\/wp-content\/uploads\/2023\/07\/DJI_0141.jpg\"><img loading=\"lazy\" decoding=\"async\" src=\"https:\/\/www.andreas-edler.de\/blog\/wp-content\/uploads\/2023\/07\/DJI_0141-470x195.jpg\" alt=\"\" width=\"470\" height=\"195\" class=\"size-large wp-image-170272\" srcset=\"https:\/\/www.andreas-edler.de\/blog\/wp-content\/uploads\/2023\/07\/DJI_0141-470x195.jpg 470w, https:\/\/www.andreas-edler.de\/blog\/wp-content\/uploads\/2023\/07\/DJI_0141-250x103.jpg 250w, https:\/\/www.andreas-edler.de\/blog\/wp-content\/uploads\/2023\/07\/DJI_0141-768x318.jpg 768w, https:\/\/www.andreas-edler.de\/blog\/wp-content\/uploads\/2023\/07\/DJI_0141-1536x636.jpg 1536w, https:\/\/www.andreas-edler.de\/blog\/wp-content\/uploads\/2023\/07\/DJI_0141-100x41.jpg 100w, https:\/\/www.andreas-edler.de\/blog\/wp-content\/uploads\/2023\/07\/DJI_0141-150x62.jpg 150w, https:\/\/www.andreas-edler.de\/blog\/wp-content\/uploads\/2023\/07\/DJI_0141-200x83.jpg 200w, https:\/\/www.andreas-edler.de\/blog\/wp-content\/uploads\/2023\/07\/DJI_0141-300x124.jpg 300w, https:\/\/www.andreas-edler.de\/blog\/wp-content\/uploads\/2023\/07\/DJI_0141-450x186.jpg 450w, https:\/\/www.andreas-edler.de\/blog\/wp-content\/uploads\/2023\/07\/DJI_0141-600x248.jpg 600w, https:\/\/www.andreas-edler.de\/blog\/wp-content\/uploads\/2023\/07\/DJI_0141-900x373.jpg 900w, https:\/\/www.andreas-edler.de\/blog\/wp-content\/uploads\/2023\/07\/DJI_0141.jpg 1715w\" sizes=\"auto, (max-width: 470px) 100vw, 470px\" \/><\/a><figcaption id=\"caption-attachment-170272\" class=\"wp-caption-text\">Fische am Sandstrand<\/figcaption><\/figure>\n<p>Ich bin derweil rumgeschnorchelt und habe mir angeschaut, wie die Adria mit Sandstrand aussieht. Am Hafen vor dem Sidro ist im Meer n\u00e4mlich putzigerweise richtig Sand auf dem Grund. Ich bin mir noch nicht einmal sicher, ob der angef\u00fcllt ist, oder nat\u00fcrlich dort liegt. Ist halt ein bisschen gesch\u00fctzt von der Mole, so dass er nicht weggeschwemmt wird. Und am Ufer ist wieder Kies. Als Alex und Ben die Spielger\u00e4te verlassen haben, wurde ich aber gleich gerufen. Ben ist von dem schwimmenden Flo\u00df gesprungen und dabei ist wieder die Brille verschwunden. Nach ein klein wenig suchen, war sie aber schnell gefunden. Blau auf wei\u00dfem Grund ist ganz gut zu erkennen und zweieinhalb Meter komme ich auch ohne Flossen runter. Danach sind erst Alex und dann Tim noch ein letztes Mal mit dem Paddelbrett gefahren!<\/p>\n<figure id=\"attachment_170269\" aria-describedby=\"caption-attachment-170269\" style=\"width: 470px\" class=\"wp-caption aligncenter\"><a href=\"https:\/\/www.andreas-edler.de\/blog\/wp-content\/uploads\/2023\/07\/2023-07-30-18.57.21.jpg\"><img loading=\"lazy\" decoding=\"async\" src=\"https:\/\/www.andreas-edler.de\/blog\/wp-content\/uploads\/2023\/07\/2023-07-30-18.57.21-470x162.jpg\" alt=\"\" width=\"470\" height=\"162\" class=\"size-large wp-image-170269\" srcset=\"https:\/\/www.andreas-edler.de\/blog\/wp-content\/uploads\/2023\/07\/2023-07-30-18.57.21-470x162.jpg 470w, https:\/\/www.andreas-edler.de\/blog\/wp-content\/uploads\/2023\/07\/2023-07-30-18.57.21-250x86.jpg 250w, https:\/\/www.andreas-edler.de\/blog\/wp-content\/uploads\/2023\/07\/2023-07-30-18.57.21-768x264.jpg 768w, https:\/\/www.andreas-edler.de\/blog\/wp-content\/uploads\/2023\/07\/2023-07-30-18.57.21-100x34.jpg 100w, https:\/\/www.andreas-edler.de\/blog\/wp-content\/uploads\/2023\/07\/2023-07-30-18.57.21-150x52.jpg 150w, https:\/\/www.andreas-edler.de\/blog\/wp-content\/uploads\/2023\/07\/2023-07-30-18.57.21-200x69.jpg 200w, https:\/\/www.andreas-edler.de\/blog\/wp-content\/uploads\/2023\/07\/2023-07-30-18.57.21-300x103.jpg 300w, https:\/\/www.andreas-edler.de\/blog\/wp-content\/uploads\/2023\/07\/2023-07-30-18.57.21-450x155.jpg 450w, https:\/\/www.andreas-edler.de\/blog\/wp-content\/uploads\/2023\/07\/2023-07-30-18.57.21-600x206.jpg 600w, https:\/\/www.andreas-edler.de\/blog\/wp-content\/uploads\/2023\/07\/2023-07-30-18.57.21-900x309.jpg 900w, https:\/\/www.andreas-edler.de\/blog\/wp-content\/uploads\/2023\/07\/2023-07-30-18.57.21.jpg 1280w\" sizes=\"auto, (max-width: 470px) 100vw, 470px\" \/><\/a><figcaption id=\"caption-attachment-170269\" class=\"wp-caption-text\">An den richtigen Stellen falten, damit es in die Tasche passt.<\/figcaption><\/figure>\n<p>Am Abend sind wir dann bereits mit den ersten Aufr\u00e4umarbeiten angefangen. Das Brett war trocken und wir konnten es schon mal verstauen. Danach gab es das \u00fcbliche Essen: Br\u00f6tchen vom Fr\u00fchst\u00fcck! Heute erg\u00e4nzt durch gegrilltes H\u00e4hnchenfleisch, Paprikastreifen, kleine Tomaten und etwas Aufschnitt. Dazu ein leckeres O\u017eujsko pivo aus der 0,5l Dose. In diesem Jahr gab&#8217;s davon f\u00fcr mich gar nicht so viel. Hatte irgendwie keine Lust und ich bin ja auch immer gefahren, wenn wir ausw\u00e4rts essen waren!<\/p>\n<div style=\"width: 605px;\" class=\"wp-video\"><video class=\"wp-video-shortcode\" id=\"video-170118-2\" width=\"605\" height=\"340\" preload=\"metadata\" controls=\"controls\"><source type=\"video\/mp4\" src=\"https:\/\/www.andreas-edler.de\/blog\/wp-content\/uploads\/2023\/07\/2023-07-30-19.59.06.mp4?_=2\" \/><a href=\"https:\/\/www.andreas-edler.de\/blog\/wp-content\/uploads\/2023\/07\/2023-07-30-19.59.06.mp4\">https:\/\/www.andreas-edler.de\/blog\/wp-content\/uploads\/2023\/07\/2023-07-30-19.59.06.mp4<\/a><\/video><\/div>\n<p>Nach dem Essen mussten sich Ben und Tim noch mal abk\u00fchlen, Alex sa\u00df derweil ein St\u00fcckchen weiter auf dem Campingstuhl und hat das Spektakel im Bild festgehalten. Allerdings war Alex nicht sooo lange am Meer, denn es gab an diesem Abend wohl extrem viele M\u00fccken da unten. Ich war nicht mit, weil irgendjemand ja auch das Tagebuch f\u00fchren muss. Tim hat mit Ben noch ein bisschen rumgespielt. Als die beiden aber am Wohnwagen ankamen, musste der Gro\u00dfe noch mal &#8222;studieren&#8220;, was der Kleine mit einem Anfall akuter Bockigkeit quittierte.<\/p>\n<figure id=\"attachment_170274\" aria-describedby=\"caption-attachment-170274\" style=\"width: 470px\" class=\"wp-caption aligncenter\"><a href=\"https:\/\/www.andreas-edler.de\/blog\/wp-content\/uploads\/2023\/07\/2023-07-30-20.38.01.jpg\"><img loading=\"lazy\" decoding=\"async\" src=\"https:\/\/www.andreas-edler.de\/blog\/wp-content\/uploads\/2023\/07\/2023-07-30-20.38.01-470x208.jpg\" alt=\"\" width=\"470\" height=\"208\" class=\"size-large wp-image-170274\" srcset=\"https:\/\/www.andreas-edler.de\/blog\/wp-content\/uploads\/2023\/07\/2023-07-30-20.38.01-470x208.jpg 470w, https:\/\/www.andreas-edler.de\/blog\/wp-content\/uploads\/2023\/07\/2023-07-30-20.38.01-250x111.jpg 250w, https:\/\/www.andreas-edler.de\/blog\/wp-content\/uploads\/2023\/07\/2023-07-30-20.38.01-768x340.jpg 768w, https:\/\/www.andreas-edler.de\/blog\/wp-content\/uploads\/2023\/07\/2023-07-30-20.38.01-100x44.jpg 100w, https:\/\/www.andreas-edler.de\/blog\/wp-content\/uploads\/2023\/07\/2023-07-30-20.38.01-150x66.jpg 150w, https:\/\/www.andreas-edler.de\/blog\/wp-content\/uploads\/2023\/07\/2023-07-30-20.38.01-200x89.jpg 200w, https:\/\/www.andreas-edler.de\/blog\/wp-content\/uploads\/2023\/07\/2023-07-30-20.38.01-300x133.jpg 300w, https:\/\/www.andreas-edler.de\/blog\/wp-content\/uploads\/2023\/07\/2023-07-30-20.38.01-450x199.jpg 450w, https:\/\/www.andreas-edler.de\/blog\/wp-content\/uploads\/2023\/07\/2023-07-30-20.38.01-600x266.jpg 600w, https:\/\/www.andreas-edler.de\/blog\/wp-content\/uploads\/2023\/07\/2023-07-30-20.38.01-900x399.jpg 900w, https:\/\/www.andreas-edler.de\/blog\/wp-content\/uploads\/2023\/07\/2023-07-30-20.38.01.jpg 1280w\" sizes=\"auto, (max-width: 470px) 100vw, 470px\" \/><\/a><figcaption id=\"caption-attachment-170274\" class=\"wp-caption-text\">Wolken am Horizont<\/figcaption><\/figure>\n<p>Das geht mir ja auch so richtig auf die Nerven. Freue mich schon, wenn der J\u00fcngste in die Pubert\u00e4t kommt. Ist das bei Tim halbwegs glimpflich verlaufen, kann ich mir bei Ben diverse Dinge vorstellen ;-)<\/p>\n<figure id=\"attachment_170275\" aria-describedby=\"caption-attachment-170275\" style=\"width: 470px\" class=\"wp-caption aligncenter\"><a href=\"https:\/\/www.andreas-edler.de\/blog\/wp-content\/uploads\/2023\/07\/2023-07-30-22.09.21.jpg\"><img loading=\"lazy\" decoding=\"async\" src=\"https:\/\/www.andreas-edler.de\/blog\/wp-content\/uploads\/2023\/07\/2023-07-30-22.09.21-470x204.jpg\" alt=\"\" width=\"470\" height=\"204\" class=\"size-large wp-image-170275\" srcset=\"https:\/\/www.andreas-edler.de\/blog\/wp-content\/uploads\/2023\/07\/2023-07-30-22.09.21-470x204.jpg 470w, https:\/\/www.andreas-edler.de\/blog\/wp-content\/uploads\/2023\/07\/2023-07-30-22.09.21-250x108.jpg 250w, https:\/\/www.andreas-edler.de\/blog\/wp-content\/uploads\/2023\/07\/2023-07-30-22.09.21-768x333.jpg 768w, https:\/\/www.andreas-edler.de\/blog\/wp-content\/uploads\/2023\/07\/2023-07-30-22.09.21-100x43.jpg 100w, https:\/\/www.andreas-edler.de\/blog\/wp-content\/uploads\/2023\/07\/2023-07-30-22.09.21-150x65.jpg 150w, https:\/\/www.andreas-edler.de\/blog\/wp-content\/uploads\/2023\/07\/2023-07-30-22.09.21-200x87.jpg 200w, https:\/\/www.andreas-edler.de\/blog\/wp-content\/uploads\/2023\/07\/2023-07-30-22.09.21-300x130.jpg 300w, https:\/\/www.andreas-edler.de\/blog\/wp-content\/uploads\/2023\/07\/2023-07-30-22.09.21-450x195.jpg 450w, https:\/\/www.andreas-edler.de\/blog\/wp-content\/uploads\/2023\/07\/2023-07-30-22.09.21-600x260.jpg 600w, https:\/\/www.andreas-edler.de\/blog\/wp-content\/uploads\/2023\/07\/2023-07-30-22.09.21-900x390.jpg 900w, https:\/\/www.andreas-edler.de\/blog\/wp-content\/uploads\/2023\/07\/2023-07-30-22.09.21.jpg 1280w\" sizes=\"auto, (max-width: 470px) 100vw, 470px\" \/><\/a><figcaption id=\"caption-attachment-170275\" class=\"wp-caption-text\">Agents of S.H.I.E.L.D. geht immer<\/figcaption><\/figure>\n<p>Allerdings konnte die Phase recht schnell geheilt werden. Vor dem Schlafen haben wir unsere Serie weiter geschaut und dabei war dann wieder alles gut.<\/p>\n<h3>31.07.2023 &#8211; Abbau<\/h3>\n<p>Wenn es nicht sein muss, dann bin ich nat\u00fcrlich fr\u00fch wach. Hin und her gedreht und um 6:30 Uhr das erste Mal auf die Uhr geschaut. Toll, drau\u00dfen war noch alles ruhig, aber in meinem Kopf dr\u00f6hnte es. Das kann ich ja brauchen wie Kr\u00e4tze. Alex ist normal aufgestanden und hat Br\u00f6tchen geholt, ich habe mich noch mal rum gedreht, nachdem ich eine Tablette genommen habe. Zum fr\u00fchst\u00fcck ging es halbwegs, aber es puckerte immer noch hinter der Schl\u00e4fe. Letzter Tag auf Solaris! Abbau ist angesagt.<\/p>\n<p>Richtig viele Fotos haben wir dieses Jahr nicht gemacht. Kennen schon alles. So gibt es auch vom Abbau kaum was.<\/p>\n<figure id=\"attachment_170280\" aria-describedby=\"caption-attachment-170280\" style=\"width: 470px\" class=\"wp-caption aligncenter\"><a href=\"https:\/\/www.andreas-edler.de\/blog\/wp-content\/uploads\/2023\/07\/2023-07-31-12.09.34.jpg\"><img loading=\"lazy\" decoding=\"async\" src=\"https:\/\/www.andreas-edler.de\/blog\/wp-content\/uploads\/2023\/07\/2023-07-31-12.09.34-470x188.jpg\" alt=\"\" width=\"470\" height=\"188\" class=\"size-large wp-image-170280\" srcset=\"https:\/\/www.andreas-edler.de\/blog\/wp-content\/uploads\/2023\/07\/2023-07-31-12.09.34-470x188.jpg 470w, https:\/\/www.andreas-edler.de\/blog\/wp-content\/uploads\/2023\/07\/2023-07-31-12.09.34-250x100.jpg 250w, https:\/\/www.andreas-edler.de\/blog\/wp-content\/uploads\/2023\/07\/2023-07-31-12.09.34-768x307.jpg 768w, https:\/\/www.andreas-edler.de\/blog\/wp-content\/uploads\/2023\/07\/2023-07-31-12.09.34-100x40.jpg 100w, https:\/\/www.andreas-edler.de\/blog\/wp-content\/uploads\/2023\/07\/2023-07-31-12.09.34-150x60.jpg 150w, https:\/\/www.andreas-edler.de\/blog\/wp-content\/uploads\/2023\/07\/2023-07-31-12.09.34-200x80.jpg 200w, https:\/\/www.andreas-edler.de\/blog\/wp-content\/uploads\/2023\/07\/2023-07-31-12.09.34-300x120.jpg 300w, https:\/\/www.andreas-edler.de\/blog\/wp-content\/uploads\/2023\/07\/2023-07-31-12.09.34-450x180.jpg 450w, https:\/\/www.andreas-edler.de\/blog\/wp-content\/uploads\/2023\/07\/2023-07-31-12.09.34-600x240.jpg 600w, https:\/\/www.andreas-edler.de\/blog\/wp-content\/uploads\/2023\/07\/2023-07-31-12.09.34-900x360.jpg 900w, https:\/\/www.andreas-edler.de\/blog\/wp-content\/uploads\/2023\/07\/2023-07-31-12.09.34.jpg 1280w\" sizes=\"auto, (max-width: 470px) 100vw, 470px\" \/><\/a><figcaption id=\"caption-attachment-170280\" class=\"wp-caption-text\">Los geht es!<\/figcaption><\/figure>\n<p>Gegen 12 Uhr sind wir angefangen. Ganz langsam. Hier ein paar Heringe aus dem Boden ziehen, dort die Spanngurte zusammen rollen. So richtig motiviert war ich nicht und hatte auch immer noch Kopfschmerzen.<\/p>\n<figure id=\"attachment_170281\" aria-describedby=\"caption-attachment-170281\" style=\"width: 470px\" class=\"wp-caption aligncenter\"><a href=\"https:\/\/www.andreas-edler.de\/blog\/wp-content\/uploads\/2023\/07\/2023-07-31-12.28.09.jpg\"><img loading=\"lazy\" decoding=\"async\" src=\"https:\/\/www.andreas-edler.de\/blog\/wp-content\/uploads\/2023\/07\/2023-07-31-12.28.09-470x188.jpg\" alt=\"\" width=\"470\" height=\"188\" class=\"size-large wp-image-170281\" srcset=\"https:\/\/www.andreas-edler.de\/blog\/wp-content\/uploads\/2023\/07\/2023-07-31-12.28.09-470x188.jpg 470w, https:\/\/www.andreas-edler.de\/blog\/wp-content\/uploads\/2023\/07\/2023-07-31-12.28.09-250x100.jpg 250w, https:\/\/www.andreas-edler.de\/blog\/wp-content\/uploads\/2023\/07\/2023-07-31-12.28.09-768x307.jpg 768w, https:\/\/www.andreas-edler.de\/blog\/wp-content\/uploads\/2023\/07\/2023-07-31-12.28.09-100x40.jpg 100w, https:\/\/www.andreas-edler.de\/blog\/wp-content\/uploads\/2023\/07\/2023-07-31-12.28.09-150x60.jpg 150w, https:\/\/www.andreas-edler.de\/blog\/wp-content\/uploads\/2023\/07\/2023-07-31-12.28.09-200x80.jpg 200w, https:\/\/www.andreas-edler.de\/blog\/wp-content\/uploads\/2023\/07\/2023-07-31-12.28.09-300x120.jpg 300w, https:\/\/www.andreas-edler.de\/blog\/wp-content\/uploads\/2023\/07\/2023-07-31-12.28.09-450x180.jpg 450w, https:\/\/www.andreas-edler.de\/blog\/wp-content\/uploads\/2023\/07\/2023-07-31-12.28.09-600x240.jpg 600w, https:\/\/www.andreas-edler.de\/blog\/wp-content\/uploads\/2023\/07\/2023-07-31-12.28.09-900x360.jpg 900w, https:\/\/www.andreas-edler.de\/blog\/wp-content\/uploads\/2023\/07\/2023-07-31-12.28.09.jpg 1280w\" sizes=\"auto, (max-width: 470px) 100vw, 470px\" \/><\/a><figcaption id=\"caption-attachment-170281\" class=\"wp-caption-text\">Ein Teil der Pieselotten.<\/figcaption><\/figure>\n<p>Aufr\u00e4umen macht echt keinen Spa\u00df. Dann wird es im Wohnwagen eng, man kann nicht mehr einfach an alles ran und muss sich genau \u00fcberlegen, was man wohl noch mal in die Hand nehmen wird. Tim hat davon nichts mitbekommen, der sa\u00df wieder an der Rezeption und hat ein Tutorium f\u00fcr seine Pr\u00fcfung am Freitag gemacht. Wird noch weitere zwei Mal angeboten. Das eine Mal, wenn wir im Auto sitzen und nach Hause fahren. Mal sehen, wie gut das mit dem Roaming w\u00e4hrend der Fahrt klappt.<\/p>\n<figure id=\"attachment_170282\" aria-describedby=\"caption-attachment-170282\" style=\"width: 470px\" class=\"wp-caption aligncenter\"><a href=\"https:\/\/www.andreas-edler.de\/blog\/wp-content\/uploads\/2023\/07\/2023-07-31-16.10.30.jpg\"><img loading=\"lazy\" decoding=\"async\" src=\"https:\/\/www.andreas-edler.de\/blog\/wp-content\/uploads\/2023\/07\/2023-07-31-16.10.30-470x278.jpg\" alt=\"\" width=\"470\" height=\"278\" class=\"size-large wp-image-170282\" srcset=\"https:\/\/www.andreas-edler.de\/blog\/wp-content\/uploads\/2023\/07\/2023-07-31-16.10.30-470x278.jpg 470w, https:\/\/www.andreas-edler.de\/blog\/wp-content\/uploads\/2023\/07\/2023-07-31-16.10.30-250x148.jpg 250w, https:\/\/www.andreas-edler.de\/blog\/wp-content\/uploads\/2023\/07\/2023-07-31-16.10.30-768x454.jpg 768w, https:\/\/www.andreas-edler.de\/blog\/wp-content\/uploads\/2023\/07\/2023-07-31-16.10.30-100x59.jpg 100w, https:\/\/www.andreas-edler.de\/blog\/wp-content\/uploads\/2023\/07\/2023-07-31-16.10.30-150x89.jpg 150w, https:\/\/www.andreas-edler.de\/blog\/wp-content\/uploads\/2023\/07\/2023-07-31-16.10.30-200x118.jpg 200w, https:\/\/www.andreas-edler.de\/blog\/wp-content\/uploads\/2023\/07\/2023-07-31-16.10.30-300x177.jpg 300w, https:\/\/www.andreas-edler.de\/blog\/wp-content\/uploads\/2023\/07\/2023-07-31-16.10.30-450x266.jpg 450w, https:\/\/www.andreas-edler.de\/blog\/wp-content\/uploads\/2023\/07\/2023-07-31-16.10.30-600x354.jpg 600w, https:\/\/www.andreas-edler.de\/blog\/wp-content\/uploads\/2023\/07\/2023-07-31-16.10.30-900x532.jpg 900w, https:\/\/www.andreas-edler.de\/blog\/wp-content\/uploads\/2023\/07\/2023-07-31-16.10.30.jpg 1280w\" sizes=\"auto, (max-width: 470px) 100vw, 470px\" \/><\/a><figcaption id=\"caption-attachment-170282\" class=\"wp-caption-text\">Das Meiste ist weg.<\/figcaption><\/figure>\n<p>Um 16 Uhr waren die Fahrr\u00e4der auf der Deichsel verzurrt, Gartenschlauch und Teppiche wegger\u00e4umt und eigentlich war nur noch die Markise einzurollen und die Gartenst\u00fchle unter das Doppelbett zu r\u00e4umen. Fertig &#8211; also so gut wie. Zeit f\u00fcr einen Aperol :-) Als Tim von der Rezeption und dem Lernen zur\u00fcck kam, sind wir noch mal kurz ins Wasser und haben danach auch die Markise eingerollt. F\u00fcr den letzten Abend haben wir uns entschieden, noch einmal das &#8222;Tri Kantuna&#8220; in Tar zu besuchen. Da waren wir vor zwei Jahren bereits mit Freunden und fanden es recht lecker.<\/p>\n<figure id=\"attachment_170284\" aria-describedby=\"caption-attachment-170284\" style=\"width: 470px\" class=\"wp-caption aligncenter\"><a href=\"https:\/\/www.andreas-edler.de\/blog\/wp-content\/uploads\/2023\/08\/2023-07-31-19.19.53.jpg\"><img loading=\"lazy\" decoding=\"async\" src=\"https:\/\/www.andreas-edler.de\/blog\/wp-content\/uploads\/2023\/08\/2023-07-31-19.19.53-470x127.jpg\" alt=\"\" width=\"470\" height=\"127\" class=\"size-large wp-image-170284\" srcset=\"https:\/\/www.andreas-edler.de\/blog\/wp-content\/uploads\/2023\/08\/2023-07-31-19.19.53-470x127.jpg 470w, https:\/\/www.andreas-edler.de\/blog\/wp-content\/uploads\/2023\/08\/2023-07-31-19.19.53-250x68.jpg 250w, https:\/\/www.andreas-edler.de\/blog\/wp-content\/uploads\/2023\/08\/2023-07-31-19.19.53-768x208.jpg 768w, https:\/\/www.andreas-edler.de\/blog\/wp-content\/uploads\/2023\/08\/2023-07-31-19.19.53-100x27.jpg 100w, https:\/\/www.andreas-edler.de\/blog\/wp-content\/uploads\/2023\/08\/2023-07-31-19.19.53-150x41.jpg 150w, https:\/\/www.andreas-edler.de\/blog\/wp-content\/uploads\/2023\/08\/2023-07-31-19.19.53-200x54.jpg 200w, https:\/\/www.andreas-edler.de\/blog\/wp-content\/uploads\/2023\/08\/2023-07-31-19.19.53-300x81.jpg 300w, https:\/\/www.andreas-edler.de\/blog\/wp-content\/uploads\/2023\/08\/2023-07-31-19.19.53-450x122.jpg 450w, https:\/\/www.andreas-edler.de\/blog\/wp-content\/uploads\/2023\/08\/2023-07-31-19.19.53-600x162.jpg 600w, https:\/\/www.andreas-edler.de\/blog\/wp-content\/uploads\/2023\/08\/2023-07-31-19.19.53-900x243.jpg 900w, https:\/\/www.andreas-edler.de\/blog\/wp-content\/uploads\/2023\/08\/2023-07-31-19.19.53.jpg 1280w\" sizes=\"auto, (max-width: 470px) 100vw, 470px\" \/><\/a><figcaption id=\"caption-attachment-170284\" class=\"wp-caption-text\">Grillplatte f\u00fcr zwei Personen<\/figcaption><\/figure>\n<p><cite>Der Andrang war gro\u00df! Auf telefonische Anfrage um 17 Uhr wurde mitgeteilt, dass Reservierungen nicht m\u00f6glich seien. Sind dann auf 18 Uhr hingefahren und haben den einzigen freien Tisch in der prallen Sonne bekommen. Auf Nachfrage konnten wir uns ca. 20 Minuten sp\u00e4ter an einen freigewordenen Schattenplatz setzen. Da hatten wir schon unsere Getr\u00e4nke bekommen und das Essen bestellt. Derweil warteten bereits \u00fcber 10 neue G\u00e4ste in der Sonne.<br \/>\n<br \/>\nNach weiteren 30 Minuten (wir haben die Timestamps der Bilder) bekam Ben seine Pizza und kurz darauf Alex und Tim eine Grillplatte f\u00fcr zwei Personen. Mein gef\u00fclltes Hacksteak kam ohne jedes weitere Wort 18 Minuten sp\u00e4ter. Da war die Grillplatte fast aufgegessen. Das geht echt gar nicht! Andere G\u00e4ste murrten sichtlich, dass sie ewig auf das Bezahlen warteten.<br \/>\nDie Portionen sind riesig und das Essen schmeckte auch. Da wir sofort beim Abr\u00e4umen nach der Rechnung fragten, klappte das bei uns innerhalb von 10 Minuten.<br \/>\n<br \/>\nAber die lange Wartezeit und das irgendwie unorganisiert wirkende Handling halten uns von weiteren Besuchen ab. Da gibt es deutlich angenehmere Restaurants in Tar.<\/cite><\/p>\n<figure id=\"attachment_170287\" aria-describedby=\"caption-attachment-170287\" style=\"width: 470px\" class=\"wp-caption aligncenter\"><a href=\"https:\/\/www.andreas-edler.de\/blog\/wp-content\/uploads\/2023\/08\/2023-07-31-20.05.41.jpg\"><img loading=\"lazy\" decoding=\"async\" src=\"https:\/\/www.andreas-edler.de\/blog\/wp-content\/uploads\/2023\/08\/2023-07-31-20.05.41-470x232.jpg\" alt=\"\" width=\"470\" height=\"232\" class=\"size-large wp-image-170287\" srcset=\"https:\/\/www.andreas-edler.de\/blog\/wp-content\/uploads\/2023\/08\/2023-07-31-20.05.41-470x232.jpg 470w, https:\/\/www.andreas-edler.de\/blog\/wp-content\/uploads\/2023\/08\/2023-07-31-20.05.41-250x123.jpg 250w, https:\/\/www.andreas-edler.de\/blog\/wp-content\/uploads\/2023\/08\/2023-07-31-20.05.41-768x379.jpg 768w, https:\/\/www.andreas-edler.de\/blog\/wp-content\/uploads\/2023\/08\/2023-07-31-20.05.41-100x49.jpg 100w, https:\/\/www.andreas-edler.de\/blog\/wp-content\/uploads\/2023\/08\/2023-07-31-20.05.41-150x74.jpg 150w, https:\/\/www.andreas-edler.de\/blog\/wp-content\/uploads\/2023\/08\/2023-07-31-20.05.41-200x99.jpg 200w, https:\/\/www.andreas-edler.de\/blog\/wp-content\/uploads\/2023\/08\/2023-07-31-20.05.41-300x148.jpg 300w, https:\/\/www.andreas-edler.de\/blog\/wp-content\/uploads\/2023\/08\/2023-07-31-20.05.41-450x222.jpg 450w, https:\/\/www.andreas-edler.de\/blog\/wp-content\/uploads\/2023\/08\/2023-07-31-20.05.41-600x296.jpg 600w, https:\/\/www.andreas-edler.de\/blog\/wp-content\/uploads\/2023\/08\/2023-07-31-20.05.41-900x444.jpg 900w, https:\/\/www.andreas-edler.de\/blog\/wp-content\/uploads\/2023\/08\/2023-07-31-20.05.41.jpg 1280w\" sizes=\"auto, (max-width: 470px) 100vw, 470px\" \/><\/a><figcaption id=\"caption-attachment-170287\" class=\"wp-caption-text\">Hundewaschanlage in Tar<\/figcaption><\/figure>\n<p>Unser Auto hatten wir im Schatten neben einer Hundewaschanlage geparkt und da wir im Kofferraum bereits alle m\u00f6glichen Dinge verstaut hatten, sind wir auch nicht mehr einkaufen gefahren. War alles da, was wir f\u00fcr die R\u00fcckfahrt nach Bad Oeynhausen ben\u00f6tigten.<\/p>\n<figure id=\"attachment_170288\" aria-describedby=\"caption-attachment-170288\" style=\"width: 470px\" class=\"wp-caption aligncenter\"><a href=\"https:\/\/www.andreas-edler.de\/blog\/wp-content\/uploads\/2023\/08\/2023-07-31-21.28.48.jpg\"><img loading=\"lazy\" decoding=\"async\" src=\"https:\/\/www.andreas-edler.de\/blog\/wp-content\/uploads\/2023\/08\/2023-07-31-21.28.48-470x183.jpg\" alt=\"\" width=\"470\" height=\"183\" class=\"size-large wp-image-170288\" srcset=\"https:\/\/www.andreas-edler.de\/blog\/wp-content\/uploads\/2023\/08\/2023-07-31-21.28.48-470x183.jpg 470w, https:\/\/www.andreas-edler.de\/blog\/wp-content\/uploads\/2023\/08\/2023-07-31-21.28.48-250x97.jpg 250w, https:\/\/www.andreas-edler.de\/blog\/wp-content\/uploads\/2023\/08\/2023-07-31-21.28.48-768x299.jpg 768w, https:\/\/www.andreas-edler.de\/blog\/wp-content\/uploads\/2023\/08\/2023-07-31-21.28.48-100x39.jpg 100w, https:\/\/www.andreas-edler.de\/blog\/wp-content\/uploads\/2023\/08\/2023-07-31-21.28.48-150x58.jpg 150w, https:\/\/www.andreas-edler.de\/blog\/wp-content\/uploads\/2023\/08\/2023-07-31-21.28.48-200x78.jpg 200w, https:\/\/www.andreas-edler.de\/blog\/wp-content\/uploads\/2023\/08\/2023-07-31-21.28.48-300x117.jpg 300w, https:\/\/www.andreas-edler.de\/blog\/wp-content\/uploads\/2023\/08\/2023-07-31-21.28.48-450x175.jpg 450w, https:\/\/www.andreas-edler.de\/blog\/wp-content\/uploads\/2023\/08\/2023-07-31-21.28.48-600x233.jpg 600w, https:\/\/www.andreas-edler.de\/blog\/wp-content\/uploads\/2023\/08\/2023-07-31-21.28.48-900x350.jpg 900w, https:\/\/www.andreas-edler.de\/blog\/wp-content\/uploads\/2023\/08\/2023-07-31-21.28.48.jpg 1280w\" sizes=\"auto, (max-width: 470px) 100vw, 470px\" \/><\/a><figcaption id=\"caption-attachment-170288\" class=\"wp-caption-text\">Galebstrand am letzten Abend<\/figcaption><\/figure>\n<p>Den Abend haben wir dann in der Beach Bar am Galeb ausklingen lassen. Alex und Tim mit Cocktails, ich hatte einen nicht-alkoholischen, da mir schon den ganzen Tag der Kopf dr\u00f6hnte. Die Aufregung vor der Fahrt nehme ich an. Nach einer Stunde wollte Ben sein Fahrrad holen, kam aber unverrichteter Dinge zur\u00fcck, da wir vergessen hatten, dass es mit zwei Schl\u00f6ssern gesichert war und er hat eins nicht aufbekommen. Da war die Laune nicht mehr so gut und wir sind alle Richtung Wohnwagen gegangen. Auf halber Strecke wollte Ben aber doch noch gerne eine Runde drehen und so haben Tim und ich auf Liegen am Strand gewartet und Alex und Ben holten das Rad. Als der Kleine damit zur\u00fcck kam, habe ich mich mit ihm noch eine halbe Stunde an den asphaltierten Volleyballplatz gesetzt und Ben beim in die Runde fahren zugeschaut.<\/p>\n<p>Um 23 Uhr lagen wir aber alle in den Kojen. Ich konnte nat\u00fcrlich nicht schlafen und habe bis nach Mitternacht die sozialen Medien durchgelesen. Auch nicht gut f\u00fcr die Psyche.<\/p>\n<h3>01.08.2023<\/h3>\n<figure id=\"attachment_170290\" aria-describedby=\"caption-attachment-170290\" style=\"width: 470px\" class=\"wp-caption aligncenter\"><a href=\"https:\/\/www.andreas-edler.de\/blog\/wp-content\/uploads\/2023\/08\/2023-08-01-07.03.04.jpg\"><img loading=\"lazy\" decoding=\"async\" src=\"https:\/\/www.andreas-edler.de\/blog\/wp-content\/uploads\/2023\/08\/2023-08-01-07.03.04-470x199.jpg\" alt=\"\" width=\"470\" height=\"199\" class=\"size-large wp-image-170290\" srcset=\"https:\/\/www.andreas-edler.de\/blog\/wp-content\/uploads\/2023\/08\/2023-08-01-07.03.04-470x199.jpg 470w, https:\/\/www.andreas-edler.de\/blog\/wp-content\/uploads\/2023\/08\/2023-08-01-07.03.04-250x106.jpg 250w, https:\/\/www.andreas-edler.de\/blog\/wp-content\/uploads\/2023\/08\/2023-08-01-07.03.04-768x325.jpg 768w, https:\/\/www.andreas-edler.de\/blog\/wp-content\/uploads\/2023\/08\/2023-08-01-07.03.04-100x42.jpg 100w, https:\/\/www.andreas-edler.de\/blog\/wp-content\/uploads\/2023\/08\/2023-08-01-07.03.04-150x63.jpg 150w, https:\/\/www.andreas-edler.de\/blog\/wp-content\/uploads\/2023\/08\/2023-08-01-07.03.04-200x85.jpg 200w, https:\/\/www.andreas-edler.de\/blog\/wp-content\/uploads\/2023\/08\/2023-08-01-07.03.04-300x127.jpg 300w, https:\/\/www.andreas-edler.de\/blog\/wp-content\/uploads\/2023\/08\/2023-08-01-07.03.04-450x190.jpg 450w, https:\/\/www.andreas-edler.de\/blog\/wp-content\/uploads\/2023\/08\/2023-08-01-07.03.04-600x254.jpg 600w, https:\/\/www.andreas-edler.de\/blog\/wp-content\/uploads\/2023\/08\/2023-08-01-07.03.04-900x380.jpg 900w, https:\/\/www.andreas-edler.de\/blog\/wp-content\/uploads\/2023\/08\/2023-08-01-07.03.04.jpg 1280w\" sizes=\"auto, (max-width: 470px) 100vw, 470px\" \/><\/a><figcaption id=\"caption-attachment-170290\" class=\"wp-caption-text\">Movern<\/figcaption><\/figure>\n<p>Auf geht&#8217;s nach Hause! Den Wecker habe ich um 2 Minuten vor 6 ausgemacht. Da war ich schon knapp eine Stunde wach. Mies geschlafen und ein bisschen Kopfweh. Super Voraussetzungen. Aber so ist das immer vor einer langen Fahrt. Es war richtig warm drau\u00dfen und das Meer babypopoglatt. Zun\u00e4chst haben wir die paar Klamotten die noch rumlagen verstaut. Haupts\u00e4chlich Fu\u00dfmatten und Getr\u00e4nke. Danach noch einmal ins Meer springen. Das war herrlich warm und man konnte aus knapp 1,80 Meter H\u00f6he jedes einzelne Sandkorn auf dem Grund sehen. Die drei anderen freuten sich, dass wir wieder in die Heimat fahren, ich h\u00e4tte es jetzt noch zwei Wochen aushalten k\u00f6nnen. Auch das ist jedes Jahr so. Ich brauche fast eine Woche, bis ich \u00fcberhaupt runter komme und &#8222;Urlaub habe&#8220;. Die Woche fehlt dann nach hinten raus. Noch dazu sind wir in diesem Jahr drei Tage fr\u00fcher weg, weil Tim am Freitag eine Pr\u00fcfung in Paderborn hat.<\/p>\n<figure id=\"attachment_170291\" aria-describedby=\"caption-attachment-170291\" style=\"width: 470px\" class=\"wp-caption aligncenter\"><a href=\"https:\/\/www.andreas-edler.de\/blog\/wp-content\/uploads\/2023\/08\/2023-08-01-07.18.13.jpg\"><img loading=\"lazy\" decoding=\"async\" src=\"https:\/\/www.andreas-edler.de\/blog\/wp-content\/uploads\/2023\/08\/2023-08-01-07.18.13-470x197.jpg\" alt=\"\" width=\"470\" height=\"197\" class=\"size-large wp-image-170291\" srcset=\"https:\/\/www.andreas-edler.de\/blog\/wp-content\/uploads\/2023\/08\/2023-08-01-07.18.13-470x197.jpg 470w, https:\/\/www.andreas-edler.de\/blog\/wp-content\/uploads\/2023\/08\/2023-08-01-07.18.13-250x105.jpg 250w, https:\/\/www.andreas-edler.de\/blog\/wp-content\/uploads\/2023\/08\/2023-08-01-07.18.13-768x322.jpg 768w, https:\/\/www.andreas-edler.de\/blog\/wp-content\/uploads\/2023\/08\/2023-08-01-07.18.13-100x42.jpg 100w, https:\/\/www.andreas-edler.de\/blog\/wp-content\/uploads\/2023\/08\/2023-08-01-07.18.13-150x63.jpg 150w, https:\/\/www.andreas-edler.de\/blog\/wp-content\/uploads\/2023\/08\/2023-08-01-07.18.13-200x84.jpg 200w, https:\/\/www.andreas-edler.de\/blog\/wp-content\/uploads\/2023\/08\/2023-08-01-07.18.13-300x126.jpg 300w, https:\/\/www.andreas-edler.de\/blog\/wp-content\/uploads\/2023\/08\/2023-08-01-07.18.13-450x189.jpg 450w, https:\/\/www.andreas-edler.de\/blog\/wp-content\/uploads\/2023\/08\/2023-08-01-07.18.13-600x252.jpg 600w, https:\/\/www.andreas-edler.de\/blog\/wp-content\/uploads\/2023\/08\/2023-08-01-07.18.13-900x378.jpg 900w, https:\/\/www.andreas-edler.de\/blog\/wp-content\/uploads\/2023\/08\/2023-08-01-07.18.13.jpg 1280w\" sizes=\"auto, (max-width: 470px) 100vw, 470px\" \/><\/a><figcaption id=\"caption-attachment-170291\" class=\"wp-caption-text\">Ciao Solaris!<\/figcaption><\/figure>\n<p>Um 7:11 Uhr sind haben wir bei Kilometerstand 62.018 den Yeti gestartet und sind los gefahren. Zun\u00e4chst nur bis Tar, weil wir Tanken mussten und es am Vorabend nur mit Anstehen in der Schlange geklappt h\u00e4tte.<\/p>\n<figure id=\"attachment_170292\" aria-describedby=\"caption-attachment-170292\" style=\"width: 470px\" class=\"wp-caption aligncenter\"><a href=\"https:\/\/www.andreas-edler.de\/blog\/wp-content\/uploads\/2023\/08\/2023-08-01-08.17.54.jpg\"><img loading=\"lazy\" decoding=\"async\" src=\"https:\/\/www.andreas-edler.de\/blog\/wp-content\/uploads\/2023\/08\/2023-08-01-08.17.54-470x157.jpg\" alt=\"\" width=\"470\" height=\"157\" class=\"size-large wp-image-170292\" srcset=\"https:\/\/www.andreas-edler.de\/blog\/wp-content\/uploads\/2023\/08\/2023-08-01-08.17.54-470x157.jpg 470w, https:\/\/www.andreas-edler.de\/blog\/wp-content\/uploads\/2023\/08\/2023-08-01-08.17.54-250x83.jpg 250w, https:\/\/www.andreas-edler.de\/blog\/wp-content\/uploads\/2023\/08\/2023-08-01-08.17.54-768x256.jpg 768w, https:\/\/www.andreas-edler.de\/blog\/wp-content\/uploads\/2023\/08\/2023-08-01-08.17.54-100x33.jpg 100w, https:\/\/www.andreas-edler.de\/blog\/wp-content\/uploads\/2023\/08\/2023-08-01-08.17.54-150x50.jpg 150w, https:\/\/www.andreas-edler.de\/blog\/wp-content\/uploads\/2023\/08\/2023-08-01-08.17.54-200x67.jpg 200w, https:\/\/www.andreas-edler.de\/blog\/wp-content\/uploads\/2023\/08\/2023-08-01-08.17.54-300x100.jpg 300w, https:\/\/www.andreas-edler.de\/blog\/wp-content\/uploads\/2023\/08\/2023-08-01-08.17.54-450x150.jpg 450w, https:\/\/www.andreas-edler.de\/blog\/wp-content\/uploads\/2023\/08\/2023-08-01-08.17.54-600x200.jpg 600w, https:\/\/www.andreas-edler.de\/blog\/wp-content\/uploads\/2023\/08\/2023-08-01-08.17.54-900x300.jpg 900w, https:\/\/www.andreas-edler.de\/blog\/wp-content\/uploads\/2023\/08\/2023-08-01-08.17.54.jpg 1280w\" sizes=\"auto, (max-width: 470px) 100vw, 470px\" \/><\/a><figcaption id=\"caption-attachment-170292\" class=\"wp-caption-text\">Hafen von Koper<\/figcaption><\/figure>\n<p>Bei Koper gibt es den letzten Blick auf die Adria oder besser den Industriehafen. Ben hat sich von jedem Strauch einzeln verabschiedet. Ich habe mehr so auf jedes Ruckeln, Knarzen und Knirschen geachtet und ob das Gespann gut f\u00e4hrt. War aber alles in Ordnung. Anfangs dachte ich, die Kupplung rutscht ein wenig, das war aber nur bei abruptem Vollgas bergauf, sobald das DSG vom 1. in den 2. Gang schaltet. Kann man ja vermeiden.<\/p>\n<figure id=\"attachment_170293\" aria-describedby=\"caption-attachment-170293\" style=\"width: 470px\" class=\"wp-caption aligncenter\"><a href=\"https:\/\/www.andreas-edler.de\/blog\/wp-content\/uploads\/2023\/08\/2023-08-01-09.48.21.jpg\"><img loading=\"lazy\" decoding=\"async\" src=\"https:\/\/www.andreas-edler.de\/blog\/wp-content\/uploads\/2023\/08\/2023-08-01-09.48.21-470x209.jpg\" alt=\"\" width=\"470\" height=\"209\" class=\"size-large wp-image-170293\" srcset=\"https:\/\/www.andreas-edler.de\/blog\/wp-content\/uploads\/2023\/08\/2023-08-01-09.48.21-470x209.jpg 470w, https:\/\/www.andreas-edler.de\/blog\/wp-content\/uploads\/2023\/08\/2023-08-01-09.48.21-250x111.jpg 250w, https:\/\/www.andreas-edler.de\/blog\/wp-content\/uploads\/2023\/08\/2023-08-01-09.48.21-768x341.jpg 768w, https:\/\/www.andreas-edler.de\/blog\/wp-content\/uploads\/2023\/08\/2023-08-01-09.48.21-100x44.jpg 100w, https:\/\/www.andreas-edler.de\/blog\/wp-content\/uploads\/2023\/08\/2023-08-01-09.48.21-150x67.jpg 150w, https:\/\/www.andreas-edler.de\/blog\/wp-content\/uploads\/2023\/08\/2023-08-01-09.48.21-200x89.jpg 200w, https:\/\/www.andreas-edler.de\/blog\/wp-content\/uploads\/2023\/08\/2023-08-01-09.48.21-300x133.jpg 300w, https:\/\/www.andreas-edler.de\/blog\/wp-content\/uploads\/2023\/08\/2023-08-01-09.48.21-450x200.jpg 450w, https:\/\/www.andreas-edler.de\/blog\/wp-content\/uploads\/2023\/08\/2023-08-01-09.48.21-600x267.jpg 600w, https:\/\/www.andreas-edler.de\/blog\/wp-content\/uploads\/2023\/08\/2023-08-01-09.48.21-900x400.jpg 900w, https:\/\/www.andreas-edler.de\/blog\/wp-content\/uploads\/2023\/08\/2023-08-01-09.48.21.jpg 1280w\" sizes=\"auto, (max-width: 470px) 100vw, 470px\" \/><\/a><figcaption id=\"caption-attachment-170293\" class=\"wp-caption-text\">Die Schweden von der Parzelle \u00fcber uns<\/figcaption><\/figure>\n<p>In Slovenien haben wir gehalten, um eine Pinkelpause einzulegen. Vor uns standen die Schweden, die auf Solaris eine Parzelle oberhalb von uns gestanden haben und knapp 20 Minuten vor uns den Platz verlie\u00dfen :-) Haben noch ein paar Worte gewechselt &#8211; ihre Elektrik scheint beim Gewitter einen Schlag bekommen zu haben, das Kabe-Wohnmobil (Ich habe mir den Preis angesehen, uff!) war aber fahrbereit. Haben uns nett verabschiedet und weiter ging es. Beachtet auch den Land Rover im Bild rechts!<\/p>\n<figure id=\"attachment_170295\" aria-describedby=\"caption-attachment-170295\" style=\"width: 470px\" class=\"wp-caption aligncenter\"><a href=\"https:\/\/www.andreas-edler.de\/blog\/wp-content\/uploads\/2023\/08\/2023-08-01-10.02.44.jpg\"><img loading=\"lazy\" decoding=\"async\" src=\"https:\/\/www.andreas-edler.de\/blog\/wp-content\/uploads\/2023\/08\/2023-08-01-10.02.44-470x205.jpg\" alt=\"\" width=\"470\" height=\"205\" class=\"size-large wp-image-170295\" srcset=\"https:\/\/www.andreas-edler.de\/blog\/wp-content\/uploads\/2023\/08\/2023-08-01-10.02.44-470x205.jpg 470w, https:\/\/www.andreas-edler.de\/blog\/wp-content\/uploads\/2023\/08\/2023-08-01-10.02.44-250x109.jpg 250w, https:\/\/www.andreas-edler.de\/blog\/wp-content\/uploads\/2023\/08\/2023-08-01-10.02.44-768x335.jpg 768w, https:\/\/www.andreas-edler.de\/blog\/wp-content\/uploads\/2023\/08\/2023-08-01-10.02.44-100x44.jpg 100w, https:\/\/www.andreas-edler.de\/blog\/wp-content\/uploads\/2023\/08\/2023-08-01-10.02.44-150x65.jpg 150w, https:\/\/www.andreas-edler.de\/blog\/wp-content\/uploads\/2023\/08\/2023-08-01-10.02.44-200x87.jpg 200w, https:\/\/www.andreas-edler.de\/blog\/wp-content\/uploads\/2023\/08\/2023-08-01-10.02.44-300x131.jpg 300w, https:\/\/www.andreas-edler.de\/blog\/wp-content\/uploads\/2023\/08\/2023-08-01-10.02.44-450x196.jpg 450w, https:\/\/www.andreas-edler.de\/blog\/wp-content\/uploads\/2023\/08\/2023-08-01-10.02.44-600x262.jpg 600w, https:\/\/www.andreas-edler.de\/blog\/wp-content\/uploads\/2023\/08\/2023-08-01-10.02.44-900x392.jpg 900w, https:\/\/www.andreas-edler.de\/blog\/wp-content\/uploads\/2023\/08\/2023-08-01-10.02.44.jpg 1280w\" sizes=\"auto, (max-width: 470px) 100vw, 470px\" \/><\/a><figcaption id=\"caption-attachment-170295\" class=\"wp-caption-text\">Tim lernt<\/figcaption><\/figure>\n<p>Tim hat im Urlaub flei\u00dfig gelernt und ausgerechnet w\u00e4hrend der R\u00fcckfahrt fand ein weiteres Online-Tutorium f\u00fcr seine Pr\u00fcfung statt. Also hat er sich im Auto gegen neun Uhr in Slowenien per LTE eingew\u00e4hlt und dann knapp 3 Stunden den Ausf\u00fchrung des Tutors gelauscht. Das funktionierte sogar im Karawankentunnel einwandfrei. In Deutschland ben\u00f6tigt man aber kein 5G an jeder Milchkanne. In \u00d6stereich war das Wetter zun\u00e4chst noch gut, aber als wir aus dem Tauerntunnel raus fuhren, regnete es in Str\u00f6men. So doll, dass ich das Tempo deutlich reduziert habe. Auf Schlingern und Schleudern habe ich keinen Bock.<\/p>\n<figure id=\"attachment_170297\" aria-describedby=\"caption-attachment-170297\" style=\"width: 470px\" class=\"wp-caption aligncenter\"><a href=\"https:\/\/www.andreas-edler.de\/blog\/wp-content\/uploads\/2023\/08\/2023-08-01-15.42.58.jpg\"><img loading=\"lazy\" decoding=\"async\" src=\"https:\/\/www.andreas-edler.de\/blog\/wp-content\/uploads\/2023\/08\/2023-08-01-15.42.58-470x210.jpg\" alt=\"\" width=\"470\" height=\"210\" class=\"size-large wp-image-170297\" srcset=\"https:\/\/www.andreas-edler.de\/blog\/wp-content\/uploads\/2023\/08\/2023-08-01-15.42.58-470x210.jpg 470w, https:\/\/www.andreas-edler.de\/blog\/wp-content\/uploads\/2023\/08\/2023-08-01-15.42.58-250x112.jpg 250w, https:\/\/www.andreas-edler.de\/blog\/wp-content\/uploads\/2023\/08\/2023-08-01-15.42.58-768x344.jpg 768w, https:\/\/www.andreas-edler.de\/blog\/wp-content\/uploads\/2023\/08\/2023-08-01-15.42.58-100x45.jpg 100w, https:\/\/www.andreas-edler.de\/blog\/wp-content\/uploads\/2023\/08\/2023-08-01-15.42.58-150x67.jpg 150w, https:\/\/www.andreas-edler.de\/blog\/wp-content\/uploads\/2023\/08\/2023-08-01-15.42.58-200x90.jpg 200w, https:\/\/www.andreas-edler.de\/blog\/wp-content\/uploads\/2023\/08\/2023-08-01-15.42.58-300x134.jpg 300w, https:\/\/www.andreas-edler.de\/blog\/wp-content\/uploads\/2023\/08\/2023-08-01-15.42.58-450x201.jpg 450w, https:\/\/www.andreas-edler.de\/blog\/wp-content\/uploads\/2023\/08\/2023-08-01-15.42.58-600x269.jpg 600w, https:\/\/www.andreas-edler.de\/blog\/wp-content\/uploads\/2023\/08\/2023-08-01-15.42.58-900x403.jpg 900w, https:\/\/www.andreas-edler.de\/blog\/wp-content\/uploads\/2023\/08\/2023-08-01-15.42.58.jpg 1280w\" sizes=\"auto, (max-width: 470px) 100vw, 470px\" \/><\/a><figcaption id=\"caption-attachment-170297\" class=\"wp-caption-text\">Kurzer Halt auf einem Autohof<\/figcaption><\/figure>\n<p>Trotzdem sind wir super durchgekommen, sieht man mal von den \u00fcblichen Staus rund um M\u00fcnchen ab. Die haben wir dieses Jahr auf Anraten des Navi elegant umfahren und haben ab Salzburg die B20 gew\u00e4hlt. Hat mich sehr genervt, dort hinter den LKW zu fahren, aber wir kamem auch mit 70 km\/h fl\u00fcssig voran. Das Wetter ist auch deutlich besser geworden und auf der Bundesstra\u00dfe sind wir ganz oft mit offenen Fenstern gefahren. Gegen viertel vor vier haben wir kurz hinter Landau bei einem Autohof getankt und beim dortigen Burger King ein bisschen was gegessen. Dies war mit knapp 40 Minuten allerdings auch unsere l\u00e4ngste Pause. Ansonsten haben wir w\u00e4hrend des Tankens die Toilette im Wohnwagen benutzt und sind dann sofort weiter.<\/p>\n<p>Als wir gegen 19 Uhr dann bei Erlangen wieder auf die &#8222;normale&#8220; Route einbogen, \u00fcberholte uns der Land Rover neben dem wir in Slovenien auf dem Rastplatz standen. Da wir den unterwegs nie gesehen hatten, mussten die Familie wohl durch den Stau oder anderswo umfahren haben. Jedenfalls waren die ohne Anh\u00e4nger augenscheinlich auch nicht schneller.<\/p>\n<figure id=\"attachment_170298\" aria-describedby=\"caption-attachment-170298\" style=\"width: 470px\" class=\"wp-caption aligncenter\"><a href=\"https:\/\/www.andreas-edler.de\/blog\/wp-content\/uploads\/2023\/08\/2023-08-01-20.39.15.jpg\"><img loading=\"lazy\" decoding=\"async\" src=\"https:\/\/www.andreas-edler.de\/blog\/wp-content\/uploads\/2023\/08\/2023-08-01-20.39.15-470x210.jpg\" alt=\"\" width=\"470\" height=\"210\" class=\"size-large wp-image-170298\" srcset=\"https:\/\/www.andreas-edler.de\/blog\/wp-content\/uploads\/2023\/08\/2023-08-01-20.39.15-470x210.jpg 470w, https:\/\/www.andreas-edler.de\/blog\/wp-content\/uploads\/2023\/08\/2023-08-01-20.39.15-250x112.jpg 250w, https:\/\/www.andreas-edler.de\/blog\/wp-content\/uploads\/2023\/08\/2023-08-01-20.39.15-768x343.jpg 768w, https:\/\/www.andreas-edler.de\/blog\/wp-content\/uploads\/2023\/08\/2023-08-01-20.39.15-100x45.jpg 100w, https:\/\/www.andreas-edler.de\/blog\/wp-content\/uploads\/2023\/08\/2023-08-01-20.39.15-150x67.jpg 150w, https:\/\/www.andreas-edler.de\/blog\/wp-content\/uploads\/2023\/08\/2023-08-01-20.39.15-200x89.jpg 200w, https:\/\/www.andreas-edler.de\/blog\/wp-content\/uploads\/2023\/08\/2023-08-01-20.39.15-300x134.jpg 300w, https:\/\/www.andreas-edler.de\/blog\/wp-content\/uploads\/2023\/08\/2023-08-01-20.39.15-450x201.jpg 450w, https:\/\/www.andreas-edler.de\/blog\/wp-content\/uploads\/2023\/08\/2023-08-01-20.39.15-600x268.jpg 600w, https:\/\/www.andreas-edler.de\/blog\/wp-content\/uploads\/2023\/08\/2023-08-01-20.39.15-900x402.jpg 900w, https:\/\/www.andreas-edler.de\/blog\/wp-content\/uploads\/2023\/08\/2023-08-01-20.39.15.jpg 1280w\" sizes=\"auto, (max-width: 470px) 100vw, 470px\" \/><\/a><figcaption id=\"caption-attachment-170298\" class=\"wp-caption-text\">Wolken mag ich<\/figcaption><\/figure>\n<p>Es hat immer mal ein bisschen geregnet, aber meist war der Himmel wolkig und die Temperaturen angenehm. Auf der Autobahn war wenig los. Bis auf die LKW, bei denen ab ca. 18 Uhr die Fahrer beginnen schlechte Laune zu haben, weil alle Parkpl\u00e4tze zugestellt sind. Das merkt man dann auch an deren \u00dcberholman\u00f6vern. Denn trotzdem wir wirklich nicht tr\u00f6delig unterwegs waren, haben uns andere Caravan-Gespanne und LKW oft \u00fcberholt. Ich wei\u00df nicht, was sich jemand denkt, der mit deutlichem Geschwindigkeits\u00fcberschuss an uns vorbei zieht, w\u00e4hrend mein Tacho schon knapp vor 100 anzeigt? Einige Fahrzeuge haben wir allerdings auch mehrfach \u00fcberholt!<\/p>\n<figure id=\"attachment_170299\" aria-describedby=\"caption-attachment-170299\" style=\"width: 470px\" class=\"wp-caption aligncenter\"><a href=\"https:\/\/www.andreas-edler.de\/blog\/wp-content\/uploads\/2023\/08\/2023-08-01-21.27.59.jpg\"><img loading=\"lazy\" decoding=\"async\" src=\"https:\/\/www.andreas-edler.de\/blog\/wp-content\/uploads\/2023\/08\/2023-08-01-21.27.59-470x164.jpg\" alt=\"\" width=\"470\" height=\"164\" class=\"size-large wp-image-170299\" srcset=\"https:\/\/www.andreas-edler.de\/blog\/wp-content\/uploads\/2023\/08\/2023-08-01-21.27.59-470x164.jpg 470w, https:\/\/www.andreas-edler.de\/blog\/wp-content\/uploads\/2023\/08\/2023-08-01-21.27.59-250x87.jpg 250w, https:\/\/www.andreas-edler.de\/blog\/wp-content\/uploads\/2023\/08\/2023-08-01-21.27.59-768x268.jpg 768w, https:\/\/www.andreas-edler.de\/blog\/wp-content\/uploads\/2023\/08\/2023-08-01-21.27.59-100x35.jpg 100w, https:\/\/www.andreas-edler.de\/blog\/wp-content\/uploads\/2023\/08\/2023-08-01-21.27.59-150x52.jpg 150w, https:\/\/www.andreas-edler.de\/blog\/wp-content\/uploads\/2023\/08\/2023-08-01-21.27.59-200x70.jpg 200w, https:\/\/www.andreas-edler.de\/blog\/wp-content\/uploads\/2023\/08\/2023-08-01-21.27.59-300x105.jpg 300w, https:\/\/www.andreas-edler.de\/blog\/wp-content\/uploads\/2023\/08\/2023-08-01-21.27.59-450x157.jpg 450w, https:\/\/www.andreas-edler.de\/blog\/wp-content\/uploads\/2023\/08\/2023-08-01-21.27.59-600x210.jpg 600w, https:\/\/www.andreas-edler.de\/blog\/wp-content\/uploads\/2023\/08\/2023-08-01-21.27.59-900x314.jpg 900w, https:\/\/www.andreas-edler.de\/blog\/wp-content\/uploads\/2023\/08\/2023-08-01-21.27.59.jpg 1280w\" sizes=\"auto, (max-width: 470px) 100vw, 470px\" \/><\/a><figcaption id=\"caption-attachment-170299\" class=\"wp-caption-text\">Wacken-Konvoi<\/figcaption><\/figure>\n<p>So zum Beispiel diesen Wacken-Konvoi, der sich wom\u00f6glich zuf\u00e4llig auf der Bahn gefunden hat. Ein einzener PKW in dem Tross hat uns jedenfalls vor einiger Zeit einzeln und mit ziemlichem Tempo \u00fcberholt. Tr\u00f6delte jetzt aber hinter dem f\u00fchrenden Wohnmobil hinterher :-) Wir hatten die Berichterstattung \u00fcber das Festival im Radio verfolgt und bef\u00fcrchteten, dass die gar nicht mehr aufs Gel\u00e4nde kommen w\u00fcrden. Ich habe mich sowieso gewundert, als die Moderatoren sagten, dass in Wacken PKW mit Traktoren <strong>auf das Gel\u00e4nde<\/strong> gezogen werden. Was glauben die, wie die da raus kommen, wenn sie bis zur Achse in der M\u00f6ttke stecken?!<\/p>\n<figure id=\"attachment_170300\" aria-describedby=\"caption-attachment-170300\" style=\"width: 470px\" class=\"wp-caption aligncenter\"><a href=\"https:\/\/www.andreas-edler.de\/blog\/wp-content\/uploads\/2023\/08\/2023-08-01-21.36.18.jpg\"><img loading=\"lazy\" decoding=\"async\" src=\"https:\/\/www.andreas-edler.de\/blog\/wp-content\/uploads\/2023\/08\/2023-08-01-21.36.18-470x196.jpg\" alt=\"\" width=\"470\" height=\"196\" class=\"size-large wp-image-170300\" srcset=\"https:\/\/www.andreas-edler.de\/blog\/wp-content\/uploads\/2023\/08\/2023-08-01-21.36.18-470x196.jpg 470w, https:\/\/www.andreas-edler.de\/blog\/wp-content\/uploads\/2023\/08\/2023-08-01-21.36.18-250x104.jpg 250w, https:\/\/www.andreas-edler.de\/blog\/wp-content\/uploads\/2023\/08\/2023-08-01-21.36.18-768x321.jpg 768w, https:\/\/www.andreas-edler.de\/blog\/wp-content\/uploads\/2023\/08\/2023-08-01-21.36.18-100x42.jpg 100w, https:\/\/www.andreas-edler.de\/blog\/wp-content\/uploads\/2023\/08\/2023-08-01-21.36.18-150x63.jpg 150w, https:\/\/www.andreas-edler.de\/blog\/wp-content\/uploads\/2023\/08\/2023-08-01-21.36.18-200x84.jpg 200w, https:\/\/www.andreas-edler.de\/blog\/wp-content\/uploads\/2023\/08\/2023-08-01-21.36.18-300x125.jpg 300w, https:\/\/www.andreas-edler.de\/blog\/wp-content\/uploads\/2023\/08\/2023-08-01-21.36.18-450x188.jpg 450w, https:\/\/www.andreas-edler.de\/blog\/wp-content\/uploads\/2023\/08\/2023-08-01-21.36.18-600x251.jpg 600w, https:\/\/www.andreas-edler.de\/blog\/wp-content\/uploads\/2023\/08\/2023-08-01-21.36.18-900x376.jpg 900w, https:\/\/www.andreas-edler.de\/blog\/wp-content\/uploads\/2023\/08\/2023-08-01-21.36.18.jpg 1280w\" sizes=\"auto, (max-width: 470px) 100vw, 470px\" \/><\/a><figcaption id=\"caption-attachment-170300\" class=\"wp-caption-text\">Elefantenrennen<\/figcaption><\/figure>\n<p>Und das ist einer der Gr\u00fcnde, warum es auf Autobahnen gef\u00e4hrlich ist. Die d\u00fcrfen alle nur 80 Km\/h schnell fahren. Das haben alle, hinter denen wir her gefahren sind, geschafft. Auch die Kasseler Berge hoch. Trotzdem m\u00fcssen die sich mit 2 Km\/h Geschwindigkeits\u00fcberschuss den Berg hoch \u00fcberholen und dahinter kommen die geleasten Firmen-Audis angeschossen. Aber klar, wenn ich mit 100 fahre, bin ich das Verkehrshindernis! Die Zufahrten zu *allen* Parkpl\u00e4tzen waren inzwischen zugestellt und die letzten Auflieger ragten teilweise warnblinkend bis auf die Autobahn. Auch die Beschleunigungsspuren der Raststellen werden zum Parken benutzt. Teilweise standen dort fast ein Dutzend LKW bis zum Ende des Beschleunigungsstreifens (Raststelle Rh\u00f6n). Dort mussten wir \u00fcbrigens auch dringend tanken, weil ich bei der fluffigen Fahrt nicht auf die Tankanzeige geschaut hatte. F\u00fcnfundzwanzig Kilometer Restreichweite hatten wir noch :-)<\/p>\n<figure id=\"attachment_170301\" aria-describedby=\"caption-attachment-170301\" style=\"width: 470px\" class=\"wp-caption aligncenter\"><a href=\"https:\/\/www.andreas-edler.de\/blog\/wp-content\/uploads\/2023\/08\/2023-08-01-22.31.43.jpg\"><img loading=\"lazy\" decoding=\"async\" src=\"https:\/\/www.andreas-edler.de\/blog\/wp-content\/uploads\/2023\/08\/2023-08-01-22.31.43-470x178.jpg\" alt=\"\" width=\"470\" height=\"178\" class=\"size-large wp-image-170301\" srcset=\"https:\/\/www.andreas-edler.de\/blog\/wp-content\/uploads\/2023\/08\/2023-08-01-22.31.43-470x178.jpg 470w, https:\/\/www.andreas-edler.de\/blog\/wp-content\/uploads\/2023\/08\/2023-08-01-22.31.43-250x95.jpg 250w, https:\/\/www.andreas-edler.de\/blog\/wp-content\/uploads\/2023\/08\/2023-08-01-22.31.43-768x292.jpg 768w, https:\/\/www.andreas-edler.de\/blog\/wp-content\/uploads\/2023\/08\/2023-08-01-22.31.43-100x38.jpg 100w, https:\/\/www.andreas-edler.de\/blog\/wp-content\/uploads\/2023\/08\/2023-08-01-22.31.43-150x57.jpg 150w, https:\/\/www.andreas-edler.de\/blog\/wp-content\/uploads\/2023\/08\/2023-08-01-22.31.43-200x76.jpg 200w, https:\/\/www.andreas-edler.de\/blog\/wp-content\/uploads\/2023\/08\/2023-08-01-22.31.43-300x114.jpg 300w, https:\/\/www.andreas-edler.de\/blog\/wp-content\/uploads\/2023\/08\/2023-08-01-22.31.43-450x171.jpg 450w, https:\/\/www.andreas-edler.de\/blog\/wp-content\/uploads\/2023\/08\/2023-08-01-22.31.43-600x228.jpg 600w, https:\/\/www.andreas-edler.de\/blog\/wp-content\/uploads\/2023\/08\/2023-08-01-22.31.43-900x342.jpg 900w, https:\/\/www.andreas-edler.de\/blog\/wp-content\/uploads\/2023\/08\/2023-08-01-22.31.43.jpg 1280w\" sizes=\"auto, (max-width: 470px) 100vw, 470px\" \/><\/a><figcaption id=\"caption-attachment-170301\" class=\"wp-caption-text\">Landrover, der in Slovenien schon neben uns stand.<\/figcaption><\/figure>\n<p>Hinter Kassel links ab Richtung Dortmund\/Paderborn und wer war wieder vor uns? Der Landrover aus der Ecke um M\u00fcnster rum! &#8222;Hallo!&#8220; :-) Ich habe mich dahinter geh\u00e4ngt und bin das Tempo mit gefahren. Ist im Dunklen ganz angenehm, wenn man hinter jemandem f\u00e4hrt. Bis wir bei Haaren Richtung Paderborn abgebogen sind, war der Gel\u00e4ndewagen vor uns. Mit so einem Teil f\u00e4hrt man offensichtlich auch ohne Anh\u00e4nger nur so schnell, als w\u00fcrde man 1,6 Tonnen ziehen ;-)<\/p>\n<p>Und dann Endspurt. Ich war wirklich gut drauf, nicht m\u00fcde, nur etwas Kopfschmerzen die ganze Zeit. Letztere haben wir uns die letzten Stunden mit abwechselnden Musikw\u00fcnschen auf dem Echo-Auto vertrieben. Tanken mussten wir auch nicht mehr, Ben hat seit knapp 19 Uhr geschlafen. Alle gut gelaufen.<\/p>\n<figure id=\"attachment_170302\" aria-describedby=\"caption-attachment-170302\" style=\"width: 470px\" class=\"wp-caption aligncenter\"><a href=\"https:\/\/www.andreas-edler.de\/blog\/wp-content\/uploads\/2023\/08\/2023-08-01-23.56.09.jpg\"><img loading=\"lazy\" decoding=\"async\" src=\"https:\/\/www.andreas-edler.de\/blog\/wp-content\/uploads\/2023\/08\/2023-08-01-23.56.09-470x118.jpg\" alt=\"\" width=\"470\" height=\"118\" class=\"size-large wp-image-170302\" srcset=\"https:\/\/www.andreas-edler.de\/blog\/wp-content\/uploads\/2023\/08\/2023-08-01-23.56.09-470x118.jpg 470w, https:\/\/www.andreas-edler.de\/blog\/wp-content\/uploads\/2023\/08\/2023-08-01-23.56.09-250x63.jpg 250w, https:\/\/www.andreas-edler.de\/blog\/wp-content\/uploads\/2023\/08\/2023-08-01-23.56.09-768x192.jpg 768w, https:\/\/www.andreas-edler.de\/blog\/wp-content\/uploads\/2023\/08\/2023-08-01-23.56.09-100x25.jpg 100w, https:\/\/www.andreas-edler.de\/blog\/wp-content\/uploads\/2023\/08\/2023-08-01-23.56.09-150x38.jpg 150w, https:\/\/www.andreas-edler.de\/blog\/wp-content\/uploads\/2023\/08\/2023-08-01-23.56.09-200x50.jpg 200w, https:\/\/www.andreas-edler.de\/blog\/wp-content\/uploads\/2023\/08\/2023-08-01-23.56.09-300x75.jpg 300w, https:\/\/www.andreas-edler.de\/blog\/wp-content\/uploads\/2023\/08\/2023-08-01-23.56.09-450x113.jpg 450w, https:\/\/www.andreas-edler.de\/blog\/wp-content\/uploads\/2023\/08\/2023-08-01-23.56.09-600x150.jpg 600w, https:\/\/www.andreas-edler.de\/blog\/wp-content\/uploads\/2023\/08\/2023-08-01-23.56.09-900x225.jpg 900w, https:\/\/www.andreas-edler.de\/blog\/wp-content\/uploads\/2023\/08\/2023-08-01-23.56.09.jpg 1280w\" sizes=\"auto, (max-width: 470px) 100vw, 470px\" \/><\/a><figcaption id=\"caption-attachment-170302\" class=\"wp-caption-text\">Tacho bei Ankunft<\/figcaption><\/figure>\n<p>Um 7:11 Uhr sind wir bei Kilometer 62.018 los gefahren. Um 23:55 Uhr mit Kilometerstand 63.206 auf den Hof im D\u00f6rgen gerollt. Das sind mit 1.188 Kilometern knapp 40 Kilometer weniger, als auf der Hinfahrt. Die Fahrtzeit inklusive Pausen und Tanken betrug 16 Stunden und 44 Minuten. Das macht eine Durchschnittsgeschwindigkeit von 71 Km\/h. Wir haben aber auch tats\u00e4chlich eigentlich keine Pausen gemacht.<\/p>\n<p>Das war&#8217;s f\u00fcr dieses Jahr. Urlaub zu Ende!<\/p>\n","protected":false},"excerpt":{"rendered":"<p>Kosten: Gesamtkosten: 3.441,78 \u20ac davon:Treibstoff: 646,12 \u20ac(CO2: 697,20 Kg) Maut: 94,40 \u20ac Campingplatz: 1.126,05 \u20ac Essen gehen: 518,09 \u20ac Strecke: Hinfahrt: 1.213 Km Fahrtzeit: 17:00H (ohne \u00dcbernachtung, inkl. Pausen) Schnitt: 71,4 km\/h R\u00fcckfahrt: 1.188 Km Fahrtzeit: 16:44H (inkl. Pausen) Schnitt: &hellip;<\/p>\n<p class=\"read-more\"> <a class=\"more-link\" href=\"https:\/\/www.andreas-edler.de\/blog\/urlaub\/kroatien-2023\/\"> <span class=\"screen-reader-text\">Kroatien 2023<\/span> Weiterlesen &raquo;<\/a><\/p>\n","protected":false},"author":1,"featured_media":0,"parent":8135,"menu_order":6,"comment_status":"open","ping_status":"closed","template":"","meta":{"ngg_post_thumbnail":0,"activitypub_content_warning":"","activitypub_content_visibility":"","activitypub_max_image_attachments":2,"activitypub_interaction_policy_quote":"anyone","activitypub_status":"federated","footnotes":""},"class_list":["post-170118","page","type-page","status-publish","hentry"],"_links":{"self":[{"href":"https:\/\/www.andreas-edler.de\/blog\/wp-json\/wp\/v2\/pages\/170118","targetHints":{"allow":["GET"]}}],"collection":[{"href":"https:\/\/www.andreas-edler.de\/blog\/wp-json\/wp\/v2\/pages"}],"about":[{"href":"https:\/\/www.andreas-edler.de\/blog\/wp-json\/wp\/v2\/types\/page"}],"author":[{"embeddable":true,"href":"https:\/\/www.andreas-edler.de\/blog\/wp-json\/wp\/v2\/users\/1"}],"replies":[{"embeddable":true,"href":"https:\/\/www.andreas-edler.de\/blog\/wp-json\/wp\/v2\/comments?post=170118"}],"version-history":[{"count":2,"href":"https:\/\/www.andreas-edler.de\/blog\/wp-json\/wp\/v2\/pages\/170118\/revisions"}],"predecessor-version":[{"id":174624,"href":"https:\/\/www.andreas-edler.de\/blog\/wp-json\/wp\/v2\/pages\/170118\/revisions\/174624"}],"up":[{"embeddable":true,"href":"https:\/\/www.andreas-edler.de\/blog\/wp-json\/wp\/v2\/pages\/8135"}],"wp:attachment":[{"href":"https:\/\/www.andreas-edler.de\/blog\/wp-json\/wp\/v2\/media?parent=170118"}],"curies":[{"name":"wp","href":"https:\/\/api.w.org\/{rel}","templated":true}]}}