{"id":165612,"date":"2019-09-26T21:58:11","date_gmt":"2019-09-26T19:58:11","guid":{"rendered":"https:\/\/www.andreas-edler.de\/blog\/?page_id=165612"},"modified":"2025-07-12T19:03:40","modified_gmt":"2025-07-12T17:03:40","slug":"kroatien-2019-single-urlaub-und-allgaeu","status":"publish","type":"page","link":"https:\/\/www.andreas-edler.de\/blog\/urlaub\/kroatien-2019-single-urlaub-und-allgaeu\/","title":{"rendered":"Kroatien 2019 Single-Urlaub und Allg\u00e4u"},"content":{"rendered":"<h5><a name=\"vorbereitung\"><\/a>Vorbereitung<\/h5>\n<p>Anfang September hat Alex mit Ben eine Mutter-Kind-Kur verschrieben bekommen. Da sie sich aussuchen durfte, wohin es gehen sollte &#8211; also aus einem &#8222;Pool&#8220; m\u00f6glicher Kliniken &#8211; sind die beiden im Allg\u00e4u gelandet, in Lechbruck am See. Wie es der Zufall will, ist direkt daneben der Campingplatz &#8222;Via Claudia Camping&#8220; und ich habe beschlossen, dort ein paar Tage zu stehen, bevor ich die H\u00e4lfte der Familie wieder zur\u00fcck nach Bad Oeynhausen hole. Im Sommerurlaub war ich aber mal wieder erst nach \u00fcber einer Woche &#8222;wirklich&#8220; im Urlaub, so dass ich kurzerhand im B\u00fcro gefragt habe, ob im September auch zwei Wochen Urlaub OK sind. War so :-) Dann wird es noch mal Samstag bis Samstag Solaris und danach Lechbruck am See.<br \/>\n<figure id=\"attachment_165647\" aria-describedby=\"caption-attachment-165647\" style=\"width: 470px\" class=\"wp-caption aligncenter\"><a href=\"https:\/\/www.andreas-edler.de\/blog\/wp-content\/uploads\/2019\/09\/2019-09-13-16.42.34.jpg\"><img loading=\"lazy\" decoding=\"async\" src=\"https:\/\/www.andreas-edler.de\/blog\/wp-content\/uploads\/2019\/09\/2019-09-13-16.42.34-470x275.jpg\" alt=\"\" width=\"470\" height=\"275\" class=\"size-large wp-image-165647\" srcset=\"https:\/\/www.andreas-edler.de\/blog\/wp-content\/uploads\/2019\/09\/2019-09-13-16.42.34-470x275.jpg 470w, https:\/\/www.andreas-edler.de\/blog\/wp-content\/uploads\/2019\/09\/2019-09-13-16.42.34-250x146.jpg 250w, https:\/\/www.andreas-edler.de\/blog\/wp-content\/uploads\/2019\/09\/2019-09-13-16.42.34-768x450.jpg 768w, https:\/\/www.andreas-edler.de\/blog\/wp-content\/uploads\/2019\/09\/2019-09-13-16.42.34-100x59.jpg 100w, https:\/\/www.andreas-edler.de\/blog\/wp-content\/uploads\/2019\/09\/2019-09-13-16.42.34-150x88.jpg 150w, https:\/\/www.andreas-edler.de\/blog\/wp-content\/uploads\/2019\/09\/2019-09-13-16.42.34-200x117.jpg 200w, https:\/\/www.andreas-edler.de\/blog\/wp-content\/uploads\/2019\/09\/2019-09-13-16.42.34-300x176.jpg 300w, https:\/\/www.andreas-edler.de\/blog\/wp-content\/uploads\/2019\/09\/2019-09-13-16.42.34-450x264.jpg 450w, https:\/\/www.andreas-edler.de\/blog\/wp-content\/uploads\/2019\/09\/2019-09-13-16.42.34-600x352.jpg 600w, https:\/\/www.andreas-edler.de\/blog\/wp-content\/uploads\/2019\/09\/2019-09-13-16.42.34-900x527.jpg 900w, https:\/\/www.andreas-edler.de\/blog\/wp-content\/uploads\/2019\/09\/2019-09-13-16.42.34.jpg 1280w\" sizes=\"auto, (max-width: 470px) 100vw, 470px\" \/><\/a><figcaption id=\"caption-attachment-165647\" class=\"wp-caption-text\">Yeti hat ohne R\u00fccksitze massig Platz!<\/figcaption><\/figure><br \/>\nAllerdings habe ich mir in den Wochen zwischen dem Sommerurlaub und der endg\u00fcltigen zweiten Fahrt nach Kroatien in die diesem Jahr f\u00fcrchterlich Gedanken gemacht. Ist das wirklich sinnvoll zweimal die weite Strecke fahren? Kommt der Gro\u00dfe zu Hause alleine klar? Was passiert, wenn was passiert? Es ist &#8222;nur&#8220; meine Schwester greifbar, weil meine Mutter das erste Mal seit sechs Jahren auch eine Woche Urlaub macht &#8211; genau in der Zeit, in der wir auch alle weg sind. Ich war richtig schlecht drauf deswegen, habe schlecht geschlafen, mir Sorgen gemacht und gegr\u00fcbelt. Trotzdem aber so nach und nach Sachen zurecht gelegt. Ich fahre alleine nat\u00fcrlich ohne den gro\u00dfen Eriba, sondern nur mit dem Dachzelt. Da ich auf dem R\u00fcckweg die ganzen Klamotten von Alex und Ben mitnehmen muss, darf der Kofferraum auch nicht so voll sein. Praktischerweise kann man beim Yeti jeden R\u00fccksitz einzeln komplett ausbauen, so dass jetzt nur noch der rechte hintere Stuhl mit Bens Kindersitz im Auto ist.<\/p>\n<p>Im restlichen Kofferraum wollte ich das Fahrrad und meine wenigen Sachen unterbringen. Leider war der Wetterbericht mal so mal so und die Woche in Bayern sieht auch eher nach Herbst denn nach FKK aus. Bei einer ersten Probe nahm das Scott Sub 30 dann auch viel zu viel Platz weg. Also doch mit Hecktr\u00e4ger fahren. Das bringt nat\u00fcrlich enorm Platz im Kofferraum. Doch nicht so doll einschr\u00e4nken und die Reisetasche voll packen. Zus\u00e4tzlich wollte Alex f\u00fcr die letzte Woche noch ein paar frische Handt\u00fccher haben. Da wurde es dann schnell noch eine zweite Sporttasche, die in den Kofferraum musste. Neben Tarp, Klappst\u00fchlen und dem anderen Gebimsel sollte aber f\u00fcr die R\u00fcckfahrt noch genug frei sein.<br \/>\n<figure id=\"attachment_165648\" aria-describedby=\"caption-attachment-165648\" style=\"width: 470px\" class=\"wp-caption aligncenter\"><a href=\"https:\/\/www.andreas-edler.de\/blog\/wp-content\/uploads\/2019\/09\/2019-09-13-17.02.58.jpg\"><img loading=\"lazy\" decoding=\"async\" src=\"https:\/\/www.andreas-edler.de\/blog\/wp-content\/uploads\/2019\/09\/2019-09-13-17.02.58-470x275.jpg\" alt=\"\" width=\"470\" height=\"275\" class=\"size-large wp-image-165648\" srcset=\"https:\/\/www.andreas-edler.de\/blog\/wp-content\/uploads\/2019\/09\/2019-09-13-17.02.58-470x275.jpg 470w, https:\/\/www.andreas-edler.de\/blog\/wp-content\/uploads\/2019\/09\/2019-09-13-17.02.58-250x146.jpg 250w, https:\/\/www.andreas-edler.de\/blog\/wp-content\/uploads\/2019\/09\/2019-09-13-17.02.58-768x450.jpg 768w, https:\/\/www.andreas-edler.de\/blog\/wp-content\/uploads\/2019\/09\/2019-09-13-17.02.58-100x59.jpg 100w, https:\/\/www.andreas-edler.de\/blog\/wp-content\/uploads\/2019\/09\/2019-09-13-17.02.58-150x88.jpg 150w, https:\/\/www.andreas-edler.de\/blog\/wp-content\/uploads\/2019\/09\/2019-09-13-17.02.58-200x117.jpg 200w, https:\/\/www.andreas-edler.de\/blog\/wp-content\/uploads\/2019\/09\/2019-09-13-17.02.58-300x176.jpg 300w, https:\/\/www.andreas-edler.de\/blog\/wp-content\/uploads\/2019\/09\/2019-09-13-17.02.58-450x264.jpg 450w, https:\/\/www.andreas-edler.de\/blog\/wp-content\/uploads\/2019\/09\/2019-09-13-17.02.58-600x352.jpg 600w, https:\/\/www.andreas-edler.de\/blog\/wp-content\/uploads\/2019\/09\/2019-09-13-17.02.58-900x527.jpg 900w, https:\/\/www.andreas-edler.de\/blog\/wp-content\/uploads\/2019\/09\/2019-09-13-17.02.58.jpg 1280w\" sizes=\"auto, (max-width: 470px) 100vw, 470px\" \/><\/a><figcaption id=\"caption-attachment-165648\" class=\"wp-caption-text\">Kann los gehen &#8230;<\/figcaption><\/figure><br \/>\nIn der Woche vor der Abreise hat sich meine Laune dann immer weiter verschlechtert. Tage vorher schon Migr\u00e4ne, Stress, habe super schlecht geschlafen, sogar manchmal Herzrasen gehabt, wenn ich mich zu sehr in Gedanken reingesteigert habe. Nicht nur wegen dem Urlaub, auch andere Lebensbereiche haben da nicht unwesentlich mit rein gespielt. Tim versicherte zwar immer, dass er das alles ganz gut schafft (und eigentlich glaube ich das auch), aber das erste mal so richtig allein gelassen haben wir ihn noch nie. Und dann war schon Freitag. Ich wollte nach der Arbeit los, bin aber in der Woche aufgrund von Terminen am Abend nicht zum Packen des Autos gekommen. Und fr\u00fcher Feierabend machen klappte auch nicht. Zu Hause angekommen dann auch noch die Nachricht, dass der Nachwuchs auf der Party, wo er \u00fcbernachten wollte, ein Zelt mitbringen sollte. Das w\u00e4re dann mit Schlafsack und Isomatte etwas viel auf seinem gep\u00e4cktr\u00e4gerlosen Fahrrad. Seufz. Mir brummte der Sch\u00e4del, offensichtlich hatte ich mich auch noch erk\u00e4ltet, weil der Hals schmerzte und die Nase lief.<\/p>\n<h5><a name=\"1309\"><\/a>13.09.2019 &#8211; Abfahrt<\/h5>\n<p>Alles in den Wagen, das Rad auf den Hecktr\u00e4ger, mit Gurten an der Reeling sichern, Klamotten von Tim hinten rein schmei\u00dfen <a href=\"https:\/\/twitter.com\/filmfacts\/status\/1172530436288983046\" rel=\"noopener noreferrer\" target=\"_blank\">und los<\/a>. Habe Tim abgeliefert und um 18:15 Uhr die Reise <a href=\"https:\/\/twitter.com\/filmfacts\/status\/1172551725691146240\" rel=\"noopener noreferrer\" target=\"_blank\">endg\u00fcltig begonnen<\/a>. Keine Ahnung, wie weit ich kommen w\u00fcrde. Eigentlich fahre ich ganz gerne Auto, aber diesmal wars echt mies. Mit so einem Dr\u00f6hnsch\u00e4del ist das kein Spa\u00df. Ansonsten verlief die Fahrt ganz ordentlich. Der Yeti nimmt ohne Wohnwagen ca. f\u00fcnf bis sechs Liter weniger Benzin &#8211; der Bordcomputer behauptete acht Liter Durchschnittsverbrauch. Schneller als 130 Km\/h bin ich nicht gefahren. H\u00f6chstens zum \u00dcberholen mal auf 140 beschleunigt, ansonsten war der Tempomat auf 120 eingestellt. Viele Pausen habe ich nicht gemacht und das Navi prophezeite bei der Abfahrt eine Ankunft um 5:15 Uhr am n\u00e4chsten Morgen. Offensichtlich geht es aber von einer deutlich h\u00f6heren Geschwindigkeit aus, als ich sie gefahren bin. Nach wenigen hundert Kilometern stand da schon was von 7 Uhr morgens. Und ich wollte ja eh irgendwo \u00fcbernachten.<br \/>\n<figure id=\"attachment_165649\" aria-describedby=\"caption-attachment-165649\" style=\"width: 470px\" class=\"wp-caption aligncenter\"><a href=\"https:\/\/www.andreas-edler.de\/blog\/wp-content\/uploads\/2019\/09\/2019-09-13-20.58.29.jpg\"><img loading=\"lazy\" decoding=\"async\" src=\"https:\/\/www.andreas-edler.de\/blog\/wp-content\/uploads\/2019\/09\/2019-09-13-20.58.29-470x137.jpg\" alt=\"\" width=\"470\" height=\"137\" class=\"size-large wp-image-165649\" srcset=\"https:\/\/www.andreas-edler.de\/blog\/wp-content\/uploads\/2019\/09\/2019-09-13-20.58.29-470x137.jpg 470w, https:\/\/www.andreas-edler.de\/blog\/wp-content\/uploads\/2019\/09\/2019-09-13-20.58.29-250x73.jpg 250w, https:\/\/www.andreas-edler.de\/blog\/wp-content\/uploads\/2019\/09\/2019-09-13-20.58.29-768x224.jpg 768w, https:\/\/www.andreas-edler.de\/blog\/wp-content\/uploads\/2019\/09\/2019-09-13-20.58.29-100x29.jpg 100w, https:\/\/www.andreas-edler.de\/blog\/wp-content\/uploads\/2019\/09\/2019-09-13-20.58.29-150x44.jpg 150w, https:\/\/www.andreas-edler.de\/blog\/wp-content\/uploads\/2019\/09\/2019-09-13-20.58.29-200x58.jpg 200w, https:\/\/www.andreas-edler.de\/blog\/wp-content\/uploads\/2019\/09\/2019-09-13-20.58.29-300x87.jpg 300w, https:\/\/www.andreas-edler.de\/blog\/wp-content\/uploads\/2019\/09\/2019-09-13-20.58.29-450x131.jpg 450w, https:\/\/www.andreas-edler.de\/blog\/wp-content\/uploads\/2019\/09\/2019-09-13-20.58.29-600x175.jpg 600w, https:\/\/www.andreas-edler.de\/blog\/wp-content\/uploads\/2019\/09\/2019-09-13-20.58.29-900x262.jpg 900w, https:\/\/www.andreas-edler.de\/blog\/wp-content\/uploads\/2019\/09\/2019-09-13-20.58.29.jpg 1280w\" sizes=\"auto, (max-width: 470px) 100vw, 470px\" \/><\/a><figcaption id=\"caption-attachment-165649\" class=\"wp-caption-text\">Tankstopp<\/figcaption><\/figure><br \/>\nMir war aber &#8211; wie immer &#8211; nichts nach der M\u00fctze. Gegen Mitternacht immer <a href=\"https:\/\/twitter.com\/filmfacts\/status\/1172633832161468416\" target=\"_blank\" rel=\"noopener noreferrer\">noch weit vor M\u00fcnchen habe ich bei McDonalds etwas gegessen<\/a>, weil der Magen vernehmlich knurrte. Ich hatte bisher nur am Mittag ein Br\u00f6tchen beim B\u00e4cker. Eigentlich wollte ich auf der Rastst\u00e4tte auch \u00fcbernachten, habe den Tankwart gefragt wie lange McDonalds auf hat und bei der Fahrt dorthin gemerkt, dass der Laden gar nicht auf der Rastst\u00e4tte liegt, sondern dahinter. Zwar stand auf dem Parkplatz bereits ein Caravan mit runter gelassenen St\u00fctzen, aber mir war da zuviel &#8222;junges Publikum&#8220;. <a href=\"https:\/\/twitter.com\/filmfacts\/status\/1172633832161468416\" rel=\"noopener noreferrer\" target=\"_blank\">Essen OK<\/a>, aber dort stehen war mir etwas mulmig.<\/p>\n<p>Also wieder auf die Bahn. Der n\u00e4chste Stopp war dann der <a href=\"https:\/\/twitter.com\/filmfacts\/status\/1172647675348410368\" target=\"_blank\" rel=\"noopener noreferrer\">K\u00f6schinger Forst gegen 1 Uhr nachts<\/a>. Waren etliche Stellpl\u00e4tze frei. Wenn man nur mit dem PKW unterwegs ist, muss man ja nicht nach den langen Pl\u00e4tzen suchen. Weit und breit kein LKW in der N\u00e4he. Als ich das Zelt unter l\u00e4chelnden und staunenden Gesichtern der Zuschauenden hochgeklappt und mich <a href=\"https:\/\/twitter.com\/filmfacts\/status\/1172647675348410368\" rel=\"noopener noreferrer\" target=\"_blank\">in die Decke gekuschelt<\/a> hatte, hielt ein K\u00fchllaster mit offensichtlich defektem Schalld\u00e4mpfer knapp 50 Meter weiter. Aaaalter. Ich war kurz davor aufzustehen und weiter zu fahren, als der LKW gl\u00fccklicherweise wieder verschwand.<\/p>\n<h5><a name=\"1409\"><\/a>14.09.2019 &#8211; Anreise<\/h5>\n<p>Geschlafen habe ich leidlich. Einmal in der Nacht aufgestanden und 4 oder so die Toilette besucht und eine Sumatriptan eingeworfen. Um Sieben bin ich dann <a href=\"https:\/\/twitter.com\/filmfacts\/status\/1172740430397677568\" rel=\"noopener noreferrer\" target=\"_blank\">aufgestanden<\/a>, habe Z\u00e4hne geputzt und das Zelt &#8211; wieder unter interessierten Blicken &#8211; zusammengeklappt. Das gelingt mir inzwischen in weniger als zwei Minuten. Zum Fr\u00fchst\u00fcck gab es einen Egg McMuffin, weil irgendwie der Magen gar keinen Hunger signalisierte. Wenigstens war auf der Autobahn kein Stau. Ingolstadt, M\u00fcnchen und dann schon Bernau. Hier habe ich traditionell gehalten &#8211; war aber aber nicht bei Burger King. Nur nachtanken und die Vignette f\u00fcr \u00d6sterreich kaufen. Ich verstehe immer noch nicht, wie der unf\u00e4hige Andi Scheuer das bei uns so in den Sand setzen konnte. Vignette f\u00fcr alle und wer nicht will f\u00e4hrt halt keine Autobahn. Kann so einfach sein. Zwischendurch wechselten nat\u00fcrlich bei jedem Halt per Threema Sachstandsberichte zwischen den geographisch dreigeteilten Familienmitgliedern hin und her.<br \/>\n<figure id=\"attachment_165650\" aria-describedby=\"caption-attachment-165650\" style=\"width: 470px\" class=\"wp-caption aligncenter\"><a href=\"https:\/\/www.andreas-edler.de\/blog\/wp-content\/uploads\/2019\/09\/2019-09-14-11.03.35.jpg\"><img loading=\"lazy\" decoding=\"async\" src=\"https:\/\/www.andreas-edler.de\/blog\/wp-content\/uploads\/2019\/09\/2019-09-14-11.03.35-470x137.jpg\" alt=\"\" width=\"470\" height=\"137\" class=\"size-large wp-image-165650\" srcset=\"https:\/\/www.andreas-edler.de\/blog\/wp-content\/uploads\/2019\/09\/2019-09-14-11.03.35-470x137.jpg 470w, https:\/\/www.andreas-edler.de\/blog\/wp-content\/uploads\/2019\/09\/2019-09-14-11.03.35-250x73.jpg 250w, https:\/\/www.andreas-edler.de\/blog\/wp-content\/uploads\/2019\/09\/2019-09-14-11.03.35-768x224.jpg 768w, https:\/\/www.andreas-edler.de\/blog\/wp-content\/uploads\/2019\/09\/2019-09-14-11.03.35-100x29.jpg 100w, https:\/\/www.andreas-edler.de\/blog\/wp-content\/uploads\/2019\/09\/2019-09-14-11.03.35-150x44.jpg 150w, https:\/\/www.andreas-edler.de\/blog\/wp-content\/uploads\/2019\/09\/2019-09-14-11.03.35-200x58.jpg 200w, https:\/\/www.andreas-edler.de\/blog\/wp-content\/uploads\/2019\/09\/2019-09-14-11.03.35-300x87.jpg 300w, https:\/\/www.andreas-edler.de\/blog\/wp-content\/uploads\/2019\/09\/2019-09-14-11.03.35-450x131.jpg 450w, https:\/\/www.andreas-edler.de\/blog\/wp-content\/uploads\/2019\/09\/2019-09-14-11.03.35-600x175.jpg 600w, https:\/\/www.andreas-edler.de\/blog\/wp-content\/uploads\/2019\/09\/2019-09-14-11.03.35-900x262.jpg 900w, https:\/\/www.andreas-edler.de\/blog\/wp-content\/uploads\/2019\/09\/2019-09-14-11.03.35.jpg 1280w\" sizes=\"auto, (max-width: 470px) 100vw, 470px\" \/><\/a><figcaption id=\"caption-attachment-165650\" class=\"wp-caption-text\">Hach &#8230; Berge.<\/figcaption><\/figure><br \/>\nDas Navi behauptete, ich w\u00e4re gegen Viertel nach Zwei auf Solaris. Kurz hinter der Grenze habe ich dem Navi aber gesagt, dass ich doch gerne \u00fcber den Tauernpass fahren w\u00fcrde. Das hat die Ankunftszeit ein bisschen nach hinten geschoben. Und mein Kopf brummte immer mehr. Bei Radstadt verl\u00e4sst man dann die Bahn und wechselt auf die Landstra\u00dfe. Schon sch\u00f6ner zu fahren. Vor allen Dingen habe ich auch noch einen Almabtrieb &#8222;mitgemacht&#8220;. Alle Autos am rechten Rand der Stra\u00dfe und die K\u00fche wurden vorbei getrieben. Teilweise sch\u00f6n geschm\u00fcckt, teilweise wie &#8217;ne Kuh halt. Die Treiber und Treiberinnen sahen allerdings schon ein bisschen mitgenommen aus &#8211; mussten auch ordentlich rennen!<\/p>\n<p>Auf dem Weg nach oben habe ich an <a href=\"https:\/\/twitter.com\/filmfacts\/status\/1172797350462578688\" rel=\"noopener noreferrer\" target=\"_blank\">einer Stelle<\/a> gehalten, die Alex und ich <a href=\"https:\/\/www.andreas-edler.de\/blog\/urlaub\/kroatien-2010\/\" target=\"_blank\" rel=\"noopener noreferrer\">in 2010 schon f\u00fcr einen Halt ausgesucht<\/a> hatten. So langsam f\u00fchlte ich mich auch ein bisschen nach Urlaub, nur ging es mir immer schlechter. Kopf- und Gliederschmerzen, irgendjemand hat mich wom\u00f6glich mit einer Erk\u00e4ltung angesteckt. Die Anstrengung und der Stress tun ihr \u00fcbriges. Ganz oben ist der Tauernpass \u00fcbrigens mal so richtig h\u00e4sslich. Hotel, Apartment, Skilift, Hotel, Parkplatz &#8230; das sieht nicht gut aus. Man muss schon sehr nach oben schauen, um noch etwas vom sch\u00f6nen Berg zu sehen. Bei der Abfahrt wurd&#8217;s dann wieder besser und ich habe noch einmal angehalten. Das hat die Ankunftszeit nat\u00fcrlich immer weiter nach hinten geschoben. Inzwischen schon fast auf 15:30 Uhr.<br \/>\n<figure id=\"attachment_165651\" aria-describedby=\"caption-attachment-165651\" style=\"width: 470px\" class=\"wp-caption aligncenter\"><a href=\"https:\/\/www.andreas-edler.de\/blog\/wp-content\/uploads\/2019\/09\/2019-09-14-15.49.59.jpg\"><img loading=\"lazy\" decoding=\"async\" src=\"https:\/\/www.andreas-edler.de\/blog\/wp-content\/uploads\/2019\/09\/2019-09-14-15.49.59-470x137.jpg\" alt=\"\" width=\"470\" height=\"137\" class=\"size-large wp-image-165651\" srcset=\"https:\/\/www.andreas-edler.de\/blog\/wp-content\/uploads\/2019\/09\/2019-09-14-15.49.59-470x137.jpg 470w, https:\/\/www.andreas-edler.de\/blog\/wp-content\/uploads\/2019\/09\/2019-09-14-15.49.59-250x73.jpg 250w, https:\/\/www.andreas-edler.de\/blog\/wp-content\/uploads\/2019\/09\/2019-09-14-15.49.59-768x224.jpg 768w, https:\/\/www.andreas-edler.de\/blog\/wp-content\/uploads\/2019\/09\/2019-09-14-15.49.59-100x29.jpg 100w, https:\/\/www.andreas-edler.de\/blog\/wp-content\/uploads\/2019\/09\/2019-09-14-15.49.59-150x44.jpg 150w, https:\/\/www.andreas-edler.de\/blog\/wp-content\/uploads\/2019\/09\/2019-09-14-15.49.59-200x58.jpg 200w, https:\/\/www.andreas-edler.de\/blog\/wp-content\/uploads\/2019\/09\/2019-09-14-15.49.59-300x87.jpg 300w, https:\/\/www.andreas-edler.de\/blog\/wp-content\/uploads\/2019\/09\/2019-09-14-15.49.59-450x131.jpg 450w, https:\/\/www.andreas-edler.de\/blog\/wp-content\/uploads\/2019\/09\/2019-09-14-15.49.59-600x175.jpg 600w, https:\/\/www.andreas-edler.de\/blog\/wp-content\/uploads\/2019\/09\/2019-09-14-15.49.59-900x262.jpg 900w, https:\/\/www.andreas-edler.de\/blog\/wp-content\/uploads\/2019\/09\/2019-09-14-15.49.59.jpg 1280w\" sizes=\"auto, (max-width: 470px) 100vw, 470px\" \/><\/a><figcaption id=\"caption-attachment-165651\" class=\"wp-caption-text\">Hinter Koper den Berg hoch &#8230;<\/figcaption><\/figure><br \/>\nDen Katschbergpass bin ich dann nicht mehr gefahren, sondern habe wieder auf die Autobahn gewechselt. An der Rastst\u00e4tte Feistritz habe ich dann ebenso traditionell gehalten, getankt und eine Vignette gekauft. Als ich mir in der Rastst\u00e4tte noch ein Eis f\u00fcr den kleinen Hunger holte, signalisierte mir das Portemonnaie, dass meine Eurovorr\u00e4te ersch\u00f6pft waren. Das reicht nicht mehr f\u00fcr den Karawankentunnel. Nun, dann eben noch einmal in Villach ab und den Geldautomaten in einem Einkaufszentrum besucht. Das geht alles von meiner Zeit (und Laune) ab. Aber dann &#8230; Slowenien! Endlich, jetzt ist es nicht mehr weit. Radio SI hat mich dann aber schnell etwas weniger optimistisch werden lassen. Denn um Ljubeljana rum, sollte &#8222;<a href=\"https:\/\/twitter.com\/filmfacts\/status\/1172862450267500547\" rel=\"noopener noreferrer\" target=\"_blank\">viel Verkehr<\/a>&#8220; sein. Das war dann noch etwas geschmeichelt. <a href=\"https:\/\/twitter.com\/filmfacts\/status\/1172880825827954688\" rel=\"noopener noreferrer\" target=\"_blank\">Sehr tr\u00e4ge alles<\/a>. Danach dachte ich es rollt, aber schon weit vor Koper raunte mir das Radio was von einer Stunde Wartezeit an der Grenze zu. Na super! In 2010 haben wir stundenlang direkt ab Koper im Stau gestanden. So schlimm war es nicht, aber trotzdem dauerte es von Koper \u00fcber eine Stunde bis ich endlich \u00fcber die Grenze war. Und ab da lief es dann ganz gut. Ganz, ganz \u00fcble Kopfschmerzen, aber ich war doch leidlich zufrieden.<\/p>\n<p>Um 17:15 Uhr habe ich der Familie das Bild vom Yeti in der Anmeldeschlange geschickt. An der Rezeption war erstaunlicherweise ziemlich viel los. Und es waren entgegen meiner Erwartung im Bereich A auf den Comfort-Mare-Pl\u00e4tzen nur zwei Parzellen frei. Am Meer direkt gar kein :-o Habe mich f\u00fcr A57 entschieden, weil ich noch wusste, dass da B\u00e4ume drauf sind und A50 nur Kies hat und zudem auch noch eine merkw\u00fcrdig umfasst Erh\u00f6hung. Ist wohl ein ehemaliger Dauercamperplatz und man kann den Wohnwagen da auch prima dran stellen und hat sauber F\u00fc\u00dfe unter der Markise bzw. im Vorzelt. Aber mit dem Zelt ist der Platz nicht so sch\u00f6n. Also A57, hingefahren, auf den Platz gerollt, 10 Minuten \u00fcber die Ausrichtung nachgedacht damit ich die B\u00e4ume zum Absapnnen des Tarp nutzen kann und dann den Motor aus.<br \/>\n<figure id=\"attachment_165652\" aria-describedby=\"caption-attachment-165652\" style=\"width: 470px\" class=\"wp-caption aligncenter\"><a href=\"https:\/\/www.andreas-edler.de\/blog\/wp-content\/uploads\/2019\/09\/2019-09-14-19.07.56.jpg\"><img loading=\"lazy\" decoding=\"async\" src=\"https:\/\/www.andreas-edler.de\/blog\/wp-content\/uploads\/2019\/09\/2019-09-14-19.07.56-470x200.jpg\" alt=\"\" width=\"470\" height=\"200\" class=\"size-large wp-image-165652\" srcset=\"https:\/\/www.andreas-edler.de\/blog\/wp-content\/uploads\/2019\/09\/2019-09-14-19.07.56-470x200.jpg 470w, https:\/\/www.andreas-edler.de\/blog\/wp-content\/uploads\/2019\/09\/2019-09-14-19.07.56-250x107.jpg 250w, https:\/\/www.andreas-edler.de\/blog\/wp-content\/uploads\/2019\/09\/2019-09-14-19.07.56-768x328.jpg 768w, https:\/\/www.andreas-edler.de\/blog\/wp-content\/uploads\/2019\/09\/2019-09-14-19.07.56-100x43.jpg 100w, https:\/\/www.andreas-edler.de\/blog\/wp-content\/uploads\/2019\/09\/2019-09-14-19.07.56-150x64.jpg 150w, https:\/\/www.andreas-edler.de\/blog\/wp-content\/uploads\/2019\/09\/2019-09-14-19.07.56-200x85.jpg 200w, https:\/\/www.andreas-edler.de\/blog\/wp-content\/uploads\/2019\/09\/2019-09-14-19.07.56-300x128.jpg 300w, https:\/\/www.andreas-edler.de\/blog\/wp-content\/uploads\/2019\/09\/2019-09-14-19.07.56-450x192.jpg 450w, https:\/\/www.andreas-edler.de\/blog\/wp-content\/uploads\/2019\/09\/2019-09-14-19.07.56-600x256.jpg 600w, https:\/\/www.andreas-edler.de\/blog\/wp-content\/uploads\/2019\/09\/2019-09-14-19.07.56-900x384.jpg 900w, https:\/\/www.andreas-edler.de\/blog\/wp-content\/uploads\/2019\/09\/2019-09-14-19.07.56.jpg 1280w\" sizes=\"auto, (max-width: 470px) 100vw, 470px\" \/><\/a><figcaption id=\"caption-attachment-165652\" class=\"wp-caption-text\">Stellplatz bezogen<\/figcaption><\/figure><br \/>\nDach hoch und den ersten grinsenden Zuschauern zur\u00fcck gegrinst :-) Habe meine vorletzte Paracetamol genommen und das Tarp aufgebaut. Strom angeschlossen, Stuhl raus, Urlaub. Kerl, was war ich fertig. So eine beschissene Anreise hatte ich lange nirgends mehr hin. Ich kann mich nicht erinnern \u00fcberhaupt schon mal so eine miese Autofahrt gehabt zu haben. Und au\u00dferdem macht es mit der Sippe im Wagen mehr Spa\u00df unterwegs zu sein! Den ersten Abend habe ich dann &#8211; auch traditionell &#8211; im Galeb begangen. Brauchte auch gar keine Karte, Spaghetti mit Meeresfr\u00fcchten und ein &#8211; kleines &#8211; Bier. Schmeckte mir beides nicht. Das lag aber weniger an der Qualit\u00e4t, als an meiner Gesamtverfassung. Hatte einen Klo\u00df im Hals, weil ich mich pl\u00f6tzlich irgendwie allein f\u00fchlte. Aber der Sonnenuntergang war sch\u00f6n :-)<br \/>\n<figure id=\"attachment_165654\" aria-describedby=\"caption-attachment-165654\" style=\"width: 470px\" class=\"wp-caption aligncenter\"><a href=\"https:\/\/www.andreas-edler.de\/blog\/wp-content\/uploads\/2019\/09\/2019-09-14-19.11.29.jpg\"><img loading=\"lazy\" decoding=\"async\" src=\"https:\/\/www.andreas-edler.de\/blog\/wp-content\/uploads\/2019\/09\/2019-09-14-19.11.29-470x214.jpg\" alt=\"\" width=\"470\" height=\"214\" class=\"size-large wp-image-165654\" srcset=\"https:\/\/www.andreas-edler.de\/blog\/wp-content\/uploads\/2019\/09\/2019-09-14-19.11.29-470x214.jpg 470w, https:\/\/www.andreas-edler.de\/blog\/wp-content\/uploads\/2019\/09\/2019-09-14-19.11.29-250x114.jpg 250w, https:\/\/www.andreas-edler.de\/blog\/wp-content\/uploads\/2019\/09\/2019-09-14-19.11.29-768x349.jpg 768w, https:\/\/www.andreas-edler.de\/blog\/wp-content\/uploads\/2019\/09\/2019-09-14-19.11.29-100x45.jpg 100w, https:\/\/www.andreas-edler.de\/blog\/wp-content\/uploads\/2019\/09\/2019-09-14-19.11.29-150x68.jpg 150w, https:\/\/www.andreas-edler.de\/blog\/wp-content\/uploads\/2019\/09\/2019-09-14-19.11.29-200x91.jpg 200w, https:\/\/www.andreas-edler.de\/blog\/wp-content\/uploads\/2019\/09\/2019-09-14-19.11.29-300x136.jpg 300w, https:\/\/www.andreas-edler.de\/blog\/wp-content\/uploads\/2019\/09\/2019-09-14-19.11.29-450x205.jpg 450w, https:\/\/www.andreas-edler.de\/blog\/wp-content\/uploads\/2019\/09\/2019-09-14-19.11.29-600x273.jpg 600w, https:\/\/www.andreas-edler.de\/blog\/wp-content\/uploads\/2019\/09\/2019-09-14-19.11.29-900x409.jpg 900w, https:\/\/www.andreas-edler.de\/blog\/wp-content\/uploads\/2019\/09\/2019-09-14-19.11.29.jpg 1280w\" sizes=\"auto, (max-width: 470px) 100vw, 470px\" \/><\/a><figcaption id=\"caption-attachment-165654\" class=\"wp-caption-text\">Der erste Sonnenuntergang<\/figcaption><\/figure><br \/>\nAuf dem Weg zum Auto wurde noch kurz im Supermarkt eingekauft. Habe ich jedenfalls versucht. Denn bei dem Versuch ist es geblieben, man merkt dass die Hauptsaison vorbei ist und der Campingplatz in zwei Wochen zu macht. Die Regale waren ziemlich gefleddert. Der zweite Supermarkt weiter hinten auf dem Platz hatte gar schon geschlossen! Um 21:15 lag ich im Zelt und muss auch kurz danach eingeschlafen sein! Erster &#8222;halber&#8220; Urlaubstag vorbei.<\/p>\n<h5><a name=\"1509\"><\/a>15.09.2019 &#8211; erster ganzer Urlaubstag<\/h5>\n<p>Ungew\u00f6hnlich fr\u00fch bin ich um kurz nach 7 Uhr aufgewacht. Zwar immer noch etwas m\u00fcde, aber ansonsten ganz gut zufrieden. Sieht man mal von der komplett dichten Nase ab. Habe mich dann die Leiter runter gewuchtet, kurz die Morgentoilette erledigt und stand um halb 8 schon beim B\u00e4cker um die leckeren Buttercroissants und weiche Rosenbr\u00f6tchen zu kaufen. Den Weg zur\u00fcck bin ich<a href=\"https:\/\/twitter.com\/filmfacts\/status\/1173111864219377664\" rel=\"noopener noreferrer\" target=\"_blank\"> am Meer entlang<\/a> spaziert, das v\u00f6llig glatt in der Sonne glitzerte. Hmm &#8230; schnell die Br\u00f6tchen ins Auto geworfen, ein Handtuch geholt und ab ins Wasser. War zwar etwas k\u00fchl, aber nach zwei Minuten gings. Zum Schnorcheln hatte ich keine Lust und trotz einiger Jahre im Schwimmverein, ist schwimmen nicht so mein Plaisier. Ich stehe mehr so im Wasser rum und freue mich \u00fcber <a href=\"https:\/\/twitter.com\/filmfacts\/status\/1173211163414450176\" rel=\"noopener noreferrer\" target=\"_blank\">die Ruhe<\/a>, die klare Sicht und den Blick auf das Ufer.<\/p>\n<p>Danach habe ich mir leckeren Instant-Kaffee gekocht und mich dar\u00fcber gefreut, dass <a href=\"https:\/\/www.andreas-edler.de\/blog\/2019\/08\/skoda-yeti-regal-fuer-den-kofferraum\/\">der kleine Ausziehtisch<\/a> genau so funktioniert, wie gedacht. Auch an die Kisten kommt man ganz gut ran. War keine ganz schlechte Idee &#8211; wenngleich nich Verbesserungspotential vorhanden ist. Die unteren beiden Boxen erreiche ich nur, wenn davor nichts liegt. Geht aber leider nicht anders, weil der Kofferraumboden nicht eben mit der Ladekante abschlie\u00dft. Mal sehen. Zum Kaffe gab es die Croissants mit Nutella. Der gefledderte Campingplatz-Supermarkt hatte n\u00e4mlich kein Lino Lade &#8222;schwar wei\u00df&#8220; mehr. Nur noch Kokos einzeln. Wer will das denn? Auf die H\u00f6rnchen mit Lino Lada\/Nutella habe ich mich die ganze Zeit schon gefreut. Echt jetzt.<br \/>\n<figure id=\"attachment_165655\" aria-describedby=\"caption-attachment-165655\" style=\"width: 470px\" class=\"wp-caption aligncenter\"><a href=\"https:\/\/www.andreas-edler.de\/blog\/wp-content\/uploads\/2019\/09\/2019-09-15-13.48.30.jpg\"><img loading=\"lazy\" decoding=\"async\" src=\"https:\/\/www.andreas-edler.de\/blog\/wp-content\/uploads\/2019\/09\/2019-09-15-13.48.30-470x221.jpg\" alt=\"\" width=\"470\" height=\"221\" class=\"size-large wp-image-165655\" srcset=\"https:\/\/www.andreas-edler.de\/blog\/wp-content\/uploads\/2019\/09\/2019-09-15-13.48.30-470x221.jpg 470w, https:\/\/www.andreas-edler.de\/blog\/wp-content\/uploads\/2019\/09\/2019-09-15-13.48.30-250x118.jpg 250w, https:\/\/www.andreas-edler.de\/blog\/wp-content\/uploads\/2019\/09\/2019-09-15-13.48.30-768x362.jpg 768w, https:\/\/www.andreas-edler.de\/blog\/wp-content\/uploads\/2019\/09\/2019-09-15-13.48.30-100x47.jpg 100w, https:\/\/www.andreas-edler.de\/blog\/wp-content\/uploads\/2019\/09\/2019-09-15-13.48.30-150x71.jpg 150w, https:\/\/www.andreas-edler.de\/blog\/wp-content\/uploads\/2019\/09\/2019-09-15-13.48.30-200x94.jpg 200w, https:\/\/www.andreas-edler.de\/blog\/wp-content\/uploads\/2019\/09\/2019-09-15-13.48.30-300x141.jpg 300w, https:\/\/www.andreas-edler.de\/blog\/wp-content\/uploads\/2019\/09\/2019-09-15-13.48.30-450x212.jpg 450w, https:\/\/www.andreas-edler.de\/blog\/wp-content\/uploads\/2019\/09\/2019-09-15-13.48.30-600x283.jpg 600w, https:\/\/www.andreas-edler.de\/blog\/wp-content\/uploads\/2019\/09\/2019-09-15-13.48.30-900x424.jpg 900w, https:\/\/www.andreas-edler.de\/blog\/wp-content\/uploads\/2019\/09\/2019-09-15-13.48.30.jpg 1280w\" sizes=\"auto, (max-width: 470px) 100vw, 470px\" \/><\/a><figcaption id=\"caption-attachment-165655\" class=\"wp-caption-text\">Der neue Topf funktioniert gut!<\/figcaption><\/figure><br \/>\nDanach war ich so m\u00fcde, dass ich mich ein wenig ins Zelt gelegt habe, um zu d\u00f6sen. Allerdings bin ich ziemlich unruhig, wenn ich nur rumliege und nichts mache. Gegen Mittag habe ich darum die Radklamotten angezogen und bin hoch zum Plodine gefahren, weil ich f\u00fcr das Abendbrot noch was zu Essen braucht. Nudeln, So\u00dfe, Ketchup, Marmelade, Frischk\u00e4se, Wurst und Scheibenk\u00e4se. Das soll wohl f\u00fcr mich und die Woche reichen! Zus\u00e4tzlich noch einen kleinen Wasser- bzw. eigentlich Milchtopf mit langem Griff. Wasser kochen im Kochtopf stellte sich als m\u00f6glich, aber nicht empfehlenswert raus. Die Griffe sind n\u00e4mlich nicht isoliert und Topflappen habe ich nicht mit, so dass heute morgen die getragenen Socken als gerade griffbereiter Hitzeschutz herhalten mussten. Weiterhin gab es noch &#8211; nach einigem Suchen &#8211; eine gro\u00dfe Plastikbox, weil ich mein ganzes Elektrogebimmsel (Ladekabel, Adapter, Akkus etc.) in die Lenkertasche geschmissen hatte, um Platz zu sparen. Die Tasche brauche ich allerdings wenn ich rumfahre, das Elektrozeugs dabei allerdings weniger und dann fliegt es lose im Kofferraum rum. Kann ich nicht leiden. Nun ist es in einer Box mit Deckel verstaut.<\/p>\n<p>Vor dem Plodine war ich noch an der Apotheke in Tar, die hatte aber am Sonntag zu. Als ich wieder zum Campingplatz wollte, war ich schon durch den Kreisel Richtung Solaris, als ich mir kurz entschlossen \u00fcberlegt, lieber \u00fcber Santa Marina zur\u00fcck zu fahren. Muss ja wenigstens 10 Kilometer auf den Tacho kriegen. Mit dem schweren Rucksack auf dem R\u00fccken (vielleicht war auch noch ein Liter Bier mit drin) fuhr es sich etwas anders als gep\u00e4cklos. Ich werde nie verstehen, wie Leute Radreisen mit Rucksack machen k\u00f6nnen. Das <a href=\"https:\/\/www.andreas-edler.de\/blog\/2006\/01\/objekt-der-begierde-scott-sub-30\/\">Scott Sub 30<\/a> f\u00e4hrt den Berg sowohl rauf als auch runter deutlich fixer als das <a href=\"https:\/\/www.andreas-edler.de\/blog\/2008\/01\/scott-aspect-50\/\">Scott Aspect 50<\/a>. Zwar deutlich h\u00e4rter im Lenker &#8211; Kunstst\u00fcck ohne Federung &#8211; aber auch direkter und ruhiger. Auf Asphalt gef\u00e4llt es mir gut. Bin auch \u00fcber die kleine Bucht zur\u00fcck gefahren, weil da ein kleines St\u00fcck Schotter dabei ist und ich schauen wollte, wie ich da mit den Schwalbe Kojak Slicks rauf komme. Ging problemlos!<br \/>\n<figure id=\"attachment_165656\" aria-describedby=\"caption-attachment-165656\" style=\"width: 470px\" class=\"wp-caption aligncenter\"><a href=\"https:\/\/www.andreas-edler.de\/blog\/wp-content\/uploads\/2019\/09\/2019-09-15-19.28.18.jpg\"><img loading=\"lazy\" decoding=\"async\" src=\"https:\/\/www.andreas-edler.de\/blog\/wp-content\/uploads\/2019\/09\/2019-09-15-19.28.18-470x222.jpg\" alt=\"\" width=\"470\" height=\"222\" class=\"size-large wp-image-165656\" srcset=\"https:\/\/www.andreas-edler.de\/blog\/wp-content\/uploads\/2019\/09\/2019-09-15-19.28.18-470x222.jpg 470w, https:\/\/www.andreas-edler.de\/blog\/wp-content\/uploads\/2019\/09\/2019-09-15-19.28.18-250x118.jpg 250w, https:\/\/www.andreas-edler.de\/blog\/wp-content\/uploads\/2019\/09\/2019-09-15-19.28.18-768x363.jpg 768w, https:\/\/www.andreas-edler.de\/blog\/wp-content\/uploads\/2019\/09\/2019-09-15-19.28.18-100x47.jpg 100w, https:\/\/www.andreas-edler.de\/blog\/wp-content\/uploads\/2019\/09\/2019-09-15-19.28.18-150x71.jpg 150w, https:\/\/www.andreas-edler.de\/blog\/wp-content\/uploads\/2019\/09\/2019-09-15-19.28.18-200x95.jpg 200w, https:\/\/www.andreas-edler.de\/blog\/wp-content\/uploads\/2019\/09\/2019-09-15-19.28.18-300x142.jpg 300w, https:\/\/www.andreas-edler.de\/blog\/wp-content\/uploads\/2019\/09\/2019-09-15-19.28.18-450x213.jpg 450w, https:\/\/www.andreas-edler.de\/blog\/wp-content\/uploads\/2019\/09\/2019-09-15-19.28.18-600x284.jpg 600w, https:\/\/www.andreas-edler.de\/blog\/wp-content\/uploads\/2019\/09\/2019-09-15-19.28.18-900x425.jpg 900w, https:\/\/www.andreas-edler.de\/blog\/wp-content\/uploads\/2019\/09\/2019-09-15-19.28.18.jpg 1280w\" sizes=\"auto, (max-width: 470px) 100vw, 470px\" \/><\/a><figcaption id=\"caption-attachment-165656\" class=\"wp-caption-text\">Voll gut gelaunt und gesund &#8230;<\/figcaption><\/figure><br \/>\nDanach war nur rumgammeln auf der Parzelle. Den Stuhl von Schatten nach Sonne und zur\u00fcck gestellt und an dieser Seite geschrieben. Knapp alle 1 1\/2 Stunden habe ich jemandem das Dachzelt erkl\u00e4rt und auch zwei Leute einmal die Leiter rauf klettern lassen, um einen Blick ins Innere zu machen. Auch das Minikofferraumregal wurde von einem Interessierten begutachtet, der seine Frau noch \u00fcberzeugen musste, zus\u00e4tzlich zum Wohnwagen auch noch ein Dachzelt anzuschaffen, um schnell mal irgendwo eine Nacht zu stehen.<br \/>\n<figure id=\"attachment_165657\" aria-describedby=\"caption-attachment-165657\" style=\"width: 470px\" class=\"wp-caption aligncenter\"><a href=\"https:\/\/www.andreas-edler.de\/blog\/wp-content\/uploads\/2019\/09\/2019-09-15-19.34.38-1.jpg\"><img loading=\"lazy\" decoding=\"async\" src=\"https:\/\/www.andreas-edler.de\/blog\/wp-content\/uploads\/2019\/09\/2019-09-15-19.34.38-1-470x222.jpg\" alt=\"\" width=\"470\" height=\"222\" class=\"size-large wp-image-165657\" srcset=\"https:\/\/www.andreas-edler.de\/blog\/wp-content\/uploads\/2019\/09\/2019-09-15-19.34.38-1-470x222.jpg 470w, https:\/\/www.andreas-edler.de\/blog\/wp-content\/uploads\/2019\/09\/2019-09-15-19.34.38-1-250x118.jpg 250w, https:\/\/www.andreas-edler.de\/blog\/wp-content\/uploads\/2019\/09\/2019-09-15-19.34.38-1-768x363.jpg 768w, https:\/\/www.andreas-edler.de\/blog\/wp-content\/uploads\/2019\/09\/2019-09-15-19.34.38-1-100x47.jpg 100w, https:\/\/www.andreas-edler.de\/blog\/wp-content\/uploads\/2019\/09\/2019-09-15-19.34.38-1-150x71.jpg 150w, https:\/\/www.andreas-edler.de\/blog\/wp-content\/uploads\/2019\/09\/2019-09-15-19.34.38-1-200x95.jpg 200w, https:\/\/www.andreas-edler.de\/blog\/wp-content\/uploads\/2019\/09\/2019-09-15-19.34.38-1-300x142.jpg 300w, https:\/\/www.andreas-edler.de\/blog\/wp-content\/uploads\/2019\/09\/2019-09-15-19.34.38-1-450x213.jpg 450w, https:\/\/www.andreas-edler.de\/blog\/wp-content\/uploads\/2019\/09\/2019-09-15-19.34.38-1-600x284.jpg 600w, https:\/\/www.andreas-edler.de\/blog\/wp-content\/uploads\/2019\/09\/2019-09-15-19.34.38-1-900x425.jpg 900w, https:\/\/www.andreas-edler.de\/blog\/wp-content\/uploads\/2019\/09\/2019-09-15-19.34.38-1.jpg 1280w\" sizes=\"auto, (max-width: 470px) 100vw, 470px\" \/><\/a><figcaption id=\"caption-attachment-165657\" class=\"wp-caption-text\">Zweiter Sonnenuntergang<\/figcaption><\/figure><br \/>\nEigentlich wollte ich mir heute abend Nudeln kochen und auf dem Stellplatz essen, aber irgendwie war mir dann doch mehr nach weg gehen. Das kleine Restaurant hinten zum Ausgang nach Lanterna hatte auch Burger im Angebot &#8230; aber leider auch schon zu. So wurde es dann ein gef\u00fclltes <a href=\"https:\/\/twitter.com\/filmfacts\/status\/1173290510162767873\" rel=\"noopener noreferrer\" target=\"_blank\">Hacksteak im Galeb<\/a>. War mir eigentlich schon viel zu viel Essen. Morgen gibt es nur Nudeln! So. :-) Habe dann noch ein bisschen auf einer Liege am Strand gelegen, bis es mir zu k\u00fchl wurde und mich dann ins Dachzelt verkrochen. Noch ein bisschen gelesen und dann Anne Will auf dem Smartphone geschaut. Joyn l\u00e4uft im Ausland zwar nicht, aber mit der Mediathek-App der ARD hat es geklappt. Und das Solaris-WLAN ist auch ausreichend stabil und schnell, um Fernsehen zu gucken. Zumindest in dieser Woche. Im Sommerurlaub ging da ja leider gar nichts. Und dann: Feierabend!<\/p>\n<h5><a name=\"1609\"><\/a>16.09.2019<\/h5>\n<p>Um vier Uhr bin ich aufgewacht und habe mir die Seele aus der Nase geschneuzt. Die Erk\u00e4ltung wird nicht besser. Gestern noch mit Mama telefoniert und geh\u00f6rt, dass sowohl sie als auch Onkel und Tante komplett erk\u00e4ltet sind. Na prima. Wer da wohl wen angesteckt hat. Wo ich schon mal wach war, konnte ich auch gleich zum &#8211; praktischerweise &#8211; direkt hinter der Parzelle liegenden Waschhaus gehen. Tags\u00fcber ist das zwar nicht mucksm\u00e4uschenstill, aber ich bin an den Sp\u00fclbecken mit 20 Schritten und kann mir Wasser holen bzw. mit eins-fix-drei bei den Toiletten. Eins der Dinge, die mich am Zelten st\u00f6ren. Im Wohnwagen haben wir das Klo dabei und flie\u00dfend Wasser auch. Schon bequem! Danach war noch mal bis kurz nach sieben schlafen angesagt. Da war drau\u00dfen dann schon ein bisschen Ramentern.<br \/>\n<figure id=\"attachment_165658\" aria-describedby=\"caption-attachment-165658\" style=\"width: 470px\" class=\"wp-caption aligncenter\"><a href=\"https:\/\/www.andreas-edler.de\/blog\/wp-content\/uploads\/2019\/09\/2019-09-16-08.20.02.jpg\"><img loading=\"lazy\" decoding=\"async\" src=\"https:\/\/www.andreas-edler.de\/blog\/wp-content\/uploads\/2019\/09\/2019-09-16-08.20.02-470x220.jpg\" alt=\"\" width=\"470\" height=\"220\" class=\"size-large wp-image-165658\" srcset=\"https:\/\/www.andreas-edler.de\/blog\/wp-content\/uploads\/2019\/09\/2019-09-16-08.20.02-470x220.jpg 470w, https:\/\/www.andreas-edler.de\/blog\/wp-content\/uploads\/2019\/09\/2019-09-16-08.20.02-250x117.jpg 250w, https:\/\/www.andreas-edler.de\/blog\/wp-content\/uploads\/2019\/09\/2019-09-16-08.20.02-768x360.jpg 768w, https:\/\/www.andreas-edler.de\/blog\/wp-content\/uploads\/2019\/09\/2019-09-16-08.20.02-100x47.jpg 100w, https:\/\/www.andreas-edler.de\/blog\/wp-content\/uploads\/2019\/09\/2019-09-16-08.20.02-150x70.jpg 150w, https:\/\/www.andreas-edler.de\/blog\/wp-content\/uploads\/2019\/09\/2019-09-16-08.20.02-200x94.jpg 200w, https:\/\/www.andreas-edler.de\/blog\/wp-content\/uploads\/2019\/09\/2019-09-16-08.20.02-300x141.jpg 300w, https:\/\/www.andreas-edler.de\/blog\/wp-content\/uploads\/2019\/09\/2019-09-16-08.20.02-450x211.jpg 450w, https:\/\/www.andreas-edler.de\/blog\/wp-content\/uploads\/2019\/09\/2019-09-16-08.20.02-600x281.jpg 600w, https:\/\/www.andreas-edler.de\/blog\/wp-content\/uploads\/2019\/09\/2019-09-16-08.20.02-900x422.jpg 900w, https:\/\/www.andreas-edler.de\/blog\/wp-content\/uploads\/2019\/09\/2019-09-16-08.20.02.jpg 1280w\" sizes=\"auto, (max-width: 470px) 100vw, 470px\" \/><\/a><figcaption id=\"caption-attachment-165658\" class=\"wp-caption-text\">Nur noch \u00fcberschaubar was los.<\/figcaption><\/figure><br \/>\nAlso aufgestanden, Z\u00e4hne geputzt, geduscht und los zum Br\u00f6tchen kaufen. Wieder die <a href=\"https:\/\/twitter.com\/filmfacts\/status\/1173484186176577537\" rel=\"noopener noreferrer\" target=\"_blank\">Croissants und zwei weiche Rosenbr\u00f6tchen<\/a>. Die Nachbarn mit ihrem Wohnmobil, ein \u00e4lteres Ehepaar, fragten mich, ob ich mich zum Fr\u00fchst\u00fcck dazu setzen wollte, aber ehrlich gesagt ist das nicht so meine Welt. Ich habe freundlich gesagt, dass ich gerade auf dem Sprung bin, mir meine Br\u00f6tchen zu holen. Habe dann noch ein paar Schritte \u00fcber den Platz gemacht. <a href=\"https:\/\/twitter.com\/filmfacts\/status\/1173484186176577537\" target=\"_blank\" rel=\"noopener noreferrer\">Alles was nicht Comfort oder Premium Mare ist, sieht schon sehr verlassen aus.<\/a> Das Meer lag wieder total ruhig und klar in der Morgensonne. Aber ich konnte mich nicht aufraffen, rein zu gehen. Dazu f\u00fchlte ich mich \u00fcberhaupt nicht gut genug. Drei Tage kommts, drei Tage stehts, drei Tage gehts. Heute ist sicher irgendwo um Tag vier der Erk\u00e4ltung herum.<\/p>\n<p>Die Croissants mit Nutella sind unter dem Eichenbaum mit so einem halben Blick aufs Meer (leider steht fast auf gleicher H\u00f6he ein Dauercamper zwischen mir und dem Meer) dreimal so lecker wie zu Hause. Und der Instant Kaffee schmeckt auch besser als in der heimischen K\u00fcche. Nach dem Essen wollte ich eigentlich hoch nach Tar und in der Apotheke Paracetamol kaufen, konnte mich jedoch nicht aufraffen. Sa\u00df nur im Campingstuhl und guckte in die Luft. Bis ich dann doch mal ins Meer gegangen bin. Herrlich. Einfach sch\u00f6n in dem <a href=\"https:\/\/twitter.com\/filmfacts\/status\/1173510803686940672\" rel=\"noopener noreferrer\" target=\"_blank\">klaren, glatten Wasser<\/a>. Die Apotheke rennt nicht weg, kann ich auch am Nachmittag noch hin. Auf eine gro\u00dfe Runde habe ich sowieso keine Lust. <a href=\"https:\/\/twitter.com\/filmfacts\/status\/1173512323283202048\" rel=\"noopener noreferrer\" target=\"_blank\">Ich gammel heute<\/a> einfach rum!<br \/>\n<figure id=\"attachment_165659\" aria-describedby=\"caption-attachment-165659\" style=\"width: 470px\" class=\"wp-caption aligncenter\"><a href=\"https:\/\/www.andreas-edler.de\/blog\/wp-content\/uploads\/2019\/09\/2019-09-16-13.39.37.jpg\"><img loading=\"lazy\" decoding=\"async\" src=\"https:\/\/www.andreas-edler.de\/blog\/wp-content\/uploads\/2019\/09\/2019-09-16-13.39.37-470x276.jpg\" alt=\"\" width=\"470\" height=\"276\" class=\"size-large wp-image-165659\" srcset=\"https:\/\/www.andreas-edler.de\/blog\/wp-content\/uploads\/2019\/09\/2019-09-16-13.39.37-470x276.jpg 470w, https:\/\/www.andreas-edler.de\/blog\/wp-content\/uploads\/2019\/09\/2019-09-16-13.39.37-250x147.jpg 250w, https:\/\/www.andreas-edler.de\/blog\/wp-content\/uploads\/2019\/09\/2019-09-16-13.39.37-100x59.jpg 100w, https:\/\/www.andreas-edler.de\/blog\/wp-content\/uploads\/2019\/09\/2019-09-16-13.39.37-150x88.jpg 150w, https:\/\/www.andreas-edler.de\/blog\/wp-content\/uploads\/2019\/09\/2019-09-16-13.39.37-200x117.jpg 200w, https:\/\/www.andreas-edler.de\/blog\/wp-content\/uploads\/2019\/09\/2019-09-16-13.39.37-300x176.jpg 300w, https:\/\/www.andreas-edler.de\/blog\/wp-content\/uploads\/2019\/09\/2019-09-16-13.39.37-450x264.jpg 450w, https:\/\/www.andreas-edler.de\/blog\/wp-content\/uploads\/2019\/09\/2019-09-16-13.39.37.jpg 600w\" sizes=\"auto, (max-width: 470px) 100vw, 470px\" \/><\/a><figcaption id=\"caption-attachment-165659\" class=\"wp-caption-text\">Apothekenbesuch<\/figcaption><\/figure><br \/>\nSo richtig durchgehalten habe ich das mit dem &#8222;Ich mache nichts.&#8220; aber nicht. Weil die Nase immer so l\u00e4uft und ich Sorge hatte, nochmal Kopfschmerzen wegen Erk\u00e4ltung zu bekommen, bin ich doch noch zur Apotheke nach Tar gefahren. Bin \u00fcber Santa Marina gefahren, weil ich die Strecke schon lange nicht hoch bin. Um den Zaun von Solaris rum, waren vor mir ein paar &#8222;<a href=\"https:\/\/twitter.com\/filmfacts\/status\/1173546162399457280\" rel=\"noopener noreferrer\" target=\"_blank\">\u00c4ltere<\/a>&#8220; mit E-Bikes. Dass die ihre R\u00e4der \u00fcber die Steinbr\u00fcstung tragen ist klar, mache ich auch. Aber warum sie dann oben auf dem Schotterweg nicht gefahren sind, sondern weiter schoben, verstehe ich nicht. Selbst mit meinem ungefederten Fahrrad war es dort kein Problem und die Reifen, welche einige auf ihren SUVs fuhren, waren noch breiter als meine Kojaks &#8211; und hatten Profil. Den H\u00fcgel hoch nach Tar\/Vabriga habe ich sie dann auch nicht mehr gesehen, ich war trotz Erk\u00e4ltung offensichtlich schneller oben als sie.<\/p>\n<p>An der Apotheke habe ich kurz Paracetamol, Nasenspray und Lutschbonbons gegen den Hustenreiz gekauft und wollte dann eigentlich zur\u00fcck. Andererseits war ich durch das Fahren ganz gut drauf und die Klamotten eh schon nass geschwitzt. Dann eben nach Novigrad. Als ich an der Kirche in Tar vorbei fuhr, waren auch die vier E-Biker oben. Wurden gerade von einem alten Opa auf einem Mountainbike \u00fcberholt und ich bin ebenfalls dran vorbei gerollt. An dem kleinen Begr\u00fc\u00dfungst\u00fcrmchen vor Tar hatten sie mich aber wieder, weil ich angehalten bin, um endlich mal ein Foto von dem Turm zu machen. Danach den steilen Berg runter zur Mirna und \u00fcber den Mirnadamm. Da waren die vier schon nicht mehr. Werden wohl links nach Lanterna abgebogen sein.<br \/>\n<figure id=\"attachment_165660\" aria-describedby=\"caption-attachment-165660\" style=\"width: 470px\" class=\"wp-caption aligncenter\"><a href=\"https:\/\/www.andreas-edler.de\/blog\/wp-content\/uploads\/2019\/09\/2019-09-16-14.01.07.jpg\"><img loading=\"lazy\" decoding=\"async\" src=\"https:\/\/www.andreas-edler.de\/blog\/wp-content\/uploads\/2019\/09\/2019-09-16-14.01.07-470x276.jpg\" alt=\"\" width=\"470\" height=\"276\" class=\"size-large wp-image-165660\" srcset=\"https:\/\/www.andreas-edler.de\/blog\/wp-content\/uploads\/2019\/09\/2019-09-16-14.01.07-470x276.jpg 470w, https:\/\/www.andreas-edler.de\/blog\/wp-content\/uploads\/2019\/09\/2019-09-16-14.01.07-250x147.jpg 250w, https:\/\/www.andreas-edler.de\/blog\/wp-content\/uploads\/2019\/09\/2019-09-16-14.01.07-768x451.jpg 768w, https:\/\/www.andreas-edler.de\/blog\/wp-content\/uploads\/2019\/09\/2019-09-16-14.01.07-100x59.jpg 100w, https:\/\/www.andreas-edler.de\/blog\/wp-content\/uploads\/2019\/09\/2019-09-16-14.01.07-150x88.jpg 150w, https:\/\/www.andreas-edler.de\/blog\/wp-content\/uploads\/2019\/09\/2019-09-16-14.01.07-200x118.jpg 200w, https:\/\/www.andreas-edler.de\/blog\/wp-content\/uploads\/2019\/09\/2019-09-16-14.01.07-300x176.jpg 300w, https:\/\/www.andreas-edler.de\/blog\/wp-content\/uploads\/2019\/09\/2019-09-16-14.01.07-450x264.jpg 450w, https:\/\/www.andreas-edler.de\/blog\/wp-content\/uploads\/2019\/09\/2019-09-16-14.01.07-600x353.jpg 600w, https:\/\/www.andreas-edler.de\/blog\/wp-content\/uploads\/2019\/09\/2019-09-16-14.01.07-900x529.jpg 900w, https:\/\/www.andreas-edler.de\/blog\/wp-content\/uploads\/2019\/09\/2019-09-16-14.01.07.jpg 1280w\" sizes=\"auto, (max-width: 470px) 100vw, 470px\" \/><\/a><figcaption id=\"caption-attachment-165660\" class=\"wp-caption-text\">Blick auf die Mirnam\u00fcndung<\/figcaption><\/figure><br \/>\nBis Novigrad kam ich ganz entspannt, die Nase war frei und der Hals dank der Bonbons auch beruhigt. Nur einige Autofahrer waren alles andere als entspannt. Besonders ein Italiener tat sich hervor, dessen Fahrweise war sicher mutwillig. Dass ich ihm aufs Dach geklopft habe, fand er dann gar nicht witzig. Fluchende und beleidigende Italiener h\u00f6ren sich lustig an, mein Lachen fand er dann noch unwitziger. Meine Verabschiedung im Kreisel hat ihn dann rasend gemacht, aber aufgrund der anderen KFZ konnte er leider nicht wenden. In Novigrad bin ich &#8222;hinten rum&#8220; gefahren und fand mich pl\u00f6tzlich an einem Weg, der f\u00fchr Radfahrer gesperrt war. Also schieben. Das galt aber nur f\u00fcr mich, alle anderen sind einfach durch gefahren. Und ehrlich gesagt wurde ich schiebenderweise auch ein bisschen komisch angeschaut. Kurz bevor es dann zum Freibad in Novigrad geht, muss man erneut absteigen &#8211; weil es echt doof ist, durch ein Restaurant zu fahren. Da torkelten auch zwei der Touris auf E-Bikes rum, die vorher im Park gefahren sind. Offensichtlich konnten sie sich nicht finden und ohne zu schauen fuhr der Mann des P\u00e4rchens dann einfach quer vor mir her, was mir ein leicht ver\u00e4chtliches Schnauben entlockte. Die Frau meinte dann &#8222;&#8230; wer von hinten kommt muss aufpassen!&#8220;. Als ich ihr dann sagte, sie w\u00e4ren eben gerade in der Fu\u00dfg\u00e4ngerzone mit E-Bikes gefahren und sie w\u00fcrde mir was von aufpassen erz\u00e4hlen wollen &#8230; ist sie ebenfalls sauer geworden. Ich verstehe die Menschen nicht.<\/p>\n<p>Habe dann noch ein bisschen hier und da geschaut und mich dann auf den R\u00fcckweg gemacht, Mirna, Lanterna, Leuchtturm, Solaris. Am Platz schnell eine Einkaufstasche geschnappt und noch Getr\u00e4nke im Supermarkt gekauft. Cola gab es schon nicht mehr. Ich glaube, es wird auch nichts mehr aufgef\u00fcllt. Nach dem Einr\u00e4umen in die K\u00fchlbox, habe ich bestimmt einen Liter Eistee getrunken. Wenn ich nicht zur Arbeit gehe, trinke ich viel zu wenig. Denke einfach nicht dran &#8211; vielleicht habe ich deshalb auch Kopfschmerzen. W\u00e4hrend ich in der Woche mindestens drei Liter trinke, waren es hier h\u00f6chstens ein Liter am Tag. Echt zu wenig, vor allen Dingen wenn man dann noch Radtouren macht. Jetzt ist es <a href=\"https:\/\/twitter.com\/filmfacts\/status\/1173607079426363393\" rel=\"noopener noreferrer\" target=\"_blank\">gerade 13 Uhr<\/a> und ich habe mir einen Liter &#8222;Cockta free&#8220; reingezw\u00e4ngt.<br \/>\n<figure id=\"attachment_165661\" aria-describedby=\"caption-attachment-165661\" style=\"width: 470px\" class=\"wp-caption aligncenter\"><a href=\"https:\/\/www.andreas-edler.de\/blog\/wp-content\/uploads\/2019\/09\/2019-09-16-14.27.11.jpg\"><img loading=\"lazy\" decoding=\"async\" src=\"https:\/\/www.andreas-edler.de\/blog\/wp-content\/uploads\/2019\/09\/2019-09-16-14.27.11-470x275.jpg\" alt=\"\" width=\"470\" height=\"275\" class=\"size-large wp-image-165661\" srcset=\"https:\/\/www.andreas-edler.de\/blog\/wp-content\/uploads\/2019\/09\/2019-09-16-14.27.11-470x275.jpg 470w, https:\/\/www.andreas-edler.de\/blog\/wp-content\/uploads\/2019\/09\/2019-09-16-14.27.11-250x146.jpg 250w, https:\/\/www.andreas-edler.de\/blog\/wp-content\/uploads\/2019\/09\/2019-09-16-14.27.11-768x449.jpg 768w, https:\/\/www.andreas-edler.de\/blog\/wp-content\/uploads\/2019\/09\/2019-09-16-14.27.11-100x59.jpg 100w, https:\/\/www.andreas-edler.de\/blog\/wp-content\/uploads\/2019\/09\/2019-09-16-14.27.11-150x88.jpg 150w, https:\/\/www.andreas-edler.de\/blog\/wp-content\/uploads\/2019\/09\/2019-09-16-14.27.11-200x117.jpg 200w, https:\/\/www.andreas-edler.de\/blog\/wp-content\/uploads\/2019\/09\/2019-09-16-14.27.11-300x176.jpg 300w, https:\/\/www.andreas-edler.de\/blog\/wp-content\/uploads\/2019\/09\/2019-09-16-14.27.11-450x263.jpg 450w, https:\/\/www.andreas-edler.de\/blog\/wp-content\/uploads\/2019\/09\/2019-09-16-14.27.11-600x351.jpg 600w, https:\/\/www.andreas-edler.de\/blog\/wp-content\/uploads\/2019\/09\/2019-09-16-14.27.11-900x527.jpg 900w, https:\/\/www.andreas-edler.de\/blog\/wp-content\/uploads\/2019\/09\/2019-09-16-14.27.11.jpg 1280w\" sizes=\"auto, (max-width: 470px) 100vw, 470px\" \/><\/a><figcaption id=\"caption-attachment-165661\" class=\"wp-caption-text\">Sonnenschirme in Novigrad<\/figcaption><\/figure><br \/>\nDas Abendessen wurde heute auf der Parzelle verzerrt! Habe mir Nudeln mit So\u00dfe gekocht. Klappte auf dem kleinen Kocher ausgezeichnet und schmeckte ganz gut. Der billige Campingtisch f\u00fcr 13 Euro taugt mit der Stoffbespannung kein bisschen, um einen Teller darauf zu stellen. Allerdings passt die eigens f\u00fcr Italien bestellte Aluminium-Warntafel f\u00fcr den Hecktr\u00e4ger exakt auf das Gestell! Das gibt einen wunderbaren Tisch ab. Nach dem Essen wurde gesp\u00fclt und geduscht. Dabei festgestellt, dass eine der Brausen auf Dauerfeuer lief. Irgendein Hochbegabter hat den Druckknopf abgerissen und nun stellte sich das Wasser nicht mehr ab. Dackel&#8216; ich eben hoch zur Rezeption und melde das.<\/p>\n<p>Den R\u00fcckweg bin ich <a href=\"https:\/\/twitter.com\/filmfacts\/status\/1173661669005938688\" rel=\"noopener noreferrer\" target=\"_blank\">durch die Apartment-H\u00e4user<\/a> <a href=\"https:\/\/twitter.com\/filmfacts\/status\/1173657051630907393\" rel=\"noopener noreferrer\" target=\"_blank\">geschlendert<\/a> und habe ich mich beim Galeb noch ein bisschen ans Meer gesetzt. Und danach bin ich auch gleich in die Koje gekrochen, weil der Kopf echt zu ist. Morgen dann wirklich nur ausruhen!<\/p>\n<h5><a name=\"1709\"><\/a>17.09.2019<\/h5>\n<p>Um halb sieben wach geworden und <a href=\"https:\/\/twitter.com\/filmfacts\/status\/1173878730005131265\" rel=\"noopener noreferrer\" target=\"_blank\">geschnupft, was das Zeug hielt<\/a>. Habe schon eine K\u00fcchenrolle im Zelt oben und eine Wunde Nase. Echt \u00e4tzend. Bis kurz nach acht bin ich aber noch oben geblieben, bevor ich mich fertig gemacht habe und dann das Fr\u00fchst\u00fcck auf den Tisch kam. Kaffee und die Br\u00f6tchen von gestern. Dazu Paracetamol und Nasenspray. <a href=\"https:\/\/twitter.com\/filmfacts\/status\/1173900643540643840\" rel=\"noopener noreferrer\" target=\"_blank\">Heute ist nur KZH<\/a>.<br \/>\n<figure id=\"attachment_165662\" aria-describedby=\"caption-attachment-165662\" style=\"width: 470px\" class=\"wp-caption aligncenter\"><a href=\"https:\/\/www.andreas-edler.de\/blog\/wp-content\/uploads\/2019\/09\/2019-09-16-16.13.20.jpg\"><img loading=\"lazy\" decoding=\"async\" src=\"https:\/\/www.andreas-edler.de\/blog\/wp-content\/uploads\/2019\/09\/2019-09-16-16.13.20-470x253.jpg\" alt=\"\" width=\"470\" height=\"253\" class=\"size-large wp-image-165662\" srcset=\"https:\/\/www.andreas-edler.de\/blog\/wp-content\/uploads\/2019\/09\/2019-09-16-16.13.20-470x253.jpg 470w, https:\/\/www.andreas-edler.de\/blog\/wp-content\/uploads\/2019\/09\/2019-09-16-16.13.20-250x135.jpg 250w, https:\/\/www.andreas-edler.de\/blog\/wp-content\/uploads\/2019\/09\/2019-09-16-16.13.20-768x414.jpg 768w, https:\/\/www.andreas-edler.de\/blog\/wp-content\/uploads\/2019\/09\/2019-09-16-16.13.20-100x54.jpg 100w, https:\/\/www.andreas-edler.de\/blog\/wp-content\/uploads\/2019\/09\/2019-09-16-16.13.20-150x81.jpg 150w, https:\/\/www.andreas-edler.de\/blog\/wp-content\/uploads\/2019\/09\/2019-09-16-16.13.20-200x108.jpg 200w, https:\/\/www.andreas-edler.de\/blog\/wp-content\/uploads\/2019\/09\/2019-09-16-16.13.20-300x162.jpg 300w, https:\/\/www.andreas-edler.de\/blog\/wp-content\/uploads\/2019\/09\/2019-09-16-16.13.20-450x243.jpg 450w, https:\/\/www.andreas-edler.de\/blog\/wp-content\/uploads\/2019\/09\/2019-09-16-16.13.20-600x323.jpg 600w, https:\/\/www.andreas-edler.de\/blog\/wp-content\/uploads\/2019\/09\/2019-09-16-16.13.20-900x485.jpg 900w, https:\/\/www.andreas-edler.de\/blog\/wp-content\/uploads\/2019\/09\/2019-09-16-16.13.20.jpg 1280w\" sizes=\"auto, (max-width: 470px) 100vw, 470px\" \/><\/a><figcaption id=\"caption-attachment-165662\" class=\"wp-caption-text\">Waschtag<\/figcaption><\/figure><br \/>\nHabe wirklich fast den ganzen Tag nur auf dem Campingstuhl gesessen und auf dem Handy gelesen oder L\u00f6cher in die Luft geschaut. Am Nachmittag spazierte ich ein bisschen \u00fcber den Campingplatz. Doch schon ganz sch\u00f6n leer und die Caravan-Schubser der Depots sind auch ziemlich aktiv. Oberhalb der unteren Hauptstra\u00dfe ist der Platz fast leer.<\/p>\n<p>Abendessen am Auto machen hatte ich keine Lust und darum sa\u00df ich ziemlich fr\u00fch bereits im Galeb und wartete auf meine Pizza Frutti die Mare. Die war im Sommer allerdings auch irgendwie besser. Schmeckte zwar gut, aber ich war lustlos. Nach der Pizza noch ein bisschen aufs Meer schauen und danach bin ich mit &#8222;Another Life&#8220; auf Netflix angefangen. Der ausziehbare Selfiestick mit Dreibeinfunktion gab im Dachzelt ein 1a-Leinwandstandfu\u00df ab. Mehr als zwei Folgen habe ich aber nicht geschafft &#8230; <\/p>\n<h5><a name=\"1809\"><\/a>18.09.2019<\/h5>\n<p>Gegen vier bin ich &#8211; leider wie \u00fcblich &#8211; wieder wach geworden und musste einmal raus. Das ist echt nervig bei so einem Dachzelt. Aber nutzt ja nix. Danach habe ich noch mal bis halb 8 schlafen k\u00f6nnen. Angek\u00fcndigtr war, dass es ab zwei Uhr regnen sollte. Das hat es tats\u00e4chlich nicht. <a href=\"https:\/\/twitter.com\/filmfacts\/status\/1174203158937186304\" rel=\"noopener noreferrer\" target=\"_blank\">Br\u00f6tchen und Kuchen habe ich noch trocken geholt<\/a>, erst als ich angefangen bin Kaffee zu kochen, fielen <a href=\"https:\/\/twitter.com\/filmfacts\/status\/1174207604899360768\" rel=\"noopener noreferrer\" target=\"_blank\">die ersten Tropfen<\/a>. Das Tarp hielt aber sehr sch\u00f6n dicht und <a href=\"https:\/\/twitter.com\/filmfacts\/status\/1174213857583280130\" rel=\"noopener noreferrer\" target=\"_blank\">der Kocher<\/a> unter der Heckklappe blieb auch trocken. Allerdings ist die Befestigung mit den Schlingen an der Reeling nicht so super. Das h\u00e4lt zwar, aber Wasser sammelt sich dann in den Senken und flie\u00dft nicht ordentlich ab.<br \/>\n<figure id=\"attachment_165663\" aria-describedby=\"caption-attachment-165663\" style=\"width: 470px\" class=\"wp-caption aligncenter\"><a href=\"https:\/\/www.andreas-edler.de\/blog\/wp-content\/uploads\/2019\/09\/2019-09-18-09.29.45.jpg\"><img loading=\"lazy\" decoding=\"async\" src=\"https:\/\/www.andreas-edler.de\/blog\/wp-content\/uploads\/2019\/09\/2019-09-18-09.29.45-470x265.jpg\" alt=\"\" width=\"470\" height=\"265\" class=\"size-large wp-image-165663\" srcset=\"https:\/\/www.andreas-edler.de\/blog\/wp-content\/uploads\/2019\/09\/2019-09-18-09.29.45-470x265.jpg 470w, https:\/\/www.andreas-edler.de\/blog\/wp-content\/uploads\/2019\/09\/2019-09-18-09.29.45-250x141.jpg 250w, https:\/\/www.andreas-edler.de\/blog\/wp-content\/uploads\/2019\/09\/2019-09-18-09.29.45-768x433.jpg 768w, https:\/\/www.andreas-edler.de\/blog\/wp-content\/uploads\/2019\/09\/2019-09-18-09.29.45-100x56.jpg 100w, https:\/\/www.andreas-edler.de\/blog\/wp-content\/uploads\/2019\/09\/2019-09-18-09.29.45-150x84.jpg 150w, https:\/\/www.andreas-edler.de\/blog\/wp-content\/uploads\/2019\/09\/2019-09-18-09.29.45-200x113.jpg 200w, https:\/\/www.andreas-edler.de\/blog\/wp-content\/uploads\/2019\/09\/2019-09-18-09.29.45-300x169.jpg 300w, https:\/\/www.andreas-edler.de\/blog\/wp-content\/uploads\/2019\/09\/2019-09-18-09.29.45-450x253.jpg 450w, https:\/\/www.andreas-edler.de\/blog\/wp-content\/uploads\/2019\/09\/2019-09-18-09.29.45-600x338.jpg 600w, https:\/\/www.andreas-edler.de\/blog\/wp-content\/uploads\/2019\/09\/2019-09-18-09.29.45-900x507.jpg 900w, https:\/\/www.andreas-edler.de\/blog\/wp-content\/uploads\/2019\/09\/2019-09-18-09.29.45.jpg 1280w\" sizes=\"auto, (max-width: 470px) 100vw, 470px\" \/><\/a><figcaption id=\"caption-attachment-165663\" class=\"wp-caption-text\">Heimkino im Skoda Yeti<\/figcaption><\/figure><br \/>\nIch werde mir wohl eine Kederleiste f\u00fcr den Dachtr\u00e4ger basteln. Zwei Meter F\u00fcnfzig m\u00f6chte ich aber nicht dauerhaft an der Seite durch die Gegend fahren. Also m\u00fcssen es zwei 1,25 Meter Aluprofile werden, die \u00fcber 180\u00b0-Verbinder zu einer langen Stange verbunden werden. Daran wird dann die Kederleiste verschraubt. Das k\u00f6nnte ich bequem im Kofferraum transportieren und am Stellplatz fix zusammenkl\u00f6ppeln und an den Squarebars befestigen. M\u00fcsste f\u00fcr ein paar Euro machbar sein. Aber so konnte ich das Butterh\u00f6rnchen und die Br\u00f6tchen auch im Trocknen genie\u00dfen, w\u00e4hrend es drau\u00dfen best\u00e4ndig tr\u00f6pfelte. Laut Wetteronline sollte das bis zum Nachmittag so gehen.<\/p>\n<p>Habe also den Beifahrersitz freiger\u00e4umt und <a href=\"https:\/\/twitter.com\/filmfacts\/status\/1174224434854600708\" rel=\"noopener noreferrer\" target=\"_blank\">zum Kinosessel umfunktioniert<\/a>. Naja, also reingesetzt und das Laptop auf den Scho\u00df genommen. &#8222;Another Life&#8220; weiter geschaut. Allerdings nach zwei weiteren Folgen nicht mehr im Vollbild, sondern nur noch in einem kleinen Fenster. Die Serie ist wirklich sehr beliebig und aus allen m\u00f6glichen Science-Fiction-Filmen und -Serien zusammen geschustert. Alien, Arrival, Contact, Event Horizon, 2001 &#8230; ich glaube man findet da Motive aus so gut wie allem, was das Genre in den letzten Jahrzehnten zu bieten hatte. Das Set ist gut, es wirkt nicht billig produziert, die Schauspieler machen alle halbwegs ordentlich Arbeit und es ist ziemlich langweilig. Ich habe auch nicht das Gef\u00fchl, soviel zu verpassen, dass ich der Handlung nicht mehr folgen k\u00f6nnte, wenn ich nebenbei noch lese und schreibe.<\/p>\n<p>Gegen 13:30 Uhr wurde es aber wie angek\u00fcndigt besser. Um Zwei guckte dann die Sonne schon wieder vom Himmel und hatte nur ganz wenige W\u00f6lkchen zu durchdringen. Warm wurde es auch schon ganz ordentlich. Die Frau hatte zwar gesagt, ich solle nicht \u00fcbertreiben, aber ich musste mich etwas bewegen. Nur rumgammeln schien mir nicht richtig. Habe also die H\u00fchner gesattelt und habe mich auf nach Laramie aufgemacht. Naja, also eher das Fahrrad und wom\u00f6glich war es auch Porec.<br \/>\n<figure id=\"attachment_165664\" aria-describedby=\"caption-attachment-165664\" style=\"width: 470px\" class=\"wp-caption aligncenter\"><a href=\"https:\/\/www.andreas-edler.de\/blog\/wp-content\/uploads\/2019\/09\/2019-09-18-14.47.40.jpg\"><img loading=\"lazy\" decoding=\"async\" src=\"https:\/\/www.andreas-edler.de\/blog\/wp-content\/uploads\/2019\/09\/2019-09-18-14.47.40-470x243.jpg\" alt=\"\" width=\"470\" height=\"243\" class=\"size-large wp-image-165664\" srcset=\"https:\/\/www.andreas-edler.de\/blog\/wp-content\/uploads\/2019\/09\/2019-09-18-14.47.40-470x243.jpg 470w, https:\/\/www.andreas-edler.de\/blog\/wp-content\/uploads\/2019\/09\/2019-09-18-14.47.40-250x129.jpg 250w, https:\/\/www.andreas-edler.de\/blog\/wp-content\/uploads\/2019\/09\/2019-09-18-14.47.40-768x398.jpg 768w, https:\/\/www.andreas-edler.de\/blog\/wp-content\/uploads\/2019\/09\/2019-09-18-14.47.40-100x52.jpg 100w, https:\/\/www.andreas-edler.de\/blog\/wp-content\/uploads\/2019\/09\/2019-09-18-14.47.40-150x78.jpg 150w, https:\/\/www.andreas-edler.de\/blog\/wp-content\/uploads\/2019\/09\/2019-09-18-14.47.40-200x104.jpg 200w, https:\/\/www.andreas-edler.de\/blog\/wp-content\/uploads\/2019\/09\/2019-09-18-14.47.40-300x155.jpg 300w, https:\/\/www.andreas-edler.de\/blog\/wp-content\/uploads\/2019\/09\/2019-09-18-14.47.40-450x233.jpg 450w, https:\/\/www.andreas-edler.de\/blog\/wp-content\/uploads\/2019\/09\/2019-09-18-14.47.40-600x311.jpg 600w, https:\/\/www.andreas-edler.de\/blog\/wp-content\/uploads\/2019\/09\/2019-09-18-14.47.40-900x466.jpg 900w, https:\/\/www.andreas-edler.de\/blog\/wp-content\/uploads\/2019\/09\/2019-09-18-14.47.40.jpg 1280w\" sizes=\"auto, (max-width: 470px) 100vw, 470px\" \/><\/a><figcaption id=\"caption-attachment-165664\" class=\"wp-caption-text\">I 3> Porec<\/figcaption><\/figure><br \/>\nDie Strecke ist jetzt nicht besonders neu f\u00fcr mich. Allerdings mit dem Sub 30 schon. Keine Federung, kein Profil, eher hart. Und das dann auf dem Schotter. Habe ich schon ein bisschen gemerkt, das hat ganz sch\u00f6n geknackt im Rahmen. Aber auf dem Asphalt oder festgefahrenem Erdreich war das Rad deutlich schneller als das Aspect 50 &#8230; machte echt viel mehr Spa\u00df. Kurz hinter Santa Marina haben moch zwei Spacken auf Quads mit \u00f6sterreichischem Kennzeichen &#8222;\u00fcberholt&#8220;. Sie sind so dicht an mir vorbei auf dem Schotter, dass ich gerade so eben nicht umgeworfen wurde. Vollidioten. Danach auch noch ordentlich Gas geben, damit auch wirklich richtig viel Staub aufgewirbelt wird. Hinter Ulika sind die beiden Spezialisten noch einmal von hinten angerauscht gekommen &#8211; und sind auf \u00e4hnliche Art und Weise an mir vorbei. Ich war nicht der einzige, der kopfsch\u00fcttelnd hinterher geschaut hat.<\/p>\n<p>Danach ist man schnell in Porec. Dort habe ich <a href=\"https:\/\/twitter.com\/filmfacts\/status\/1174366948588687361\" rel=\"noopener noreferrer\" target=\"_blank\">Foto an so einem Herz<\/a> gemacht &#8211; das extra f\u00fcr den Zweck dort steht. Von dort weiter Richtung Altstadt. Auf dem Radweg kam mir eine Familie mit Hund entgegen. Der junge Vater ging ganz gezielt auf mich zu und versuchte mich vomn Weg zu dr\u00e4ngen. An einer Bank begegneten wir uns und ich musste kurz ausklicken, weil der Depp sich extra breit machte. Im Vorbeigehen sagte er halblaut &#8222;Bei uns zu Hause geht man rechts.&#8220; &#8230; woraufhin ich grinsend hinter her rief &#8222;Bei uns zu Hause kann man Schilder und Zeichen lesen!&#8220;. Fand er weniger witzig und schimpfte noch weiter rum. Ein auf der Bank sitzender Radfahrer beschwichtigte nur &#8222;Leute, ruhig, Urlaub!&#8220;, woraufhin ich ihn angrinste und meinte, es w\u00e4re ja ganz gut dass alle hier deutsch sprechen. Der Vater mit Hund rief noch irgendwas zur\u00fcck, ich war schon weiter und der Man auf der Bank rief ihm nur zu &#8222;Alter, ruhig, der h\u00f6rt Dich nicht mehr &#8230;&#8220;<br \/>\n<figure id=\"attachment_165665\" aria-describedby=\"caption-attachment-165665\" style=\"width: 470px\" class=\"wp-caption aligncenter\"><a href=\"https:\/\/www.andreas-edler.de\/blog\/wp-content\/uploads\/2019\/09\/2019-09-18-15.17.04.jpg\"><img loading=\"lazy\" decoding=\"async\" src=\"https:\/\/www.andreas-edler.de\/blog\/wp-content\/uploads\/2019\/09\/2019-09-18-15.17.04-470x167.jpg\" alt=\"\" width=\"470\" height=\"167\" class=\"size-large wp-image-165665\" srcset=\"https:\/\/www.andreas-edler.de\/blog\/wp-content\/uploads\/2019\/09\/2019-09-18-15.17.04-470x167.jpg 470w, https:\/\/www.andreas-edler.de\/blog\/wp-content\/uploads\/2019\/09\/2019-09-18-15.17.04-250x89.jpg 250w, https:\/\/www.andreas-edler.de\/blog\/wp-content\/uploads\/2019\/09\/2019-09-18-15.17.04-768x273.jpg 768w, https:\/\/www.andreas-edler.de\/blog\/wp-content\/uploads\/2019\/09\/2019-09-18-15.17.04-100x36.jpg 100w, https:\/\/www.andreas-edler.de\/blog\/wp-content\/uploads\/2019\/09\/2019-09-18-15.17.04-150x53.jpg 150w, https:\/\/www.andreas-edler.de\/blog\/wp-content\/uploads\/2019\/09\/2019-09-18-15.17.04-200x71.jpg 200w, https:\/\/www.andreas-edler.de\/blog\/wp-content\/uploads\/2019\/09\/2019-09-18-15.17.04-300x107.jpg 300w, https:\/\/www.andreas-edler.de\/blog\/wp-content\/uploads\/2019\/09\/2019-09-18-15.17.04-450x160.jpg 450w, https:\/\/www.andreas-edler.de\/blog\/wp-content\/uploads\/2019\/09\/2019-09-18-15.17.04-600x213.jpg 600w, https:\/\/www.andreas-edler.de\/blog\/wp-content\/uploads\/2019\/09\/2019-09-18-15.17.04-900x320.jpg 900w, https:\/\/www.andreas-edler.de\/blog\/wp-content\/uploads\/2019\/09\/2019-09-18-15.17.04.jpg 1280w\" sizes=\"auto, (max-width: 470px) 100vw, 470px\" \/><\/a><figcaption id=\"caption-attachment-165665\" class=\"wp-caption-text\">Fast 40 Jahre Unterschied zwischen links und rechts.<\/figcaption><\/figure><br \/>\nPorec war dann aber sehr sch\u00f6n. An der Hafenpromenade lang, am Hafen rum wieder in die Altstadt und dann noch einmal quer durch. Lecker Eis gehabt und <a href=\"https:\/\/twitter.com\/filmfacts\/status\/1174348053551157249\" rel=\"noopener noreferrer\" target=\"_blank\">ein paar Fotos<\/a> gemacht. Pl\u00f6tzlich stand ich auch vor einem Haus, dessen Front mir bekannt war. Die selben Fenster und Simse waren auch auf einem fast 40 Jahre alten Dia von meinem Papa. Ich wusste gar nicht genau, aus welcher Stadt das war, aber er hat wahrscheinlich damals an der gleichen Stelle gestanden wie ich heute. Irgendwie war das merkw\u00fcrdig.<\/p>\n<p>Zur\u00fcck bin ich fast den gleichen Weg gefahren wie hin. Nur dass ich nicht durch Cervar Porat und dann an der K\u00fcste entlang, sondern hoch zur Hauptstra\u00dfe und dann \u00fcber die D\u00f6rfer bis Tar gefahren bin. So kamen dann doch noch ein bisschen \u00fcber 30 Kilometer auf den Z\u00e4hler. Und nach so einer Erk\u00e4ltung soll man ja wirklich nicht \u00fcbertreiben. Am Platz dann schnell die Klamotten aus und ab ins Meer. Das war sehr, sehr herrlich. Ich glaube das Wasser bei uns im Freibad ist nicht so warm, wie die Adria Mitte September. Trotzdem war die hei\u00dfe Dusche danach auch nicht so schlecht. Zur Belohnung hatte ich das St\u00fcckchen Quarkstrudel von heute morgen und einen kalten &#8222;Eis Latte-Macciato&#8220; aus dem Supermarkt. Habe ich schon erw\u00e4hnt, dass die K\u00fchlbox von Severin ganz ausgezeichnet funktioniert? Auf Stufe &#8222;eco&#8220; k\u00fchlt sie Getr\u00e4nke, Wurst und K\u00e4se ganz ausgezeichnet. Einwandfreier Kauf bis jetzt.<br \/>\n<figure id=\"attachment_165667\" aria-describedby=\"caption-attachment-165667\" style=\"width: 470px\" class=\"wp-caption aligncenter\"><a href=\"https:\/\/www.andreas-edler.de\/blog\/wp-content\/uploads\/2019\/09\/2019-09-18-15.25.49_stitch.jpg\"><img loading=\"lazy\" decoding=\"async\" src=\"https:\/\/www.andreas-edler.de\/blog\/wp-content\/uploads\/2019\/09\/2019-09-18-15.25.49_stitch-470x176.jpg\" alt=\"\" width=\"470\" height=\"176\" class=\"size-large wp-image-165667\" srcset=\"https:\/\/www.andreas-edler.de\/blog\/wp-content\/uploads\/2019\/09\/2019-09-18-15.25.49_stitch-470x176.jpg 470w, https:\/\/www.andreas-edler.de\/blog\/wp-content\/uploads\/2019\/09\/2019-09-18-15.25.49_stitch-250x94.jpg 250w, https:\/\/www.andreas-edler.de\/blog\/wp-content\/uploads\/2019\/09\/2019-09-18-15.25.49_stitch-768x287.jpg 768w, https:\/\/www.andreas-edler.de\/blog\/wp-content\/uploads\/2019\/09\/2019-09-18-15.25.49_stitch-100x37.jpg 100w, https:\/\/www.andreas-edler.de\/blog\/wp-content\/uploads\/2019\/09\/2019-09-18-15.25.49_stitch-150x56.jpg 150w, https:\/\/www.andreas-edler.de\/blog\/wp-content\/uploads\/2019\/09\/2019-09-18-15.25.49_stitch-200x75.jpg 200w, https:\/\/www.andreas-edler.de\/blog\/wp-content\/uploads\/2019\/09\/2019-09-18-15.25.49_stitch-300x112.jpg 300w, https:\/\/www.andreas-edler.de\/blog\/wp-content\/uploads\/2019\/09\/2019-09-18-15.25.49_stitch-450x168.jpg 450w, https:\/\/www.andreas-edler.de\/blog\/wp-content\/uploads\/2019\/09\/2019-09-18-15.25.49_stitch-600x225.jpg 600w, https:\/\/www.andreas-edler.de\/blog\/wp-content\/uploads\/2019\/09\/2019-09-18-15.25.49_stitch-900x337.jpg 900w, https:\/\/www.andreas-edler.de\/blog\/wp-content\/uploads\/2019\/09\/2019-09-18-15.25.49_stitch.jpg 1280w\" sizes=\"auto, (max-width: 470px) 100vw, 470px\" \/><\/a><figcaption id=\"caption-attachment-165667\" class=\"wp-caption-text\">Porec<\/figcaption><\/figure><br \/>\nNoch ein bisschen rumdr\u00f6mmeln, <a href=\"https:\/\/twitter.com\/filmfacts\/status\/1174408501164224514\" rel=\"noopener noreferrer\" target=\"_blank\">lesen und was schreiben<\/a> und dann habe ich mich auf den Weg ins Restaurant gemacht. Heute mal nicht Galeb, sondern Sidro. Das Restaurant am Pool. Der Grillteller war OK, gef\u00fchlt etwas kleiner als im Galeb, daf\u00fcr aber auch g\u00fcnstiger. Allerdings gef\u00e4llt mir das rustikale Ambiente im Galeb deutlich besser als das Sidro. Und auch die vielen Raucher im mich herum, haben gewaltig gest\u00f6rt. Ich bin mir noch nicht sicher, ob ich Freitag oder Samstag ins Allg\u00e4u fahre. Mal schauen, ob ich dann morgen selbst was koche, oder noch mal ins Stammlokal gehe.<\/p>\n<p>Und nun sitze ich bereits seit zwei Stunden im Auto, <a href=\"https:\/\/twitter.com\/filmfacts\/status\/1174597551577866240\" rel=\"noopener noreferrer\" target=\"_blank\">gucke &#8222;Another Life&#8220; zu Ende<\/a> und schreibe diesen Text. Allerdings ist es auch schon viertel nach Zehn &#8230; p\u00fcnktlich zum Insbettgehen mit dem Text fertig geworden ;-)<\/p>\n<h5><a name=\"1909\"><\/a>19.09.2019<\/h5>\n<p>Der letzte ganze Tag in Kroatien f\u00fcr dieses Jahr. Das habe ich mir jedenfalls beim Umdrehen am Morgen im Bett \u00fcberlegt. In Lechbruck am See soll es ab Montag schon regnen und da bleibe ich doch bei meinem ganz urspr\u00fcnglichen Plan, bereits am Freitag ins Allg\u00e4u zu fahren. OK, entschieden und gut. Um halb 8 aus den Federn, Br\u00f6tchen, H\u00f6rnchen und ein St\u00fcck Apfelkuchen gekauft und dann angefangen den Platz aufzur\u00e4umen. Viel ist das ja nicht, eigentlich nur ein bisschen im Auto klar Schiff machen und die Taschen wieder ordentlich packen. Wie immer habe ich <b>gewaltig<\/b> zu viel eingepackt.<br \/>\n<figure id=\"attachment_165669\" aria-describedby=\"caption-attachment-165669\" style=\"width: 470px\" class=\"wp-caption aligncenter\"><a href=\"https:\/\/www.andreas-edler.de\/blog\/wp-content\/uploads\/2019\/09\/2019-09-19-13.59.38.jpg\"><img loading=\"lazy\" decoding=\"async\" src=\"https:\/\/www.andreas-edler.de\/blog\/wp-content\/uploads\/2019\/09\/2019-09-19-13.59.38-470x191.jpg\" alt=\"\" width=\"470\" height=\"191\" class=\"size-large wp-image-165669\" srcset=\"https:\/\/www.andreas-edler.de\/blog\/wp-content\/uploads\/2019\/09\/2019-09-19-13.59.38-470x191.jpg 470w, https:\/\/www.andreas-edler.de\/blog\/wp-content\/uploads\/2019\/09\/2019-09-19-13.59.38-250x101.jpg 250w, https:\/\/www.andreas-edler.de\/blog\/wp-content\/uploads\/2019\/09\/2019-09-19-13.59.38-768x311.jpg 768w, https:\/\/www.andreas-edler.de\/blog\/wp-content\/uploads\/2019\/09\/2019-09-19-13.59.38-100x41.jpg 100w, https:\/\/www.andreas-edler.de\/blog\/wp-content\/uploads\/2019\/09\/2019-09-19-13.59.38-150x61.jpg 150w, https:\/\/www.andreas-edler.de\/blog\/wp-content\/uploads\/2019\/09\/2019-09-19-13.59.38-200x81.jpg 200w, https:\/\/www.andreas-edler.de\/blog\/wp-content\/uploads\/2019\/09\/2019-09-19-13.59.38-300x122.jpg 300w, https:\/\/www.andreas-edler.de\/blog\/wp-content\/uploads\/2019\/09\/2019-09-19-13.59.38-450x183.jpg 450w, https:\/\/www.andreas-edler.de\/blog\/wp-content\/uploads\/2019\/09\/2019-09-19-13.59.38-600x243.jpg 600w, https:\/\/www.andreas-edler.de\/blog\/wp-content\/uploads\/2019\/09\/2019-09-19-13.59.38-900x365.jpg 900w\" sizes=\"auto, (max-width: 470px) 100vw, 470px\" \/><\/a><figcaption id=\"caption-attachment-165669\" class=\"wp-caption-text\">Spielplatz in Kastelir<\/figcaption><\/figure><br \/>\nIch habe eine 3\/4 lange Sporthose auf der Fahrt getragen. Die h\u00e4ngt seitdem auf der Leine. Au\u00dferdem eine d\u00fcnne Sportjacke, die aber nur abends zum Essen gehen oder manchmal hier im Campingstuhl. Eine kurze Vaude-Hose und ein Funktionshemd. Alles jeweils nur zum Essen. Zum Radfahren habe ich ein altes Shirt vom Badmintonverein (das sitzt halt super) und eine Aldi-Radhose aus dem letzten Jahrtausend. Das paar kurze Socken, dass ich auf der Hinfahrt schon anhatte taugte f\u00fcr die erste Radtour noch und danach habe ich die Radklamotten immer gewaschen. Das h\u00e4tte insgesamt in einen Turnbeutel gepasst! Schuhe habe die Radschuhe auf dem Fahrrad, Croqs auf dem Campingplatz und ein paar Rieker-Trekkingschuhe w\u00e4hrend der Fahrt benutzt. Ich habe aber f\u00fcr Klamotten und Handt\u00fccher zwei gro\u00dfe Reisetaschen im Auto. Quatsch. Da muss ich mit mir noch mal ein ernstes W\u00f6rtchen reden!<br \/>\n<figure id=\"attachment_165670\" aria-describedby=\"caption-attachment-165670\" style=\"width: 470px\" class=\"wp-caption aligncenter\"><a href=\"https:\/\/www.andreas-edler.de\/blog\/wp-content\/uploads\/2019\/09\/2019-09-19-14.53.22.jpg\"><img loading=\"lazy\" decoding=\"async\" src=\"https:\/\/www.andreas-edler.de\/blog\/wp-content\/uploads\/2019\/09\/2019-09-19-14.53.22-470x243.jpg\" alt=\"\" width=\"470\" height=\"243\" class=\"size-large wp-image-165670\" srcset=\"https:\/\/www.andreas-edler.de\/blog\/wp-content\/uploads\/2019\/09\/2019-09-19-14.53.22-470x243.jpg 470w, https:\/\/www.andreas-edler.de\/blog\/wp-content\/uploads\/2019\/09\/2019-09-19-14.53.22-250x129.jpg 250w, https:\/\/www.andreas-edler.de\/blog\/wp-content\/uploads\/2019\/09\/2019-09-19-14.53.22-768x398.jpg 768w, https:\/\/www.andreas-edler.de\/blog\/wp-content\/uploads\/2019\/09\/2019-09-19-14.53.22-100x52.jpg 100w, https:\/\/www.andreas-edler.de\/blog\/wp-content\/uploads\/2019\/09\/2019-09-19-14.53.22-150x78.jpg 150w, https:\/\/www.andreas-edler.de\/blog\/wp-content\/uploads\/2019\/09\/2019-09-19-14.53.22-200x104.jpg 200w, https:\/\/www.andreas-edler.de\/blog\/wp-content\/uploads\/2019\/09\/2019-09-19-14.53.22-300x155.jpg 300w, https:\/\/www.andreas-edler.de\/blog\/wp-content\/uploads\/2019\/09\/2019-09-19-14.53.22-450x233.jpg 450w, https:\/\/www.andreas-edler.de\/blog\/wp-content\/uploads\/2019\/09\/2019-09-19-14.53.22-600x311.jpg 600w, https:\/\/www.andreas-edler.de\/blog\/wp-content\/uploads\/2019\/09\/2019-09-19-14.53.22-900x466.jpg 900w, https:\/\/www.andreas-edler.de\/blog\/wp-content\/uploads\/2019\/09\/2019-09-19-14.53.22.jpg 1280w\" sizes=\"auto, (max-width: 470px) 100vw, 470px\" \/><\/a><figcaption id=\"caption-attachment-165670\" class=\"wp-caption-text\">In anderen L\u00e4ndern k\u00f6nnen sie auch bescheuerte Umlaufsperren.<\/figcaption><\/figure><br \/>\nW\u00e4hrend des Rumr\u00e4umens habe ich Wasser gekocht und dann auch gefr\u00fchst\u00fcckt. Unter freiem Himmel ist einfach super! Die Reste K\u00e4se und Aufschnitt vertilgt und dann &#8222;musste&#8220; ich Lino Lada essen. Danach habe ich ein bisschen \u00fcber eine Stunde am Rechner gesessen und was f\u00fcrs B\u00fcro gemacht. W\u00e4hrend Netflix \u00fcber das WLAN keine Zicken macht, ist das VPN etwas st\u00f6rrischer gewesen. Ging aber auch ganz gut. Und dann konnte ich mich wieder eine Stunde lang nicht finden, ob ich doch noch Fahrrad fahre, oder nicht. Die Sachen waren gerade trocken und ich m\u00fcsste die dann ja wieder durchwaschen &#8230; naja, wof\u00fcr habe ich das Rad denn mit. Also los mit erstem Zwischenstopp an der Rezeption, um zu bezahlen. Da war mir die Schlange aber zu lang. Geht auch nachher noch. Erstmal Richtung Tar die Stra\u00dfe hoch. Dort durch den Ort und weiter Richtung Kastelir. Das wird dann nachher doch noch ein bisschen steil. Eigentlich wollte ich mich ja noch einmal vor diese kleine Kneipe, wo ich im Juli schon war, setzen &#8230; habe mich aber dann doch f\u00fcr eine Bank an einem Spielplatz entschieden und nichts getrunken. Dort habe ich erstmal ein bisschen nichts gemacht.<br \/>\n<figure id=\"attachment_165671\" aria-describedby=\"caption-attachment-165671\" style=\"width: 470px\" class=\"wp-caption aligncenter\"><a href=\"https:\/\/www.andreas-edler.de\/blog\/wp-content\/uploads\/2019\/09\/2019-09-19-15.02.15.jpg\"><img loading=\"lazy\" decoding=\"async\" src=\"https:\/\/www.andreas-edler.de\/blog\/wp-content\/uploads\/2019\/09\/2019-09-19-15.02.15-470x214.jpg\" alt=\"\" width=\"470\" height=\"214\" class=\"size-large wp-image-165671\" srcset=\"https:\/\/www.andreas-edler.de\/blog\/wp-content\/uploads\/2019\/09\/2019-09-19-15.02.15-470x214.jpg 470w, https:\/\/www.andreas-edler.de\/blog\/wp-content\/uploads\/2019\/09\/2019-09-19-15.02.15-250x114.jpg 250w, https:\/\/www.andreas-edler.de\/blog\/wp-content\/uploads\/2019\/09\/2019-09-19-15.02.15-768x350.jpg 768w, https:\/\/www.andreas-edler.de\/blog\/wp-content\/uploads\/2019\/09\/2019-09-19-15.02.15-100x46.jpg 100w, https:\/\/www.andreas-edler.de\/blog\/wp-content\/uploads\/2019\/09\/2019-09-19-15.02.15-150x68.jpg 150w, https:\/\/www.andreas-edler.de\/blog\/wp-content\/uploads\/2019\/09\/2019-09-19-15.02.15-200x91.jpg 200w, https:\/\/www.andreas-edler.de\/blog\/wp-content\/uploads\/2019\/09\/2019-09-19-15.02.15-300x137.jpg 300w, https:\/\/www.andreas-edler.de\/blog\/wp-content\/uploads\/2019\/09\/2019-09-19-15.02.15-450x205.jpg 450w, https:\/\/www.andreas-edler.de\/blog\/wp-content\/uploads\/2019\/09\/2019-09-19-15.02.15-600x273.jpg 600w, https:\/\/www.andreas-edler.de\/blog\/wp-content\/uploads\/2019\/09\/2019-09-19-15.02.15-900x410.jpg 900w, https:\/\/www.andreas-edler.de\/blog\/wp-content\/uploads\/2019\/09\/2019-09-19-15.02.15.jpg 1280w\" sizes=\"auto, (max-width: 470px) 100vw, 470px\" \/><\/a><figcaption id=\"caption-attachment-165671\" class=\"wp-caption-text\">Es kann wieder gekocht werden.<\/figcaption><\/figure><br \/>\nUnd dann weiter. Hatte kurz \u00fcberlegt nach Visnjan zu fahren, mich dann aber umentschieden f\u00fcr die kleine Runde \u00fcber Gedici nach Tar. Aber weil das Rad die Stra\u00dfe runter so famos rollte &#8211; bin einige Strecken \u00fcber 50 Km\/h gefahren &#8211; ging es immer weiter und weiter bis Porec runter. Und wo ich da links dann das gro\u00dfe Schild &#8222;Electrometal&#8220; las, habe ich kurz angehalten und nach Gaskartuschen geschaut. Hatten sie aber nicht. Dann eben weiter zu Meridian Campingbedarf. Das ist ja auch nicht weit weg, wenn man eh schon in Porec ist. Dort kaufte ich dann auch gleich zwei CV300 und kann nun ganz beruhigt Kaffee kochen! So richtig knallehei\u00df war es allerdings gar nicht mehr. Bei 21\u00b0C kann der Fahrtwind schon mal ordentlich k\u00fchlen. Darum gar keine gro\u00dfen Umwege fahren, sondern gleich nach Hause.<\/p>\n<p>Also fast. Bei Santa Marina bin ich nicht links zu Solaris abgebogen, sondern noch mal hoch nach Vabriga und dann von Tar die ganze Zufahrt zum Campingplatz runter. Macht halt Spa\u00df :-) Und ich komme an der Rezeption vorbei, um zu bezahlen. Knapp 130 Euro f\u00fcr sechs N\u00e4chte. Angesichts der Tatsache, dass ich eh einen kleinen 1.000 Kilometer Umweg gefahren bin, um Alex und Ben abzuholen, ist das eher wenig Geld. Am Auto habe ich mich erstmal aus den klammen Radklamotten gepellt und habe die Sachen durchgewaschen, damit sie noch m\u00f6glichst viel Sonne zum Trocknen mitbekommen. Danach ab in die Adria! Immer noch sch\u00f6n warm, oder wenigstens nicht kalt. Es war angenehm. Die hei\u00dfe Dusche danach war trotzdem super :-) Und weil es noch so fr\u00fch war, gab es das Apfelkuchenst\u00fcck als Snack. Die folgende Zeit bis zum Abendessen wurde mit aufs Meer gucken rumgebracht.<br \/>\n<figure id=\"attachment_165672\" aria-describedby=\"caption-attachment-165672\" style=\"width: 470px\" class=\"wp-caption aligncenter\"><a href=\"https:\/\/www.andreas-edler.de\/blog\/wp-content\/uploads\/2019\/09\/2019-09-19-18.37.52.jpg\"><img loading=\"lazy\" decoding=\"async\" src=\"https:\/\/www.andreas-edler.de\/blog\/wp-content\/uploads\/2019\/09\/2019-09-19-18.37.52-470x214.jpg\" alt=\"\" width=\"470\" height=\"214\" class=\"size-large wp-image-165672\" srcset=\"https:\/\/www.andreas-edler.de\/blog\/wp-content\/uploads\/2019\/09\/2019-09-19-18.37.52-470x214.jpg 470w, https:\/\/www.andreas-edler.de\/blog\/wp-content\/uploads\/2019\/09\/2019-09-19-18.37.52-250x114.jpg 250w, https:\/\/www.andreas-edler.de\/blog\/wp-content\/uploads\/2019\/09\/2019-09-19-18.37.52-768x350.jpg 768w, https:\/\/www.andreas-edler.de\/blog\/wp-content\/uploads\/2019\/09\/2019-09-19-18.37.52-100x46.jpg 100w, https:\/\/www.andreas-edler.de\/blog\/wp-content\/uploads\/2019\/09\/2019-09-19-18.37.52-150x68.jpg 150w, https:\/\/www.andreas-edler.de\/blog\/wp-content\/uploads\/2019\/09\/2019-09-19-18.37.52-200x91.jpg 200w, https:\/\/www.andreas-edler.de\/blog\/wp-content\/uploads\/2019\/09\/2019-09-19-18.37.52-300x137.jpg 300w, https:\/\/www.andreas-edler.de\/blog\/wp-content\/uploads\/2019\/09\/2019-09-19-18.37.52-450x205.jpg 450w, https:\/\/www.andreas-edler.de\/blog\/wp-content\/uploads\/2019\/09\/2019-09-19-18.37.52-600x273.jpg 600w, https:\/\/www.andreas-edler.de\/blog\/wp-content\/uploads\/2019\/09\/2019-09-19-18.37.52-900x410.jpg 900w, https:\/\/www.andreas-edler.de\/blog\/wp-content\/uploads\/2019\/09\/2019-09-19-18.37.52.jpg 1280w\" sizes=\"auto, (max-width: 470px) 100vw, 470px\" \/><\/a><figcaption id=\"caption-attachment-165672\" class=\"wp-caption-text\">Der letzte Sonnenuntergang 2019 in Kroatien f\u00fcr mich.<\/figcaption><\/figure><br \/>\nDas letzte Essen im Galeb f\u00fcr die n\u00e4chsten 10 Monate. Hoffentlich bekommt mir der frittierte Tintenfisch. War sehr lecker und der Sonnenuntergang zum Abschied wundersch\u00f6n. War doch die richtige Entscheidung, noch mal runter zu fahren. Ich glaube schon. War dann noch ein bisschen an der K\u00fcste und habe ein halbes Dutzend Bilder vom roten Himmel gemacht, bevor ich dann doch schon alles in den Skoda geschmissen und sogar den Hecktr\u00e4ger schon montiert habe. Morgen so fr\u00fch wie m\u00f6glich auf die Piste. Nur schnell ein paar H\u00f6rnchen kaufen und dann geht es los. Ich hoffe darauf, dass um viertel nach sieben die Grenze nicht allzu belagert ist.<\/p>\n<p>Den Rest des Abends habe ich mit diesem Text verbracht und nun ist Bettgehzeit!<\/p>\n<h5><a name=\"2009\"><\/a>20.09.2019 &#8211; Platzwechsel ins Allg\u00e4u<\/h5>\n<p>Der Wecker klingelte um viertel nach Sechs. Um sieben geht die Schranke hoch und ich wollte so fr\u00fch wie m\u00f6glich auf die Bahn, ohne drau\u00dfen vor den Toren zu \u00fcbernachten. Au\u00dferdem musste ich noch die leckeren Croissants vom B\u00e4cker kaufen und auch die nette B\u00e4ckereifachverk\u00e4uferin \u00f6ffnet die Jalousien erst um sieben. Also habe ich auch erstmal noch auf Snooze gedr\u00fcckt und mich umgedreht &#8211; nachdem ich mir wieder die Nase aus dem Leib geschneuzt habe. Verdammt, die Erk\u00e4ltung geht nicht weg.<br \/>\n<figure id=\"attachment_165673\" aria-describedby=\"caption-attachment-165673\" style=\"width: 470px\" class=\"wp-caption aligncenter\"><a href=\"https:\/\/www.andreas-edler.de\/blog\/wp-content\/uploads\/2019\/09\/2019-09-20-07.06.49.jpg\"><img loading=\"lazy\" decoding=\"async\" src=\"https:\/\/www.andreas-edler.de\/blog\/wp-content\/uploads\/2019\/09\/2019-09-20-07.06.49-470x261.jpg\" alt=\"\" width=\"470\" height=\"261\" class=\"size-large wp-image-165673\" srcset=\"https:\/\/www.andreas-edler.de\/blog\/wp-content\/uploads\/2019\/09\/2019-09-20-07.06.49-470x261.jpg 470w, https:\/\/www.andreas-edler.de\/blog\/wp-content\/uploads\/2019\/09\/2019-09-20-07.06.49-250x139.jpg 250w, https:\/\/www.andreas-edler.de\/blog\/wp-content\/uploads\/2019\/09\/2019-09-20-07.06.49-768x426.jpg 768w, https:\/\/www.andreas-edler.de\/blog\/wp-content\/uploads\/2019\/09\/2019-09-20-07.06.49-100x55.jpg 100w, https:\/\/www.andreas-edler.de\/blog\/wp-content\/uploads\/2019\/09\/2019-09-20-07.06.49-150x83.jpg 150w, https:\/\/www.andreas-edler.de\/blog\/wp-content\/uploads\/2019\/09\/2019-09-20-07.06.49-200x111.jpg 200w, https:\/\/www.andreas-edler.de\/blog\/wp-content\/uploads\/2019\/09\/2019-09-20-07.06.49-300x166.jpg 300w, https:\/\/www.andreas-edler.de\/blog\/wp-content\/uploads\/2019\/09\/2019-09-20-07.06.49-450x250.jpg 450w, https:\/\/www.andreas-edler.de\/blog\/wp-content\/uploads\/2019\/09\/2019-09-20-07.06.49-600x333.jpg 600w, https:\/\/www.andreas-edler.de\/blog\/wp-content\/uploads\/2019\/09\/2019-09-20-07.06.49-900x499.jpg 900w, https:\/\/www.andreas-edler.de\/blog\/wp-content\/uploads\/2019\/09\/2019-09-20-07.06.49.jpg 1280w\" sizes=\"auto, (max-width: 470px) 100vw, 470px\" \/><\/a><figcaption id=\"caption-attachment-165673\" class=\"wp-caption-text\">Traditionelles Abschiedsfoto<\/figcaption><\/figure><br \/>\nNach dem Duschen dann noch einmal runter an die K\u00fcste und <a href=\"https:\/\/twitter.com\/filmfacts\/status\/1174909518842494979\" rel=\"noopener noreferrer\" target=\"_blank\">sehnsuchtsvoll auf das Meer geschaut<\/a> &#8230; umgedreht und tsch\u00fcss. Irgendwann muss es los gehen. Als ich mit dem Yeti nach 100 Metern auf dem Weg zur Schranke beim B\u00e4cker vorbei kam, musste ich noch ein paar Minuten warten, bevor ich die Backwaren einget\u00fctet bekam. Hinter der Schranke von Solaris das obkligatorische Abschiedsfoto geschossen und dann hoch zum Plodine. Ich musste noch Getr\u00e4nke nachladen und Lino Lada mitbringen :-) Dann aber richtig los! Mit Wehmut \u00fcber den Mirnadamm gefahren und das letzte Mal in diesem Jahr bei Antenal hoch nach Novigrad. An der Tanke habe ich noch ein paar Liter Benzin nachgelegt und um 7:22 Uhr war ich endlich &#8222;richtig&#8220; auf der Reise.<br \/>\n<figure id=\"attachment_165674\" aria-describedby=\"caption-attachment-165674\" style=\"width: 470px\" class=\"wp-caption aligncenter\"><a href=\"https:\/\/www.andreas-edler.de\/blog\/wp-content\/uploads\/2019\/09\/2019-09-20-10.08.32.jpg\"><img loading=\"lazy\" decoding=\"async\" src=\"https:\/\/www.andreas-edler.de\/blog\/wp-content\/uploads\/2019\/09\/2019-09-20-10.08.32-470x210.jpg\" alt=\"\" width=\"470\" height=\"210\" class=\"size-large wp-image-165674\" srcset=\"https:\/\/www.andreas-edler.de\/blog\/wp-content\/uploads\/2019\/09\/2019-09-20-10.08.32-470x210.jpg 470w, https:\/\/www.andreas-edler.de\/blog\/wp-content\/uploads\/2019\/09\/2019-09-20-10.08.32-250x112.jpg 250w, https:\/\/www.andreas-edler.de\/blog\/wp-content\/uploads\/2019\/09\/2019-09-20-10.08.32-768x343.jpg 768w, https:\/\/www.andreas-edler.de\/blog\/wp-content\/uploads\/2019\/09\/2019-09-20-10.08.32-100x45.jpg 100w, https:\/\/www.andreas-edler.de\/blog\/wp-content\/uploads\/2019\/09\/2019-09-20-10.08.32-150x67.jpg 150w, https:\/\/www.andreas-edler.de\/blog\/wp-content\/uploads\/2019\/09\/2019-09-20-10.08.32-200x89.jpg 200w, https:\/\/www.andreas-edler.de\/blog\/wp-content\/uploads\/2019\/09\/2019-09-20-10.08.32-300x134.jpg 300w, https:\/\/www.andreas-edler.de\/blog\/wp-content\/uploads\/2019\/09\/2019-09-20-10.08.32-450x201.jpg 450w, https:\/\/www.andreas-edler.de\/blog\/wp-content\/uploads\/2019\/09\/2019-09-20-10.08.32-600x268.jpg 600w, https:\/\/www.andreas-edler.de\/blog\/wp-content\/uploads\/2019\/09\/2019-09-20-10.08.32-900x401.jpg 900w, https:\/\/www.andreas-edler.de\/blog\/wp-content\/uploads\/2019\/09\/2019-09-20-10.08.32.jpg 1280w\" sizes=\"auto, (max-width: 470px) 100vw, 470px\" \/><\/a><figcaption id=\"caption-attachment-165674\" class=\"wp-caption-text\">Karawankentunnel<\/figcaption><\/figure><br \/>\nGanz urspr\u00fcnglich dachte ich mir noch, eventuell \u00fcber Italien ins Allg\u00e4u zu fahren. Hatte mir daf\u00fcr sogar extra eine Warntafel zur Montage am Hecktr\u00e4ger gekauft (die im \u00fcbrigen prima als Tisch funktionierte). Ich wollte aber nur schnell von A nach B kommen undhatte keine Lust mehr auf Sightseeing. Das Navi behauptete so schon sieben Stunden Fahrt &#8211; also Ljubeljana. Die ganze Tour verlief <a href=\"https:\/\/twitter.com\/filmfacts\/status\/1175003350900838400\" rel=\"noopener noreferrer\" target=\"_blank\">v\u00f6llig unspektakul\u00e4r<\/a> und ohne Zwischenf\u00e4lle. Die erste Rast habe ich Feistritz gemacht, dann Bernau und danach bog ich auch schon bei Irschenberg ab, um \u00fcber Land nach Lechbruck zu gelangen. Vorbei an Gmund, durch Bad T\u00f6lz, kurz auf die A95 und dann \u00fcber Murnau, Bad Kohlbrug und Wildsteig bis zu Ziel. Aus den sieben Stunden sind letztendlich doch neun geworden.<br \/>\n<figure id=\"attachment_165675\" aria-describedby=\"caption-attachment-165675\" style=\"width: 470px\" class=\"wp-caption aligncenter\"><a href=\"https:\/\/www.andreas-edler.de\/blog\/wp-content\/uploads\/2019\/09\/2019-09-20-12.05.52.jpg\"><img loading=\"lazy\" decoding=\"async\" src=\"https:\/\/www.andreas-edler.de\/blog\/wp-content\/uploads\/2019\/09\/2019-09-20-12.05.52-470x147.jpg\" alt=\"\" width=\"470\" height=\"147\" class=\"size-large wp-image-165675\" srcset=\"https:\/\/www.andreas-edler.de\/blog\/wp-content\/uploads\/2019\/09\/2019-09-20-12.05.52-470x147.jpg 470w, https:\/\/www.andreas-edler.de\/blog\/wp-content\/uploads\/2019\/09\/2019-09-20-12.05.52-250x78.jpg 250w, https:\/\/www.andreas-edler.de\/blog\/wp-content\/uploads\/2019\/09\/2019-09-20-12.05.52-768x241.jpg 768w, https:\/\/www.andreas-edler.de\/blog\/wp-content\/uploads\/2019\/09\/2019-09-20-12.05.52-100x31.jpg 100w, https:\/\/www.andreas-edler.de\/blog\/wp-content\/uploads\/2019\/09\/2019-09-20-12.05.52-150x47.jpg 150w, https:\/\/www.andreas-edler.de\/blog\/wp-content\/uploads\/2019\/09\/2019-09-20-12.05.52-200x63.jpg 200w, https:\/\/www.andreas-edler.de\/blog\/wp-content\/uploads\/2019\/09\/2019-09-20-12.05.52-300x94.jpg 300w, https:\/\/www.andreas-edler.de\/blog\/wp-content\/uploads\/2019\/09\/2019-09-20-12.05.52-450x141.jpg 450w, https:\/\/www.andreas-edler.de\/blog\/wp-content\/uploads\/2019\/09\/2019-09-20-12.05.52-600x188.jpg 600w, https:\/\/www.andreas-edler.de\/blog\/wp-content\/uploads\/2019\/09\/2019-09-20-12.05.52-900x282.jpg 900w, https:\/\/www.andreas-edler.de\/blog\/wp-content\/uploads\/2019\/09\/2019-09-20-12.05.52.jpg 1280w\" sizes=\"auto, (max-width: 470px) 100vw, 470px\" \/><\/a><figcaption id=\"caption-attachment-165675\" class=\"wp-caption-text\">Hach &#8230; Berge.<\/figcaption><\/figure><br \/>\nV\u00f6llig groggy bin ich beim Via Claudia Camping an der Rezeption ausgerollt. Dort warteten auf dem Spielplatz bereits Alex und Ben &#8211; und freuten sich. Ben kam &#8222;Papa, Papa&#8220; rufend auf mich zu. Da geht einem doch das Herz auf!<br \/>\n<figure id=\"attachment_165676\" aria-describedby=\"caption-attachment-165676\" style=\"width: 470px\" class=\"wp-caption aligncenter\"><a href=\"https:\/\/www.andreas-edler.de\/blog\/wp-content\/uploads\/2019\/09\/2019-09-20-17.04.09.jpg\"><img loading=\"lazy\" decoding=\"async\" src=\"https:\/\/www.andreas-edler.de\/blog\/wp-content\/uploads\/2019\/09\/2019-09-20-17.04.09-470x287.jpg\" alt=\"\" width=\"470\" height=\"287\" class=\"size-large wp-image-165676\" srcset=\"https:\/\/www.andreas-edler.de\/blog\/wp-content\/uploads\/2019\/09\/2019-09-20-17.04.09-470x287.jpg 470w, https:\/\/www.andreas-edler.de\/blog\/wp-content\/uploads\/2019\/09\/2019-09-20-17.04.09-250x153.jpg 250w, https:\/\/www.andreas-edler.de\/blog\/wp-content\/uploads\/2019\/09\/2019-09-20-17.04.09-768x469.jpg 768w, https:\/\/www.andreas-edler.de\/blog\/wp-content\/uploads\/2019\/09\/2019-09-20-17.04.09-100x61.jpg 100w, https:\/\/www.andreas-edler.de\/blog\/wp-content\/uploads\/2019\/09\/2019-09-20-17.04.09-150x92.jpg 150w, https:\/\/www.andreas-edler.de\/blog\/wp-content\/uploads\/2019\/09\/2019-09-20-17.04.09-200x122.jpg 200w, https:\/\/www.andreas-edler.de\/blog\/wp-content\/uploads\/2019\/09\/2019-09-20-17.04.09-300x183.jpg 300w, https:\/\/www.andreas-edler.de\/blog\/wp-content\/uploads\/2019\/09\/2019-09-20-17.04.09-450x275.jpg 450w, https:\/\/www.andreas-edler.de\/blog\/wp-content\/uploads\/2019\/09\/2019-09-20-17.04.09-600x367.jpg 600w, https:\/\/www.andreas-edler.de\/blog\/wp-content\/uploads\/2019\/09\/2019-09-20-17.04.09-900x550.jpg 900w, https:\/\/www.andreas-edler.de\/blog\/wp-content\/uploads\/2019\/09\/2019-09-20-17.04.09.jpg 1280w\" sizes=\"auto, (max-width: 470px) 100vw, 470px\" \/><\/a><figcaption id=\"caption-attachment-165676\" class=\"wp-caption-text\">Via Claudia Camping<\/figcaption><\/figure><br \/>\nWir haben dann schnell den Wagen absgestellt, das Zelt hoch gedr\u00fcckt und dann bin ich mit den beiden zur Klinik K\u00f6nigshof geschoben, wo mir alles gezeigt wurde. Die Kindergartengruppe, das Zimmer, die Aussicht, der Speisesaal. Ich war aber wirklich ziemlich m\u00fcde, habe noch ein wenig Wasser zum Abendbrot mit getrunken und zwei St\u00fcckchen Kuchen von einem zuf\u00e4llig ebenfalls heute gefeierten Kindergeburtstag.<br \/>\n<figure id=\"attachment_165677\" aria-describedby=\"caption-attachment-165677\" style=\"width: 470px\" class=\"wp-caption aligncenter\"><a href=\"https:\/\/www.andreas-edler.de\/blog\/wp-content\/uploads\/2019\/09\/2019-09-20-19.20.14.jpg\"><img loading=\"lazy\" decoding=\"async\" src=\"https:\/\/www.andreas-edler.de\/blog\/wp-content\/uploads\/2019\/09\/2019-09-20-19.20.14-470x197.jpg\" alt=\"\" width=\"470\" height=\"197\" class=\"size-large wp-image-165677\" srcset=\"https:\/\/www.andreas-edler.de\/blog\/wp-content\/uploads\/2019\/09\/2019-09-20-19.20.14-470x197.jpg 470w, https:\/\/www.andreas-edler.de\/blog\/wp-content\/uploads\/2019\/09\/2019-09-20-19.20.14-250x105.jpg 250w, https:\/\/www.andreas-edler.de\/blog\/wp-content\/uploads\/2019\/09\/2019-09-20-19.20.14-768x322.jpg 768w, https:\/\/www.andreas-edler.de\/blog\/wp-content\/uploads\/2019\/09\/2019-09-20-19.20.14-100x42.jpg 100w, https:\/\/www.andreas-edler.de\/blog\/wp-content\/uploads\/2019\/09\/2019-09-20-19.20.14-150x63.jpg 150w, https:\/\/www.andreas-edler.de\/blog\/wp-content\/uploads\/2019\/09\/2019-09-20-19.20.14-200x84.jpg 200w, https:\/\/www.andreas-edler.de\/blog\/wp-content\/uploads\/2019\/09\/2019-09-20-19.20.14-300x126.jpg 300w, https:\/\/www.andreas-edler.de\/blog\/wp-content\/uploads\/2019\/09\/2019-09-20-19.20.14-450x188.jpg 450w, https:\/\/www.andreas-edler.de\/blog\/wp-content\/uploads\/2019\/09\/2019-09-20-19.20.14-600x251.jpg 600w, https:\/\/www.andreas-edler.de\/blog\/wp-content\/uploads\/2019\/09\/2019-09-20-19.20.14-900x377.jpg 900w, https:\/\/www.andreas-edler.de\/blog\/wp-content\/uploads\/2019\/09\/2019-09-20-19.20.14.jpg 1280w\" sizes=\"auto, (max-width: 470px) 100vw, 470px\" \/><\/a><figcaption id=\"caption-attachment-165677\" class=\"wp-caption-text\">Abendrot am Lechsee<\/figcaption><\/figure><br \/>\nUnd dann bin ich mit dem Rad auch wieder zur\u00fcck zum Auto. Wollte nur noch ins Bett. An der Rezeption konnten ich gegen 19 Uhr leider keine Br\u00f6tchen mehr vorbestellen, aber ich solle einfach morgens kommen, es w\u00e4ren immer ein paar mehr vorr\u00e4tig. Um acht bin ich <a href=\"https:\/\/twitter.com\/filmfacts\/status\/1175103185268219904\" rel=\"noopener noreferrer\" target=\"_blank\">unter die Decke gekrochen<\/a>. Und verdammt: <a href=\"https:\/\/twitter.com\/filmfacts\/status\/1175111054768115713\" rel=\"noopener noreferrer\" target=\"_blank\">war das kalt<\/a>! Irgendwann habe ich mir den leichten H\u00fcttenschlafsack geholt, weil mir so kalt wurde. Zus\u00e4tzlich musste ich alle Nase lang raus, weil ich auf die Toilette musste. \u00c4tzende Nacht.<\/p>\n<h5><a name=\"2109\"><\/a>21.09.2019<\/a><\/h5>\n<p>Was f\u00fcr eine \u00fcble Nacht. Ich habe gef\u00fchlt nicht geschlafen. Mir war kalt, es f\u00fchlte sich alles ganz doof an und die Zeit kroch im Schneckentempo. Irgendwann sagt der Blick auf die Uhr, es sei nun halb acht und ich bin aufgestanden. <a href=\"https:\/\/twitter.com\/XannaAlex\/status\/1175292249539846144\">Drau\u00dfen alles zugenebelt!<\/a> Mag ja was werden :-\/ Nachdem ich allerdings von der ausgiebigen Duschsession zur\u00fcck war, hatte die Sonne bereits fast alles weggebrannt. Das ging schnell. Der vom Tau v\u00f6llig nasse Campingstuhl stand mitten in den warmen Strahlen und dampfte deutlich sichtbar vor sich hin. Auch das Dachzelt dampfte wie eine Lokomotive. Es brannte sogar ein bisschen im Gesicht. Meine Laune besserte sich schlagartig. Schnell anziehen und zur Rezeption und zwei nicht bestellte Br\u00f6tchen abholen. Da war um kurz nach Acht Uhr bereits eine ordentliche Camperschlange und alle hatten irgendwie etwas anderes im Kopf, als sie am Abend vorher noch auf dem Bestellzettel angekreuzt hatten. Ich habe jedenfalls meine Fr\u00fchst\u00fccksgrundlagen bekommen und bin zur\u00fcck zum Stellplatz geradelt.<br \/>\n<figure id=\"attachment_165678\" aria-describedby=\"caption-attachment-165678\" style=\"width: 470px\" class=\"wp-caption aligncenter\"><a href=\"https:\/\/www.andreas-edler.de\/blog\/wp-content\/uploads\/2019\/09\/2019-09-21-08.59.53.jpg\"><img loading=\"lazy\" decoding=\"async\" src=\"https:\/\/www.andreas-edler.de\/blog\/wp-content\/uploads\/2019\/09\/2019-09-21-08.59.53-470x336.jpg\" alt=\"\" width=\"470\" height=\"336\" class=\"size-large wp-image-165678\" srcset=\"https:\/\/www.andreas-edler.de\/blog\/wp-content\/uploads\/2019\/09\/2019-09-21-08.59.53-470x336.jpg 470w, https:\/\/www.andreas-edler.de\/blog\/wp-content\/uploads\/2019\/09\/2019-09-21-08.59.53-250x179.jpg 250w, https:\/\/www.andreas-edler.de\/blog\/wp-content\/uploads\/2019\/09\/2019-09-21-08.59.53-768x548.jpg 768w, https:\/\/www.andreas-edler.de\/blog\/wp-content\/uploads\/2019\/09\/2019-09-21-08.59.53-100x71.jpg 100w, https:\/\/www.andreas-edler.de\/blog\/wp-content\/uploads\/2019\/09\/2019-09-21-08.59.53-150x107.jpg 150w, https:\/\/www.andreas-edler.de\/blog\/wp-content\/uploads\/2019\/09\/2019-09-21-08.59.53-200x143.jpg 200w, https:\/\/www.andreas-edler.de\/blog\/wp-content\/uploads\/2019\/09\/2019-09-21-08.59.53-300x214.jpg 300w, https:\/\/www.andreas-edler.de\/blog\/wp-content\/uploads\/2019\/09\/2019-09-21-08.59.53-450x321.jpg 450w, https:\/\/www.andreas-edler.de\/blog\/wp-content\/uploads\/2019\/09\/2019-09-21-08.59.53-600x428.jpg 600w, https:\/\/www.andreas-edler.de\/blog\/wp-content\/uploads\/2019\/09\/2019-09-21-08.59.53-900x643.jpg 900w, https:\/\/www.andreas-edler.de\/blog\/wp-content\/uploads\/2019\/09\/2019-09-21-08.59.53.jpg 1280w\" sizes=\"auto, (max-width: 470px) 100vw, 470px\" \/><\/a><figcaption id=\"caption-attachment-165678\" class=\"wp-caption-text\">Strahlend blauer Himmel nach einer sehr kalten Nacht.<\/figcaption><\/figure><br \/>\nDer Kaffee duftete kurze Zeit sp\u00e4ter bereits in der Tasse und die Pfirsichmarmeldade aus Kroatien schmeckt auf dem Semmel. Alex und Ben hatten sich auch bereits gemeldet und wir ich bin dann gegen 10 Uhr r\u00fcber zur Klinik K\u00f6nigshof gefahren. Dort haben wir noch etwas ausgeruht, bevor wir uns auf die weite Reise zum Linderhof begeben haben. Eine gute Dreiviertelstunde waren wir unterwegs, bevor wir das kleinste, allerdings als einziges komplett fertiggestellte Schl\u00f6sschen K\u00f6ng Ludwig II von Bayern erreichten. Zu Lebzeiten war der K\u00f6nig wegen seiner ausufernden Bauten wohl nicht sonderlich gut gelitten, heute d\u00fcrften alle heilfroh sein, dass er diese M\u00e4rchenschl\u00f6sser errichten lassen hat. Es war zwar nicht \u00fcberf\u00fcllt, aber sehr gut besucht.<br \/>\n<figure id=\"attachment_165679\" aria-describedby=\"caption-attachment-165679\" style=\"width: 470px\" class=\"wp-caption aligncenter\"><a href=\"https:\/\/www.andreas-edler.de\/blog\/wp-content\/uploads\/2019\/09\/2019-09-21-13.09.04_k.jpg\"><img loading=\"lazy\" decoding=\"async\" src=\"https:\/\/www.andreas-edler.de\/blog\/wp-content\/uploads\/2019\/09\/2019-09-21-13.09.04_k-470x351.jpg\" alt=\"\" width=\"470\" height=\"351\" class=\"size-large wp-image-165679\" srcset=\"https:\/\/www.andreas-edler.de\/blog\/wp-content\/uploads\/2019\/09\/2019-09-21-13.09.04_k-470x351.jpg 470w, https:\/\/www.andreas-edler.de\/blog\/wp-content\/uploads\/2019\/09\/2019-09-21-13.09.04_k-250x187.jpg 250w, https:\/\/www.andreas-edler.de\/blog\/wp-content\/uploads\/2019\/09\/2019-09-21-13.09.04_k-768x574.jpg 768w, https:\/\/www.andreas-edler.de\/blog\/wp-content\/uploads\/2019\/09\/2019-09-21-13.09.04_k-100x75.jpg 100w, https:\/\/www.andreas-edler.de\/blog\/wp-content\/uploads\/2019\/09\/2019-09-21-13.09.04_k-150x112.jpg 150w, https:\/\/www.andreas-edler.de\/blog\/wp-content\/uploads\/2019\/09\/2019-09-21-13.09.04_k-200x150.jpg 200w, https:\/\/www.andreas-edler.de\/blog\/wp-content\/uploads\/2019\/09\/2019-09-21-13.09.04_k-300x224.jpg 300w, https:\/\/www.andreas-edler.de\/blog\/wp-content\/uploads\/2019\/09\/2019-09-21-13.09.04_k-450x336.jpg 450w, https:\/\/www.andreas-edler.de\/blog\/wp-content\/uploads\/2019\/09\/2019-09-21-13.09.04_k-600x449.jpg 600w, https:\/\/www.andreas-edler.de\/blog\/wp-content\/uploads\/2019\/09\/2019-09-21-13.09.04_k-900x673.jpg 900w, https:\/\/www.andreas-edler.de\/blog\/wp-content\/uploads\/2019\/09\/2019-09-21-13.09.04_k.jpg 1280w\" sizes=\"auto, (max-width: 470px) 100vw, 470px\" \/><\/a><figcaption id=\"caption-attachment-165679\" class=\"wp-caption-text\">Linderhof<\/figcaption><\/figure><br \/>\nZun\u00e4chst sind wir drau\u00dfen ein bisschen <a href=\"https:\/\/twitter.com\/filmfacts\/status\/1175812598396309505\" rel=\"noopener noreferrer\" target=\"_blank\">auf dem Gel\u00e4nde rumgelaufen<\/a> und einmal zum Venustempel hoch, bevor wir uns in die Schlange f\u00fcr unser Schlossf\u00fchrung stellten. Die ganzen Omis und Opis vor uns hatten zwar nicht unsere Zeit auf ihrer Karte stehen, das war ihnen aber offensichtlich egal. &#8222;Hihihi&#8220; und &#8222;Hahaha&#8220; bis die maximale Gruppenanzahl erreicht war und wir mit gro\u00dfen Augen vorm verschlossenen Drehkreuz standen. Durften dann aber doch mit rein. Ich werde nie verstehen, warum sich so viele Menschen nicht darum k\u00fcmmern, was sie da gerade tun.<\/p>\n<p>Das Schloss selbst ist irgendwie sch\u00f6n und ich k\u00f6nnte da keine zwei Stunden drin wohnen. Viel zu schw\u00fclstig und \u00fcberladen. Der K\u00f6nig war schon ein wenig schr\u00e4g. Beeindruckend fand ich die technischen L\u00f6sungen, um seinen Spleens gerecht zu werden. Das &#8222;Tischlein Deck Dich&#8220;, um keine Diener zu sehen. Erster Dynamokraftwerk um die Grotte zu elektrifizieren und nat\u00fcrlich die Zentralheizung. Das hat schon was und zeugt auch ein bisschen vom technischen Verstand und Fortschrittsdenken des Erbauers. Interessant alle mal!<br \/>\n<figure id=\"attachment_165680\" aria-describedby=\"caption-attachment-165680\" style=\"width: 470px\" class=\"wp-caption aligncenter\"><a href=\"https:\/\/www.andreas-edler.de\/blog\/wp-content\/uploads\/2019\/09\/2019-09-21-13.24.16_k.jpg\"><img loading=\"lazy\" decoding=\"async\" src=\"https:\/\/www.andreas-edler.de\/blog\/wp-content\/uploads\/2019\/09\/2019-09-21-13.24.16_k-470x293.jpg\" alt=\"\" width=\"470\" height=\"293\" class=\"size-large wp-image-165680\" srcset=\"https:\/\/www.andreas-edler.de\/blog\/wp-content\/uploads\/2019\/09\/2019-09-21-13.24.16_k-470x293.jpg 470w, https:\/\/www.andreas-edler.de\/blog\/wp-content\/uploads\/2019\/09\/2019-09-21-13.24.16_k-250x156.jpg 250w, https:\/\/www.andreas-edler.de\/blog\/wp-content\/uploads\/2019\/09\/2019-09-21-13.24.16_k-768x479.jpg 768w, https:\/\/www.andreas-edler.de\/blog\/wp-content\/uploads\/2019\/09\/2019-09-21-13.24.16_k-100x62.jpg 100w, https:\/\/www.andreas-edler.de\/blog\/wp-content\/uploads\/2019\/09\/2019-09-21-13.24.16_k-150x94.jpg 150w, https:\/\/www.andreas-edler.de\/blog\/wp-content\/uploads\/2019\/09\/2019-09-21-13.24.16_k-200x125.jpg 200w, https:\/\/www.andreas-edler.de\/blog\/wp-content\/uploads\/2019\/09\/2019-09-21-13.24.16_k-300x187.jpg 300w, https:\/\/www.andreas-edler.de\/blog\/wp-content\/uploads\/2019\/09\/2019-09-21-13.24.16_k-450x281.jpg 450w, https:\/\/www.andreas-edler.de\/blog\/wp-content\/uploads\/2019\/09\/2019-09-21-13.24.16_k-600x375.jpg 600w, https:\/\/www.andreas-edler.de\/blog\/wp-content\/uploads\/2019\/09\/2019-09-21-13.24.16_k-900x562.jpg 900w, https:\/\/www.andreas-edler.de\/blog\/wp-content\/uploads\/2019\/09\/2019-09-21-13.24.16_k.jpg 1280w\" sizes=\"auto, (max-width: 470px) 100vw, 470px\" \/><\/a><figcaption id=\"caption-attachment-165680\" class=\"wp-caption-text\">Ben fand es OK.<\/figcaption><\/figure><br \/>\nDanach sind wir noch spazieren gegangen, haben uns die Hundinger H\u00fctte und die Einsiedelei angeschaut. Leider ist die Grotte noch zwei Jahre wegen Sanierung geschlossen. Das Gel\u00e4nde ist wirklich sch\u00f6n angelegt &#8230; aber alles nur f\u00fcr eine Person. Was f\u00fcr eine Verschwendung damals. Wir waren \u00fcber drei Stunden dort und haben nicht mal alles gesehen, das Marokkanische Haus und den Maurischen Kiosk haben wir z.B. nur von weitem gesehen und auch am K\u00f6nigshaus gingen wir nur vorbei.<br \/>\n<figure id=\"attachment_165681\" aria-describedby=\"caption-attachment-165681\" style=\"width: 470px\" class=\"wp-caption aligncenter\"><a href=\"https:\/\/www.andreas-edler.de\/blog\/wp-content\/uploads\/2019\/09\/2019-09-21-15.30.04_k.jpg\"><img loading=\"lazy\" decoding=\"async\" src=\"https:\/\/www.andreas-edler.de\/blog\/wp-content\/uploads\/2019\/09\/2019-09-21-15.30.04_k-470x327.jpg\" alt=\"\" width=\"470\" height=\"327\" class=\"size-large wp-image-165681\" srcset=\"https:\/\/www.andreas-edler.de\/blog\/wp-content\/uploads\/2019\/09\/2019-09-21-15.30.04_k-470x327.jpg 470w, https:\/\/www.andreas-edler.de\/blog\/wp-content\/uploads\/2019\/09\/2019-09-21-15.30.04_k-250x174.jpg 250w, https:\/\/www.andreas-edler.de\/blog\/wp-content\/uploads\/2019\/09\/2019-09-21-15.30.04_k-768x534.jpg 768w, https:\/\/www.andreas-edler.de\/blog\/wp-content\/uploads\/2019\/09\/2019-09-21-15.30.04_k-100x70.jpg 100w, https:\/\/www.andreas-edler.de\/blog\/wp-content\/uploads\/2019\/09\/2019-09-21-15.30.04_k-150x104.jpg 150w, https:\/\/www.andreas-edler.de\/blog\/wp-content\/uploads\/2019\/09\/2019-09-21-15.30.04_k-200x139.jpg 200w, https:\/\/www.andreas-edler.de\/blog\/wp-content\/uploads\/2019\/09\/2019-09-21-15.30.04_k-300x209.jpg 300w, https:\/\/www.andreas-edler.de\/blog\/wp-content\/uploads\/2019\/09\/2019-09-21-15.30.04_k-450x313.jpg 450w, https:\/\/www.andreas-edler.de\/blog\/wp-content\/uploads\/2019\/09\/2019-09-21-15.30.04_k-600x417.jpg 600w, https:\/\/www.andreas-edler.de\/blog\/wp-content\/uploads\/2019\/09\/2019-09-21-15.30.04_k-900x626.jpg 900w, https:\/\/www.andreas-edler.de\/blog\/wp-content\/uploads\/2019\/09\/2019-09-21-15.30.04_k.jpg 1280w\" sizes=\"auto, (max-width: 470px) 100vw, 470px\" \/><\/a><figcaption id=\"caption-attachment-165681\" class=\"wp-caption-text\">Venustempel<\/figcaption><\/figure><br \/>\nBen hatte dann auch irgendwann genug und dr\u00e4ngelte endlich weg zu fahren. Wir hatten ihm n\u00e4mlich f\u00fcr den Ausklang des Tages noch ein bisschen Tretbootfahren auf dem Lechstausee versprochen! Um 17 Uhr sind wir am Trebootverleih angekommen und dann auch gleich in See gestochen. Ben war begeistert und ich hatte es mir nicht so schwei\u00dftreibend vorgestellt. Flussaufw\u00e4rts mussten wir ganz sch\u00f6n rein treten, damit wir im Schneckentempo zur Staustufe gelangten. Ben ist immer von vorne nach hinten geklettert und hat abwechselnd im Zick-Zack gelenkt oder <a href=\"https:\/\/twitter.com\/filmfacts\/status\/1175440240825294849\" rel=\"noopener noreferrer\" target=\"_blank\">bei einem von uns beiden zwischen den Beinen gesessen und mit gestrampelt<\/a>. War eine gro\u00dfe Hilfe &#8230; \u00b4:-)<br \/>\n<figure id=\"attachment_165682\" aria-describedby=\"caption-attachment-165682\" style=\"width: 470px\" class=\"wp-caption aligncenter\"><a href=\"https:\/\/www.andreas-edler.de\/blog\/wp-content\/uploads\/2019\/09\/2019-09-21-17.40.19.jpg\"><img loading=\"lazy\" decoding=\"async\" src=\"https:\/\/www.andreas-edler.de\/blog\/wp-content\/uploads\/2019\/09\/2019-09-21-17.40.19-470x267.jpg\" alt=\"\" width=\"470\" height=\"267\" class=\"size-large wp-image-165682\" srcset=\"https:\/\/www.andreas-edler.de\/blog\/wp-content\/uploads\/2019\/09\/2019-09-21-17.40.19-470x267.jpg 470w, https:\/\/www.andreas-edler.de\/blog\/wp-content\/uploads\/2019\/09\/2019-09-21-17.40.19-250x142.jpg 250w, https:\/\/www.andreas-edler.de\/blog\/wp-content\/uploads\/2019\/09\/2019-09-21-17.40.19-768x436.jpg 768w, https:\/\/www.andreas-edler.de\/blog\/wp-content\/uploads\/2019\/09\/2019-09-21-17.40.19-100x57.jpg 100w, https:\/\/www.andreas-edler.de\/blog\/wp-content\/uploads\/2019\/09\/2019-09-21-17.40.19-150x85.jpg 150w, https:\/\/www.andreas-edler.de\/blog\/wp-content\/uploads\/2019\/09\/2019-09-21-17.40.19-200x114.jpg 200w, https:\/\/www.andreas-edler.de\/blog\/wp-content\/uploads\/2019\/09\/2019-09-21-17.40.19-300x170.jpg 300w, https:\/\/www.andreas-edler.de\/blog\/wp-content\/uploads\/2019\/09\/2019-09-21-17.40.19-450x256.jpg 450w, https:\/\/www.andreas-edler.de\/blog\/wp-content\/uploads\/2019\/09\/2019-09-21-17.40.19-600x341.jpg 600w, https:\/\/www.andreas-edler.de\/blog\/wp-content\/uploads\/2019\/09\/2019-09-21-17.40.19-900x511.jpg 900w, https:\/\/www.andreas-edler.de\/blog\/wp-content\/uploads\/2019\/09\/2019-09-21-17.40.19.jpg 1280w\" sizes=\"auto, (max-width: 470px) 100vw, 470px\" \/><\/a><figcaption id=\"caption-attachment-165682\" class=\"wp-caption-text\">Kapit\u00e4nin und Kapit\u00e4n<\/figcaption><\/figure><br \/>\nWir wollten erst nur eine halbe Stunde buchen, haben dann aber doch gleich 60 Minuten genommen. Das war eine gute Entscheidung, weil wir uns so dann beim R\u00fcckweg mehr Zeit lassen konnten und die leichte Str\u00f6mung einen Teil der Arbeit \u00fcbernehmen konnte. An Land traf es sich gut, dass der Tretbootverleih eine angeschlossene Gastronomie hatte. So hat jeder noch sein Abendessen bekommen und als Nachtisch ein Eis! Und zack, war es auch schon fast Bettgehzeit! Jedenfalls so gegen 19 Uhr und ich war wirklich m\u00fcde.<br \/>\n<figure id=\"attachment_165683\" aria-describedby=\"caption-attachment-165683\" style=\"width: 470px\" class=\"wp-caption aligncenter\"><a href=\"https:\/\/www.andreas-edler.de\/blog\/wp-content\/uploads\/2019\/09\/2019-09-21-18.02.11.jpg\"><img loading=\"lazy\" decoding=\"async\" src=\"https:\/\/www.andreas-edler.de\/blog\/wp-content\/uploads\/2019\/09\/2019-09-21-18.02.11-470x273.jpg\" alt=\"\" width=\"470\" height=\"273\" class=\"size-large wp-image-165683\" srcset=\"https:\/\/www.andreas-edler.de\/blog\/wp-content\/uploads\/2019\/09\/2019-09-21-18.02.11-470x273.jpg 470w, https:\/\/www.andreas-edler.de\/blog\/wp-content\/uploads\/2019\/09\/2019-09-21-18.02.11-250x145.jpg 250w, https:\/\/www.andreas-edler.de\/blog\/wp-content\/uploads\/2019\/09\/2019-09-21-18.02.11-768x446.jpg 768w, https:\/\/www.andreas-edler.de\/blog\/wp-content\/uploads\/2019\/09\/2019-09-21-18.02.11-100x58.jpg 100w, https:\/\/www.andreas-edler.de\/blog\/wp-content\/uploads\/2019\/09\/2019-09-21-18.02.11-150x87.jpg 150w, https:\/\/www.andreas-edler.de\/blog\/wp-content\/uploads\/2019\/09\/2019-09-21-18.02.11-200x116.jpg 200w, https:\/\/www.andreas-edler.de\/blog\/wp-content\/uploads\/2019\/09\/2019-09-21-18.02.11-300x174.jpg 300w, https:\/\/www.andreas-edler.de\/blog\/wp-content\/uploads\/2019\/09\/2019-09-21-18.02.11-450x261.jpg 450w, https:\/\/www.andreas-edler.de\/blog\/wp-content\/uploads\/2019\/09\/2019-09-21-18.02.11-600x348.jpg 600w, https:\/\/www.andreas-edler.de\/blog\/wp-content\/uploads\/2019\/09\/2019-09-21-18.02.11-900x522.jpg 900w, https:\/\/www.andreas-edler.de\/blog\/wp-content\/uploads\/2019\/09\/2019-09-21-18.02.11.jpg 1280w\" sizes=\"auto, (max-width: 470px) 100vw, 470px\" \/><\/a><figcaption id=\"caption-attachment-165683\" class=\"wp-caption-text\">St\u00e4rkung nach der anstrengenden Bootstour<\/figcaption><\/figure><br \/>\nDas Wetter f\u00fcr den n\u00e4chsten Tag war noch besser als heute gemeldet und darum habe ich noch eine Nacht im Zelt verbracht. Sehr zum Missfallen von Nachwuchs 2.0, der es lieber gesehen h\u00e4tte, wenn ich bei ihnen eingezogen w\u00e4re. Allerdings hatte ich zum einen das Rad noch auf dem Stellplatz stehen, als auch Br\u00f6tchen bestellt. Sachzw\u00e4nge, die mich zum Campingplatz f\u00fchrten. Dort habe ich dann das Dach wieder hochgeklappt und im Auto gesessen und den Text f\u00fcr den Wechsel zwischen Kroatien und Allg\u00e4u geschrieben. Mehr allerdings nicht, weil ich zu m\u00fcde war. Dabei habe ich auf Netflix &#8222;<a href=\"https:\/\/twitter.com\/filmfacts\/status\/1175470373900619776\" rel=\"noopener noreferrer\" target=\"_blank\">Love, Death &#038; Robots<\/a>&#8220; entdeckt. Eine Zusammenstellung kleiner animierter Kurzfilme. Sehr explizit &#8211; ab 18 ist gerechtfertigt &#8211; und jede Episode ist anders und in sich abgeschlossen. Ganz dicke Empfehlung zum Schauen. Ich war begeistert und habe danach noch im Dachzelt gelegen und eine 10-Minuten-Folge nach der anderen geschaut!<\/p>\n<h5><a name=\"2209\"><\/a>22.09.2019<\/a><\/h5>\n<p>Um Mitternacht habe ich das Nokia 9 ausgemacht und mich zum Schlafen umgedreht. Der Plan war, so richtig m\u00fcde zu werden und dann nicht wieder die ganze Nacht wach zu liegen. Was soll ich sagen &#8230; kurz nach sieben auf die Uhr geschaut und festgestellt, dass der Plan aufgegangen ist. Mir war kein bisschen kalt (was vielleicht an der langen Hose lag, die ich ausnahmsweise Ende September im Zelt mal angezogen habe), vielleicht aber auch daran, dass es einfach nicht so kalt wie letzte Nacht war. Der Himmel war jedenfalls ziemlich verhangen. Keine Spur von dem angek\u00fcndigten Bombenwetter. Br\u00f6tchen gab es diesmal ohne &#8222;Bettelei&#8220; und dazu noch ein Croissant und einen Muffin.<br \/>\n<figure id=\"attachment_165684\" aria-describedby=\"caption-attachment-165684\" style=\"width: 470px\" class=\"wp-caption aligncenter\"><a href=\"https:\/\/www.andreas-edler.de\/blog\/wp-content\/uploads\/2019\/09\/2019-09-22-10.45.29.jpg\"><img loading=\"lazy\" decoding=\"async\" src=\"https:\/\/www.andreas-edler.de\/blog\/wp-content\/uploads\/2019\/09\/2019-09-22-10.45.29-470x281.jpg\" alt=\"\" width=\"470\" height=\"281\" class=\"size-large wp-image-165684\" srcset=\"https:\/\/www.andreas-edler.de\/blog\/wp-content\/uploads\/2019\/09\/2019-09-22-10.45.29-470x281.jpg 470w, https:\/\/www.andreas-edler.de\/blog\/wp-content\/uploads\/2019\/09\/2019-09-22-10.45.29-250x149.jpg 250w, https:\/\/www.andreas-edler.de\/blog\/wp-content\/uploads\/2019\/09\/2019-09-22-10.45.29-768x459.jpg 768w, https:\/\/www.andreas-edler.de\/blog\/wp-content\/uploads\/2019\/09\/2019-09-22-10.45.29-100x60.jpg 100w, https:\/\/www.andreas-edler.de\/blog\/wp-content\/uploads\/2019\/09\/2019-09-22-10.45.29-150x90.jpg 150w, https:\/\/www.andreas-edler.de\/blog\/wp-content\/uploads\/2019\/09\/2019-09-22-10.45.29-200x120.jpg 200w, https:\/\/www.andreas-edler.de\/blog\/wp-content\/uploads\/2019\/09\/2019-09-22-10.45.29-300x179.jpg 300w, https:\/\/www.andreas-edler.de\/blog\/wp-content\/uploads\/2019\/09\/2019-09-22-10.45.29-450x269.jpg 450w, https:\/\/www.andreas-edler.de\/blog\/wp-content\/uploads\/2019\/09\/2019-09-22-10.45.29-600x359.jpg 600w, https:\/\/www.andreas-edler.de\/blog\/wp-content\/uploads\/2019\/09\/2019-09-22-10.45.29-900x538.jpg 900w, https:\/\/www.andreas-edler.de\/blog\/wp-content\/uploads\/2019\/09\/2019-09-22-10.45.29.jpg 1280w\" sizes=\"auto, (max-width: 470px) 100vw, 470px\" \/><\/a><figcaption id=\"caption-attachment-165684\" class=\"wp-caption-text\">Das Wetter war besser gemeldet!<\/figcaption><\/figure><br \/>\nTrotzdem die Sonne fehlte, schmeckte es wieder ausgezeichnet im Campingstuhl. Auf dem Teil des Campingplatzes wo ich mein Zelt aufgeschlagen habe, stand nur noch ein weiteres \u00e4lteres P\u00e4rchen in einem Wohnmobil, sonst niemand. Naja, ein paar Leutchen in Schlaff\u00e4ssern, aber das ist m.M.n. kein richtiges Camping ;-) und die standen halt auch nicht um mich rum. Pl\u00f6tzlich fielen ganz, ganz wenige, ganz, ganz kleine Regentr\u00f6pfchen, die mich veranlassten ganz fix zu werden und das Dachzelt einzuklappen. Da h\u00e4tte ich ja keine Lust drauf, ein klammes Bett durch die Gegend zu fahren.<br \/>\n<figure id=\"attachment_165685\" aria-describedby=\"caption-attachment-165685\" style=\"width: 470px\" class=\"wp-caption aligncenter\"><a href=\"https:\/\/www.andreas-edler.de\/blog\/wp-content\/uploads\/2019\/09\/2019-09-22-10.19.26.jpg\"><img loading=\"lazy\" decoding=\"async\" src=\"https:\/\/www.andreas-edler.de\/blog\/wp-content\/uploads\/2019\/09\/2019-09-22-10.19.26-470x240.jpg\" alt=\"\" width=\"470\" height=\"240\" class=\"size-large wp-image-165685\" srcset=\"https:\/\/www.andreas-edler.de\/blog\/wp-content\/uploads\/2019\/09\/2019-09-22-10.19.26-470x240.jpg 470w, https:\/\/www.andreas-edler.de\/blog\/wp-content\/uploads\/2019\/09\/2019-09-22-10.19.26-250x128.jpg 250w, https:\/\/www.andreas-edler.de\/blog\/wp-content\/uploads\/2019\/09\/2019-09-22-10.19.26-768x392.jpg 768w, https:\/\/www.andreas-edler.de\/blog\/wp-content\/uploads\/2019\/09\/2019-09-22-10.19.26-100x51.jpg 100w, https:\/\/www.andreas-edler.de\/blog\/wp-content\/uploads\/2019\/09\/2019-09-22-10.19.26-150x77.jpg 150w, https:\/\/www.andreas-edler.de\/blog\/wp-content\/uploads\/2019\/09\/2019-09-22-10.19.26-200x102.jpg 200w, https:\/\/www.andreas-edler.de\/blog\/wp-content\/uploads\/2019\/09\/2019-09-22-10.19.26-300x153.jpg 300w, https:\/\/www.andreas-edler.de\/blog\/wp-content\/uploads\/2019\/09\/2019-09-22-10.19.26-450x230.jpg 450w, https:\/\/www.andreas-edler.de\/blog\/wp-content\/uploads\/2019\/09\/2019-09-22-10.19.26-600x306.jpg 600w, https:\/\/www.andreas-edler.de\/blog\/wp-content\/uploads\/2019\/09\/2019-09-22-10.19.26-900x459.jpg 900w, https:\/\/www.andreas-edler.de\/blog\/wp-content\/uploads\/2019\/09\/2019-09-22-10.19.26.jpg 1280w\" sizes=\"auto, (max-width: 470px) 100vw, 470px\" \/><\/a><figcaption id=\"caption-attachment-165685\" class=\"wp-caption-text\">Noch schnell Schach erkl\u00e4rt &#8230; ;-)<\/figcaption><\/figure><br \/>\nAlex und Ben sind gegen 10 Uhr zum Platz gekommen, um mich abzuholen. Da hatte ich das Geschirr bereits abgesp\u00fclt und verstaut. Fehlte nur noch das Rad auf der Anh\u00e4ngerkupplung und dann k\u00f6nnten wir los. Allerdings wollte Ben erst noch die Regeln von Schach erkl\u00e4rt bekommen. Neben dem kleinen Spielplatz an meinem Stellplatz war n\u00e4mlich ein Schachfeld inkl. gro\u00dfer Figuren aufgebaut. Nun bin ich alles andere als ein Gro\u00dfmeister und sogar die genauen Regeln f\u00fcr die Rochade mussten wir noch nachgucken, aber ein paar Z\u00fcge haben wir gespielt und Ben hat auch verstanden worum es geht &#8230; so grob jedenfalls. Zu Ende haben wir das aber nicht gebracht. Haben alle die Lust verloren und wollten ja auch noch weiter.<\/p>\n<p>Ich musste noch den Platz bezahlen, weil es die letzte Nacht auf dem Platz war. Nachdem das Geld die H\u00e4nde gewechselt hatte, wollte Ben noch auf den gro\u00dfen Spielplatz direkt am Eingang. Der Campingplatz &#8222;Via Claudia Cmaping&#8220; bietet wirklich einiges und ist ziemlich weitl\u00e4ufig. Das ist auch einer der Nachteile. F\u00fcr meinem Geschmack gibt es z.B. deutlich zu wenig Waschh\u00e4user. Ich brauch zwar nur eins, aber ich m\u00f6chte nicht erst mit dem Fahrrad dort hin fahren m\u00fcssen. Selbst auf dem gro\u00dfen Solaris in Kroatien ist das Netz der sanit\u00e4ren Anlagen dichter. Und &#8211; wenn ich das mal so sagen darf &#8211; sauberer. Ich war nun eindeutig in der Nachsaison da und dann auch noch auf einem nicht besonders zentral gelegenen Abschnitt des Platzes.<br \/>\n<figure id=\"attachment_165686\" aria-describedby=\"caption-attachment-165686\" style=\"width: 470px\" class=\"wp-caption aligncenter\"><a href=\"https:\/\/www.andreas-edler.de\/blog\/wp-content\/uploads\/2019\/09\/2019-09-22-08.41.04.jpg\"><img loading=\"lazy\" decoding=\"async\" src=\"https:\/\/www.andreas-edler.de\/blog\/wp-content\/uploads\/2019\/09\/2019-09-22-08.41.04-470x240.jpg\" alt=\"\" width=\"470\" height=\"240\" class=\"size-large wp-image-165686\" srcset=\"https:\/\/www.andreas-edler.de\/blog\/wp-content\/uploads\/2019\/09\/2019-09-22-08.41.04-470x240.jpg 470w, https:\/\/www.andreas-edler.de\/blog\/wp-content\/uploads\/2019\/09\/2019-09-22-08.41.04-250x128.jpg 250w, https:\/\/www.andreas-edler.de\/blog\/wp-content\/uploads\/2019\/09\/2019-09-22-08.41.04-768x392.jpg 768w, https:\/\/www.andreas-edler.de\/blog\/wp-content\/uploads\/2019\/09\/2019-09-22-08.41.04-100x51.jpg 100w, https:\/\/www.andreas-edler.de\/blog\/wp-content\/uploads\/2019\/09\/2019-09-22-08.41.04-150x77.jpg 150w, https:\/\/www.andreas-edler.de\/blog\/wp-content\/uploads\/2019\/09\/2019-09-22-08.41.04-200x102.jpg 200w, https:\/\/www.andreas-edler.de\/blog\/wp-content\/uploads\/2019\/09\/2019-09-22-08.41.04-300x153.jpg 300w, https:\/\/www.andreas-edler.de\/blog\/wp-content\/uploads\/2019\/09\/2019-09-22-08.41.04-450x230.jpg 450w, https:\/\/www.andreas-edler.de\/blog\/wp-content\/uploads\/2019\/09\/2019-09-22-08.41.04-600x306.jpg 600w, https:\/\/www.andreas-edler.de\/blog\/wp-content\/uploads\/2019\/09\/2019-09-22-08.41.04-900x459.jpg 900w, https:\/\/www.andreas-edler.de\/blog\/wp-content\/uploads\/2019\/09\/2019-09-22-08.41.04.jpg 1280w\" sizes=\"auto, (max-width: 470px) 100vw, 470px\" \/><\/a><figcaption id=\"caption-attachment-165686\" class=\"wp-caption-text\">Das sah eher &#8222;geht so&#8220; aus &#8230;<\/figcaption><\/figure><br \/>\nDass das Waschhaus nicht ganz neu war ist geschenkt. Das sind die auf Solaris auch nicht alle. Aber es hatte auch schon einige Zeit keine Reinigung gesehen. Nat\u00fcrlich ist ein rumliegender, benutzter Q-Tip eine Sauerei des Campers und auch eine mit Erde verdreckte Bank in den Duschen wird nicht vom Platzbetreiber als Feature pr\u00e4sentiert, sondern da hat ein Camper rumgesaut. Aber ich finde, das kann man dann irgendwann mal weg machen. Und nat\u00fcrlich habe ich den Wischer benutzt und nach dem Duschen sauber gemacht &#8211; aber andere eben nicht. Im kostenlosen Eisfach in der Sp\u00fclk\u00fcche (super, dass es sowas gibt!) gammelte Aufschnitt und anderes undefinierbares Zeug im ewig nicht abgetauten Eis vor sich hin. Das war nicht sch\u00f6n und ich war da schon ein wenig \u00fcberrascht \u00fcber die \u00fcberbbordenden Lobpreisungen des Platzes im Netz.<br \/>\n<figure id=\"attachment_165687\" aria-describedby=\"caption-attachment-165687\" style=\"width: 470px\" class=\"wp-caption aligncenter\"><a href=\"https:\/\/www.andreas-edler.de\/blog\/wp-content\/uploads\/2019\/09\/2019-09-22-10.53.33.jpg\"><img loading=\"lazy\" decoding=\"async\" src=\"https:\/\/www.andreas-edler.de\/blog\/wp-content\/uploads\/2019\/09\/2019-09-22-10.53.33-470x240.jpg\" alt=\"\" width=\"470\" height=\"240\" class=\"size-large wp-image-165687\" srcset=\"https:\/\/www.andreas-edler.de\/blog\/wp-content\/uploads\/2019\/09\/2019-09-22-10.53.33-470x240.jpg 470w, https:\/\/www.andreas-edler.de\/blog\/wp-content\/uploads\/2019\/09\/2019-09-22-10.53.33-250x128.jpg 250w, https:\/\/www.andreas-edler.de\/blog\/wp-content\/uploads\/2019\/09\/2019-09-22-10.53.33-768x392.jpg 768w, https:\/\/www.andreas-edler.de\/blog\/wp-content\/uploads\/2019\/09\/2019-09-22-10.53.33-100x51.jpg 100w, https:\/\/www.andreas-edler.de\/blog\/wp-content\/uploads\/2019\/09\/2019-09-22-10.53.33-150x77.jpg 150w, https:\/\/www.andreas-edler.de\/blog\/wp-content\/uploads\/2019\/09\/2019-09-22-10.53.33-200x102.jpg 200w, https:\/\/www.andreas-edler.de\/blog\/wp-content\/uploads\/2019\/09\/2019-09-22-10.53.33-300x153.jpg 300w, https:\/\/www.andreas-edler.de\/blog\/wp-content\/uploads\/2019\/09\/2019-09-22-10.53.33-450x230.jpg 450w, https:\/\/www.andreas-edler.de\/blog\/wp-content\/uploads\/2019\/09\/2019-09-22-10.53.33-600x306.jpg 600w, https:\/\/www.andreas-edler.de\/blog\/wp-content\/uploads\/2019\/09\/2019-09-22-10.53.33-900x459.jpg 900w, https:\/\/www.andreas-edler.de\/blog\/wp-content\/uploads\/2019\/09\/2019-09-22-10.53.33.jpg 1280w\" sizes=\"auto, (max-width: 470px) 100vw, 470px\" \/><\/a><figcaption id=\"caption-attachment-165687\" class=\"wp-caption-text\">Top-Seilrutsche<\/figcaption><\/figure><br \/>\nAls wir aber mit Ben auf dem Spielplatz im zentralen Bereich waren, besuchte ich auch das dortige Waschhaus und das war dann eine Offenbarung. So neue, saubere, weitr\u00e4umige und elegante Sanit\u00e4ranlagen habe ich lange nicht gesehen. Ein bisschen wie in K\u00fchlungsborn, nur ohne die Terracotta-S\u00e4ulen. Ok, da kann ich die Bewertungen wieder verstehen. Und ich kann auch verstehen, warum es etwas abseits nicht ganz so tip-top aussah. Es finden sich einfach keine Putzkr\u00e4fte! Das will keiner machen. Vielleicht h\u00e4tte ich doch einen Stellplatz zwischen den ganzen Wohnwagen und Wohnmobilen nehmen sollen. Nachher ist man immer kl\u00fcger. Sehr lustig fand ich den Automaten f\u00fcr Getr\u00e4nke mit Wein und Bier &#8211; neben antialkoholischen Sachen. Auch der kleine Camperladen war zwar sehr \u00fcbersichtlich, aber daf\u00fcr ausgesucht sortiert. Was man zum &#8222;\u00fcberleben auf dem Campingplatz&#8220; braucht, bekam man dort auch. Zudem war das Personal super freundlich und hilfsbereit. Auch meine f\u00fcr eine Woche gebuchte WLAN-Flatrate wurde ohne Nachfrage von selbst auf die tats\u00e4chlich verbrauchte Zeit reduziert. Sehr sch\u00f6n!<\/p>\n<p>Nachdem Ben zu Ende gespielt hatte, sind wir wieder auf die Piste. Heute wollten wir uns die <a href=\"https:\/\/www.pfronten.de\/blog\/burgruine-falkenstein\/\" rel=\"noopener noreferrer\" target=\"_blank\">Burgruine Falkenstein bei Pfronten<\/a> ansehen. Hier wollte K\u00f6nig Ludwig II auch ein Schl\u00f6sschen bauen, hat es dann aber selbst wieder verworfen, weil die Pl\u00e4ne wohl zu ambitioniert waren. Wir sind auch nicht zu Fu\u00df hoch, das h\u00e4tte ich mit meinem Bein wirklich nicht geschafft. Es f\u00fchrt jedoch eine sehr schmale Stra\u00dfe hoch. So schmal, dass man nur jeweils eine dreiviertel Stunde hoch und eine Viertelstunde runter fahren darf. Die Zeiten sind per Ampel geregelt! Bei Begegnungsverkehr w\u00fcrde es schon recht eng dort. Die Fahrt war nicht ganz so schlimm f\u00fcr mich, wie der <a href=\"https:\/\/www.andreas-edler.de\/blog\/urlaub\/schweiz-2012-10-und-legoland\/#furkapass\" rel=\"noopener noreferrer\" target=\"_blank\">Furka- oder Grimselpass<\/a>, aber ganz kurz habe ich doch ein bisschen Panik bekommen. Schlussendlich kamen wir nach ein paar Minuten aber doch oben auf dem sehr kleinen Parkplatz an.<br \/>\n<figure id=\"attachment_165688\" aria-describedby=\"caption-attachment-165688\" style=\"width: 470px\" class=\"wp-caption aligncenter\"><a href=\"https:\/\/www.andreas-edler.de\/blog\/wp-content\/uploads\/2019\/09\/2019-09-22-13.30.55.jpg\"><img loading=\"lazy\" decoding=\"async\" src=\"https:\/\/www.andreas-edler.de\/blog\/wp-content\/uploads\/2019\/09\/2019-09-22-13.30.55-470x240.jpg\" alt=\"\" width=\"470\" height=\"240\" class=\"size-large wp-image-165688\" srcset=\"https:\/\/www.andreas-edler.de\/blog\/wp-content\/uploads\/2019\/09\/2019-09-22-13.30.55-470x240.jpg 470w, https:\/\/www.andreas-edler.de\/blog\/wp-content\/uploads\/2019\/09\/2019-09-22-13.30.55-250x128.jpg 250w, https:\/\/www.andreas-edler.de\/blog\/wp-content\/uploads\/2019\/09\/2019-09-22-13.30.55-768x392.jpg 768w, https:\/\/www.andreas-edler.de\/blog\/wp-content\/uploads\/2019\/09\/2019-09-22-13.30.55-100x51.jpg 100w, https:\/\/www.andreas-edler.de\/blog\/wp-content\/uploads\/2019\/09\/2019-09-22-13.30.55-150x77.jpg 150w, https:\/\/www.andreas-edler.de\/blog\/wp-content\/uploads\/2019\/09\/2019-09-22-13.30.55-200x102.jpg 200w, https:\/\/www.andreas-edler.de\/blog\/wp-content\/uploads\/2019\/09\/2019-09-22-13.30.55-300x153.jpg 300w, https:\/\/www.andreas-edler.de\/blog\/wp-content\/uploads\/2019\/09\/2019-09-22-13.30.55-450x230.jpg 450w, https:\/\/www.andreas-edler.de\/blog\/wp-content\/uploads\/2019\/09\/2019-09-22-13.30.55-600x306.jpg 600w, https:\/\/www.andreas-edler.de\/blog\/wp-content\/uploads\/2019\/09\/2019-09-22-13.30.55-900x459.jpg 900w, https:\/\/www.andreas-edler.de\/blog\/wp-content\/uploads\/2019\/09\/2019-09-22-13.30.55.jpg 1280w\" sizes=\"auto, (max-width: 470px) 100vw, 470px\" \/><\/a><figcaption id=\"caption-attachment-165688\" class=\"wp-caption-text\">Willkommen<\/figcaption><\/figure><br \/>\nVom Parkplatz sind es noch mal gut hundert Meter bis zum Hotel- und Restaurant Falkenstein. Von dort hat man schon einen sch\u00f6nen Blick auf die umliegenden Berge und kann sogar Schloss Neuschwanstein in der Ferne sehen. Wir wollten auch noch hoch zur Ruine und das ist eigentlich auch kein Problem, wenn man nicht gerade ich ist. Nach zwei Biegungen habe ich Alex und Ben alleine hoch geschickt.<br \/>\n<figure id=\"attachment_165690\" aria-describedby=\"caption-attachment-165690\" style=\"width: 470px\" class=\"wp-caption aligncenter\"><a href=\"https:\/\/www.andreas-edler.de\/blog\/wp-content\/uploads\/2019\/09\/2019-09-22-14.15.41.jpg\"><img loading=\"lazy\" decoding=\"async\" src=\"https:\/\/www.andreas-edler.de\/blog\/wp-content\/uploads\/2019\/09\/2019-09-22-14.15.41-470x117.jpg\" alt=\"\" width=\"470\" height=\"117\" class=\"size-large wp-image-165690\" srcset=\"https:\/\/www.andreas-edler.de\/blog\/wp-content\/uploads\/2019\/09\/2019-09-22-14.15.41-470x117.jpg 470w, https:\/\/www.andreas-edler.de\/blog\/wp-content\/uploads\/2019\/09\/2019-09-22-14.15.41-250x62.jpg 250w, https:\/\/www.andreas-edler.de\/blog\/wp-content\/uploads\/2019\/09\/2019-09-22-14.15.41-768x191.jpg 768w, https:\/\/www.andreas-edler.de\/blog\/wp-content\/uploads\/2019\/09\/2019-09-22-14.15.41-100x25.jpg 100w, https:\/\/www.andreas-edler.de\/blog\/wp-content\/uploads\/2019\/09\/2019-09-22-14.15.41-150x37.jpg 150w, https:\/\/www.andreas-edler.de\/blog\/wp-content\/uploads\/2019\/09\/2019-09-22-14.15.41-200x50.jpg 200w, https:\/\/www.andreas-edler.de\/blog\/wp-content\/uploads\/2019\/09\/2019-09-22-14.15.41-300x75.jpg 300w, https:\/\/www.andreas-edler.de\/blog\/wp-content\/uploads\/2019\/09\/2019-09-22-14.15.41-450x112.jpg 450w, https:\/\/www.andreas-edler.de\/blog\/wp-content\/uploads\/2019\/09\/2019-09-22-14.15.41-600x150.jpg 600w, https:\/\/www.andreas-edler.de\/blog\/wp-content\/uploads\/2019\/09\/2019-09-22-14.15.41-900x224.jpg 900w, https:\/\/www.andreas-edler.de\/blog\/wp-content\/uploads\/2019\/09\/2019-09-22-14.15.41.jpg 1280w\" sizes=\"auto, (max-width: 470px) 100vw, 470px\" \/><\/a><figcaption id=\"caption-attachment-165690\" class=\"wp-caption-text\">Aussicht von der Burgruine<\/figcaption><\/figure><br \/>\nUnd ich finde es v\u00f6llig OK, nicht weiter zu gehen, wenn man merkt dass das nicht sicher f\u00fcr jemanden ist. Ich konnte jedenfalls nicht und habe mich in eine der bequemen Loungesessel gefl\u00e4zt und einen Kaffee bestellt. Nach knapp einer halben Stunde gesellten sich auch Alex und Ben wieder dazu und wir haben noch Apfelstrudel und Fanta geordert. Da war es kurz vor der vollen Stunde und wir schaffen die Abfahrtszeit eh nicht &#8230; wie doof, mussten wir noch weiter die Aussicht genie\u00dfen ;-)<br \/>\n<figure id=\"attachment_165689\" aria-describedby=\"caption-attachment-165689\" style=\"width: 470px\" class=\"wp-caption aligncenter\"><a href=\"https:\/\/www.andreas-edler.de\/blog\/wp-content\/uploads\/2019\/09\/2019-09-22-15.05.12.jpg\"><img loading=\"lazy\" decoding=\"async\" src=\"https:\/\/www.andreas-edler.de\/blog\/wp-content\/uploads\/2019\/09\/2019-09-22-15.05.12-470x278.jpg\" alt=\"\" width=\"470\" height=\"278\" class=\"size-large wp-image-165689\" srcset=\"https:\/\/www.andreas-edler.de\/blog\/wp-content\/uploads\/2019\/09\/2019-09-22-15.05.12-470x278.jpg 470w, https:\/\/www.andreas-edler.de\/blog\/wp-content\/uploads\/2019\/09\/2019-09-22-15.05.12-250x148.jpg 250w, https:\/\/www.andreas-edler.de\/blog\/wp-content\/uploads\/2019\/09\/2019-09-22-15.05.12-768x455.jpg 768w, https:\/\/www.andreas-edler.de\/blog\/wp-content\/uploads\/2019\/09\/2019-09-22-15.05.12-100x59.jpg 100w, https:\/\/www.andreas-edler.de\/blog\/wp-content\/uploads\/2019\/09\/2019-09-22-15.05.12-150x89.jpg 150w, https:\/\/www.andreas-edler.de\/blog\/wp-content\/uploads\/2019\/09\/2019-09-22-15.05.12-200x118.jpg 200w, https:\/\/www.andreas-edler.de\/blog\/wp-content\/uploads\/2019\/09\/2019-09-22-15.05.12-300x178.jpg 300w, https:\/\/www.andreas-edler.de\/blog\/wp-content\/uploads\/2019\/09\/2019-09-22-15.05.12-450x266.jpg 450w, https:\/\/www.andreas-edler.de\/blog\/wp-content\/uploads\/2019\/09\/2019-09-22-15.05.12-600x355.jpg 600w, https:\/\/www.andreas-edler.de\/blog\/wp-content\/uploads\/2019\/09\/2019-09-22-15.05.12-900x533.jpg 900w, https:\/\/www.andreas-edler.de\/blog\/wp-content\/uploads\/2019\/09\/2019-09-22-15.05.12.jpg 1280w\" sizes=\"auto, (max-width: 470px) 100vw, 470px\" \/><\/a><figcaption id=\"caption-attachment-165689\" class=\"wp-caption-text\">Ich habe mich sch\u00f6n ausgeruht!<\/figcaption><\/figure><br \/>\nUm 16 Uhr war die Stunde dann wieder voll und wir haben uns <a href=\"https:\/\/twitter.com\/filmfacts\/status\/1175834136780640256\" rel=\"noopener noreferrer\" target=\"_blank\">auf den Weg abw\u00e4rts gemacht<\/a>. Das fand ich dann schon nicht mehr so schlimm. Ein bisschen genervt hat mich die Trulla im Cayenne hinter mir, die ein bisschen dr\u00e4ngelte. Pech gehabt, muss sie halt warten. Das Navi lotste uns auf dem R\u00fcckweg nicht \u00fcber F\u00fcssen, sondern einen anderen Weg, der aber mindestens ebenso sch\u00f6n war. Aufgrund des Wetterberichtes f\u00fcr die kommenden Tage habe ich die restlichen Tage Vollpension in der Klinik mit gebucht. Das Zimmer ist ja gro\u00df genug und so bin ich dann zur Freude von Nachwuchs 2.0 mit beim Rest der Familie eingezogen.<br \/>\n<figure id=\"attachment_165692\" aria-describedby=\"caption-attachment-165692\" style=\"width: 470px\" class=\"wp-caption aligncenter\"><a href=\"https:\/\/www.andreas-edler.de\/blog\/wp-content\/uploads\/2019\/09\/2019-09-22-18.28.56.jpg\"><img loading=\"lazy\" decoding=\"async\" src=\"https:\/\/www.andreas-edler.de\/blog\/wp-content\/uploads\/2019\/09\/2019-09-22-18.28.56-470x304.jpg\" alt=\"\" width=\"470\" height=\"304\" class=\"size-large wp-image-165692\" srcset=\"https:\/\/www.andreas-edler.de\/blog\/wp-content\/uploads\/2019\/09\/2019-09-22-18.28.56-470x304.jpg 470w, https:\/\/www.andreas-edler.de\/blog\/wp-content\/uploads\/2019\/09\/2019-09-22-18.28.56-250x162.jpg 250w, https:\/\/www.andreas-edler.de\/blog\/wp-content\/uploads\/2019\/09\/2019-09-22-18.28.56-768x496.jpg 768w, https:\/\/www.andreas-edler.de\/blog\/wp-content\/uploads\/2019\/09\/2019-09-22-18.28.56-100x65.jpg 100w, https:\/\/www.andreas-edler.de\/blog\/wp-content\/uploads\/2019\/09\/2019-09-22-18.28.56-150x97.jpg 150w, https:\/\/www.andreas-edler.de\/blog\/wp-content\/uploads\/2019\/09\/2019-09-22-18.28.56-200x129.jpg 200w, https:\/\/www.andreas-edler.de\/blog\/wp-content\/uploads\/2019\/09\/2019-09-22-18.28.56-300x194.jpg 300w, https:\/\/www.andreas-edler.de\/blog\/wp-content\/uploads\/2019\/09\/2019-09-22-18.28.56-450x291.jpg 450w, https:\/\/www.andreas-edler.de\/blog\/wp-content\/uploads\/2019\/09\/2019-09-22-18.28.56-600x388.jpg 600w, https:\/\/www.andreas-edler.de\/blog\/wp-content\/uploads\/2019\/09\/2019-09-22-18.28.56-900x581.jpg 900w, https:\/\/www.andreas-edler.de\/blog\/wp-content\/uploads\/2019\/09\/2019-09-22-18.28.56.jpg 1280w\" sizes=\"auto, (max-width: 470px) 100vw, 470px\" \/><\/a><figcaption id=\"caption-attachment-165692\" class=\"wp-caption-text\">Essen auf dem Balkon<\/figcaption><\/figure><br \/>\nWeil das Wetter aber noch so super war, habe ich mich noch einmal in die Radsachen geworfen und bin zumindest <a href=\"https:\/\/twitter.com\/filmfacts\/status\/1176006099687731200\" rel=\"noopener noreferrer\" target=\"_blank\">einmal um den See gefahren<\/a>. Zehn Kilometer und ich bin ein bisschen ins Schwitzen gekommen. Alex und Ben haben in der Zeit gegessen und waren noch eine Runde schwimmen. Abends haben wir dann nur rumgegammelt und ein bisschen gelesen. Und dann schlafen im warmen Bett mit eigener Dusche und Toilette nebenan ;-)<\/p>\n<h5><a name=\"2309\"><\/a>23.09.2019<\/a><\/h5>\n<p>Heute gibt es nicht viel zu erz\u00e4hlen. Angesagt war Regen und bekommen haben wir Regen! Eine gute Entscheidung, heute nicht mehr im Zelt zu \u00fcbernachten und in das Klinikhotel zu wechseln. Vollpension f\u00fcr 80 Euro ist dann auch schon ein Wort. Aber daf\u00fcr ein ger\u00e4umiges Zimmer und eine eigene Dusche.<\/p>\n<p>Alex ist mit Ben schon &#8222;fr\u00fch&#8220; aufgestanden, weil sie eine Anwendung hatte und Ben zeitig in den Kindergarten wollte\/musste. Ich bin auf dem Zimmer geblieben und war ganz \u00fcberrascht, dass mir Alex ein paar geschmierte Br\u00f6tchen mit hoch bracht. Super Service ;-) Ich habe danach den ganzen Tag am Laptop rumgedaddelt, &#8222;<a href=\"https:\/\/twitter.com\/filmfacts\/status\/1176066411770368000\" rel=\"noopener noreferrer\" target=\"_blank\">Love, Death &#038; Robots<\/a>&#8220; zu Ende geschaut, ein bisschen was geschrieben und ansonsten nur ausgeruht. Drau\u00dfen pladderte der Regen runter. Im Dachzelt w\u00e4re das nicht so angenehm gewesen. Hat zwar in Kroatien auch mal einen Tag funktioniert, da war es aber auch noch deutlich w\u00e4rmer.<br \/>\n<figure id=\"attachment_165693\" aria-describedby=\"caption-attachment-165693\" style=\"width: 470px\" class=\"wp-caption aligncenter\"><a href=\"https:\/\/www.andreas-edler.de\/blog\/wp-content\/uploads\/2019\/09\/2019-09-23-15.59.59.jpg\"><img loading=\"lazy\" decoding=\"async\" src=\"https:\/\/www.andreas-edler.de\/blog\/wp-content\/uploads\/2019\/09\/2019-09-23-15.59.59-470x186.jpg\" alt=\"\" width=\"470\" height=\"186\" class=\"size-large wp-image-165693\" srcset=\"https:\/\/www.andreas-edler.de\/blog\/wp-content\/uploads\/2019\/09\/2019-09-23-15.59.59-470x186.jpg 470w, https:\/\/www.andreas-edler.de\/blog\/wp-content\/uploads\/2019\/09\/2019-09-23-15.59.59-250x99.jpg 250w, https:\/\/www.andreas-edler.de\/blog\/wp-content\/uploads\/2019\/09\/2019-09-23-15.59.59-768x304.jpg 768w, https:\/\/www.andreas-edler.de\/blog\/wp-content\/uploads\/2019\/09\/2019-09-23-15.59.59-100x40.jpg 100w, https:\/\/www.andreas-edler.de\/blog\/wp-content\/uploads\/2019\/09\/2019-09-23-15.59.59-150x59.jpg 150w, https:\/\/www.andreas-edler.de\/blog\/wp-content\/uploads\/2019\/09\/2019-09-23-15.59.59-200x79.jpg 200w, https:\/\/www.andreas-edler.de\/blog\/wp-content\/uploads\/2019\/09\/2019-09-23-15.59.59-300x119.jpg 300w, https:\/\/www.andreas-edler.de\/blog\/wp-content\/uploads\/2019\/09\/2019-09-23-15.59.59-450x178.jpg 450w, https:\/\/www.andreas-edler.de\/blog\/wp-content\/uploads\/2019\/09\/2019-09-23-15.59.59-600x237.jpg 600w, https:\/\/www.andreas-edler.de\/blog\/wp-content\/uploads\/2019\/09\/2019-09-23-15.59.59-900x356.jpg 900w, https:\/\/www.andreas-edler.de\/blog\/wp-content\/uploads\/2019\/09\/2019-09-23-15.59.59.jpg 1280w\" sizes=\"auto, (max-width: 470px) 100vw, 470px\" \/><\/a><figcaption id=\"caption-attachment-165693\" class=\"wp-caption-text\">Alex kommt vom Wandern zur\u00fcck &#8230;<\/figcaption><\/figure><br \/>\nZu Mittag haben Alex und ich gemeinsam gegessen, Ben bekommt etwas im Kindergarten. Danach bin ich wieder aufs Zimmer und Alex hatte immer wieder mal Anwendungen. Nachmittags habe ich Ben dann von einer Sitzung abgeholt und wieder zu seiner Kindergartengruppe gebracht, weil ein Kinonachmittag angesetzt war und Alex sofort den n\u00e4chsten Termin hatte. Ansonsten brauchte ich mich nicht n\u00fctzlich machen. Bis auf das Durchwaschen von ein wenig W\u00e4sche &#8230; u.a. meiner Radklamotten vom Vortag.<\/p>\n<p>Gegen 18 Uhr gab es Abendbrot, Alex ist mit Ben noch mal ins Schwimmbad gegangen und danach habe ich mich mit dem Jungen im Zimmer unterhalten, w\u00e4hrend die Frau noch schnell in die Sauna gehuscht ist. Regentag geht auch mal :-)<\/p>\n<h5><a name=\"2409\"><\/a>24.09.2019 &#8211; letzter Tag im Allg\u00e4u<\/a><\/h5>\n<p>Nach dem Fr\u00fchst\u00fcck im tosenden Gemeinschaftssaal hatte Alex wieder Termine &#8211; daf\u00fcr ist sie ja auch hier unten &#8211; und Ben war im Kindergarten. Also hatte ich frei. Gestern war ich trotz komplettem Nichtstun v\u00f6llig fertig. Und heute war das Wetter wieder gut, drau\u00dfen strahlte die Sonne. Allerdings f\u00fchlte es sich auf dem Balkon noch recht frisch an. Ich habe mir also ein Radshirt, dar\u00fcber ein Langarmshirt und dar\u00fcber meine d\u00fcnne Radweste angezogen. \u00dcber meine kurze Radhose habe ich noch eine dreiviertellange Trekkinghose getragen und bin dann so zum Parkplatz gegangen, um das Rad startklar zu machen. Als erstes habe ich erstmal die 3\/4-Buchse ausgezogen. Von den paar Schritten war mir schon warm.<br \/>\n<figure id=\"attachment_165694\" aria-describedby=\"caption-attachment-165694\" style=\"width: 470px\" class=\"wp-caption aligncenter\"><a href=\"https:\/\/www.andreas-edler.de\/blog\/wp-content\/uploads\/2019\/09\/2019-09-24-07.13.29.jpg\"><img loading=\"lazy\" decoding=\"async\" src=\"https:\/\/www.andreas-edler.de\/blog\/wp-content\/uploads\/2019\/09\/2019-09-24-07.13.29-470x204.jpg\" alt=\"\" width=\"470\" height=\"204\" class=\"size-large wp-image-165694\" srcset=\"https:\/\/www.andreas-edler.de\/blog\/wp-content\/uploads\/2019\/09\/2019-09-24-07.13.29-470x204.jpg 470w, https:\/\/www.andreas-edler.de\/blog\/wp-content\/uploads\/2019\/09\/2019-09-24-07.13.29-250x109.jpg 250w, https:\/\/www.andreas-edler.de\/blog\/wp-content\/uploads\/2019\/09\/2019-09-24-07.13.29-768x334.jpg 768w, https:\/\/www.andreas-edler.de\/blog\/wp-content\/uploads\/2019\/09\/2019-09-24-07.13.29-100x43.jpg 100w, https:\/\/www.andreas-edler.de\/blog\/wp-content\/uploads\/2019\/09\/2019-09-24-07.13.29-150x65.jpg 150w, https:\/\/www.andreas-edler.de\/blog\/wp-content\/uploads\/2019\/09\/2019-09-24-07.13.29-200x87.jpg 200w, https:\/\/www.andreas-edler.de\/blog\/wp-content\/uploads\/2019\/09\/2019-09-24-07.13.29-300x130.jpg 300w, https:\/\/www.andreas-edler.de\/blog\/wp-content\/uploads\/2019\/09\/2019-09-24-07.13.29-450x195.jpg 450w, https:\/\/www.andreas-edler.de\/blog\/wp-content\/uploads\/2019\/09\/2019-09-24-07.13.29-600x261.jpg 600w, https:\/\/www.andreas-edler.de\/blog\/wp-content\/uploads\/2019\/09\/2019-09-24-07.13.29-900x391.jpg 900w, https:\/\/www.andreas-edler.de\/blog\/wp-content\/uploads\/2019\/09\/2019-09-24-07.13.29.jpg 1280w\" sizes=\"auto, (max-width: 470px) 100vw, 470px\" \/><\/a><figcaption id=\"caption-attachment-165694\" class=\"wp-caption-text\">Der Morgen war noch recht verhangen.<\/figcaption><\/figure><br \/>\nIch hatte mir zu Hause schon ein paar Ziele ausgeguckt, aber aufgrund des Wetters und des Familienprogramms waren gar nicht so viele Fahrten m\u00f6glich. Unter anderem sah die Hohe Bleick ganz nett aus &#8211; nach den Regenf\u00e4llen am Vortag schien mir Waldboden aber nicht so geeignet. Alex war in der ersten Woche mit einer Freundin und den Kinder ein bisschen spazieren &#8211; an der Buchenberg Alm. Jedenfalls so die halbe Strecke bis nach oben und das sollte ganz sch\u00f6n sein. Das sollte mein Ziel sein. Nicht so hoch wie die Bleick, aber immerhin ein bisschen Alm. Der Weg f\u00fchrte entlang der Landstra\u00dfe Richtung F\u00fcssen und ist wirklich gut zu befahren. Mir fiel angenehm auf, dass fast alle Autofahrenden beim \u00dcberholen wirklich ausreichenden Abstand einhielten. Bis auf einen Spacken, der mit nicht mal einem halben Meter Abstand vorbei raste. Und nat\u00fcrlich sogar auf dem R\u00fcckweg anhielt und mich nach meinem Problem fragte, weil ich ihm nat\u00fcrlich hinterher geschrien habe. Als ich ihm das mit den Abst\u00e4nden erkl\u00e4rte fiel ihm au\u00dfer &#8222;Hatte doch  eineinhalb Meter Abstand!&#8220; und &#8222;Au\u00dferdem darf ich hier 70 fahren!&#8220; nichts drauf. Vollpfosten mit seinem Ziegenb\u00e4rtchen.<br \/>\n<figure id=\"attachment_165695\" aria-describedby=\"caption-attachment-165695\" style=\"width: 470px\" class=\"wp-caption aligncenter\"><a href=\"https:\/\/www.andreas-edler.de\/blog\/wp-content\/uploads\/2019\/09\/2019-09-24-10.42.23.jpg\"><img loading=\"lazy\" decoding=\"async\" src=\"https:\/\/www.andreas-edler.de\/blog\/wp-content\/uploads\/2019\/09\/2019-09-24-10.42.23-470x245.jpg\" alt=\"\" width=\"470\" height=\"245\" class=\"size-large wp-image-165695\" srcset=\"https:\/\/www.andreas-edler.de\/blog\/wp-content\/uploads\/2019\/09\/2019-09-24-10.42.23-470x245.jpg 470w, https:\/\/www.andreas-edler.de\/blog\/wp-content\/uploads\/2019\/09\/2019-09-24-10.42.23-250x130.jpg 250w, https:\/\/www.andreas-edler.de\/blog\/wp-content\/uploads\/2019\/09\/2019-09-24-10.42.23-768x400.jpg 768w, https:\/\/www.andreas-edler.de\/blog\/wp-content\/uploads\/2019\/09\/2019-09-24-10.42.23-100x52.jpg 100w, https:\/\/www.andreas-edler.de\/blog\/wp-content\/uploads\/2019\/09\/2019-09-24-10.42.23-150x78.jpg 150w, https:\/\/www.andreas-edler.de\/blog\/wp-content\/uploads\/2019\/09\/2019-09-24-10.42.23-200x104.jpg 200w, https:\/\/www.andreas-edler.de\/blog\/wp-content\/uploads\/2019\/09\/2019-09-24-10.42.23-300x156.jpg 300w, https:\/\/www.andreas-edler.de\/blog\/wp-content\/uploads\/2019\/09\/2019-09-24-10.42.23-450x234.jpg 450w, https:\/\/www.andreas-edler.de\/blog\/wp-content\/uploads\/2019\/09\/2019-09-24-10.42.23-600x313.jpg 600w, https:\/\/www.andreas-edler.de\/blog\/wp-content\/uploads\/2019\/09\/2019-09-24-10.42.23-900x469.jpg 900w, https:\/\/www.andreas-edler.de\/blog\/wp-content\/uploads\/2019\/09\/2019-09-24-10.42.23.jpg 1280w\" sizes=\"auto, (max-width: 470px) 100vw, 470px\" \/><\/a><figcaption id=\"caption-attachment-165695\" class=\"wp-caption-text\">Zwischenstopp auf halber H\u00f6he<\/figcaption><\/figure><br \/>\nAber wie gesagt: das war der einzige negative Vorfall. Bis Buching konnte ich sch\u00f6n bequem fahren und f\u00fchlte mich nur ein bisschen kaputt. Und dann ging es bergauf. Das Scott Sub 30 ist zwar nach unten ein bisschen kleiner \u00fcbersetzt, als das Bergamont, aber trotzdem ist es eher f\u00fcr schnell fahren. Bis knapp \u00fcber 50 Km\/h kann ich damit noch bequem treten. Da war der Anstieg zur Buchenberg Alm schon ein bisschen anstrengend f\u00fcr mich. Dreimal musste ich anhalten, weil ich meine zwei Zentner nicht mehr vorw\u00e4rts bewegen konnte und ein bisschen schnaufen musste (in Wirklichkeit habe ich wegen der Fotos angehalten &#8230; ;-). Aber ich habe keinen Meter geschoben und ich bin keinen Meter im Stehen gefahren!<br \/>\n<figure id=\"attachment_165696\" aria-describedby=\"caption-attachment-165696\" style=\"width: 470px\" class=\"wp-caption aligncenter\"><a href=\"https:\/\/www.andreas-edler.de\/blog\/wp-content\/uploads\/2019\/09\/2019-09-24-11.07.27_stitch.jpg\"><img loading=\"lazy\" decoding=\"async\" src=\"https:\/\/www.andreas-edler.de\/blog\/wp-content\/uploads\/2019\/09\/2019-09-24-11.07.27_stitch-470x111.jpg\" alt=\"\" width=\"470\" height=\"111\" class=\"size-large wp-image-165696\" srcset=\"https:\/\/www.andreas-edler.de\/blog\/wp-content\/uploads\/2019\/09\/2019-09-24-11.07.27_stitch-470x111.jpg 470w, https:\/\/www.andreas-edler.de\/blog\/wp-content\/uploads\/2019\/09\/2019-09-24-11.07.27_stitch-250x59.jpg 250w, https:\/\/www.andreas-edler.de\/blog\/wp-content\/uploads\/2019\/09\/2019-09-24-11.07.27_stitch-768x182.jpg 768w, https:\/\/www.andreas-edler.de\/blog\/wp-content\/uploads\/2019\/09\/2019-09-24-11.07.27_stitch-100x24.jpg 100w, https:\/\/www.andreas-edler.de\/blog\/wp-content\/uploads\/2019\/09\/2019-09-24-11.07.27_stitch-150x36.jpg 150w, https:\/\/www.andreas-edler.de\/blog\/wp-content\/uploads\/2019\/09\/2019-09-24-11.07.27_stitch-200x47.jpg 200w, https:\/\/www.andreas-edler.de\/blog\/wp-content\/uploads\/2019\/09\/2019-09-24-11.07.27_stitch-300x71.jpg 300w, https:\/\/www.andreas-edler.de\/blog\/wp-content\/uploads\/2019\/09\/2019-09-24-11.07.27_stitch-450x107.jpg 450w, https:\/\/www.andreas-edler.de\/blog\/wp-content\/uploads\/2019\/09\/2019-09-24-11.07.27_stitch-600x142.jpg 600w, https:\/\/www.andreas-edler.de\/blog\/wp-content\/uploads\/2019\/09\/2019-09-24-11.07.27_stitch-900x213.jpg 900w, https:\/\/www.andreas-edler.de\/blog\/wp-content\/uploads\/2019\/09\/2019-09-24-11.07.27_stitch.jpg 1280w\" sizes=\"auto, (max-width: 470px) 100vw, 470px\" \/><\/a><figcaption id=\"caption-attachment-165696\" class=\"wp-caption-text\">Aussicht von der Buchenberg Alm<\/figcaption><\/figure><br \/>\nDie letzten 500 Meter ist der Weg dann nicht mehr asphaltiert, sondern wassergebunden und gesplittet. Das war nach dem Regen und dann mit den Slicks auf dem Rad super zu fahren. Hat aber dennoch ordentlich Spa\u00df gemacht und ich habe mich richtig gefreut, als ich oben war. <a href=\"https:\/\/twitter.com\/filmfacts\/status\/1176427962071232512\" rel=\"noopener noreferrer\" target=\"_blank\">Die Rundumsicht war wirklich klasse<\/a>. Gut, dass ich doch noch los gefahren bin. Habe morgens n\u00e4mlich noch rumgedruckst, ob ich nicht lieber einfach nur abh\u00e4nge! Zur Belohung gab es einen (halbwegs) leckeren Kaffee und ein leckeres St\u00fcck Quarkstrudel (zu Tankstellenpreisen). Herrlich! Frische Luft, kaputt, Sonne &#8230; ein paar Wanderer waren auch schon oben &#8211; aber es war ja auch schon Mittagszeit! Als ich dann wieder aufbrach, trafen die ersten anderen Zweiradfahrenden oben ein. Allerdings hatte das P\u00e4rchen Motoren in ihren Fahrr\u00e4dern. Und auch das gute halbe Dutzend Bergauffahrer, die mir bei der Abfahrt begegneten wurden von mindestens 250 zus\u00e4tzlichen Watt unterst\u00fctzt. Soll jeder machen, ich finde das f\u00fcr mich aktuell schlicht noch zu langweilig. Solange ich kann, fahre ich solche Touren ohne Motor. Wo bleibt denn da der Ehrgeiz?<br \/>\n<figure id=\"attachment_165697\" aria-describedby=\"caption-attachment-165697\" style=\"width: 470px\" class=\"wp-caption aligncenter\"><a href=\"https:\/\/www.andreas-edler.de\/blog\/wp-content\/uploads\/2019\/09\/2019-09-24-11.43.12.jpg\"><img loading=\"lazy\" decoding=\"async\" src=\"https:\/\/www.andreas-edler.de\/blog\/wp-content\/uploads\/2019\/09\/2019-09-24-11.43.12-470x319.jpg\" alt=\"\" width=\"470\" height=\"319\" class=\"size-large wp-image-165697\" srcset=\"https:\/\/www.andreas-edler.de\/blog\/wp-content\/uploads\/2019\/09\/2019-09-24-11.43.12-470x319.jpg 470w, https:\/\/www.andreas-edler.de\/blog\/wp-content\/uploads\/2019\/09\/2019-09-24-11.43.12-250x170.jpg 250w, https:\/\/www.andreas-edler.de\/blog\/wp-content\/uploads\/2019\/09\/2019-09-24-11.43.12-768x522.jpg 768w, https:\/\/www.andreas-edler.de\/blog\/wp-content\/uploads\/2019\/09\/2019-09-24-11.43.12-100x68.jpg 100w, https:\/\/www.andreas-edler.de\/blog\/wp-content\/uploads\/2019\/09\/2019-09-24-11.43.12-150x102.jpg 150w, https:\/\/www.andreas-edler.de\/blog\/wp-content\/uploads\/2019\/09\/2019-09-24-11.43.12-200x136.jpg 200w, https:\/\/www.andreas-edler.de\/blog\/wp-content\/uploads\/2019\/09\/2019-09-24-11.43.12-300x204.jpg 300w, https:\/\/www.andreas-edler.de\/blog\/wp-content\/uploads\/2019\/09\/2019-09-24-11.43.12-450x306.jpg 450w, https:\/\/www.andreas-edler.de\/blog\/wp-content\/uploads\/2019\/09\/2019-09-24-11.43.12-600x408.jpg 600w, https:\/\/www.andreas-edler.de\/blog\/wp-content\/uploads\/2019\/09\/2019-09-24-11.43.12-900x612.jpg 900w, https:\/\/www.andreas-edler.de\/blog\/wp-content\/uploads\/2019\/09\/2019-09-24-11.43.12.jpg 1280w\" sizes=\"auto, (max-width: 470px) 100vw, 470px\" \/><\/a><figcaption id=\"caption-attachment-165697\" class=\"wp-caption-text\">\u00dcberall Herzen &#8230;<\/figcaption><\/figure><br \/>\nZur\u00fcck fuhr ich die gleiche Strecke wie auf dem Hinweg und merkte dann ab Halblech auch, warum ich mich in der entgegengesetzten Richtung so groggy gef\u00fchlt habe: da ging es ja nur bergauf :-o Darum konnte ich die R\u00fcckfahrt ab der Hauptstra\u00dfe auch in 30 statt 40 Minuten erledigen. Bin fast durchg\u00e4ngig \u00fcber 30 Km\/h, streckenweise \u00fcber 40 Km\/h gefahren. Das hat fast so viel Spa\u00df gemacht, wie den Berg rauf!<\/p>\n<p>Als ich gerade am Parkplatz der Klinik ankam und das Rad wieder auf den <a href=\"https:\/\/www.andreas-edler.de\/blog\/2011\/09\/eufab-harry-gerissen\/\">Eufab-Hecktr\u00e4ger<\/a> wuchtete, schrieb mir Alex dass sie jetzt gegessen h\u00e4tten und sie mir das Mittagessen mit aufs Zimmer bringen w\u00fcrde. Super Service. Habe noch in meinen verschwitzten Radklamotten gegessen und bin dann in die Dusche &#8230; weil wir sofort wieder los wollten. Schloss Neuschwanstein stand auf dem Programm. Da waren wir zuletzt mit Tim <a href=\"https:\/\/www.andreas-edler.de\/blog\/urlaub\/grainau-2009-10\/\">vor genau 10 Jahren<\/a>!<br \/>\n<figure id=\"attachment_165698\" aria-describedby=\"caption-attachment-165698\" style=\"width: 470px\" class=\"wp-caption aligncenter\"><a href=\"https:\/\/www.andreas-edler.de\/blog\/wp-content\/uploads\/2019\/09\/2019-09-24-15.08.11.jpg\"><img loading=\"lazy\" decoding=\"async\" src=\"https:\/\/www.andreas-edler.de\/blog\/wp-content\/uploads\/2019\/09\/2019-09-24-15.08.11-470x344.jpg\" alt=\"\" width=\"470\" height=\"344\" class=\"size-large wp-image-165698\" srcset=\"https:\/\/www.andreas-edler.de\/blog\/wp-content\/uploads\/2019\/09\/2019-09-24-15.08.11-470x344.jpg 470w, https:\/\/www.andreas-edler.de\/blog\/wp-content\/uploads\/2019\/09\/2019-09-24-15.08.11-250x183.jpg 250w, https:\/\/www.andreas-edler.de\/blog\/wp-content\/uploads\/2019\/09\/2019-09-24-15.08.11-768x563.jpg 768w, https:\/\/www.andreas-edler.de\/blog\/wp-content\/uploads\/2019\/09\/2019-09-24-15.08.11-100x73.jpg 100w, https:\/\/www.andreas-edler.de\/blog\/wp-content\/uploads\/2019\/09\/2019-09-24-15.08.11-150x110.jpg 150w, https:\/\/www.andreas-edler.de\/blog\/wp-content\/uploads\/2019\/09\/2019-09-24-15.08.11-200x147.jpg 200w, https:\/\/www.andreas-edler.de\/blog\/wp-content\/uploads\/2019\/09\/2019-09-24-15.08.11-300x220.jpg 300w, https:\/\/www.andreas-edler.de\/blog\/wp-content\/uploads\/2019\/09\/2019-09-24-15.08.11-450x330.jpg 450w, https:\/\/www.andreas-edler.de\/blog\/wp-content\/uploads\/2019\/09\/2019-09-24-15.08.11-600x440.jpg 600w, https:\/\/www.andreas-edler.de\/blog\/wp-content\/uploads\/2019\/09\/2019-09-24-15.08.11-900x660.jpg 900w, https:\/\/www.andreas-edler.de\/blog\/wp-content\/uploads\/2019\/09\/2019-09-24-15.08.11.jpg 1280w\" sizes=\"auto, (max-width: 470px) 100vw, 470px\" \/><\/a><figcaption id=\"caption-attachment-165698\" class=\"wp-caption-text\">Alex vor *dem* Schloss!<\/figcaption><\/figure><br \/>\nMit dem Auto dann eben noch mal genau die selbe Strecke, die ich eben mit dem Rad schon gefahren bin. Auf dem Fahrrad ist mir gar nicht aufgefallen, dass man von Halblech aus schon Neuschwanstein sehen konnte! Wir haben schnell einen Parkplatz gefunden und auch ganz schnell einen kleinen, nervigen Jungen an der Hand gehabt. Der wollte n\u00e4mlich irgendwie nichts mehr so richtig. Gehen war schon zu anstrengend. Da die Wartezeit bis zur n\u00e4chsten Schlossf\u00fchrung noch \u00fcber zwei Stunden betrug, haben wir uns dagegen entschieden und wollte nur so rauf und ein bisschen gucken. Als Highlight (und weil Ben nicht gehen wollte) haben wir eine Kutschfahrt gew\u00e4hlt. Die ist aber auch nicht viel schneller oben, als ein strammer Geher &#8211; jedenfalls war ein P\u00e4rchen exakt zur selben Zeit an der Aussichtsplattform wie wir.<br \/>\n<figure id=\"attachment_165699\" aria-describedby=\"caption-attachment-165699\" style=\"width: 470px\" class=\"wp-caption aligncenter\"><a href=\"https:\/\/www.andreas-edler.de\/blog\/wp-content\/uploads\/2019\/09\/2019-09-24-15.25.06.jpg\"><img loading=\"lazy\" decoding=\"async\" src=\"https:\/\/www.andreas-edler.de\/blog\/wp-content\/uploads\/2019\/09\/2019-09-24-15.25.06-470x179.jpg\" alt=\"\" width=\"470\" height=\"179\" class=\"size-large wp-image-165699\" srcset=\"https:\/\/www.andreas-edler.de\/blog\/wp-content\/uploads\/2019\/09\/2019-09-24-15.25.06-470x179.jpg 470w, https:\/\/www.andreas-edler.de\/blog\/wp-content\/uploads\/2019\/09\/2019-09-24-15.25.06-250x95.jpg 250w, https:\/\/www.andreas-edler.de\/blog\/wp-content\/uploads\/2019\/09\/2019-09-24-15.25.06-768x292.jpg 768w, https:\/\/www.andreas-edler.de\/blog\/wp-content\/uploads\/2019\/09\/2019-09-24-15.25.06-100x38.jpg 100w, https:\/\/www.andreas-edler.de\/blog\/wp-content\/uploads\/2019\/09\/2019-09-24-15.25.06-150x57.jpg 150w, https:\/\/www.andreas-edler.de\/blog\/wp-content\/uploads\/2019\/09\/2019-09-24-15.25.06-200x76.jpg 200w, https:\/\/www.andreas-edler.de\/blog\/wp-content\/uploads\/2019\/09\/2019-09-24-15.25.06-300x114.jpg 300w, https:\/\/www.andreas-edler.de\/blog\/wp-content\/uploads\/2019\/09\/2019-09-24-15.25.06-450x171.jpg 450w, https:\/\/www.andreas-edler.de\/blog\/wp-content\/uploads\/2019\/09\/2019-09-24-15.25.06-600x228.jpg 600w, https:\/\/www.andreas-edler.de\/blog\/wp-content\/uploads\/2019\/09\/2019-09-24-15.25.06-900x342.jpg 900w, https:\/\/www.andreas-edler.de\/blog\/wp-content\/uploads\/2019\/09\/2019-09-24-15.25.06.jpg 1280w\" sizes=\"auto, (max-width: 470px) 100vw, 470px\" \/><\/a><figcaption id=\"caption-attachment-165699\" class=\"wp-caption-text\">Schloss Neuschwanstein Innenhof<\/figcaption><\/figure><br \/>\nBen war da schon f\u00fcr nichts mehr zu haben und raubte uns den letzten Nerv. Mit viel M\u00fche sind wir noch in den Innenraum gegangen und haben ein paar Fotos geschossen. Als ich gerade ein paar Einzelaufnahmen f\u00fcr ein Panoramabild machte, habe ich gar nicht mitbekommen, dass der Mann neben mir seiner Begleitung gerade einen Heiratsantrag machte und dann den Ring ansteckte! Alex war ganz ger\u00fchrt. Ganz offensichtlich hatte die gleiche Idee noch ein anderer Mann gemacht, der das mitbekam und dann gleich High-Five mit dem anderen machte. Beide P\u00e4rchen kamen aus Amerika &#8230; und ich ich habe die vier dann noch mit dem Handy fotografiert &#8211; also mit ihrem eigenen, weil sie fragten ;-)<br \/>\n<figure id=\"attachment_165700\" aria-describedby=\"caption-attachment-165700\" style=\"width: 470px\" class=\"wp-caption aligncenter\"><a href=\"https:\/\/www.andreas-edler.de\/blog\/wp-content\/uploads\/2019\/09\/2019-09-24-15.42.13.jpg\"><img loading=\"lazy\" decoding=\"async\" src=\"https:\/\/www.andreas-edler.de\/blog\/wp-content\/uploads\/2019\/09\/2019-09-24-15.42.13-470x179.jpg\" alt=\"\" width=\"470\" height=\"179\" class=\"size-large wp-image-165700\" srcset=\"https:\/\/www.andreas-edler.de\/blog\/wp-content\/uploads\/2019\/09\/2019-09-24-15.42.13-470x179.jpg 470w, https:\/\/www.andreas-edler.de\/blog\/wp-content\/uploads\/2019\/09\/2019-09-24-15.42.13-250x95.jpg 250w, https:\/\/www.andreas-edler.de\/blog\/wp-content\/uploads\/2019\/09\/2019-09-24-15.42.13-768x292.jpg 768w, https:\/\/www.andreas-edler.de\/blog\/wp-content\/uploads\/2019\/09\/2019-09-24-15.42.13-100x38.jpg 100w, https:\/\/www.andreas-edler.de\/blog\/wp-content\/uploads\/2019\/09\/2019-09-24-15.42.13-150x57.jpg 150w, https:\/\/www.andreas-edler.de\/blog\/wp-content\/uploads\/2019\/09\/2019-09-24-15.42.13-200x76.jpg 200w, https:\/\/www.andreas-edler.de\/blog\/wp-content\/uploads\/2019\/09\/2019-09-24-15.42.13-300x114.jpg 300w, https:\/\/www.andreas-edler.de\/blog\/wp-content\/uploads\/2019\/09\/2019-09-24-15.42.13-450x171.jpg 450w, https:\/\/www.andreas-edler.de\/blog\/wp-content\/uploads\/2019\/09\/2019-09-24-15.42.13-600x228.jpg 600w, https:\/\/www.andreas-edler.de\/blog\/wp-content\/uploads\/2019\/09\/2019-09-24-15.42.13-900x342.jpg 900w, https:\/\/www.andreas-edler.de\/blog\/wp-content\/uploads\/2019\/09\/2019-09-24-15.42.13.jpg 1280w\" sizes=\"auto, (max-width: 470px) 100vw, 470px\" \/><\/a><figcaption id=\"caption-attachment-165700\" class=\"wp-caption-text\">Bergrunter mussten die G\u00e4ule uns nicht schleppen.<\/figcaption><\/figure><br \/>\nDanach dr\u00e4ngte Ben aber, endlich wieder zur\u00fcck zu gehen. Noch schnell ein Magnum am Stiel und dann zu Fu\u00df den kurzen Weg zum Auto in Angriff genommen. Da wir den &#8222;Sommerweg&#8220; benutzten, ging es tats\u00e4chlich noch schneller als erwartet und wir kamen direkt an Parkplatz 3 vor unserem Auto raus. Das war ja ein Zufall ;-)<\/p>\n<p>In der Klinik gab&#8217;s noch fix das Abendbrot (ist wirklich immer Brot und Aufschnitt), bevor ich auf dem Zimmer ein bisschen getippert habe und Alex mit Ben wieder ins Schwimmbad bzw. die Sauna gegangen ist. <a href=\"https:\/\/twitter.com\/filmfacts\/status\/1176546624417517568\" rel=\"noopener noreferrer\" target=\"_blank\">Der letzte Abend im Allg\u00e4u<\/a>!<\/p>\n<h5><a name=\"2509\"><\/a>25.09.2019 &#8211; Heimfahrt<\/a><\/h5>\n<p>Hier mache ich es jetzt aber wirklich kurz! Zuerst einmal sind wir fr\u00fcher aufgestanden als sonst, weil wir direkt nach dem Fr\u00fchst\u00fcck los wollten. Im Essenssaal war ordentlich Trubel &#8211; obwohl, auch nicht mehr als an den anderen Tagen &#8211; ein ohrenbet\u00e4ubender L\u00e4rm. An Unterhaltung ist f\u00fcr mich da nicht zu denken gewesen. Im \u00fcbrigen fiel mir auf, dass Kinder gibt die gar nicht laut waren, deren M\u00fctter aber trotzdem f\u00fcrchterlich laut ihre &#8222;Anweisungen&#8220; ans Kind bringen mussten. Eigentlich hat mich bei dem ganzen Krach kein einziges Kind genervt, am lautesten waren die Erwachsenen. Wir haben jedenfalls unsere Br\u00f6tchen gegessen und Kaffee getrungen, Alex hat sich von allen m\u00f6glichen Mitpatientinnen verabschiedet und dann haben wir die restlichen Taschen ins Auto gepackt.<br \/>\n<figure id=\"attachment_165701\" aria-describedby=\"caption-attachment-165701\" style=\"width: 470px\" class=\"wp-caption aligncenter\"><a href=\"https:\/\/www.andreas-edler.de\/blog\/wp-content\/uploads\/2019\/09\/2019-09-25-08.18.50.jpg\"><img loading=\"lazy\" decoding=\"async\" src=\"https:\/\/www.andreas-edler.de\/blog\/wp-content\/uploads\/2019\/09\/2019-09-25-08.18.50-470x346.jpg\" alt=\"\" width=\"470\" height=\"346\" class=\"size-large wp-image-165701\" srcset=\"https:\/\/www.andreas-edler.de\/blog\/wp-content\/uploads\/2019\/09\/2019-09-25-08.18.50-470x346.jpg 470w, https:\/\/www.andreas-edler.de\/blog\/wp-content\/uploads\/2019\/09\/2019-09-25-08.18.50-250x184.jpg 250w, https:\/\/www.andreas-edler.de\/blog\/wp-content\/uploads\/2019\/09\/2019-09-25-08.18.50-768x566.jpg 768w, https:\/\/www.andreas-edler.de\/blog\/wp-content\/uploads\/2019\/09\/2019-09-25-08.18.50-100x74.jpg 100w, https:\/\/www.andreas-edler.de\/blog\/wp-content\/uploads\/2019\/09\/2019-09-25-08.18.50-150x111.jpg 150w, https:\/\/www.andreas-edler.de\/blog\/wp-content\/uploads\/2019\/09\/2019-09-25-08.18.50-200x147.jpg 200w, https:\/\/www.andreas-edler.de\/blog\/wp-content\/uploads\/2019\/09\/2019-09-25-08.18.50-300x221.jpg 300w, https:\/\/www.andreas-edler.de\/blog\/wp-content\/uploads\/2019\/09\/2019-09-25-08.18.50-450x332.jpg 450w, https:\/\/www.andreas-edler.de\/blog\/wp-content\/uploads\/2019\/09\/2019-09-25-08.18.50-600x442.jpg 600w, https:\/\/www.andreas-edler.de\/blog\/wp-content\/uploads\/2019\/09\/2019-09-25-08.18.50-900x663.jpg 900w, https:\/\/www.andreas-edler.de\/blog\/wp-content\/uploads\/2019\/09\/2019-09-25-08.18.50.jpg 1280w\" sizes=\"auto, (max-width: 470px) 100vw, 470px\" \/><\/a><figcaption id=\"caption-attachment-165701\" class=\"wp-caption-text\">&#8230; und da geht immer noch was rein.<\/figcaption><\/figure><br \/>\nDie gro\u00dfen und schweren Reisekoffer hatten wir am Vorabend bereits mit dem Bollerwagen bis zum G\u00e4steparkplatz gekarrt, so dass wir heute nur noch zwei Rucks\u00e4cke und zwei Sporttaschen unterbringen mussten. Und trotzdem konnte ich noch hinten raus gucken! Sehr gut! Das klappt auch nur, weil man die Sitze so genial ausbauen kann. Warum Skoda das Konzept wohl nicht weiter baut? So praktisch, das Auto.<br \/>\n<figure id=\"attachment_165702\" aria-describedby=\"caption-attachment-165702\" style=\"width: 470px\" class=\"wp-caption aligncenter\"><a href=\"https:\/\/www.andreas-edler.de\/blog\/wp-content\/uploads\/2019\/09\/2019-09-25-08.48.57.jpg\"><img loading=\"lazy\" decoding=\"async\" src=\"https:\/\/www.andreas-edler.de\/blog\/wp-content\/uploads\/2019\/09\/2019-09-25-08.48.57-470x169.jpg\" alt=\"\" width=\"470\" height=\"169\" class=\"size-large wp-image-165702\" srcset=\"https:\/\/www.andreas-edler.de\/blog\/wp-content\/uploads\/2019\/09\/2019-09-25-08.48.57-470x169.jpg 470w, https:\/\/www.andreas-edler.de\/blog\/wp-content\/uploads\/2019\/09\/2019-09-25-08.48.57-250x90.jpg 250w, https:\/\/www.andreas-edler.de\/blog\/wp-content\/uploads\/2019\/09\/2019-09-25-08.48.57-768x276.jpg 768w, https:\/\/www.andreas-edler.de\/blog\/wp-content\/uploads\/2019\/09\/2019-09-25-08.48.57-100x36.jpg 100w, https:\/\/www.andreas-edler.de\/blog\/wp-content\/uploads\/2019\/09\/2019-09-25-08.48.57-150x54.jpg 150w, https:\/\/www.andreas-edler.de\/blog\/wp-content\/uploads\/2019\/09\/2019-09-25-08.48.57-200x72.jpg 200w, https:\/\/www.andreas-edler.de\/blog\/wp-content\/uploads\/2019\/09\/2019-09-25-08.48.57-300x108.jpg 300w, https:\/\/www.andreas-edler.de\/blog\/wp-content\/uploads\/2019\/09\/2019-09-25-08.48.57-450x162.jpg 450w, https:\/\/www.andreas-edler.de\/blog\/wp-content\/uploads\/2019\/09\/2019-09-25-08.48.57-600x216.jpg 600w, https:\/\/www.andreas-edler.de\/blog\/wp-content\/uploads\/2019\/09\/2019-09-25-08.48.57-900x323.jpg 900w, https:\/\/www.andreas-edler.de\/blog\/wp-content\/uploads\/2019\/09\/2019-09-25-08.48.57.jpg 1280w\" sizes=\"auto, (max-width: 470px) 100vw, 470px\" \/><\/a><figcaption id=\"caption-attachment-165702\" class=\"wp-caption-text\">Tsch\u00fcss Berge &#8230;<\/figcaption><\/figure><br \/>\nPl\u00e4tze eingenommen, Heimatadresse im Navi ausgew\u00e4hlt und los. 14:18 Uhr avisierte uns das Amundsen &#8230; glaube ich nichts von! Wir hatten keinen richtigen Stau, keine \u00fcberm\u00e4\u00dfigen Baustellen, nur halbwegs Verkehr und mich, der ich fast nie schneller als 120 Km\/h gefahren bin. Das ist f\u00fcr das Navi offensichtlich gar nicht vorstellbar. Bei Ansbach mussten wir eine gro\u00dfe Schleife fahren, weil ein amerikanischer Milit\u00e4rhubschrauber eine \u00dcberlandleitung gekappt hatte &#8211; direkt \u00fcber der Autobahn. Alles in allem sorgte das daf\u00fcr, dass wir erst um 17:20 Uhr wieder im D\u00f6rgen auf den Hof rollten. Ben hatte sich schon die ganze Fahrt gefreut wie ein Honigkuchenpferd und sang alle Nase lang &#8222;Wir faharen zu Timmie, wir faharen zu Timmie!&#8220; :-)<\/p>\n<p>Da legte er denn auch besonderen Wert darauf, seinen gro\u00dfen Bruder als erster begr\u00fc\u00dfen zu d\u00fcrfen. Der gro\u00dfe Junge war gesund und munter, <a href=\"https:\/\/twitter.com\/filmfacts\/status\/1176906840120147968\" rel=\"noopener noreferrer\" target=\"_blank\">das Haus steht noch<\/a>, es ist nichts abgebrannt und nichts unter Wasser. Alles bestens. Gut, dass ich mich durchgerungen habe und noch mal nach Kroatien ged\u00f6lmert bin. Adria dann erst wieder n\u00e4chstes Jahr!<\/p>\n","protected":false},"excerpt":{"rendered":"<p>Vorbereitung Anfang September hat Alex mit Ben eine Mutter-Kind-Kur verschrieben bekommen. Da sie sich aussuchen durfte, wohin es gehen sollte &#8211; also aus einem &#8222;Pool&#8220; m\u00f6glicher Kliniken &#8211; sind die beiden im Allg\u00e4u gelandet, in Lechbruck am See. Wie es &hellip;<\/p>\n<p class=\"read-more\"> <a class=\"more-link\" href=\"https:\/\/www.andreas-edler.de\/blog\/urlaub\/kroatien-2019-single-urlaub-und-allgaeu\/\"> <span class=\"screen-reader-text\">Kroatien 2019 Single-Urlaub und Allg\u00e4u<\/span> Weiterlesen &raquo;<\/a><\/p>\n","protected":false},"author":1,"featured_media":0,"parent":8135,"menu_order":12,"comment_status":"open","ping_status":"closed","template":"","meta":{"ngg_post_thumbnail":0,"activitypub_content_warning":"","activitypub_content_visibility":"","activitypub_max_image_attachments":2,"activitypub_interaction_policy_quote":"anyone","activitypub_status":"federated","footnotes":""},"class_list":["post-165612","page","type-page","status-publish","hentry"],"_links":{"self":[{"href":"https:\/\/www.andreas-edler.de\/blog\/wp-json\/wp\/v2\/pages\/165612","targetHints":{"allow":["GET"]}}],"collection":[{"href":"https:\/\/www.andreas-edler.de\/blog\/wp-json\/wp\/v2\/pages"}],"about":[{"href":"https:\/\/www.andreas-edler.de\/blog\/wp-json\/wp\/v2\/types\/page"}],"author":[{"embeddable":true,"href":"https:\/\/www.andreas-edler.de\/blog\/wp-json\/wp\/v2\/users\/1"}],"replies":[{"embeddable":true,"href":"https:\/\/www.andreas-edler.de\/blog\/wp-json\/wp\/v2\/comments?post=165612"}],"version-history":[{"count":0,"href":"https:\/\/www.andreas-edler.de\/blog\/wp-json\/wp\/v2\/pages\/165612\/revisions"}],"up":[{"embeddable":true,"href":"https:\/\/www.andreas-edler.de\/blog\/wp-json\/wp\/v2\/pages\/8135"}],"wp:attachment":[{"href":"https:\/\/www.andreas-edler.de\/blog\/wp-json\/wp\/v2\/media?parent=165612"}],"curies":[{"name":"wp","href":"https:\/\/api.w.org\/{rel}","templated":true}]}}