{"id":163788,"date":"1981-08-20T23:33:36","date_gmt":"1981-08-20T21:33:36","guid":{"rendered":"http:\/\/www.andreas-edler.de\/blog\/?page_id=163788"},"modified":"2025-07-12T19:03:51","modified_gmt":"2025-07-12T17:03:51","slug":"solaris-tar-kroatien-1981","status":"publish","type":"page","link":"https:\/\/www.andreas-edler.de\/blog\/urlaub\/solaris-tar-kroatien-1981\/","title":{"rendered":"Kroatien 1981 &#8211; Tar \/ Solaris"},"content":{"rendered":"<h4 style=\"text-align: center;\">Sommerurlaub<\/h4>\n<p>Urlaubsziel: Tar in Jugoslawien<\/p>\n<h5>Abfahrt am 30.07.81 um 3:00 Uhr<\/h5>\n<p>Das Wetter war am Morgen, als wir abgefahren sind, trocken und im Tagesverlauf wurde es warm. Da ich das Fahrtziel und die Fahrtstrecke vom vorigen Jahr kannte, verlief die Reise w\u00e4hrend der zwei Fahrtage sehr gut. Die W\u00e4rme am zweiten Tag war in den Morgenstunden noch ertr\u00e4glich, nachmittags auf dem Campingplatz, w\u00e4hrend ich das Vorzelt aufbaute, qu\u00e4lte uns die Sonne doch sehr. <figure id=\"attachment_163798\" aria-describedby=\"caption-attachment-163798\" style=\"width: 470px\" class=\"wp-caption aligncenter\"><a href=\"http:\/\/www.andreas-edler.de\/blog\/wp-content\/uploads\/2018\/07\/19810731_solaris_stellplatz.jpg\"><img loading=\"lazy\" decoding=\"async\" src=\"http:\/\/www.andreas-edler.de\/blog\/wp-content\/uploads\/2018\/07\/19810731_solaris_stellplatz-470x225.jpg\" alt=\"\" width=\"470\" height=\"225\" class=\"size-large wp-image-163798\" srcset=\"https:\/\/www.andreas-edler.de\/blog\/wp-content\/uploads\/2018\/07\/19810731_solaris_stellplatz-470x225.jpg 470w, https:\/\/www.andreas-edler.de\/blog\/wp-content\/uploads\/2018\/07\/19810731_solaris_stellplatz-250x120.jpg 250w, https:\/\/www.andreas-edler.de\/blog\/wp-content\/uploads\/2018\/07\/19810731_solaris_stellplatz-768x368.jpg 768w, https:\/\/www.andreas-edler.de\/blog\/wp-content\/uploads\/2018\/07\/19810731_solaris_stellplatz-100x48.jpg 100w, https:\/\/www.andreas-edler.de\/blog\/wp-content\/uploads\/2018\/07\/19810731_solaris_stellplatz-150x72.jpg 150w, https:\/\/www.andreas-edler.de\/blog\/wp-content\/uploads\/2018\/07\/19810731_solaris_stellplatz-200x96.jpg 200w, https:\/\/www.andreas-edler.de\/blog\/wp-content\/uploads\/2018\/07\/19810731_solaris_stellplatz-300x144.jpg 300w, https:\/\/www.andreas-edler.de\/blog\/wp-content\/uploads\/2018\/07\/19810731_solaris_stellplatz-450x216.jpg 450w, https:\/\/www.andreas-edler.de\/blog\/wp-content\/uploads\/2018\/07\/19810731_solaris_stellplatz-600x287.jpg 600w, https:\/\/www.andreas-edler.de\/blog\/wp-content\/uploads\/2018\/07\/19810731_solaris_stellplatz-900x431.jpg 900w, https:\/\/www.andreas-edler.de\/blog\/wp-content\/uploads\/2018\/07\/19810731_solaris_stellplatz.jpg 1280w\" sizes=\"auto, (max-width: 470px) 100vw, 470px\" \/><\/a><figcaption id=\"caption-attachment-163798\" class=\"wp-caption-text\">Unser Stellplatz 1981<\/figcaption><\/figure> Ankunft auf Solaris um 10:45 Uhr nach unserer Zeit (9:45 Uhr jugoslawischer Zeit)<\/p>\n<p>Fahrtstrecke gesamt: 1.176 Km<br \/>\nFahrtzeit gesamt: 20h 30min<br \/>\ntanken + rasten + Zollzeit: 2h 45min<br \/>\nnur Fahrtzeit: 17h 45min<br \/>\ndurchschn. Geschwindigkeit: 66,25 km\/h<\/p>\n<h5>R\u00fcckreise am 19.08.1981<\/h5>\n<p>Am Morgen habe ich das Vorzelt gewaschen, abgebaut und eingepackt. Das Verstauen der vielen Sachen beitet jedesmal wieder Schwierigkeiten. Ursel reinigt w\u00e4hrend dieser Zeit den Wohnwagen innen, verstaut die dreckigen Sachen und bereitet ein kleines Mittagsessen.<br \/>\nNach all den Arbeiten haben wir noch einmal im Meer gebadet, uns anschlie\u00dfend geduscht und zur Abfahrt fertig gemacht. Das Wetter war wie immer sehr sch\u00f6n. <figure id=\"attachment_163799\" aria-describedby=\"caption-attachment-163799\" style=\"width: 470px\" class=\"wp-caption aligncenter\"><a href=\"http:\/\/www.andreas-edler.de\/blog\/wp-content\/uploads\/2018\/07\/19810731_solaris_abfahrt.jpg\"><img loading=\"lazy\" decoding=\"async\" src=\"http:\/\/www.andreas-edler.de\/blog\/wp-content\/uploads\/2018\/07\/19810731_solaris_abfahrt-470x186.jpg\" alt=\"\" width=\"470\" height=\"186\" class=\"size-large wp-image-163799\" srcset=\"https:\/\/www.andreas-edler.de\/blog\/wp-content\/uploads\/2018\/07\/19810731_solaris_abfahrt-470x186.jpg 470w, https:\/\/www.andreas-edler.de\/blog\/wp-content\/uploads\/2018\/07\/19810731_solaris_abfahrt-250x99.jpg 250w, https:\/\/www.andreas-edler.de\/blog\/wp-content\/uploads\/2018\/07\/19810731_solaris_abfahrt-768x304.jpg 768w, https:\/\/www.andreas-edler.de\/blog\/wp-content\/uploads\/2018\/07\/19810731_solaris_abfahrt-100x40.jpg 100w, https:\/\/www.andreas-edler.de\/blog\/wp-content\/uploads\/2018\/07\/19810731_solaris_abfahrt-150x59.jpg 150w, https:\/\/www.andreas-edler.de\/blog\/wp-content\/uploads\/2018\/07\/19810731_solaris_abfahrt-200x79.jpg 200w, https:\/\/www.andreas-edler.de\/blog\/wp-content\/uploads\/2018\/07\/19810731_solaris_abfahrt-300x119.jpg 300w, https:\/\/www.andreas-edler.de\/blog\/wp-content\/uploads\/2018\/07\/19810731_solaris_abfahrt-450x178.jpg 450w, https:\/\/www.andreas-edler.de\/blog\/wp-content\/uploads\/2018\/07\/19810731_solaris_abfahrt-600x238.jpg 600w, https:\/\/www.andreas-edler.de\/blog\/wp-content\/uploads\/2018\/07\/19810731_solaris_abfahrt-900x356.jpg 900w, https:\/\/www.andreas-edler.de\/blog\/wp-content\/uploads\/2018\/07\/19810731_solaris_abfahrt.jpg 1280w\" sizes=\"auto, (max-width: 470px) 100vw, 470px\" \/><\/a><figcaption id=\"caption-attachment-163799\" class=\"wp-caption-text\">Und es geht wieder nach Hause :-(<\/figcaption><\/figure> Abfahrt Solaris: 14:31 Uhr &#8211; 19.08.1981<br \/>\nAnkunft Oberbecksen: 18:34 Uhr &#8211; 20.08.1981<\/p>\n<p>Fahrstrecke gesamt: 1.183 Km<br \/>\nFahrzeit gesamt: 28h 3min<br \/>\ntanken + Rast + Zoll: 10h 4min<br \/>\nreine Fahrzeit: 18h<br \/>\ndurchschn. Geschwindigkeit: 65,7 km\/h<\/p>\n<table style=\"border: none;\">\n<tbody>\n<tr>\n<td style=\"border: none;\"><figure id=\"attachment_163791\" aria-describedby=\"caption-attachment-163791\" style=\"width: 140px\" class=\"wp-caption alignnone\"><a href=\"http:\/\/www.andreas-edler.de\/blog\/wp-content\/uploads\/2018\/07\/19810730_solaris_1.jpg\"><img decoding=\"async\" class=\"size-thumbnail wp-image-163791\" src=\"http:\/\/www.andreas-edler.de\/blog\/wp-content\/uploads\/2018\/07\/19810730_solaris_1-150x150.jpg\" alt=\"\" width=\"140\"><\/a><figcaption id=\"caption-attachment-163791\" class=\"wp-caption-text\">Papas Aufzeichnung Solaris 1981 &#8211; 1<\/figcaption><\/figure><\/td>\n<td style=\"border: none;\"><figure id=\"attachment_163792\" aria-describedby=\"caption-attachment-163792\" style=\"width: 140px\" class=\"wp-caption alignnone\"><a href=\"http:\/\/www.andreas-edler.de\/blog\/wp-content\/uploads\/2018\/07\/19810730_solaris_2.jpg\"><img decoding=\"async\" class=\"size-thumbnail wp-image-163792\" src=\"http:\/\/www.andreas-edler.de\/blog\/wp-content\/uploads\/2018\/07\/19810730_solaris_2-150x150.jpg\" alt=\"\" width=\"140\"><\/a><figcaption id=\"caption-attachment-163792\" class=\"wp-caption-text\">Papas Aufzeichnung Solaris 1981 &#8211; 2<\/figcaption><\/figure><\/td>\n<td style=\"border: none;\"><figure id=\"attachment_163793\" aria-describedby=\"caption-attachment-163793\" style=\"width: 140px\" class=\"wp-caption alignnone\"><a href=\"http:\/\/www.andreas-edler.de\/blog\/wp-content\/uploads\/2018\/07\/19810730_solaris_3.jpg\"><img decoding=\"async\" class=\"size-thumbnail wp-image-163793\" src=\"http:\/\/www.andreas-edler.de\/blog\/wp-content\/uploads\/2018\/07\/19810730_solaris_3-150x150.jpg\" alt=\"\" width=\"140\"><\/a><figcaption id=\"caption-attachment-163793\" class=\"wp-caption-text\">Papas Aufzeichnung Solaris 1981 &#8211; 3<\/figcaption><\/figure><\/td>\n<\/tr>\n<tr>\n<td style=\"border: none;\"><figure id=\"attachment_163794\" aria-describedby=\"caption-attachment-163794\" style=\"width: 140px\" class=\"wp-caption alignnone\"><a href=\"http:\/\/www.andreas-edler.de\/blog\/wp-content\/uploads\/2018\/07\/19810730_solaris_4.jpg\"><img decoding=\"async\" class=\"size-thumbnail wp-image-163794\" src=\"http:\/\/www.andreas-edler.de\/blog\/wp-content\/uploads\/2018\/07\/19810730_solaris_4-150x150.jpg\" alt=\"\" width=\"140\"><\/a><figcaption id=\"caption-attachment-163794\" class=\"wp-caption-text\">Papas Aufzeichnung Solaris 1981 &#8211; 4<\/figcaption><\/figure><\/td>\n<td style=\"border: none;\"><figure id=\"attachment_163795\" aria-describedby=\"caption-attachment-163795\" style=\"width: 140px\" class=\"wp-caption alignnone\"><a href=\"http:\/\/www.andreas-edler.de\/blog\/wp-content\/uploads\/2018\/07\/19810730_solaris_5.jpg\"><img decoding=\"async\" class=\"size-thumbnail wp-image-163795\" src=\"http:\/\/www.andreas-edler.de\/blog\/wp-content\/uploads\/2018\/07\/19810730_solaris_5-150x150.jpg\" alt=\"\" width=\"140\"><\/a><figcaption id=\"caption-attachment-163795\" class=\"wp-caption-text\">Papas Aufzeichnung Solaris 1981 &#8211; 5<\/figcaption><\/figure><\/td>\n<td style=\"border: none;\"><figure id=\"attachment_163796\" aria-describedby=\"caption-attachment-163796\" style=\"width: 140px\" class=\"wp-caption alignnone\"><a href=\"http:\/\/www.andreas-edler.de\/blog\/wp-content\/uploads\/2018\/07\/19810730_solaris_6.jpg\"><img decoding=\"async\" class=\"size-thumbnail wp-image-163796\" src=\"http:\/\/www.andreas-edler.de\/blog\/wp-content\/uploads\/2018\/07\/19810730_solaris_6-150x150.jpg\" alt=\"\" width=\"140\"><\/a><figcaption id=\"caption-attachment-163796\" class=\"wp-caption-text\">Papas Aufzeichnung Solaris 1981 &#8211; 6<\/figcaption><\/figure><\/td>\n<\/tr>\n<\/tbody>\n<\/table>\n","protected":false},"excerpt":{"rendered":"<p>Sommerurlaub Urlaubsziel: Tar in Jugoslawien Abfahrt am 30.07.81 um 3:00 Uhr Das Wetter war am Morgen, als wir abgefahren sind, trocken und im Tagesverlauf wurde es warm. Da ich das Fahrtziel und die Fahrtstrecke vom vorigen Jahr kannte, verlief die &hellip;<\/p>\n<p class=\"read-more\"> <a class=\"more-link\" href=\"https:\/\/www.andreas-edler.de\/blog\/urlaub\/solaris-tar-kroatien-1981\/\"> <span class=\"screen-reader-text\">Kroatien 1981 &#8211; Tar \/ Solaris<\/span> Weiterlesen &raquo;<\/a><\/p>\n","protected":false},"author":1,"featured_media":0,"parent":8135,"menu_order":41,"comment_status":"open","ping_status":"closed","template":"","meta":{"ngg_post_thumbnail":0,"activitypub_content_warning":"","activitypub_content_visibility":"","activitypub_max_image_attachments":2,"activitypub_interaction_policy_quote":"anyone","activitypub_status":"federated","footnotes":""},"class_list":["post-163788","page","type-page","status-publish","hentry"],"_links":{"self":[{"href":"https:\/\/www.andreas-edler.de\/blog\/wp-json\/wp\/v2\/pages\/163788","targetHints":{"allow":["GET"]}}],"collection":[{"href":"https:\/\/www.andreas-edler.de\/blog\/wp-json\/wp\/v2\/pages"}],"about":[{"href":"https:\/\/www.andreas-edler.de\/blog\/wp-json\/wp\/v2\/types\/page"}],"author":[{"embeddable":true,"href":"https:\/\/www.andreas-edler.de\/blog\/wp-json\/wp\/v2\/users\/1"}],"replies":[{"embeddable":true,"href":"https:\/\/www.andreas-edler.de\/blog\/wp-json\/wp\/v2\/comments?post=163788"}],"version-history":[{"count":0,"href":"https:\/\/www.andreas-edler.de\/blog\/wp-json\/wp\/v2\/pages\/163788\/revisions"}],"up":[{"embeddable":true,"href":"https:\/\/www.andreas-edler.de\/blog\/wp-json\/wp\/v2\/pages\/8135"}],"wp:attachment":[{"href":"https:\/\/www.andreas-edler.de\/blog\/wp-json\/wp\/v2\/media?parent=163788"}],"curies":[{"name":"wp","href":"https:\/\/api.w.org\/{rel}","templated":true}]}}